





{"id":19139,"date":"2021-05-11T15:29:32","date_gmt":"2021-05-11T13:29:32","guid":{"rendered":"https:\/\/m3caravaning.com\/?page_id=19139"},"modified":"2024-05-20T12:21:21","modified_gmt":"2024-05-20T10:21:21","slug":"home","status":"publish","type":"page","link":"https:\/\/m3caravaning.com\/ca\/","title":{"rendered":"Home"},"content":{"rendered":"<p>[vc_row full_width=&#8221;stretch_row_content_no_spaces&#8221; css=&#8221;.vc_custom_1585374706752{background-color: #002a38 !important;}&#8221;][vc_column][vc_column_text]\n\t\t\t<!-- START Slider 1 REVOLUTION SLIDER 6.6.20 --><p class=\"rs-p-wp-fix\"><\/p>\n\t\t\t<rs-module-wrap id=\"rev_slider_1_1_wrapper\" data-source=\"gallery\" style=\"visibility:hidden;background:transparent;padding:0;margin:0px auto;margin-top:0;margin-bottom:0;\">\n\t\t\t\t<rs-module id=\"rev_slider_1_1\" style=\"\" data-version=\"6.6.20\">\n\t\t\t\t\t<rs-slides style=\"overflow: hidden; position: absolute;\">\n\t\t\t\t\t\t<rs-slide style=\"position: absolute;\" data-key=\"rs-3\" data-title=\"Slide Expo\" data-in=\"o:0;\" data-out=\"a:false;\">\n\t\t\t\t\t\t\t<img fetchpriority=\"high\" decoding=\"async\" src=\"\/\/m3caravaning.com\/wp-content\/plugins\/revslider\/public\/assets\/assets\/dummy.png\" alt=\"\" title=\"slide_m3caravaning-home001\" width=\"1920\" height=\"700\" class=\"rev-slidebg tp-rs-img rs-lazyload\" data-lazyload=\"\/\/m3caravaning.com\/wp-content\/uploads\/2021\/04\/slide_m3caravaning-home001.jpg\" data-no-retina>\n<!--\n\t\t\t\t\t\t\t--><p\n\t\t\t\t\t\t\t\tid=\"slider-1-slide-3-layer-0\" \n\t\t\t\t\t\t\t\tclass=\"rs-layer\"\n\t\t\t\t\t\t\t\tdata-type=\"text\"\n\t\t\t\t\t\t\t\tdata-tsh=\"c:rgba(0,0,0,0.82);b:13px,6px,4px,2px;\"\n\t\t\t\t\t\t\t\tdata-rsp_ch=\"on\"\n\t\t\t\t\t\t\t\tdata-xy=\"x:c;yo:295px,231px,175px,244px;\"\n\t\t\t\t\t\t\t\tdata-text=\"w:normal;s:50,35,26,18;l:54,30,22,20;fw:600;a:center;\"\n\t\t\t\t\t\t\t\tdata-frame_999=\"o:0;st:w;\"\n\t\t\t\t\t\t\t\tstyle=\"z-index:5;font-family:'Montserrat';\"\n\t\t\t\t\t\t\t>L'exposici\u00f3 m\u00e9s gran en <br><br \/>\nAutocaravanes, Caravanes i Furgonetes Camper \n\t\t\t\t\t\t\t<\/p><!--\n-->\t\t\t\t\t\t<\/rs-slide>\n\t\t\t\t\t<\/rs-slides>\n\t\t\t\t<\/rs-module>\n\t\t\t\t<script>\n\t\t\t\t\tsetREVStartSize({c: 'rev_slider_1_1',rl:[1240,1024,778,480],el:[700,768,960,480],gw:[1920,1024,778,480],gh:[700,768,960,480],type:'standard',justify:'',layout:'fullwidth',mh:\"0\"});if (window.RS_MODULES!==undefined && window.RS_MODULES.modules!==undefined && window.RS_MODULES.modules[\"revslider11\"]!==undefined) {window.RS_MODULES.modules[\"revslider11\"].once = false;window.revapi1 = undefined;if (window.RS_MODULES.checkMinimal!==undefined) window.RS_MODULES.checkMinimal()}\n\t\t\t\t<\/script>\n\t\t\t<\/rs-module-wrap>\n\t\t\t<!-- END REVOLUTION SLIDER -->\n[\/vc_column_text][\/vc_column][\/vc_row][vc_row][vc_column]\r\n\t<div class=\"search-block clearfix box top white-bg\" data-empty-lbl=\"--Select--\">\r\r\n\t\t\r\n\r\r\n\t\t<div class=\"col-lg-10 col-md-10 col-sm-12\">\r\r\n\t\t\t<div class=\"row sort-filters-box\">\r\r\n\t\t\t\t\r\n\t\t\t\t\t<div class=\"col-lg-4 col-md-4 col-sm-12\">\r\r\n\t\t\t\t\t\t<!-- <span>Select Vehicle Categories<\/span> -->\r\r\n\t\t\t\t\t\t<div class=\"selected-box\">\r\r\n\t\t\t\t\t\t\t<select data-uid=\"69f5af57ef2e6\" id=\"sort_vehicle_cat_69f5af57ef2e6\" data-id=\"vehicle_cat\" class=\"selectpicker custom-filters-box col-4 cd-select-box\">\r\r\n\t\t\t\t\t\t\t\t<option value=\"\">Categoria de vehicles<\/option>\r\r\n\t\t\t\t\t\t\t\t\r\n\t\t\t\t\t\t\t\t\t\t<option value=\"auto-pequenas-ca\">Autocaravanas peque\u00f1as<\/option>\r\r\n\t\t\t\t\t\t\t\t\t\t\r\n\t\t\t\t\t\t\t\t\t\t<option value=\"auto-pequenas-segunda-ca\">Autocaravanas peque\u00f1as segunda mano<\/option>\r\r\n\t\t\t\t\t\t\t\t\t\t\r\n\t\t\t\t\t\t\t\t\t\t<option value=\"autocaravanes\">Autocaravanes<\/option>\r\r\n\t\t\t\t\t\t\t\t\t\t\r\n\t\t\t\t\t\t\t\t\t\t<option value=\"campers-ca\">Campers<\/option>\r\r\n\t\t\t\t\t\t\t\t\t\t\r\n\t\t\t\t\t\t\t\t\t\t<option value=\"mini-caravanas-ca\">Caravanas mini<\/option>\r\r\n\t\t\t\t\t\t\t\t\t\t\r\n\t\t\t\t\t\t\t\t\t\t<option value=\"cara-pequenas-ca\">Caravanas peque\u00f1as<\/option>\r\r\n\t\t\t\t\t\t\t\t\t\t\r\n\t\t\t\t\t\t\t\t\t\t<option value=\"cara-pequenas-segunda-mano-ca\">Caravanas peque\u00f1as segunda mano<\/option>\r\r\n\t\t\t\t\t\t\t\t\t\t\r\n\t\t\t\t\t\t\t\t\t\t<option value=\"caravanes\">Caravanes<\/option>\r\r\n\t\t\t\t\t\t\t\t\t\t\r\n\t\t\t\t\t\t\t<\/select>\r\r\n\t\t\t\t\t\t<\/div>\r\r\n\t\t\t\t\t<\/div>\r\r\n\t\t\t\t\t\r\n\t\t\t\t\t<div class=\"col-lg-4 col-md-4 col-sm-12\">\r\r\n\t\t\t\t\t\t<!-- <span>Select Make<\/span> -->\r\r\n\t\t\t\t\t\t<div class=\"selected-box\">\r\r\n\t\t\t\t\t\t\t<select data-uid=\"69f5af57ef2e6\" id=\"sort_car_make_69f5af57ef2e6\" data-id=\"car_make\" class=\"selectpicker custom-filters-box col-4 cd-select-box\">\r\r\n\t\t\t\t\t\t\t\t<option value=\"\">Marca<\/option>\r\r\n\t\t\t\t\t\t\t\t\r\n\t\t\t\t\t\t\t\t\t\t<option value=\"ace\">Ace<\/option>\r\r\n\t\t\t\t\t\t\t\t\t\t\r\n\t\t\t\t\t\t\t\t\t\t<option value=\"adria\">Adria<\/option>\r\r\n\t\t\t\t\t\t\t\t\t\t\r\n\t\t\t\t\t\t\t\t\t\t<option value=\"advantec\">Advantec<\/option>\r\r\n\t\t\t\t\t\t\t\t\t\t\r\n\t\t\t\t\t\t\t\t\t\t<option value=\"autostar\">AUTOSTAR<\/option>\r\r\n\t\t\t\t\t\t\t\t\t\t\r\n\t\t\t\t\t\t\t\t\t\t<option value=\"benimar\">Benimar<\/option>\r\r\n\t\t\t\t\t\t\t\t\t\t\r\n\t\t\t\t\t\t\t\t\t\t<option value=\"burstner\">Burstner<\/option>\r\r\n\t\t\t\t\t\t\t\t\t\t\r\n\t\t\t\t\t\t\t\t\t\t<option value=\"carado\">Carado<\/option>\r\r\n\t\t\t\t\t\t\t\t\t\t\r\n\t\t\t\t\t\t\t\t\t\t<option value=\"caravelair\">Caravelair<\/option>\r\r\n\t\t\t\t\t\t\t\t\t\t\r\n\t\t\t\t\t\t\t\t\t\t<option value=\"caretta\">Caretta<\/option>\r\r\n\t\t\t\t\t\t\t\t\t\t\r\n\t\t\t\t\t\t\t\t\t\t<option value=\"carpento\">Carpento<\/option>\r\r\n\t\t\t\t\t\t\t\t\t\t\r\n\t\t\t\t\t\t\t\t\t\t<option value=\"challenger\">Challenger<\/option>\r\r\n\t\t\t\t\t\t\t\t\t\t\r\n\t\t\t\t\t\t\t\t\t\t<option value=\"dethleffs\">Dethleffs<\/option>\r\r\n\t\t\t\t\t\t\t\t\t\t\r\n\t\t\t\t\t\t\t\t\t\t<option value=\"dreamer\">DREAMER<\/option>\r\r\n\t\t\t\t\t\t\t\t\t\t\r\n\t\t\t\t\t\t\t\t\t\t<option value=\"fendt\">Fendt<\/option>\r\r\n\t\t\t\t\t\t\t\t\t\t\r\n\t\t\t\t\t\t\t\t\t\t<option value=\"frankia-ca\">Frankia<\/option>\r\r\n\t\t\t\t\t\t\t\t\t\t\r\n\t\t\t\t\t\t\t\t\t\t<option value=\"giottiline\">Giottiline<\/option>\r\r\n\t\t\t\t\t\t\t\t\t\t\r\n\t\t\t\t\t\t\t\t\t\t<option value=\"hobby\">Hobby<\/option>\r\r\n\t\t\t\t\t\t\t\t\t\t\r\n\t\t\t\t\t\t\t\t\t\t<option value=\"hymer\">Hymer<\/option>\r\r\n\t\t\t\t\t\t\t\t\t\t\r\n\t\t\t\t\t\t\t\t\t\t<option value=\"joa\">JOA<\/option>\r\r\n\t\t\t\t\t\t\t\t\t\t\r\n\t\t\t\t\t\t\t\t\t\t<option value=\"karmann\">Karmann<\/option>\r\r\n\t\t\t\t\t\t\t\t\t\t\r\n\t\t\t\t\t\t\t\t\t\t<option value=\"knaus\">Knaus<\/option>\r\r\n\t\t\t\t\t\t\t\t\t\t\r\n\t\t\t\t\t\t\t\t\t\t<option value=\"laika\">Laika<\/option>\r\r\n\t\t\t\t\t\t\t\t\t\t\r\n\t\t\t\t\t\t\t\t\t\t<option value=\"lmc\">LMC<\/option>\r\r\n\t\t\t\t\t\t\t\t\t\t\r\n\t\t\t\t\t\t\t\t\t\t<option value=\"mclouis\">McLouis<\/option>\r\r\n\t\t\t\t\t\t\t\t\t\t\r\n\t\t\t\t\t\t\t\t\t\t<option value=\"morelo\">Morelo<\/option>\r\r\n\t\t\t\t\t\t\t\t\t\t\r\n\t\t\t\t\t\t\t\t\t\t<option value=\"pilote\">Pilote<\/option>\r\r\n\t\t\t\t\t\t\t\t\t\t\r\n\t\t\t\t\t\t\t\t\t\t<option value=\"rimor\">Rimor<\/option>\r\r\n\t\t\t\t\t\t\t\t\t\t\r\n\t\t\t\t\t\t\t\t\t\t<option value=\"roller\">Roller<\/option>\r\r\n\t\t\t\t\t\t\t\t\t\t\r\n\t\t\t\t\t\t\t\t\t\t<option value=\"sterckeman\">Sterckeman<\/option>\r\r\n\t\t\t\t\t\t\t\t\t\t\r\n\t\t\t\t\t\t\t\t\t\t<option value=\"sunlight\">Sunlight<\/option>\r\r\n\t\t\t\t\t\t\t\t\t\t\r\n\t\t\t\t\t\t\t\t\t\t<option value=\"tb\">T@B<\/option>\r\r\n\t\t\t\t\t\t\t\t\t\t\r\n\t\t\t\t\t\t\t\t\t\t<option value=\"tab\">TAB<\/option>\r\r\n\t\t\t\t\t\t\t\t\t\t\r\n\t\t\t\t\t\t\t\t\t\t<option value=\"tabbert\">Tabbert<\/option>\r\r\n\t\t\t\t\t\t\t\t\t\t\r\n\t\t\t\t\t\t\t\t\t\t<option value=\"tec\">TEC<\/option>\r\r\n\t\t\t\t\t\t\t\t\t\t\r\n\t\t\t\t\t\t\t\t\t\t<option value=\"trigano\">Trigano<\/option>\r\r\n\t\t\t\t\t\t\t\t\t\t\r\n\t\t\t\t\t\t\t\t\t\t<option value=\"v633m\">V633M<\/option>\r\r\n\t\t\t\t\t\t\t\t\t\t\r\n\t\t\t\t\t\t\t\t\t\t<option value=\"van-ti-550-mf-vansation\">VAN TI 550 MF VANSATION<\/option>\r\r\n\t\t\t\t\t\t\t\t\t\t\r\n\t\t\t\t\t\t\t\t\t\t<option value=\"weinsberg\">Weinsberg<\/option>\r\r\n\t\t\t\t\t\t\t\t\t\t\r\n\t\t\t\t\t\t\t\t\t\t<option value=\"wilk\">Wilk<\/option>\r\r\n\t\t\t\t\t\t\t\t\t\t\r\n\t\t\t\t\t\t\t<\/select>\r\r\n\t\t\t\t\t\t<\/div>\r\r\n\t\t\t\t\t<\/div>\r\r\n\t\t\t\t\t\r\n\t\t\t\t\t<div class=\"col-lg-4 col-md-4 col-sm-12\">\r\r\n\t\t\t\t\t\t<!-- <span>Select Condition<\/span> -->\r\r\n\t\t\t\t\t\t<div class=\"selected-box\">\r\r\n\t\t\t\t\t\t\t<select data-uid=\"69f5af57ef2e6\" id=\"sort_car_condition_69f5af57ef2e6\" data-id=\"car_condition\" class=\"selectpicker custom-filters-box col-4 cd-select-box\">\r\r\n\t\t\t\t\t\t\t\t<option value=\"\">Antiguetat<\/option>\r\r\n\t\t\t\t\t\t\t\t\r\n\t\t\t\t\t\t\t\t\t\t<option value=\"kilometro-0\">Kilometro.0<\/option>\r\r\n\t\t\t\t\t\t\t\t\t\t\r\n\t\t\t\t\t\t\t\t\t\t<option value=\"noves-2-ca\">Noves<\/option>\r\r\n\t\t\t\t\t\t\t\t\t\t\r\n\t\t\t\t\t\t\t\t\t\t<option value=\"novetat\">Novetat<\/option>\r\r\n\t\t\t\t\t\t\t\t\t\t\r\n\t\t\t\t\t\t\t\t\t\t<option value=\"nueva\">Nueva<\/option>\r\r\n\t\t\t\t\t\t\t\t\t\t\r\n\t\t\t\t\t\t\t\t\t\t<option value=\"ocasio_ca\">Ocasi\u00f3<\/option>\r\r\n\t\t\t\t\t\t\t\t\t\t\r\n\t\t\t\t\t\t\t\t\t\t<option value=\"ofertes\">Ofertes<\/option>\r\r\n\t\t\t\t\t\t\t\t\t\t\r\n\t\t\t\t\t\t\t\t\t\t<option value=\"segona-ma-2-ca\">Segona Ma<\/option>\r\r\n\t\t\t\t\t\t\t\t\t\t\r\n\t\t\t\t\t\t\t\t\t\t<option value=\"segunda-mano-ca\">Segunda Mano<\/option>\r\r\n\t\t\t\t\t\t\t\t\t\t\r\n\t\t\t\t\t\t\t<\/select>\r\r\n\t\t\t\t\t\t<\/div>\r\r\n\t\t\t\t\t<\/div>\r\r\n\t\t\t\t\t\r\n\t\t\t<\/div>\r\r\n\t\t<\/div>\r\r\n\t\t<div class=\"col-lg-2 col-md-2 col-sm-12\">\r\r\n\t\t\t\r\n\t\t\t<div class=\"price_slider_wrapper\">\r\r\n\t\t\t\t<div class=\"price-slide\">\r\r\n\t\t\t\t\t<div class=\"price\">\r\r\n\t\t\t\t\t\t\r\n\t\t\t\t\t\t<input type=\"hidden\" id=\"pgs_min_price\" name=\"min_price\" value=\"\" data-min=\"0\"\/>\r\r\n\t\t\t\t\t\t<input type=\"hidden\" id=\"pgs_max_price\" name=\"max_price\" value=\"\" data-max=\"330600\" data-step=\"100\"\/>\r\r\n\r\r\n\t\t\t\t\t\t<label for=\"dealer-slider-amount\">Rang de preus<\/label>\r\r\n\t\t\t\t\t\t<input type=\"text\" id=\"dealer-slider-amount\" readonly class=\"amount\" value=\"\" \/>\r\r\n\t\t\t\t\t\t<div id=\"slider-range\"><\/div>\r\r\n\t\t\t\t\t\t\r\n\r\r\n\t\t\t\t\t<\/div>\r\r\n\t\t\t\t<\/div>\r\r\n\t\t\t<\/div>\r\r\n\t\t\t<a class=\"button cfb-submit-btn\" href=\"javascript:void(0);\">Buscar<\/a>\r\r\n\t\t<\/div>\r\r\n\t\t\r\n\t\t<div class=\"clearfix\"><\/div>\r\r\n\t\t<div class=\"filter-loader\"><\/div>\r\r\n\t<\/div>\r\r\n\t[\/vc_column][\/vc_row][vc_row css=&#8221;.vc_custom_1616762477605{padding-top: 30px !important;padding-bottom: 30px !important;}&#8221;][vc_column]<div class=\"mpc-carousel__wrapper mpc-waypoint\"><div id=\"mpc_carousel_image-469f5af580bd86\" class=\"mpc-carousel-image mpc-init mpc-layout--classic mpc-effect--none \"  data-mpcslick='{\"infinite\":true,\"autoplay\":false,\"slidesToShow\":8,\"slidesToScroll\":8,\"centerMode\":false,\"initialSlide\":0,\"speed\":500}' data-slick-cols=\"8\"><a href=\"\/listado-vehiculos-m3-caravaning\/?car_make=knaus\" target=\"\"class=\"mpc-carousel__item-wrapper\" data-height=\"255\"><div onclick=\"\" class=\"mpc-item mpc-transition\"><div class=\"mpc-border\"><\/div><img decoding=\"async\" width=\"663\" height=\"255\" src=\"https:\/\/m3caravaning.com\/wp-content\/uploads\/2021\/09\/logo-fednt.png\" class=\"mpc-transition attachment-full\" alt=\"F\" srcset=\"https:\/\/m3caravaning.com\/wp-content\/uploads\/2021\/09\/logo-fednt.png 663w, https:\/\/m3caravaning.com\/wp-content\/uploads\/2021\/09\/logo-fednt-300x115.png 300w, https:\/\/m3caravaning.com\/wp-content\/uploads\/2021\/09\/logo-fednt-600x231.png 600w\" sizes=\"(max-width: 663px) 100vw, 663px\" \/><\/div><\/a><a href=\"\/listado-vehiculos-m3-caravaning\/?car_make=fendt\" target=\"\"class=\"mpc-carousel__item-wrapper\" data-height=\"255\"><div onclick=\"\" class=\"mpc-item mpc-transition\"><div class=\"mpc-border\"><\/div><img decoding=\"async\" width=\"663\" height=\"255\" src=\"https:\/\/m3caravaning.com\/wp-content\/uploads\/2021\/09\/logo-weinsberg.png\" class=\"mpc-transition attachment-full\" alt=\"Weinsberg\" srcset=\"https:\/\/m3caravaning.com\/wp-content\/uploads\/2021\/09\/logo-weinsberg.png 663w, https:\/\/m3caravaning.com\/wp-content\/uploads\/2021\/09\/logo-weinsberg-300x115.png 300w, https:\/\/m3caravaning.com\/wp-content\/uploads\/2021\/09\/logo-weinsberg-600x231.png 600w\" sizes=\"(max-width: 663px) 100vw, 663px\" \/><\/div><\/a><a href=\"\/listado-vehiculos-m3-caravaning\/?car_make=le-voyager\" target=\"\"class=\"mpc-carousel__item-wrapper\" data-height=\"255\"><div onclick=\"\" class=\"mpc-item mpc-transition\"><div class=\"mpc-border\"><\/div><img loading=\"lazy\" decoding=\"async\" width=\"663\" height=\"255\" src=\"https:\/\/m3caravaning.com\/wp-content\/uploads\/2021\/09\/logo-pilote.png\" class=\"mpc-transition attachment-full\" alt=\"Pilote\" srcset=\"https:\/\/m3caravaning.com\/wp-content\/uploads\/2021\/09\/logo-pilote.png 663w, https:\/\/m3caravaning.com\/wp-content\/uploads\/2021\/09\/logo-pilote-300x115.png 300w, https:\/\/m3caravaning.com\/wp-content\/uploads\/2021\/09\/logo-pilote-600x231.png 600w\" sizes=\"(max-width: 663px) 100vw, 663px\" \/><\/div><\/a><a href=\"\/listado-vehiculos-m3-caravaning\/?car_make=frankia\" target=\"\"class=\"mpc-carousel__item-wrapper\" data-height=\"255\"><div onclick=\"\" class=\"mpc-item mpc-transition\"><div class=\"mpc-border\"><\/div><img loading=\"lazy\" decoding=\"async\" width=\"663\" height=\"255\" src=\"https:\/\/m3caravaning.com\/wp-content\/uploads\/2021\/09\/logo-morello.png\" class=\"mpc-transition attachment-full\" alt=\"Morello\" srcset=\"https:\/\/m3caravaning.com\/wp-content\/uploads\/2021\/09\/logo-morello.png 663w, https:\/\/m3caravaning.com\/wp-content\/uploads\/2021\/09\/logo-morello-300x115.png 300w, https:\/\/m3caravaning.com\/wp-content\/uploads\/2021\/09\/logo-morello-600x231.png 600w\" sizes=\"(max-width: 663px) 100vw, 663px\" \/><\/div><\/a><a href=\"\/listado-vehiculos-m3-caravaning\/?car_make=tabbert\" target=\"\"class=\"mpc-carousel__item-wrapper\" data-height=\"255\"><div onclick=\"\" class=\"mpc-item mpc-transition\"><div class=\"mpc-border\"><\/div><img loading=\"lazy\" decoding=\"async\" width=\"663\" height=\"255\" src=\"https:\/\/m3caravaning.com\/wp-content\/uploads\/2021\/09\/logo-mooveo.png\" class=\"mpc-transition attachment-full\" alt=\"Mooveo\" srcset=\"https:\/\/m3caravaning.com\/wp-content\/uploads\/2021\/09\/logo-mooveo.png 663w, https:\/\/m3caravaning.com\/wp-content\/uploads\/2021\/09\/logo-mooveo-300x115.png 300w, https:\/\/m3caravaning.com\/wp-content\/uploads\/2021\/09\/logo-mooveo-600x231.png 600w\" sizes=\"(max-width: 663px) 100vw, 663px\" \/><\/div><\/a><a href=\"\/listado-vehiculos-m3-caravaning\/?car_make=weinsberg\" target=\"\"class=\"mpc-carousel__item-wrapper\" data-height=\"255\"><div onclick=\"\" class=\"mpc-item mpc-transition\"><div class=\"mpc-border\"><\/div><img loading=\"lazy\" decoding=\"async\" width=\"663\" height=\"255\" src=\"https:\/\/m3caravaning.com\/wp-content\/uploads\/2021\/09\/logo-le-voyageur.png\" class=\"mpc-transition attachment-full\" alt=\"Le voyageur\" srcset=\"https:\/\/m3caravaning.com\/wp-content\/uploads\/2021\/09\/logo-le-voyageur.png 663w, https:\/\/m3caravaning.com\/wp-content\/uploads\/2021\/09\/logo-le-voyageur-300x115.png 300w, https:\/\/m3caravaning.com\/wp-content\/uploads\/2021\/09\/logo-le-voyageur-600x231.png 600w\" sizes=\"(max-width: 663px) 100vw, 663px\" \/><\/div><\/a><a href=\"\/listado-vehiculos-m3-caravaning\/?car_make=pilote\" target=\"\"class=\"mpc-carousel__item-wrapper\" data-height=\"255\"><div onclick=\"\" class=\"mpc-item mpc-transition\"><div class=\"mpc-border\"><\/div><img loading=\"lazy\" decoding=\"async\" width=\"663\" height=\"255\" src=\"https:\/\/m3caravaning.com\/wp-content\/uploads\/2021\/09\/logo-knaus.png\" class=\"mpc-transition attachment-full\" alt=\"Knaus\" srcset=\"https:\/\/m3caravaning.com\/wp-content\/uploads\/2021\/09\/logo-knaus.png 663w, https:\/\/m3caravaning.com\/wp-content\/uploads\/2021\/09\/logo-knaus-300x115.png 300w, https:\/\/m3caravaning.com\/wp-content\/uploads\/2021\/09\/logo-knaus-600x231.png 600w\" sizes=\"(max-width: 663px) 100vw, 663px\" \/><\/div><\/a><a href=\"\/listado-vehiculos-m3-caravaning\/?car_make=morelo\" target=\"\"class=\"mpc-carousel__item-wrapper\" data-height=\"255\"><div onclick=\"\" class=\"mpc-item mpc-transition\"><div class=\"mpc-border\"><\/div><img loading=\"lazy\" decoding=\"async\" width=\"663\" height=\"255\" src=\"https:\/\/m3caravaning.com\/wp-content\/uploads\/2021\/09\/logo-frankia.png\" class=\"mpc-transition attachment-full\" alt=\"Frankia\" srcset=\"https:\/\/m3caravaning.com\/wp-content\/uploads\/2021\/09\/logo-frankia.png 663w, https:\/\/m3caravaning.com\/wp-content\/uploads\/2021\/09\/logo-frankia-300x115.png 300w, https:\/\/m3caravaning.com\/wp-content\/uploads\/2021\/09\/logo-frankia-600x231.png 600w\" sizes=\"(max-width: 663px) 100vw, 663px\" \/><\/div><\/a><a href=\"\/listado-vehiculos-m3-caravaning\/?car_make=mooveo\" target=\"\"class=\"mpc-carousel__item-wrapper\" data-height=\"255\"><div onclick=\"\" class=\"mpc-item mpc-transition\"><div class=\"mpc-border\"><\/div><img loading=\"lazy\" decoding=\"async\" width=\"663\" height=\"255\" src=\"https:\/\/m3caravaning.com\/wp-content\/uploads\/2021\/09\/logo-tabbert.png\" class=\"mpc-transition attachment-full\" alt=\"Tabbert\" srcset=\"https:\/\/m3caravaning.com\/wp-content\/uploads\/2021\/09\/logo-tabbert.png 663w, https:\/\/m3caravaning.com\/wp-content\/uploads\/2021\/09\/logo-tabbert-300x115.png 300w, https:\/\/m3caravaning.com\/wp-content\/uploads\/2021\/09\/logo-tabbert-600x231.png 600w\" sizes=\"(max-width: 663px) 100vw, 663px\" \/><\/div><\/a><\/div><div class=\"mpc-navigation mpc-init mpc-align--right mpc-navigation--style_5  mpc-nav-preset--mpc_preset_10\" data-mpcslider=\"mpc_carousel_image-469f5af580bd86\"><div class=\"mpc-nav__arrow mpcslick-prev\"><div class=\"mpc-nav__icon mpc-transition\"><i class=\" eti eti_arrow_triangle-left\"><div class=\"mpc-nav__background mpc-transition mpc-effect-type--slide mpc-effect-side--right\"><\/div><\/i><\/div><\/div><\/div><div class=\"mpc-navigation mpc-init mpc-align--right mpc-navigation--style_5  mpc-nav-preset--mpc_preset_10\" data-mpcslider=\"mpc_carousel_image-469f5af580bd86\"><div class=\"mpc-nav__arrow mpcslick-next\"><div class=\"mpc-nav__icon mpc-transition\"><i class=\" eti eti_arrow_triangle-right\"><div class=\"mpc-nav__background mpc-transition mpc-effect-type--slide mpc-effect-side--right\"><\/div><\/i><\/div><\/div><\/div><\/div>[\/vc_column][\/vc_row][vc_row full_width=&#8221;stretch_row&#8221; cd_bg_type=&#8221;row-background-dark&#8221; css=&#8221;.vc_custom_1619080959077{background-image: url(https:\/\/m3caravaning.com\/wp-content\/uploads\/2021\/04\/bg-home-destacados.jpg?id=17610) !important;background-position: center !important;background-repeat: no-repeat !important;background-size: cover !important;}&#8221;][vc_column css=&#8221;.vc_custom_1486459875354{padding-top: 0px !important;}&#8221;]\r\n\t<div id=\"cd_space_69f5af580ff4e\" class=\"cd-space cd-space-69f5af580ff5a\" data-id=\"69f5af580ff4b\" data-tablet=\"70\" data-tablet-portrait=\"60\" data-mobile=\"50\" data-mobile-portrait=\"40\" data-desktop=\"80\" style=\"clear:both; display:block;\"><\/div>\r\r\n\t\r\n\t<div class=\"section-title text-center style_1\">\r\r\n\t\t\r\n\t\t\t\t<span><\/span>\r\r\n\t\t\t\t\r\n\t\t\t<h2>Vehicles destacats<\/h2>\r\r\n\t\t\t\r\n\t\t\t\t<div class=\"separator\"><\/div>\r\r\n\t\t\t\t\r\n\t<\/div>\r\r\n\t[vc_row_inner][vc_column_inner]\r\n\t<div class=\"pgs_cars_carousel-wrapper\">\r\r\n\t\t\r\n\t\t<div class=\"pgs_cars_carousel-items owl-carousel pgs-cars-carousel\" data-nav-arrow=\"true\" data-nav-dots=\"false\" data-items=\"4\" data-md-items=\"4\" data-sm-items=\"3\" data-xs-items=\"2\" data-xx-items=\"1\" data-space=\"20\" data-autoplay=\"true\" data-loop=\"true\" data-lazyload=\"\">\r\r\n\t\t\t\r\n\t\t\t\t<div class='item'>\r\r\n\t\t\t\t\t<div class='car-item text-center white-bg'>\r\r\n\t\t\t\t\t\t<div class='car-image'>\r\r\n\t\t\t\t\t\t\t<a href=\"https:\/\/m3caravaning.com\/ca\/m3caravaning\/camper-knaus-boxlife-600-dq-platinum\/\"><span class=\"label car-condition noves\">Noves<\/span><span class=\"label car-status sold\">SOLD<\/span><img loading=\"lazy\" decoding=\"async\" class=\"img-responsive\" src=\"https:\/\/m3caravaning.com\/wp-content\/uploads\/2026\/01\/furgoneta_camper_nueva_knaus_boxlife_600_dq_platinum_selection-1-640x480-1-265x190.jpeg\" alt=\"\" width=\"265\" height=\"190\"\/><\/a><div class=\"car-list\"><ul class=\"list-inline\"><li class=\"car-transmission-dots\" title=\"Manual\"><i class=\"fas fa-cog\"><\/i> Manual<\/li><\/ul><\/div>\r\n\t\t\t\t\t\t<\/div>\r\r\n\t\t\t\t\t\t\r\n\t\t\t\t\t\t<div class='car-content'>\r\r\n\t\t\t\t\t\t\t<a href=\"https:\/\/m3caravaning.com\/ca\/m3caravaning\/camper-knaus-boxlife-600-dq-platinum\/\">CAMPER KNAUS BOXLIFE 600 DQ PLATINUM<\/a><div class=\"separator\"><\/div><div class=\"price car-price \"><span class=\"old-price\"> 74.990&euro;<\/span><span class=\"new-price\"> 70.990&euro;<\/span><\/div>\r\n\t\t\t\t\t\t<\/div>\r\r\n\t\t\t\t\t<\/div>\r\r\n\t\t\t\t<\/div>\r\r\n\t\t\t\t\r\n\t\t\t\t<div class='item'>\r\r\n\t\t\t\t\t<div class='car-item text-center white-bg'>\r\r\n\t\t\t\t\t\t<div class='car-image'>\r\r\n\t\t\t\t\t\t\t<a href=\"https:\/\/m3caravaning.com\/ca\/m3caravaning\/camper-nueva-weinsberg-carabus-600-mq\/\"><span class=\"label car-condition noves\">Noves<\/span><span class=\"label car-status sold\">SOLD<\/span><img loading=\"lazy\" decoding=\"async\" class=\"img-responsive\" src=\"https:\/\/m3caravaning.com\/wp-content\/uploads\/2025\/05\/CAMPER_WEINSBERG_CARABUS_600MQ_EDITION-FIRE-1-265x190.jpg\" alt=\"\" width=\"265\" height=\"190\"\/><\/a>\r\n\t\t\t\t\t\t<\/div>\r\r\n\t\t\t\t\t\t\r\n\t\t\t\t\t\t<div class='car-content'>\r\r\n\t\t\t\t\t\t\t<a href=\"https:\/\/m3caravaning.com\/ca\/m3caravaning\/camper-nueva-weinsberg-carabus-600-mq\/\">CAMPER WEINSBERG CARABUS 600 MQ EDITION FIRE<\/a><div class=\"separator\"><\/div><div class=\"price car-price \"><span class=\"old-price\"> 70.542&euro;<\/span><span class=\"new-price\"> 66.281&euro;<\/span><\/div>\r\n\t\t\t\t\t\t<\/div>\r\r\n\t\t\t\t\t<\/div>\r\r\n\t\t\t\t<\/div>\r\r\n\t\t\t\t\r\n\t\t\t\t<div class='item'>\r\r\n\t\t\t\t\t<div class='car-item text-center white-bg'>\r\r\n\t\t\t\t\t\t<div class='car-image'>\r\r\n\t\t\t\t\t\t\t<a href=\"https:\/\/m3caravaning.com\/ca\/m3caravaning\/autocaravana-nueva-knaus-live-i-650-meg\/\"><span class=\"label car-condition noves\">Noves<\/span><img loading=\"lazy\" decoding=\"async\" class=\"img-responsive\" src=\"https:\/\/m3caravaning.com\/wp-content\/uploads\/2025\/05\/AUTOCARAVANA_KNAUS_LIVE-I_650MEG-1-265x190.jpg\" alt=\"\" width=\"265\" height=\"190\"\/><\/a>\r\n\t\t\t\t\t\t<\/div>\r\r\n\t\t\t\t\t\t\r\n\t\t\t\t\t\t<div class='car-content'>\r\r\n\t\t\t\t\t\t\t<a href=\"https:\/\/m3caravaning.com\/ca\/m3caravaning\/autocaravana-nueva-knaus-live-i-650-meg\/\">AUTOCARAVANA KNAUS LIVE I 650 MEG<\/a><div class=\"separator\"><\/div><div class=\"price car-price \"><span class=\"new-price\"> 94.233&euro;<\/span><\/div>\r\n\t\t\t\t\t\t<\/div>\r\r\n\t\t\t\t\t<\/div>\r\r\n\t\t\t\t<\/div>\r\r\n\t\t\t\t\r\n\t\t\t\t<div class='item'>\r\r\n\t\t\t\t\t<div class='car-item text-center white-bg'>\r\r\n\t\t\t\t\t\t<div class='car-image'>\r\r\n\t\t\t\t\t\t\t<a href=\"https:\/\/m3caravaning.com\/ca\/m3caravaning\/autocaravana-nova-giottiline-siena-390f\/\"><span class=\"label car-condition noves\">Noves<\/span><img loading=\"lazy\" decoding=\"async\" class=\"img-responsive\" src=\"https:\/\/m3caravaning.com\/wp-content\/uploads\/2025\/05\/AUTOCARAVANA_GIOTTILINE_SIENA_390F-1-1-265x190.jpg\" alt=\"\" width=\"265\" height=\"190\"\/><\/a>\r\n\t\t\t\t\t\t<\/div>\r\r\n\t\t\t\t\t\t\r\n\t\t\t\t\t\t<div class='car-content'>\r\r\n\t\t\t\t\t\t\t<a href=\"https:\/\/m3caravaning.com\/ca\/m3caravaning\/autocaravana-nova-giottiline-siena-390f\/\">AUTOCARAVANA GIOTTILINE SIENA 390F<\/a><div class=\"separator\"><\/div><div class=\"price car-price \"><span class=\"old-price\"> 67.748&euro;<\/span><span class=\"new-price\"> 66.248&euro;<\/span><\/div>\r\n\t\t\t\t\t\t<\/div>\r\r\n\t\t\t\t\t<\/div>\r\r\n\t\t\t\t<\/div>\r\r\n\t\t\t\t\r\n\t\t\t\t<div class='item'>\r\r\n\t\t\t\t\t<div class='car-item text-center white-bg'>\r\r\n\t\t\t\t\t\t<div class='car-image'>\r\r\n\t\t\t\t\t\t\t<a href=\"https:\/\/m3caravaning.com\/ca\/m3caravaning\/caravana-nueva-weinsberg-caracito-500-qdk-2\/\"><span class=\"label car-condition noves\">Noves<\/span><img loading=\"lazy\" decoding=\"async\" class=\"img-responsive\" src=\"https:\/\/m3caravaning.com\/wp-content\/uploads\/2025\/05\/CARAVANA_WEINSBERG_CARACITO_500QDK-1-1-265x190.jpg\" alt=\"\" width=\"265\" height=\"190\"\/><\/a>\r\n\t\t\t\t\t\t<\/div>\r\r\n\t\t\t\t\t\t\r\n\t\t\t\t\t\t<div class='car-content'>\r\r\n\t\t\t\t\t\t\t<a href=\"https:\/\/m3caravaning.com\/ca\/m3caravaning\/caravana-nueva-weinsberg-caracito-500-qdk-2\/\">CARAVANA WEINSBERG CARACITO 500 QDK<\/a><div class=\"separator\"><\/div><div class=\"price car-price \"><span class=\"old-price\"> 25.790&euro;<\/span><span class=\"new-price\"> 23.990&euro;<\/span><\/div>\r\n\t\t\t\t\t\t<\/div>\r\r\n\t\t\t\t\t<\/div>\r\r\n\t\t\t\t<\/div>\r\r\n\t\t\t\t\r\n\t\t\t\t<div class='item'>\r\r\n\t\t\t\t\t<div class='car-item text-center white-bg'>\r\r\n\t\t\t\t\t\t<div class='car-image'>\r\r\n\t\t\t\t\t\t\t<a href=\"https:\/\/m3caravaning.com\/ca\/m3caravaning\/caravana-nova-weinsberg-caracito-450-fu\/\"><span class=\"label car-condition noves\">Noves<\/span><img loading=\"lazy\" decoding=\"async\" class=\"img-responsive\" src=\"https:\/\/m3caravaning.com\/wp-content\/uploads\/2025\/05\/CARAVANA-WEINSBERG-CARAONE-450-FU-1-265x190.jpg\" alt=\"\" width=\"265\" height=\"190\"\/><\/a>\r\n\t\t\t\t\t\t<\/div>\r\r\n\t\t\t\t\t\t\r\n\t\t\t\t\t\t<div class='car-content'>\r\r\n\t\t\t\t\t\t\t<a href=\"https:\/\/m3caravaning.com\/ca\/m3caravaning\/caravana-nova-weinsberg-caracito-450-fu\/\">CARAVANA WEINSBERG CARACITO 450 FU<\/a><div class=\"separator\"><\/div><div class=\"price car-price \"><span class=\"old-price\"> 26.027&euro;<\/span><span class=\"new-price\"> 21.290&euro;<\/span><\/div>\r\n\t\t\t\t\t\t<\/div>\r\r\n\t\t\t\t\t<\/div>\r\r\n\t\t\t\t<\/div>\r\r\n\t\t\t\t\r\n\t\t\t\t<div class='item'>\r\r\n\t\t\t\t\t<div class='car-item text-center white-bg'>\r\r\n\t\t\t\t\t\t<div class='car-image'>\r\r\n\t\t\t\t\t\t\t<a href=\"https:\/\/m3caravaning.com\/ca\/m3caravaning\/caravana-weinsberg-caracito-450-fu\/\"><span class=\"label car-condition noves\">Noves<\/span><img loading=\"lazy\" decoding=\"async\" class=\"img-responsive\" src=\"https:\/\/m3caravaning.com\/wp-content\/uploads\/2025\/01\/caravana-weinsberg-caracito-450-fu-14-1-265x190.jpeg\" alt=\"\" width=\"265\" height=\"190\"\/><\/a>\r\n\t\t\t\t\t\t<\/div>\r\r\n\t\t\t\t\t\t\r\n\t\t\t\t\t\t<div class='car-content'>\r\r\n\t\t\t\t\t\t\t<a href=\"https:\/\/m3caravaning.com\/ca\/m3caravaning\/caravana-weinsberg-caracito-450-fu\/\">CARAVANA WEINSBERG CARACITO 450 FU<\/a><div class=\"separator\"><\/div><div class=\"price car-price \"><span class=\"old-price\"> 22.590&euro;<\/span><span class=\"new-price\"> 20.990&euro;<\/span><\/div>\r\n\t\t\t\t\t\t<\/div>\r\r\n\t\t\t\t\t<\/div>\r\r\n\t\t\t\t<\/div>\r\r\n\t\t\t\t\r\n\t\t\t\t<div class='item'>\r\r\n\t\t\t\t\t<div class='car-item text-center white-bg'>\r\r\n\t\t\t\t\t\t<div class='car-image'>\r\r\n\t\t\t\t\t\t\t<a href=\"https:\/\/m3caravaning.com\/ca\/m3caravaning\/nueva-furgoneta-camper-knaus-boxlife-pro-600-street\/\"><span class=\"label car-condition noves\">Noves<\/span><img loading=\"lazy\" decoding=\"async\" class=\"img-responsive\" src=\"https:\/\/m3caravaning.com\/wp-content\/uploads\/2025\/01\/BOXLIFE-600-PRO-STREET-1-265x190.jpg\" alt=\"\" width=\"265\" height=\"190\"\/><\/a>\r\n\t\t\t\t\t\t<\/div>\r\r\n\t\t\t\t\t\t\r\n\t\t\t\t\t\t<div class='car-content'>\r\r\n\t\t\t\t\t\t\t<a href=\"https:\/\/m3caravaning.com\/ca\/m3caravaning\/nueva-furgoneta-camper-knaus-boxlife-pro-600-street\/\">CAMPER KNAUS BOXLIFE PRO 600 STREET<\/a><div class=\"separator\"><\/div><div class=\"price car-price \"><span class=\"old-price\"> 67.690&euro;<\/span><span class=\"new-price\"> 60.990&euro;<\/span><\/div>\r\n\t\t\t\t\t\t<\/div>\r\r\n\t\t\t\t\t<\/div>\r\r\n\t\t\t\t<\/div>\r\r\n\t\t\t\t\r\n\t\t\t\t<div class='item'>\r\r\n\t\t\t\t\t<div class='car-item text-center white-bg'>\r\r\n\t\t\t\t\t\t<div class='car-image'>\r\r\n\t\t\t\t\t\t\t<a href=\"https:\/\/m3caravaning.com\/ca\/m3caravaning\/nueva-autocaravana-weinsberg-carahome-650-dg\/\"><span class=\"label car-condition noves\">Noves<\/span><img loading=\"lazy\" decoding=\"async\" class=\"img-responsive\" src=\"https:\/\/m3caravaning.com\/wp-content\/uploads\/2024\/10\/CARAHOME-650-DG-1-265x190.jpg\" alt=\"\" width=\"265\" height=\"190\"\/><\/a>\r\n\t\t\t\t\t\t<\/div>\r\r\n\t\t\t\t\t\t\r\n\t\t\t\t\t\t<div class='car-content'>\r\r\n\t\t\t\t\t\t\t<a href=\"https:\/\/m3caravaning.com\/ca\/m3caravaning\/nueva-autocaravana-weinsberg-carahome-650-dg\/\">NOVA AUTOCARAVANA WEINSBERG CARAHOME 650 DG<\/a><div class=\"separator\"><\/div><div class=\"price car-price \"><span class=\"old-price\"> 74.390&euro;<\/span><span class=\"new-price\"> 69.390&euro;<\/span><\/div>\r\n\t\t\t\t\t\t<\/div>\r\r\n\t\t\t\t\t<\/div>\r\r\n\t\t\t\t<\/div>\r\r\n\t\t\t\t\r\n\t\t\t\t<div class='item'>\r\r\n\t\t\t\t\t<div class='car-item text-center white-bg'>\r\r\n\t\t\t\t\t\t<div class='car-image'>\r\r\n\t\t\t\t\t\t\t<a href=\"https:\/\/m3caravaning.com\/ca\/m3caravaning\/nova-caravana-marca-kanus-model-sport-400-lk\/\"><span class=\"label car-condition noves\">Noves<\/span><span class=\"label car-status sold\">SOLD<\/span><img loading=\"lazy\" decoding=\"async\" class=\"img-responsive\" src=\"https:\/\/m3caravaning.com\/wp-content\/uploads\/2024\/05\/Knaus-Sport-400-LK-18-265x190.jpg\" alt=\"\" width=\"265\" height=\"190\"\/><\/a>\r\n\t\t\t\t\t\t<\/div>\r\r\n\t\t\t\t\t\t\r\n\t\t\t\t\t\t<div class='car-content'>\r\r\n\t\t\t\t\t\t\t<a href=\"https:\/\/m3caravaning.com\/ca\/m3caravaning\/nova-caravana-marca-kanus-model-sport-400-lk\/\">CARAVANA KNAUS SPORT 400 LK NOVA<\/a><div class=\"separator\"><\/div><div class=\"price car-price \"><span class=\"old-price\"> 24.990&euro;<\/span><span class=\"new-price\"> 23.390&euro;<\/span><\/div>\r\n\t\t\t\t\t\t<\/div>\r\r\n\t\t\t\t\t<\/div>\r\r\n\t\t\t\t<\/div>\r\r\n\t\t\t\t\r\n\t\t<\/div>\r\r\n\t<\/div><!-- .pgs_cars_carousel-wrapper -->\r\r\n\t[\/vc_column_inner][\/vc_row_inner]\r\n\t<div id=\"cd_space_69f5af5938d3e\" class=\"cd-space cd-space-69f5af5938d44\" data-id=\"69f5af5938d3d\" data-tablet=\"70\" data-tablet-portrait=\"60\" data-mobile=\"50\" data-mobile-portrait=\"40\" data-desktop=\"80\" style=\"clear:both; display:block;\"><\/div>\r\r\n\t[\/vc_column][\/vc_row][vc_row css=&#8221;.vc_custom_1618232785297{padding-top: 60px !important;padding-bottom: 60px !important;}&#8221;][vc_column]\r\n\t<div class=\"section-title text-center style_1\">\r\r\n\t\t\r\n\t\t\t\t<span><\/span>\r\r\n\t\t\t\t\r\n\t\t\t<h2>Els Nostres Serveis<\/h2>\r\r\n\t\t\t\r\n\t\t\t\t<div class=\"separator\"><\/div>\r\r\n\t\t\t\t\r\n\t<\/div>\r\r\n\t[vc_row_inner][vc_column_inner width=&#8221;1\/3&#8243;]<a href=\"\/ca\/taller\/\" title=\"Taller\"  data-id=\"mpc_icon_column-3969f5af5938e49\" class=\"mpc-icon-column mpc-init mpc-parent-hover mpc-transition mpc-icon-column--style_1 mpc-align--center \" ><div data-id=\"mpc_icon-6069f5af5939419\" class=\"mpc-icon mpc-init mpc-transition mpc-effect-none mpc-icon--image \"><div class=\"mpc-icon-wrap\"><i class=\"mpc-icon-part mpc-regular mpc-transition \"><img loading=\"lazy\" decoding=\"async\" class=\"\" src=\"https:\/\/m3caravaning.com\/wp-content\/uploads\/2021\/03\/icon_Taller-100x100.png\" width=\"100\" height=\"100\" alt=\"icon_Taller\" title=\"icon_Taller\" \/><\/i><\/div><\/div><div class=\"mpc-icon-column__content-wrap\"><div class=\"mpc-icon-column__content\"><h3 class=\"mpc-icon-column__heading mpc-transition\">Taller<\/h3><div data-id=\"mpc_divider-7469f5af5939458\" class=\"mpc-divider-wrap\"><div class=\"mpc-divider mpc-init mpc-align--center mpc-disable--left \" ><div class=\"mpc-divider__line mpc-side--left\"><span><\/span><\/div><div class=\"mpc-divider__line mpc-side--right\"><span><\/span><\/div><\/div><\/div><div class=\"mpc-icon-column__description mpc-transition\"><p>Taller oficial especialitzat en caravanes, autocaravanes i furgonetes campers a Barcelona i Madrid<\/p>\n<p>Demana&#8217;ns cita pr\u00e8via!<\/p>\n<\/div><\/div><\/div><\/a>[\/vc_column_inner][vc_column_inner width=&#8221;1\/3&#8243;]<a href=\"\/ca\/accessoris\/\" title=\"Accessoris\"  data-id=\"mpc_icon_column-1369f5af5939565\" class=\"mpc-icon-column mpc-init mpc-parent-hover mpc-transition mpc-icon-column--style_1 mpc-align--center \" ><div data-id=\"mpc_icon-2069f5af5939a6e\" class=\"mpc-icon mpc-init mpc-transition mpc-effect-none mpc-icon--image \"><div class=\"mpc-icon-wrap\"><i class=\"mpc-icon-part mpc-regular mpc-transition \"><img loading=\"lazy\" decoding=\"async\" class=\"\" src=\"https:\/\/m3caravaning.com\/wp-content\/uploads\/2021\/03\/icon_accesorios-100x100.png\" width=\"100\" height=\"100\" alt=\"icon_accesorios\" title=\"icon_accesorios\" \/><\/i><\/div><\/div><div class=\"mpc-icon-column__content-wrap\"><div class=\"mpc-icon-column__content\"><h3 class=\"mpc-icon-column__heading mpc-transition\">Accessoris<\/h3><div data-id=\"mpc_divider-2969f5af5939a9d\" class=\"mpc-divider-wrap\"><div class=\"mpc-divider mpc-init mpc-align--center mpc-disable--left \" ><div class=\"mpc-divider__line mpc-side--left\"><span><\/span><\/div><div class=\"mpc-divider__line mpc-side--right\"><span><\/span><\/div><\/div><\/div><div class=\"mpc-icon-column__description mpc-transition\"><p>Visita la nostra botiga d&#8217;accessoris i recanvis per a la teva caravana, autocaravana o furgoneta camper.<\/p>\n<p><strong>Milers d&#8217;articles i refer\u00e8ncies!<\/strong><\/p>\n<\/div><\/div><\/div><\/a>[\/vc_column_inner][vc_column_inner width=&#8221;1\/3&#8243;]<a href=\"\/ca\/financament-parquing-i-venda-a-empreses\/\" title=\"Finan\u00e7ament, P\u00e0rquing i Venda a Empreses\"  data-id=\"mpc_icon_column-7469f5af5939b9c\" class=\"mpc-icon-column mpc-init mpc-parent-hover mpc-transition mpc-icon-column--style_1 mpc-align--center \" ><div data-id=\"mpc_icon-569f5af593a093\" class=\"mpc-icon mpc-init mpc-transition mpc-effect-none mpc-icon--image \"><div class=\"mpc-icon-wrap\"><i class=\"mpc-icon-part mpc-regular mpc-transition \"><img loading=\"lazy\" decoding=\"async\" class=\"\" src=\"https:\/\/m3caravaning.com\/wp-content\/uploads\/2021\/03\/icon_financiacion-100x100.png\" width=\"100\" height=\"100\" alt=\"icon_financiaci\u00f3n\" title=\"icon_financiaci\u00f3n\" \/><\/i><\/div><\/div><div class=\"mpc-icon-column__content-wrap\"><div class=\"mpc-icon-column__content\"><h3 class=\"mpc-icon-column__heading mpc-transition\">Finan\u00e7ament<\/h3><div data-id=\"mpc_divider-2069f5af593a0c2\" class=\"mpc-divider-wrap\"><div class=\"mpc-divider mpc-init mpc-align--center mpc-disable--left \" ><div class=\"mpc-divider__line mpc-side--left\"><span><\/span><\/div><div class=\"mpc-divider__line mpc-side--right\"><span><\/span><\/div><\/div><\/div><div class=\"mpc-icon-column__description mpc-transition\"><p>T&#8217;oferim un finan\u00e7ament de fins a 12 anys a un inter\u00e8s especial per als nostres clients. Et realitzem un estudi sense comprom\u00eds<\/p>\n<p><strong>Contacta&#8217;ns!<\/strong><\/p>\n<\/div><\/div><\/div><\/a>[\/vc_column_inner][\/vc_row_inner][vc_row_inner][vc_column_inner]\r\n\t<div id=\"cd_space_69f5af593a178\" class=\"cd-space cd-space-69f5af593a17e\" data-id=\"69f5af593a177\" data-tablet=\"30\" data-tablet-portrait=\"60\" data-mobile=\"20\" data-mobile-portrait=\"10\" data-desktop=\"40\" style=\"clear:both; display:block;\"><\/div>\r\r\n\t[\/vc_column_inner][\/vc_row_inner][vc_row_inner][vc_column_inner width=&#8221;1\/3&#8243;]<a href=\"\/ca\/financament-parquing-i-venda-a-empreses\/\" title=\"Finan\u00e7ament, P\u00e0rquing i Venda a Empreses\"  data-id=\"mpc_icon_column-3669f5af593a22e\" class=\"mpc-icon-column mpc-init mpc-parent-hover mpc-transition mpc-icon-column--style_1 mpc-align--center \" ><div data-id=\"mpc_icon-8469f5af593a721\" class=\"mpc-icon mpc-init mpc-transition mpc-effect-none mpc-icon--image \"><div class=\"mpc-icon-wrap\"><i class=\"mpc-icon-part mpc-regular mpc-transition \"><img loading=\"lazy\" decoding=\"async\" class=\"\" src=\"https:\/\/m3caravaning.com\/wp-content\/uploads\/2021\/03\/icon_parking-100x100.png\" width=\"100\" height=\"100\" alt=\"icon_parking\" title=\"icon_parking\" \/><\/i><\/div><\/div><div class=\"mpc-icon-column__content-wrap\"><div class=\"mpc-icon-column__content\"><h3 class=\"mpc-icon-column__heading mpc-transition\">P\u00e0rquing<\/h3><div data-id=\"mpc_divider-3369f5af593a750\" class=\"mpc-divider-wrap\"><div class=\"mpc-divider mpc-init mpc-align--center mpc-disable--left \" ><div class=\"mpc-divider__line mpc-side--left\"><span><\/span><\/div><div class=\"mpc-divider__line mpc-side--right\"><span><\/span><\/div><\/div><\/div><div class=\"mpc-icon-column__description mpc-transition\"><p>P\u00e0rquing a Vilafranca de Pened\u00e8s, Terrassa, Castelldefels, San Sebasti\u00e1n de los Reyes i Ordal amb m\u00e9s de 900 places<\/p>\n<\/div><\/div><\/div><\/a>[\/vc_column_inner][vc_column_inner width=&#8221;1\/3&#8243;]<a href=\"\/ca\/assegurances\/\" title=\"Assegurances\"  data-id=\"mpc_icon_column-1069f5af593a832\" class=\"mpc-icon-column mpc-init mpc-parent-hover mpc-transition mpc-icon-column--style_1 mpc-align--center \" ><div data-id=\"mpc_icon-1269f5af593ad2a\" class=\"mpc-icon mpc-init mpc-transition mpc-effect-none mpc-icon--image \"><div class=\"mpc-icon-wrap\"><i class=\"mpc-icon-part mpc-regular mpc-transition \"><img loading=\"lazy\" decoding=\"async\" class=\"\" src=\"https:\/\/m3caravaning.com\/wp-content\/uploads\/2021\/03\/icon_seguros-100x100.png\" width=\"100\" height=\"100\" alt=\"icon_seguros\" title=\"icon_seguros\" \/><\/i><\/div><\/div><div class=\"mpc-icon-column__content-wrap\"><div class=\"mpc-icon-column__content\"><h3 class=\"mpc-icon-column__heading mpc-transition\">Assegurances<\/h3><div data-id=\"mpc_divider-4969f5af593ad61\" class=\"mpc-divider-wrap\"><div class=\"mpc-divider mpc-init mpc-align--center mpc-disable--left \" ><div class=\"mpc-divider__line mpc-side--left\"><span><\/span><\/div><div class=\"mpc-divider__line mpc-side--right\"><span><\/span><\/div><\/div><\/div><div class=\"mpc-icon-column__description mpc-transition\"><p>Som agent oficial d&#8217;assegurances per a la teva caravana, autocaravana o camper. Consulta&#8217;ns i et farem la millor oferta.<\/p>\n<\/div><\/div><\/div><\/a>[\/vc_column_inner][vc_column_inner width=&#8221;1\/3&#8243;]<a href=\"\/ca\/financament-parquing-i-venda-a-empreses\/\" title=\"Venda a empreses\"  data-id=\"mpc_icon_column-4769f5af593ae4b\" class=\"mpc-icon-column mpc-init mpc-parent-hover mpc-transition mpc-icon-column--style_1 mpc-align--center \" ><div data-id=\"mpc_icon-2969f5af593b34b\" class=\"mpc-icon mpc-init mpc-transition mpc-effect-none mpc-icon--image \"><div class=\"mpc-icon-wrap\"><i class=\"mpc-icon-part mpc-regular mpc-transition \"><img loading=\"lazy\" decoding=\"async\" class=\"\" src=\"https:\/\/m3caravaning.com\/wp-content\/uploads\/2021\/03\/icon_ventaaempresas-100x100.png\" width=\"100\" height=\"100\" alt=\"icon_ventaaempresas\" title=\"icon_ventaaempresas\" \/><\/i><\/div><\/div><div class=\"mpc-icon-column__content-wrap\"><div class=\"mpc-icon-column__content\"><h3 class=\"mpc-icon-column__heading mpc-transition\">Venda a empreses<\/h3><div data-id=\"mpc_divider-1369f5af593b379\" class=\"mpc-divider-wrap\"><div class=\"mpc-divider mpc-init mpc-align--center mpc-disable--left \" ><div class=\"mpc-divider__line mpc-side--left\"><span><\/span><\/div><div class=\"mpc-divider__line mpc-side--right\"><span><\/span><\/div><\/div><\/div><div class=\"mpc-icon-column__description mpc-transition\"><p>Preus especials en autocaravana, caravanes i campers noves per a empreses de lloguer.<br \/>\nDescomptes exclusius!<\/p>\n<\/div><\/div><\/div><\/a>[\/vc_column_inner][\/vc_row_inner][\/vc_column][\/vc_row][vc_row full_width=&#8221;stretch_row&#8221; css=&#8221;.vc_custom_1620222186219{background-image: url(https:\/\/m3caravaning.com\/wp-content\/uploads\/2021\/05\/slide_mayorexposiciondelmundo_002.jpg?id=17926) !important;background-position: center !important;background-repeat: no-repeat !important;background-size: cover !important;}&#8221;][vc_column]\r\n\t<div id=\"cd_space_69f5af593b41a\" class=\"cd-space cd-space-69f5af593b420\" data-id=\"69f5af593b418\" data-tablet=\"70\" data-tablet-portrait=\"60\" data-mobile=\"50\" data-mobile-portrait=\"40\" data-desktop=\"80\" style=\"clear:both; display:block;\"><\/div>\r\r\n\t[vc_row_inner][vc_column_inner width=&#8221;1\/2&#8243;][vc_video link=&#8221;https:\/\/youtu.be\/XmYOAex6nqM&#8221; align=&#8221;center&#8221;][\/vc_column_inner][vc_column_inner width=&#8221;1\/2&#8243;]\r\n\t<div id=\"cd_space_69f5af593b46f\" class=\"cd-space cd-space-69f5af593b472\" data-id=\"69f5af593b46e\" data-tablet=\"70\" data-tablet-portrait=\"60\" data-mobile=\"20\" data-mobile-portrait=\"20\" data-desktop=\"50\" style=\"clear:both; display:block;\"><\/div>\r\r\n\t\r\n\t<div class=\"section-title text-left style_1\">\r\r\n\t\t\r\n\t\t\t\t<span><\/span>\r\r\n\t\t\t\t\r\n\t\t\t<h2>M3 Caravaning, l&#039;exposici\u00f3 m\u00e9s gran de Caravaning d&#039;Espanya<\/h2>\r\r\n\t\t\t\r\n\t\t\t\t<div class=\"separator\"><\/div>\r\r\n\t\t\t\t\r\n\t\t\t\t<p>M3 Compta amb la major flota de caravanes, autocaravanes i furgonetes campers noves, segona m\u00e0 i outlet perqu\u00e8 trobis el vehicle que m\u00e9s s&#8217;ajusta a les teves necessitats.<\/p>\n<p>A m\u00e9s d&#8217;un servei personalitzat en finaciaci\u00f3, assegurances i un Taller per solucionar qualsevol imprevist.<\/p>\r\r\n\t\t\t\t\r\n\t<\/div>\r\r\n\t\r\n\t<div id=\"cd_space_69f5af593b50d\" class=\"cd-space cd-space-69f5af593b510\" data-id=\"69f5af593b50c\" data-tablet=\"70\" data-tablet-portrait=\"60\" data-mobile=\"235\" data-mobile-portrait=\"235\" data-desktop=\"50\" style=\"clear:both; display:block;\"><\/div>\r\r\n\t[\/vc_column_inner][\/vc_row_inner]\r\n\t<div id=\"cd_space_69f5af593b566\" class=\"cd-space cd-space-69f5af593b569\" data-id=\"69f5af593b565\" data-tablet=\"70\" data-tablet-portrait=\"60\" data-mobile=\"50\" data-mobile-portrait=\"40\" data-desktop=\"300\" style=\"clear:both; display:block;\"><\/div>\r\r\n\t[\/vc_column][\/vc_row][vc_row full_width=&#8221;stretch_row&#8221; cd_bg_type=&#8221;row-background-dark&#8221; css=&#8221;.vc_custom_1615554811806{background-color: #df5461 !important;}&#8221;][vc_column]\r\n\t<div id=\"cd_space_69f5af593b5ac\" class=\"cd-space cd-space-69f5af593b5ae\" data-id=\"69f5af593b5ab\" data-tablet=\"70\" data-tablet-portrait=\"60\" data-mobile=\"50\" data-mobile-portrait=\"40\" data-desktop=\"80\" style=\"clear:both; display:block;\"><\/div>\r\r\n\t[vc_row_inner][vc_column_inner width=&#8221;1\/2&#8243; offset=&#8221;vc_col-lg-3 vc_col-md-3&#8243;]\r\n\t\t<div class=\"counter clearfix counter-style-4  vc_custom_1620739623005 left-separator\"> \r\r\n\t\t\t<div class=\"separator\"><\/div>\r\r\n\t\t\t<div class=\"info\">\r\r\n\t\t\t\t<h6>Vehicles en stock<\/h6>\r\r\n\t\t\t\t<i class=\"glyph-icon flaticon-volskwagen-van\"><\/i>\r\r\n\t\t\t\t<b class=\"timer\" data-to=\"561\" data-speed=\"10000\"><\/b>\r\r\n\t\t\t<\/div>\r\r\n\t\t<\/div>\r\r\n\t\t[\/vc_column_inner][vc_column_inner width=&#8221;1\/2&#8243; offset=&#8221;vc_col-lg-3 vc_col-md-3&#8243;]\r\n\t\t<div class=\"counter clearfix counter-style-4  vc_custom_1620739642985 left-separator\"> \r\r\n\t\t\t<div class=\"separator\"><\/div>\r\r\n\t\t\t<div class=\"info\">\r\r\n\t\t\t\t<h6>Clients Satisfets<\/h6>\r\r\n\t\t\t\t<i class=\"far fa-laugh-beam\"><\/i>\r\r\n\t\t\t\t<b class=\"timer\" data-to=\"856\" data-speed=\"10000\"><\/b>\r\r\n\t\t\t<\/div>\r\r\n\t\t<\/div>\r\r\n\t\t[\/vc_column_inner][vc_column_inner width=&#8221;1\/2&#8243; offset=&#8221;vc_col-lg-3 vc_col-md-3&#8243;]\r\n\t\t<div class=\"counter clearfix counter-style-4  vc_custom_1620739660076 left-separator\"> \r\r\n\t\t\t<div class=\"separator\"><\/div>\r\r\n\t\t\t<div class=\"info\">\r\r\n\t\t\t\t<h6>Anys d&#039;Experi\u00e8ncia<\/h6>\r\r\n\t\t\t\t<i class=\"fas fa-star\"><\/i>\r\r\n\t\t\t\t<b class=\"timer\" data-to=\"40\" data-speed=\"10000\"><\/b>\r\r\n\t\t\t<\/div>\r\r\n\t\t<\/div>\r\r\n\t\t[\/vc_column_inner][vc_column_inner width=&#8221;1\/2&#8243; offset=&#8221;vc_col-lg-3 vc_col-md-3&#8243;]\r\n\t\t<div class=\"counter clearfix counter-style-4  vc_custom_1620739674373 left-separator\"> \r\r\n\t\t\t<div class=\"separator\"><\/div>\r\r\n\t\t\t<div class=\"info\">\r\r\n\t\t\t\t<h6>Metres d&#039;exposici\u00f3<\/h6>\r\r\n\t\t\t\t<i class=\"fas fa-expand\"><\/i>\r\r\n\t\t\t\t<b class=\"timer\" data-to=\"12980\" data-speed=\"10000\"><\/b>\r\r\n\t\t\t<\/div>\r\r\n\t\t<\/div>\r\r\n\t\t[\/vc_column_inner][\/vc_row_inner]\r\n\t<div id=\"cd_space_69f5af593b755\" class=\"cd-space cd-space-69f5af593b758\" data-id=\"69f5af593b754\" data-tablet=\"40\" data-tablet-portrait=\"30\" data-mobile=\"20\" data-mobile-portrait=\"10\" data-desktop=\"50\" style=\"clear:both; display:block;\"><\/div>\r\r\n\t[\/vc_column][\/vc_row][vc_row full_width=&#8221;stretch_row_content_no_spaces&#8221; content_placement=&#8221;middle&#8221; css=&#8221;.vc_custom_1619512852974{background-color: #f2f2f2 !important;}&#8221;][vc_column width=&#8221;1\/2&#8243;][vc_single_image image=&#8221;17618&#8243; img_size=&#8221;full&#8221;][\/vc_column][vc_column width=&#8221;1\/2&#8243; css=&#8221;.vc_custom_1620222834171{padding-right: 10% !important;padding-left: 10% !important;}&#8221; el_class=&#8221;seo-text&#8221;][vc_column_text]<\/p>\n<h2>Com triar el teu vehicle? Caravana, Autocaravana o Furgoneta Camper<\/h2>\n<p>Triar un vehicle de caravaning ha de basar-se en les teves necessitats, has de tenir en compte, quin tipus de viatge vols fer, amb quanta gent, quin pressupost tens, quant d&#8217;espai necessites i les avantatges i inconveniets entre una caravana, autocaravana y furgoneta camper.<\/p>\n<p>Si ets tu sol a amb la teva parella, una furgoneta camper pot estar equipada perfectament per les teves necessitats, si vols comoditat, una caravana permet la major amplitud i privacitat, per\u00f2 has de tenir en compte que les caravanes s&#8217;han de remolcar. Si no vols complicar-te de cap manera i vols tenir-ho tot: comoditat i qualitat, segurament l&#8217;autocaravana \u00e9s la millor opci\u00f3.[\/vc_column_text][\/vc_column][\/vc_row][vc_row css=&#8221;.vc_custom_1616603759968{padding-right: 15px !important;padding-left: 15px !important;}&#8221;][vc_column]\r\n\t<div id=\"cd_space_69f5af593b797\" class=\"cd-space cd-space-69f5af593b79a\" data-id=\"69f5af593b796\" data-tablet=\"70\" data-tablet-portrait=\"60\" data-mobile=\"50\" data-mobile-portrait=\"40\" data-desktop=\"80\" style=\"clear:both; display:block;\"><\/div>\r\r\n\t\r\n\t<div class=\"section-title text-center style_1\">\r\r\n\t\t\r\n\t\t\t\t<span><\/span>\r\r\n\t\t\t\t\r\n\t\t\t<h2>\u00daltimes noticies del m\u00f3n del Caravaning<\/h2>\r\r\n\t\t\t\r\n\t\t\t\t<div class=\"separator\"><\/div>\r\r\n\t\t\t\t\r\n\t<\/div>\r\r\n\t<div class=\"mpc-carousel__wrapper mpc-waypoint\"><div id=\"mpc_carousel_posts-9969f5af59431be\" class=\"mpc-carousel-posts mpc-init mpc-init mpc-transition mpc-overlay--slide-right mpc-item--fade mpc-layout--style_5  \"   data-mpcslick='{\"infinite\":true,\"autoplay\":false,\"slidesToShow\":4,\"slidesToScroll\":1,\"centerMode\":false,\"initialSlide\":0}' data-slick-cols=\"4\"><div onclick=\"\" class=\"mpc-post\"><div class=\"mpc-post__wrapper\"><div class=\"mpc-post__thumbnail\" data-mpc_src=\"https:\/\/m3caravaning.com\/wp-content\/uploads\/2026\/03\/AUTOCARAVANA_VS_CAMPER_VS_CARAVANA_-\u00bfCUAL_-ELEGIR_PARA-VIAJAR-800x600-1.jpg\" data-mpc_link=\"https:\/\/m3caravaning.com\/ca\/autocaravanes\/autocaravana-vs-camper-vs-caravana-quin-triar\/\"><div class=\"mpc-post__overlay mpc-transition\"><div class=\"mpc-post--vertical-wrap\"><div class=\"mpc-post--vertical\" data-mpc_link=\"https:\/\/m3caravaning.com\/ca\/autocaravanes\/autocaravana-vs-camper-vs-caravana-quin-triar\/\"><a href=\"https:\/\/m3caravaning.com\/ca\/autocaravanes\/autocaravana-vs-camper-vs-caravana-quin-triar\/\" title=\"Read more about AUTOCARAVANA VS CAMPER VS CARAVANA: QUIN TRIAR PER A VIATJAR?\" class=\"mpc-icon-anchor\"><i class=\"mpc-post-overlay__icon mpc-type--readmore fa fa-eye\"><\/i><\/a><\/div><\/div><\/div><span class=\"mpc-post__date mpc-date__wrapper mpc-typography--mpc_preset_1\"><a href=\"https:\/\/m3caravaning.com\/ca\/2026\/03\/20\/\"><div class=\"mpc-date__days\">20<\/div><div class=\"mpc-date-wrap\"><div class=\"mpc-date__month\">Mar<\/div><div class=\"mpc-date__year\">2026<\/div><\/div><\/a><\/span><\/div><div class=\"mpc-post__content mpc-transition\"><h3 class=\"mpc-post__heading mpc-transition mpc-typography--mpc_preset_17 mpc-text-overflow\"><a href=\"https:\/\/m3caravaning.com\/ca\/autocaravanes\/autocaravana-vs-camper-vs-caravana-quin-triar\/\" title=\"AUTOCARAVANA VS CAMPER VS CARAVANA: QUIN TRIAR PER A VIATJAR?\">AUTOCARAVANA VS CAMPER VS CARAVANA: QUIN TRIAR PER A VIATJAR?<\/a><\/h3><a href=\"https:\/\/m3caravaning.com\/ca\/autocaravanes\/autocaravana-vs-camper-vs-caravana-quin-triar\/\" title=\"AUTOCARAVANA VS CAMPER VS CARAVANA: QUIN TRIAR PER A VIATJAR?\"  class=\"mpc-button mpc-init mpc-transition mpc-typography--mpc_preset_1 mpc-display--block \" ><div class=\"mpc-button__content mpc-effect-type--none mpc-effect-side--none\"><span class=\"mpc-button__title mpc-transition\">Leer m\u00e1s<\/span><\/div><div class=\"mpc-button__background mpc-transition mpc-effect-type--slide mpc-effect-side--top\"><\/div><\/a><\/div><\/div><\/div><div onclick=\"\" class=\"mpc-post\"><div class=\"mpc-post__wrapper\"><div class=\"mpc-post__thumbnail mpc-image-placeholder\" data-mpc_link=\"https:\/\/m3caravaning.com\/ca\/sense-categoria\/viatjar-en-autocaravana-per-primera-vegada\/\"><div class=\"mpc-post__overlay mpc-transition\"><div class=\"mpc-post--vertical-wrap\"><div class=\"mpc-post--vertical\" data-mpc_link=\"https:\/\/m3caravaning.com\/ca\/sense-categoria\/viatjar-en-autocaravana-per-primera-vegada\/\"><a href=\"https:\/\/m3caravaning.com\/ca\/sense-categoria\/viatjar-en-autocaravana-per-primera-vegada\/\" title=\"Read more about VIATJAR EN AUTOCARAVANA PER PRIMERA VEGADA: GUIA COMPLETA\" class=\"mpc-icon-anchor\"><i class=\"mpc-post-overlay__icon mpc-type--readmore fa fa-eye\"><\/i><\/a><\/div><\/div><\/div><span class=\"mpc-post__date mpc-date__wrapper mpc-typography--mpc_preset_1\"><a href=\"https:\/\/m3caravaning.com\/ca\/2026\/03\/16\/\"><div class=\"mpc-date__days\">16<\/div><div class=\"mpc-date-wrap\"><div class=\"mpc-date__month\">Mar<\/div><div class=\"mpc-date__year\">2026<\/div><\/div><\/a><\/span><\/div><div class=\"mpc-post__content mpc-transition\"><h3 class=\"mpc-post__heading mpc-transition mpc-typography--mpc_preset_17 mpc-text-overflow\"><a href=\"https:\/\/m3caravaning.com\/ca\/sense-categoria\/viatjar-en-autocaravana-per-primera-vegada\/\" title=\"VIATJAR EN AUTOCARAVANA PER PRIMERA VEGADA: GUIA COMPLETA\">VIATJAR EN AUTOCARAVANA PER PRIMERA VEGADA: GUIA COMPLETA<\/a><\/h3><a href=\"https:\/\/m3caravaning.com\/ca\/sense-categoria\/viatjar-en-autocaravana-per-primera-vegada\/\" title=\"VIATJAR EN AUTOCARAVANA PER PRIMERA VEGADA: GUIA COMPLETA\"  class=\"mpc-button mpc-init mpc-transition mpc-typography--mpc_preset_1 mpc-display--block \" ><div class=\"mpc-button__content mpc-effect-type--none mpc-effect-side--none\"><span class=\"mpc-button__title mpc-transition\">Leer m\u00e1s<\/span><\/div><div class=\"mpc-button__background mpc-transition mpc-effect-type--slide mpc-effect-side--top\"><\/div><\/a><\/div><\/div><\/div><div onclick=\"\" class=\"mpc-post\"><div class=\"mpc-post__wrapper\"><div class=\"mpc-post__thumbnail\" data-mpc_src=\"https:\/\/m3caravaning.com\/wp-content\/uploads\/2026\/03\/MCX-mar-2026-300x250-1.gif\" data-mpc_link=\"https:\/\/m3caravaning.com\/ca\/actualitat\/feria-caravaning-del-18-al-22-de-marzo-en-madrid-intu-xanadu\/\"><div class=\"mpc-post__overlay mpc-transition\"><div class=\"mpc-post--vertical-wrap\"><div class=\"mpc-post--vertical\" data-mpc_link=\"https:\/\/m3caravaning.com\/ca\/actualitat\/feria-caravaning-del-18-al-22-de-marzo-en-madrid-intu-xanadu\/\"><a href=\"https:\/\/m3caravaning.com\/ca\/actualitat\/feria-caravaning-del-18-al-22-de-marzo-en-madrid-intu-xanadu\/\" title=\"Read more about FERIA CARAVANING DEL 18 AL 22 DE MARZO EN MADRID INTU XANADU\" class=\"mpc-icon-anchor\"><i class=\"mpc-post-overlay__icon mpc-type--readmore fa fa-eye\"><\/i><\/a><\/div><\/div><\/div><span class=\"mpc-post__date mpc-date__wrapper mpc-typography--mpc_preset_1\"><a href=\"https:\/\/m3caravaning.com\/ca\/2026\/03\/11\/\"><div class=\"mpc-date__days\">11<\/div><div class=\"mpc-date-wrap\"><div class=\"mpc-date__month\">Mar<\/div><div class=\"mpc-date__year\">2026<\/div><\/div><\/a><\/span><\/div><div class=\"mpc-post__content mpc-transition\"><h3 class=\"mpc-post__heading mpc-transition mpc-typography--mpc_preset_17 mpc-text-overflow\"><a href=\"https:\/\/m3caravaning.com\/ca\/actualitat\/feria-caravaning-del-18-al-22-de-marzo-en-madrid-intu-xanadu\/\" title=\"FERIA CARAVANING DEL 18 AL 22 DE MARZO EN MADRID INTU XANADU\">FERIA CARAVANING DEL 18 AL 22 DE MARZO EN MADRID INTU XANADU<\/a><\/h3><a href=\"https:\/\/m3caravaning.com\/ca\/actualitat\/feria-caravaning-del-18-al-22-de-marzo-en-madrid-intu-xanadu\/\" title=\"FERIA CARAVANING DEL 18 AL 22 DE MARZO EN MADRID INTU XANADU\"  class=\"mpc-button mpc-init mpc-transition mpc-typography--mpc_preset_1 mpc-display--block \" ><div class=\"mpc-button__content mpc-effect-type--none mpc-effect-side--none\"><span class=\"mpc-button__title mpc-transition\">Leer m\u00e1s<\/span><\/div><div class=\"mpc-button__background mpc-transition mpc-effect-type--slide mpc-effect-side--top\"><\/div><\/a><\/div><\/div><\/div><div onclick=\"\" class=\"mpc-post\"><div class=\"mpc-post__wrapper\"><div class=\"mpc-post__thumbnail\" data-mpc_src=\"https:\/\/m3caravaning.com\/wp-content\/uploads\/2026\/03\/guia-para-elegir-la-caravana-perfecta-para-tu-viaje-1.jpg\" data-mpc_link=\"https:\/\/m3caravaning.com\/ca\/caravanes\/guia-per-a-triar-la-caravana-perfecta\/\"><div class=\"mpc-post__overlay mpc-transition\"><div class=\"mpc-post--vertical-wrap\"><div class=\"mpc-post--vertical\" data-mpc_link=\"https:\/\/m3caravaning.com\/ca\/caravanes\/guia-per-a-triar-la-caravana-perfecta\/\"><a href=\"https:\/\/m3caravaning.com\/ca\/caravanes\/guia-per-a-triar-la-caravana-perfecta\/\" title=\"Read more about GUIA PER A TRIAR LA CARAVANA PERFECTA PER AL TEU VIATGE\" class=\"mpc-icon-anchor\"><i class=\"mpc-post-overlay__icon mpc-type--readmore fa fa-eye\"><\/i><\/a><\/div><\/div><\/div><span class=\"mpc-post__date mpc-date__wrapper mpc-typography--mpc_preset_1\"><a href=\"https:\/\/m3caravaning.com\/ca\/2026\/03\/09\/\"><div class=\"mpc-date__days\">09<\/div><div class=\"mpc-date-wrap\"><div class=\"mpc-date__month\">Mar<\/div><div class=\"mpc-date__year\">2026<\/div><\/div><\/a><\/span><\/div><div class=\"mpc-post__content mpc-transition\"><h3 class=\"mpc-post__heading mpc-transition mpc-typography--mpc_preset_17 mpc-text-overflow\"><a href=\"https:\/\/m3caravaning.com\/ca\/caravanes\/guia-per-a-triar-la-caravana-perfecta\/\" title=\"GUIA PER A TRIAR LA CARAVANA PERFECTA PER AL TEU VIATGE\">GUIA PER A TRIAR LA CARAVANA PERFECTA PER AL TEU VIATGE<\/a><\/h3><a href=\"https:\/\/m3caravaning.com\/ca\/caravanes\/guia-per-a-triar-la-caravana-perfecta\/\" title=\"GUIA PER A TRIAR LA CARAVANA PERFECTA PER AL TEU VIATGE\"  class=\"mpc-button mpc-init mpc-transition mpc-typography--mpc_preset_1 mpc-display--block \" ><div class=\"mpc-button__content mpc-effect-type--none mpc-effect-side--none\"><span class=\"mpc-button__title mpc-transition\">Leer m\u00e1s<\/span><\/div><div class=\"mpc-button__background mpc-transition mpc-effect-type--slide mpc-effect-side--top\"><\/div><\/a><\/div><\/div><\/div><div onclick=\"\" class=\"mpc-post\"><div class=\"mpc-post__wrapper\"><div class=\"mpc-post__thumbnail mpc-image-placeholder\" data-mpc_link=\"https:\/\/m3caravaning.com\/ca\/actualitat\/5-rutes-perfectes-per-estrenar-lautocaravana\/\"><div class=\"mpc-post__overlay mpc-transition\"><div class=\"mpc-post--vertical-wrap\"><div class=\"mpc-post--vertical\" data-mpc_link=\"https:\/\/m3caravaning.com\/ca\/actualitat\/5-rutes-perfectes-per-estrenar-lautocaravana\/\"><a href=\"https:\/\/m3caravaning.com\/ca\/actualitat\/5-rutes-perfectes-per-estrenar-lautocaravana\/\" title=\"Read more about 5 RUTES PERFECTES PER A ESTRENAR LA TEVA AUTOCARAVANA A ESPANYA\" class=\"mpc-icon-anchor\"><i class=\"mpc-post-overlay__icon mpc-type--readmore fa fa-eye\"><\/i><\/a><\/div><\/div><\/div><span class=\"mpc-post__date mpc-date__wrapper mpc-typography--mpc_preset_1\"><a href=\"https:\/\/m3caravaning.com\/ca\/2026\/03\/03\/\"><div class=\"mpc-date__days\">03<\/div><div class=\"mpc-date-wrap\"><div class=\"mpc-date__month\">Mar<\/div><div class=\"mpc-date__year\">2026<\/div><\/div><\/a><\/span><\/div><div class=\"mpc-post__content mpc-transition\"><h3 class=\"mpc-post__heading mpc-transition mpc-typography--mpc_preset_17 mpc-text-overflow\"><a href=\"https:\/\/m3caravaning.com\/ca\/actualitat\/5-rutes-perfectes-per-estrenar-lautocaravana\/\" title=\"5 RUTES PERFECTES PER A ESTRENAR LA TEVA AUTOCARAVANA A ESPANYA\">5 RUTES PERFECTES PER A ESTRENAR LA TEVA AUTOCARAVANA A ESPANYA<\/a><\/h3><a href=\"https:\/\/m3caravaning.com\/ca\/actualitat\/5-rutes-perfectes-per-estrenar-lautocaravana\/\" title=\"5 RUTES PERFECTES PER A ESTRENAR LA TEVA AUTOCARAVANA A ESPANYA\"  class=\"mpc-button mpc-init mpc-transition mpc-typography--mpc_preset_1 mpc-display--block \" ><div class=\"mpc-button__content mpc-effect-type--none mpc-effect-side--none\"><span class=\"mpc-button__title mpc-transition\">Leer m\u00e1s<\/span><\/div><div class=\"mpc-button__background mpc-transition mpc-effect-type--slide mpc-effect-side--top\"><\/div><\/a><\/div><\/div><\/div><div onclick=\"\" class=\"mpc-post\"><div class=\"mpc-post__wrapper\"><div class=\"mpc-post__thumbnail\" data-mpc_src=\"https:\/\/m3caravaning.com\/wp-content\/uploads\/2026\/02\/IMG_2622-1024x768.jpeg\" data-mpc_link=\"https:\/\/m3caravaning.com\/ca\/autocaravanes\/ultims-2-dies-de-portes-obertes-a-m3-caravaning\/\"><div class=\"mpc-post__overlay mpc-transition\"><div class=\"mpc-post--vertical-wrap\"><div class=\"mpc-post--vertical\" data-mpc_link=\"https:\/\/m3caravaning.com\/ca\/autocaravanes\/ultims-2-dies-de-portes-obertes-a-m3-caravaning\/\"><a href=\"https:\/\/m3caravaning.com\/ca\/autocaravanes\/ultims-2-dies-de-portes-obertes-a-m3-caravaning\/\" title=\"Read more about \u00daltims 2 dies de Portes Obertes a M3 Caravaning!\" class=\"mpc-icon-anchor\"><i class=\"mpc-post-overlay__icon mpc-type--readmore fa fa-eye\"><\/i><\/a><\/div><\/div><\/div><span class=\"mpc-post__date mpc-date__wrapper mpc-typography--mpc_preset_1\"><a href=\"https:\/\/m3caravaning.com\/ca\/2026\/02\/27\/\"><div class=\"mpc-date__days\">27<\/div><div class=\"mpc-date-wrap\"><div class=\"mpc-date__month\">Feb<\/div><div class=\"mpc-date__year\">2026<\/div><\/div><\/a><\/span><\/div><div class=\"mpc-post__content mpc-transition\"><h3 class=\"mpc-post__heading mpc-transition mpc-typography--mpc_preset_17 mpc-text-overflow\"><a href=\"https:\/\/m3caravaning.com\/ca\/autocaravanes\/ultims-2-dies-de-portes-obertes-a-m3-caravaning\/\" title=\"\u00daltims 2 dies de Portes Obertes a M3 Caravaning!\">\u00daltims 2 dies de Portes Obertes a M3 Caravaning!<\/a><\/h3><a href=\"https:\/\/m3caravaning.com\/ca\/autocaravanes\/ultims-2-dies-de-portes-obertes-a-m3-caravaning\/\" title=\"\u00daltims 2 dies de Portes Obertes a M3 Caravaning!\"  class=\"mpc-button mpc-init mpc-transition mpc-typography--mpc_preset_1 mpc-display--block \" ><div class=\"mpc-button__content mpc-effect-type--none mpc-effect-side--none\"><span class=\"mpc-button__title mpc-transition\">Leer m\u00e1s<\/span><\/div><div class=\"mpc-button__background mpc-transition mpc-effect-type--slide mpc-effect-side--top\"><\/div><\/a><\/div><\/div><\/div><\/div><div class=\"mpc-navigation mpc-init mpc-align--right mpc-navigation--style_4  mpc-nav-preset--mpc_preset_43\" data-mpcslider=\"mpc_carousel_posts-9969f5af59431be\"><div class=\"mpc-nav__arrow mpcslick-prev\"><div class=\"mpc-nav__icon mpc-transition\"><i class=\" eti eti_arrow_triangle-left\"><div class=\"mpc-nav__background mpc-transition mpc-effect-type--slide mpc-effect-side--right\"><\/div><\/i><\/div><\/div><\/div><div class=\"mpc-navigation mpc-init mpc-align--right mpc-navigation--style_4  mpc-nav-preset--mpc_preset_43\" data-mpcslider=\"mpc_carousel_posts-9969f5af59431be\"><div class=\"mpc-nav__arrow mpcslick-next\"><div class=\"mpc-nav__icon mpc-transition\"><i class=\" eti eti_arrow_triangle-right\"><div class=\"mpc-nav__background mpc-transition mpc-effect-type--slide mpc-effect-side--right\"><\/div><\/i><\/div><\/div><\/div><\/div>\r\n\t<div id=\"cd_space_69f5af594e162\" class=\"cd-space cd-space-69f5af594e16a\" data-id=\"69f5af594e160\" data-tablet=\"70\" data-tablet-portrait=\"60\" data-mobile=\"50\" data-mobile-portrait=\"40\" data-desktop=\"80\" style=\"clear:both; display:block;\"><\/div>\r\r\n\t[\/vc_column][\/vc_row][vc_row][vc_column]\r\n\t<div class=\"section-title text-center style_1\">\r\r\n\t\t\r\n\t\t\t\t<span>El que opinen alguns dels nostres clients<\/span>\r\r\n\t\t\t\t\r\n\t\t\t<h2>Testimonis<\/h2>\r\r\n\t\t\t\r\n\t\t\t\t<div class=\"separator\"><\/div>\r\r\n\t\t\t\t\r\n\t<\/div>\r\r\n\t\r\n\t<div id=\"cd_testimonials_cd_testimonials_69f5af594e213\" class=\"testimonial testimonial-4 page white-bg\">\r\r\n\t\t\r\n\t\t\t<div class=\"owl-carousel\"  data-nav-arrow=false data-nav-dots=true data-items=2 data-md-items=2 data-sm-items=1 data-xs-items=1 data-xx-items=1 data-space=20 data-autoplay=true data-loop=true data-lazyload=>\r\r\n\t\t\t\t\r\n\t\t\t\t\t\t<div class=\"item\">\r\r\n\t\t\t\t\t\t\t<div class=\"testimonial-block text-center\">\r\r\n\t\t\t\t\t\t\t\t<i class=\"fas fa-quote-left\"><\/i>\r\r\n\t\t\t\t\t\t\t\t<p>En una ma\u00f1ana de tormenta se me rompieron los 2 brazos del toldo de la autocaravana, en la mitad de nuestras vacaciones.\r\nLlam\u00e9 a M3caravaning de Vilafranca , me atendi\u00f3 Luis de recambios y por suerte ten\u00edan los 2 en stock\". La verdad no pensava que pudiera encontrarlos en stock en medio de Agosto!!!\r\nS\u00f3lo decir que mi primera, y seguro que no la \u00faltima visita a esta tienda, fue de 10!!!<\/p>\r\r\n\t\t\t\t\t\t\t\t<h6 class=\"text-red\">Daniel Capdevila<\/h6>\r\r\n\t\t\t\t\t\t\t<\/div>\r\r\n\t\t\t\t\t\t<\/div>\r\r\n\t\t\t\t\t\t\r\n\t\t\t\t\t\t<div class=\"item\">\r\r\n\t\t\t\t\t\t\t<div class=\"testimonial-block text-center\">\r\r\n\t\t\t\t\t\t\t\t<i class=\"fas fa-quote-left\"><\/i>\r\r\n\t\t\t\t\t\t\t\t<p>Hola a todos los lectores, Nos compremos la camper knaus en m3 en Marzo del 2019 hemos tenido peque\u00f1as cosas, pero lo mejor que nos a podido pasar es tratar con la comercial \u00c1ngeles, que despues 18 meses nos damos cuenta que no encontramos una documentaci\u00f3n y \u00c1ngeles nos la a proporcionado, personas come ella son las que hacen las empresas, GRACIAS, \u00c1NGELES!<\/p>\r\r\n\t\t\t\t\t\t\t\t<h6 class=\"text-red\">Jos\u00e9 S\u00e1nchez<\/h6>\r\r\n\t\t\t\t\t\t\t<\/div>\r\r\n\t\t\t\t\t\t<\/div>\r\r\n\t\t\t\t\t\t\r\n\t\t\t\t\t\t<div class=\"item\">\r\r\n\t\t\t\t\t\t\t<div class=\"testimonial-block text-center\">\r\r\n\t\t\t\t\t\t\t\t<i class=\"fas fa-quote-left\"><\/i>\r\r\n\t\t\t\t\t\t\t\t<p>He comprado aqu\u00ed mi primera autocaravana, de la marca Pilote. Magnifica atenci\u00f3n desde el primer momento. El trato recibido ha sido estupendo. Muchas gracias a todo el equipo, comercial y taller.<\/p>\r\r\n\t\t\t\t\t\t\t\t<h6 class=\"text-red\">Roger Safont<\/h6>\r\r\n\t\t\t\t\t\t\t<\/div>\r\r\n\t\t\t\t\t\t<\/div>\r\r\n\t\t\t\t\t\t\r\n\t\t\t\t\t\t<div class=\"item\">\r\r\n\t\t\t\t\t\t\t<div class=\"testimonial-block text-center\">\r\r\n\t\t\t\t\t\t\t\t<i class=\"fas fa-quote-left\"><\/i>\r\r\n\t\t\t\t\t\t\t\t<p>La amabilidad y solvencia con la que nos han atendido para diversas consultas sobre campers Knaus ha sido extraordinaria, a pesar de ser clientes de otro distribuidor por proximidad geogr\u00e1fica. No me cabe sino hacerles llegar mi felicitaci\u00f3n y agradecimiento p\u00fablico.<\/p>\r\r\n\t\t\t\t\t\t\t\t<h6 class=\"text-red\">Jos\u00e9 Lu\u00eds Briz<\/h6>\r\r\n\t\t\t\t\t\t\t<\/div>\r\r\n\t\t\t\t\t\t<\/div>\r\r\n\t\t\t\t\t\t\r\n\t\t\t\t\t\t<div class=\"item\">\r\r\n\t\t\t\t\t\t\t<div class=\"testimonial-block text-center\">\r\r\n\t\t\t\t\t\t\t\t<i class=\"fas fa-quote-left\"><\/i>\r\r\n\t\t\t\t\t\t\t\t<p>Compr\u00e9 una caravana Knaus con ellos. El asesor fue Agust\u00edn y al ser mi primera caravana no ha dejado de ayudarme incluso en plena pandemia. Muy contento tanto con la Knaus como con ellos.\r\nUn saludo a todos!!<\/p>\r\r\n\t\t\t\t\t\t\t\t<h6 class=\"text-red\">Daniel Pastor<\/h6>\r\r\n\t\t\t\t\t\t\t<\/div>\r\r\n\t\t\t\t\t\t<\/div>\r\r\n\t\t\t\t\t\t\r\n\t\t\t\t\t\t<div class=\"item\">\r\r\n\t\t\t\t\t\t\t<div class=\"testimonial-block text-center\">\r\r\n\t\t\t\t\t\t\t\t<i class=\"fas fa-quote-left\"><\/i>\r\r\n\t\t\t\t\t\t\t\t<p>Hasta en pleno confinamiento nos estan atendiendo y ayudando al m\u00e1ximo.  Muy recomendable la atenci\u00f3n y profesionalidad de esta empresa. Por descontado sus autocaravanas son de m\u00e1xima calidad de las empresas con m\u00e1s tradicion y experiencia y calidad.\r\n<\/p>\r\r\n\t\t\t\t\t\t\t\t<h6 class=\"text-red\">Rub\u00e9n Perez<\/h6>\r\r\n\t\t\t\t\t\t\t<\/div>\r\r\n\t\t\t\t\t\t<\/div>\r\r\n\t\t\t\t\t\t\r\n\t\t\t\t\t\t<div class=\"item\">\r\r\n\t\t\t\t\t\t\t<div class=\"testimonial-block text-center\">\r\r\n\t\t\t\t\t\t\t\t<i class=\"fas fa-quote-left\"><\/i>\r\r\n\t\t\t\t\t\t\t\t<p>Solo tengo que buenas palabras para M3. El trato ha sido fant\u00e1stico desde el primer dia que vinimos a ver los veh\u00edculos, hasta el d\u00eda de la entrega. Adem\u00e1s, fue el sitio donde encontr\u00e9 el mejor precio para la camper. Lo recomiendo a todo el mundo.\r\n<\/p>\r\r\n\t\t\t\t\t\t\t\t<h6 class=\"text-red\">Pepe Rodr\u00edguez<\/h6>\r\r\n\t\t\t\t\t\t\t<\/div>\r\r\n\t\t\t\t\t\t<\/div>\r\r\n\t\t\t\t\t\t\r\n\t\t\t\t\t\t<div class=\"item\">\r\r\n\t\t\t\t\t\t\t<div class=\"testimonial-block text-center\">\r\r\n\t\t\t\t\t\t\t\t<i class=\"fas fa-quote-left\"><\/i>\r\r\n\t\t\t\t\t\t\t\t<p>He visitado su exposici\u00f3n en la Quincena del Caravaning y tanto los veh\u00edculos, como la atenci\u00f3n, han sido perfectas. Tienen mucha exposici\u00f3n de campers de varias distribuciones, que justamente es lo que and\u00e1bamos buscando. Y ahora estos d\u00edas de Quincena del Caravaning, tienen unas buenas ofertas. La atenci\u00f3n del comercial ha sido estupenda y nos ha resulto todas las dudas. Lo recomiendo sin duda.<\/p>\r\r\n\t\t\t\t\t\t\t\t<h6 class=\"text-red\">Eugenio Fuente<\/h6>\r\r\n\t\t\t\t\t\t\t<\/div>\r\r\n\t\t\t\t\t\t<\/div>\r\r\n\t\t\t\t\t\t\r\n\t\t\t\t\t\t<div class=\"item\">\r\r\n\t\t\t\t\t\t\t<div class=\"testimonial-block text-center\">\r\r\n\t\t\t\t\t\t\t\t<i class=\"fas fa-quote-left\"><\/i>\r\r\n\t\t\t\t\t\t\t\t<p>Buenos d\u00edas! se\u00f1alar la estupenda acogida de llamada y orientaci\u00f3n dada por la Sra. Concepci\u00f3n, que no s\u00f3lo contest\u00f3 a mis preguntas, sino que empatiz\u00f3 con mis expectativas y me orient\u00f3 magn\u00edficamente... Muchas gracias por el servicio dado!! Saludos cordiales!!<\/p>\r\r\n\t\t\t\t\t\t\t\t<h6 class=\"text-red\">Ana Mar\u00eda Roca<\/h6>\r\r\n\t\t\t\t\t\t\t<\/div>\r\r\n\t\t\t\t\t\t<\/div>\r\r\n\t\t\t\t\t\t\r\n\t\t\t\t\t\t<div class=\"item\">\r\r\n\t\t\t\t\t\t\t<div class=\"testimonial-block text-center\">\r\r\n\t\t\t\t\t\t\t\t<i class=\"fas fa-quote-left\"><\/i>\r\r\n\t\t\t\t\t\t\t\t<p>Recomiendo sin duda a todo el equipo de M3 Caravaning. Mi experiencia ha sido muy positiva en todo el proceso. Desde el primer d\u00eda que acud\u00ed a ver caravanas, que me atendieron de maravilla, hasta la oferta y el d\u00eda de la entrega. La verdad es que me lo han puesto todo tan f\u00e1cil que no he tenido que preocuparme por nada. \u00a1Gracias M3!<\/p>\r\r\n\t\t\t\t\t\t\t\t<h6 class=\"text-red\">Manuel Cortes<\/h6>\r\r\n\t\t\t\t\t\t\t<\/div>\r\r\n\t\t\t\t\t\t<\/div>\r\r\n\t\t\t\t\t\t\r\n\t\t\t<\/div>\r\r\n\t\t\t\r\n\t<\/div>\r\r\n\t\r\n\t<div id=\"cd_space_69f5af594f01b\" class=\"cd-space cd-space-69f5af594f021\" data-id=\"69f5af594f019\" data-tablet=\"70\" data-tablet-portrait=\"60\" data-mobile=\"50\" data-mobile-portrait=\"40\" data-desktop=\"80\" style=\"clear:both; display:block;\"><\/div>\r\r\n\t[\/vc_column][\/vc_row]<\/p>\n","protected":false},"excerpt":{"rendered":"<p>[vc_row full_width=&#8221;stretch_row_content_no_spaces&#8221; css=&#8221;.vc_custom_1585374706752{background-color: #002a38 !important;}&#8221;][vc_column][vc_column_text][\/vc_column_text][\/vc_column][\/vc_row][vc_row][vc_column][\/vc_column][\/vc_row][vc_row css=&#8221;.vc_custom_1616762477605{padding-top: 30px !important;padding-bottom: 30px !important;}&#8221;][vc_column][\/vc_column][\/vc_row][vc_row full_width=&#8221;stretch_row&#8221; cd_bg_type=&#8221;row-background-dark&#8221; css=&#8221;.vc_custom_1619080959077{background-image: url(https:\/\/m3caravaning.com\/wp-content\/uploads\/2021\/04\/bg-home-destacados.jpg?id=17610) !important;background-position: center !important;background-repeat: no-repeat !important;background-size: cover !important;}&#8221;][vc_column css=&#8221;.vc_custom_1486459875354{padding-top: 0px !important;}&#8221;][vc_row_inner][vc_column_inner][\/vc_column_inner][\/vc_row_inner][\/vc_column][\/vc_row][vc_row css=&#8221;.vc_custom_1618232785297{padding-top: 60px !important;padding-bottom: 60px !important;}&#8221;][vc_column][vc_row_inner][vc_column_inner width=&#8221;1\/3&#8243;][\/vc_column_inner][vc_column_inner width=&#8221;1\/3&#8243;][\/vc_column_inner][vc_column_inner width=&#8221;1\/3&#8243;][\/vc_column_inner][\/vc_row_inner][vc_row_inner][vc_column_inner][\/vc_column_inner][\/vc_row_inner][vc_row_inner][vc_column_inner width=&#8221;1\/3&#8243;][\/vc_column_inner][vc_column_inner width=&#8221;1\/3&#8243;][\/vc_column_inner][vc_column_inner width=&#8221;1\/3&#8243;][\/vc_column_inner][\/vc_row_inner][\/vc_column][\/vc_row][vc_row full_width=&#8221;stretch_row&#8221; css=&#8221;.vc_custom_1620222186219{background-image: url(https:\/\/m3caravaning.com\/wp-content\/uploads\/2021\/05\/slide_mayorexposiciondelmundo_002.jpg?id=17926) !important;background-position: center !important;background-repeat: no-repeat !important;background-size: cover !important;}&#8221;][vc_column][vc_row_inner][vc_column_inner width=&#8221;1\/2&#8243;][vc_video link=&#8221;https:\/\/youtu.be\/XmYOAex6nqM&#8221; align=&#8221;center&#8221;][\/vc_column_inner][vc_column_inner width=&#8221;1\/2&#8243;][\/vc_column_inner][\/vc_row_inner][\/vc_column][\/vc_row][vc_row full_width=&#8221;stretch_row&#8221; cd_bg_type=&#8221;row-background-dark&#8221; css=&#8221;.vc_custom_1615554811806{background-color: #df5461 !important;}&#8221;][vc_column][vc_row_inner][vc_column_inner width=&#8221;1\/2&#8243;<\/p>\n","protected":false},"author":1,"featured_media":0,"parent":0,"menu_order":0,"comment_status":"closed","ping_status":"closed","template":"","meta":{"footnotes":""},"class_list":["post-19139","page","type-page","status-publish","hentry"],"yoast_head":"<!-- This site is optimized with the Yoast SEO plugin v22.4 - https:\/\/yoast.com\/wordpress\/plugins\/seo\/ -->\n<title>Venda i Lloguer de vehicles de Caravaning | M3Caravaning<\/title>\n<meta name=\"description\" content=\"M3 Caravaning. Venda i lloguer de vehicles de Caravaning nous, segona m\u00e0 i d&#039;oferta. L\u00edder en el sector del caravaning Barcelona i Madrid\" \/>\n<meta name=\"robots\" content=\"index, follow, max-snippet:-1, max-image-preview:large, max-video-preview:-1\" \/>\n<link rel=\"canonical\" href=\"https:\/\/m3caravaning.com\/ca\/\" \/>\n<meta property=\"og:locale\" content=\"ca_ES\" \/>\n<meta property=\"og:type\" content=\"article\" \/>\n<meta property=\"og:title\" content=\"Venda i Lloguer de vehicles de Caravaning | M3Caravaning\" \/>\n<meta property=\"og:description\" content=\"M3 Caravaning. Venda i lloguer de vehicles de Caravaning nous, segona m\u00e0 i d&#039;oferta. L\u00edder en el sector del caravaning Barcelona i Madrid\" \/>\n<meta property=\"og:url\" content=\"https:\/\/m3caravaning.com\/ca\/\" \/>\n<meta property=\"og:site_name\" content=\"Autocaravanas, caravanas y furgonetas campers nuevas, ocasi\u00f3n y segunda mano\" \/>\n<meta property=\"article:publisher\" content=\"https:\/\/www.facebook.com\/m3caravaning\" \/>\n<meta property=\"article:modified_time\" content=\"2024-05-20T10:21:21+00:00\" \/>\n<meta property=\"og:image\" content=\"https:\/\/m3caravaning.com\/wp-content\/uploads\/2021\/03\/cover_pagina_m3caravaning_default-1.jpg\" \/>\n\t<meta property=\"og:image:width\" content=\"1200\" \/>\n\t<meta property=\"og:image:height\" content=\"628\" \/>\n\t<meta property=\"og:image:type\" content=\"image\/jpeg\" \/>\n<meta name=\"twitter:card\" content=\"summary_large_image\" \/>\n<meta name=\"twitter:site\" content=\"@M3Caravaning\" \/>\n<meta name=\"twitter:label1\" content=\"Est. reading time\" \/>\n\t<meta name=\"twitter:data1\" content=\"5 minutes\" \/>\n<script type=\"application\/ld+json\" class=\"yoast-schema-graph\">{\"@context\":\"https:\/\/schema.org\",\"@graph\":[{\"@type\":\"WebPage\",\"@id\":\"https:\/\/m3caravaning.com\/ca\/\",\"url\":\"https:\/\/m3caravaning.com\/ca\/\",\"name\":\"Venda i Lloguer de vehicles de Caravaning | M3Caravaning\",\"isPartOf\":{\"@id\":\"https:\/\/m3caravaning.com\/ca\/#website\"},\"datePublished\":\"2021-05-11T13:29:32+00:00\",\"dateModified\":\"2024-05-20T10:21:21+00:00\",\"description\":\"M3 Caravaning. Venda i lloguer de vehicles de Caravaning nous, segona m\u00e0 i d'oferta. L\u00edder en el sector del caravaning Barcelona i Madrid\",\"breadcrumb\":{\"@id\":\"https:\/\/m3caravaning.com\/ca\/#breadcrumb\"},\"inLanguage\":\"ca\",\"potentialAction\":[{\"@type\":\"ReadAction\",\"target\":[\"https:\/\/m3caravaning.com\/ca\/\"]}]},{\"@type\":\"BreadcrumbList\",\"@id\":\"https:\/\/m3caravaning.com\/ca\/#breadcrumb\",\"itemListElement\":[{\"@type\":\"ListItem\",\"position\":1,\"name\":\"Portada\",\"item\":\"https:\/\/m3caravaning.com\/ca\/\"},{\"@type\":\"ListItem\",\"position\":2,\"name\":\"Home\"}]},{\"@type\":\"WebSite\",\"@id\":\"https:\/\/m3caravaning.com\/ca\/#website\",\"url\":\"https:\/\/m3caravaning.com\/ca\/\",\"name\":\"Autocaravanas, caravanas y furgonetas campers nuevas, ocasi\u00f3n y segunda mano\",\"description\":\"Tu tienda de autocaravanas, campers y caravanas nuevas y de segunda mano. Alquiler, tienda de recambios, taller, seguros, etc.\",\"potentialAction\":[{\"@type\":\"SearchAction\",\"target\":{\"@type\":\"EntryPoint\",\"urlTemplate\":\"https:\/\/m3caravaning.com\/ca\/?s={search_term_string}\"},\"query-input\":\"required name=search_term_string\"}],\"inLanguage\":\"ca\"}]}<\/script>\n<!-- \/ Yoast SEO plugin. -->","yoast_head_json":{"title":"Venda i Lloguer de vehicles de Caravaning | M3Caravaning","description":"M3 Caravaning. Venda i lloguer de vehicles de Caravaning nous, segona m\u00e0 i d'oferta. L\u00edder en el sector del caravaning Barcelona i Madrid","robots":{"index":"index","follow":"follow","max-snippet":"max-snippet:-1","max-image-preview":"max-image-preview:large","max-video-preview":"max-video-preview:-1"},"canonical":"https:\/\/m3caravaning.com\/ca\/","og_locale":"ca_ES","og_type":"article","og_title":"Venda i Lloguer de vehicles de Caravaning | M3Caravaning","og_description":"M3 Caravaning. Venda i lloguer de vehicles de Caravaning nous, segona m\u00e0 i d'oferta. L\u00edder en el sector del caravaning Barcelona i Madrid","og_url":"https:\/\/m3caravaning.com\/ca\/","og_site_name":"Autocaravanas, caravanas y furgonetas campers nuevas, ocasi\u00f3n y segunda mano","article_publisher":"https:\/\/www.facebook.com\/m3caravaning","article_modified_time":"2024-05-20T10:21:21+00:00","og_image":[{"width":1200,"height":628,"url":"https:\/\/m3caravaning.com\/wp-content\/uploads\/2021\/03\/cover_pagina_m3caravaning_default-1.jpg","type":"image\/jpeg"}],"twitter_card":"summary_large_image","twitter_site":"@M3Caravaning","twitter_misc":{"Est. reading time":"5 minutes"},"schema":{"@context":"https:\/\/schema.org","@graph":[{"@type":"WebPage","@id":"https:\/\/m3caravaning.com\/ca\/","url":"https:\/\/m3caravaning.com\/ca\/","name":"Venda i Lloguer de vehicles de Caravaning | M3Caravaning","isPartOf":{"@id":"https:\/\/m3caravaning.com\/ca\/#website"},"datePublished":"2021-05-11T13:29:32+00:00","dateModified":"2024-05-20T10:21:21+00:00","description":"M3 Caravaning. Venda i lloguer de vehicles de Caravaning nous, segona m\u00e0 i d'oferta. L\u00edder en el sector del caravaning Barcelona i Madrid","breadcrumb":{"@id":"https:\/\/m3caravaning.com\/ca\/#breadcrumb"},"inLanguage":"ca","potentialAction":[{"@type":"ReadAction","target":["https:\/\/m3caravaning.com\/ca\/"]}]},{"@type":"BreadcrumbList","@id":"https:\/\/m3caravaning.com\/ca\/#breadcrumb","itemListElement":[{"@type":"ListItem","position":1,"name":"Portada","item":"https:\/\/m3caravaning.com\/ca\/"},{"@type":"ListItem","position":2,"name":"Home"}]},{"@type":"WebSite","@id":"https:\/\/m3caravaning.com\/ca\/#website","url":"https:\/\/m3caravaning.com\/ca\/","name":"Autocaravanas, caravanas y furgonetas campers nuevas, ocasi\u00f3n y segunda mano","description":"Tu tienda de autocaravanas, campers y caravanas nuevas y de segunda mano. Alquiler, tienda de recambios, taller, seguros, etc.","potentialAction":[{"@type":"SearchAction","target":{"@type":"EntryPoint","urlTemplate":"https:\/\/m3caravaning.com\/ca\/?s={search_term_string}"},"query-input":"required name=search_term_string"}],"inLanguage":"ca"}]}},"_links":{"self":[{"href":"https:\/\/m3caravaning.com\/ca\/wp-json\/wp\/v2\/pages\/19139","targetHints":{"allow":["GET"]}}],"collection":[{"href":"https:\/\/m3caravaning.com\/ca\/wp-json\/wp\/v2\/pages"}],"about":[{"href":"https:\/\/m3caravaning.com\/ca\/wp-json\/wp\/v2\/types\/page"}],"author":[{"embeddable":true,"href":"https:\/\/m3caravaning.com\/ca\/wp-json\/wp\/v2\/users\/1"}],"replies":[{"embeddable":true,"href":"https:\/\/m3caravaning.com\/ca\/wp-json\/wp\/v2\/comments?post=19139"}],"version-history":[{"count":1,"href":"https:\/\/m3caravaning.com\/ca\/wp-json\/wp\/v2\/pages\/19139\/revisions"}],"predecessor-version":[{"id":619113,"href":"https:\/\/m3caravaning.com\/ca\/wp-json\/wp\/v2\/pages\/19139\/revisions\/619113"}],"wp:attachment":[{"href":"https:\/\/m3caravaning.com\/ca\/wp-json\/wp\/v2\/media?parent=19139"}],"curies":[{"name":"wp","href":"https:\/\/api.w.org\/{rel}","templated":true}]}}