





{"id":18784,"date":"2021-05-11T10:47:27","date_gmt":"2021-05-11T08:47:27","guid":{"rendered":"https:\/\/m3caravaning.com\/?page_id=18784"},"modified":"2024-05-20T12:23:38","modified_gmt":"2024-05-20T10:23:38","slug":"financament-parquing-i-venda-a-empreses","status":"publish","type":"page","link":"https:\/\/m3caravaning.com\/ca\/financament-parquing-i-venda-a-empreses\/","title":{"rendered":"Finan\u00e7ament, P\u00e0rquing i Venda a Empreses"},"content":{"rendered":"<p>[vc_row][vc_column alignment=&#8221;center&#8221;]\r\n\t<div id=\"cd_space_69f2add3bf95d\" class=\"cd-space cd-space-69f2add3bf965\" data-id=\"69f2add3bf95c\" data-tablet=\"50\" data-tablet-portrait=\"50\" data-mobile=\"50\" data-mobile-portrait=\"50\" data-desktop=\"50\" style=\"clear:both; display:block;\"><\/div>\r\r\n\t[\/vc_column][\/vc_row][vc_row][vc_column width=&#8221;1\/2&#8243;][vc_single_image image=&#8221;17715&#8243; img_size=&#8221;full&#8221;][\/vc_column][vc_column width=&#8221;1\/2&#8243;][vc_column_text]<\/p>\n<h3>Finan\u00e7ament a mida<\/h3>\n<p>Oferim un finan\u00e7ament fins a 10 o 12 anys sense entrada (depenent de el vehicle), amb un tipus d&#8217;inter\u00e8s especial per als nostres clients molt interessant.<\/p>\n<p>Consulta amb nosaltres i li calcularem la millor quota possible![\/vc_column_text]\r\n\t<div id=\"cd_space_69f2add3bf9c8\" class=\"cd-space cd-space-69f2add3bf9cb\" data-id=\"69f2add3bf9c7\" data-tablet=\"30\" data-tablet-portrait=\"30\" data-mobile=\"30\" data-mobile-portrait=\"30\" data-desktop=\"30\" style=\"clear:both; display:block;\"><\/div>\r\r\n\t[vc_row_inner][vc_column_inner]<a href=\"\/ca\/contacte\/\" title=\"Contacta&#039;ns\"  data-id=\"mpc_button-9969f2add3bfa65\" class=\"mpc-button mpc-init mpc-transition mpc-typography--default \" ><div class=\"mpc-button__content mpc-effect-type--none mpc-effect-side--none\"><span class=\"mpc-button__title mpc-transition\">Contacta amb nosaltres per m\u00e9s informaci\u00f3<\/span><\/div><div class=\"mpc-button__background mpc-transition mpc-effect-type--slide mpc-effect-side--top\"><\/div><\/a>[\/vc_column_inner][\/vc_row_inner][\/vc_column][\/vc_row][vc_row][vc_column alignment=&#8221;center&#8221;]\r\n\t<div id=\"cd_space_69f2add3bfaea\" class=\"cd-space cd-space-69f2add3bfaee\" data-id=\"69f2add3bfae9\" data-tablet=\"50\" data-tablet-portrait=\"50\" data-mobile=\"50\" data-mobile-portrait=\"50\" data-desktop=\"50\" style=\"clear:both; display:block;\"><\/div>\r\r\n\t[\/vc_column][\/vc_row][vc_row][vc_column width=&#8221;1\/2&#8243;][vc_single_image image=&#8221;17725&#8243; img_size=&#8221;full&#8221;][\/vc_column][vc_column width=&#8221;1\/2&#8243;][vc_column_text]<\/p>\n<h3>P\u00e0rquing per a autocaravanes i caravanes<\/h3>\n<p>Ja tens on guardar la teva autocaravana o caravana? Si tens una autocaravana o caravana i busques p\u00e0rquing on puguis deixar-la, a M3 Caravaning t&#8217;ajudem a trobar la millor opci\u00f3, disposem de p\u00e0rquing d&#8217;autocaravanes i caravanes a Barcelona, Terrassa i Madrid.<\/p>\n<p>Consulta les condicions amb nosaltres![\/vc_column_text]\r\n\t<div id=\"cd_space_69f2add3bfb32\" class=\"cd-space cd-space-69f2add3bfb35\" data-id=\"69f2add3bfb31\" data-tablet=\"30\" data-tablet-portrait=\"30\" data-mobile=\"30\" data-mobile-portrait=\"30\" data-desktop=\"30\" style=\"clear:both; display:block;\"><\/div>\r\r\n\t[vc_row_inner][vc_column_inner]<a href=\"\/ca\/contacte\/\" title=\"Contacta&#039;ns\"  data-id=\"mpc_button-2569f2add3bfbac\" class=\"mpc-button mpc-init mpc-transition mpc-typography--default \" ><div class=\"mpc-button__content mpc-effect-type--none mpc-effect-side--none\"><span class=\"mpc-button__title mpc-transition\">Contacta amb nosaltres per m\u00e9s informaci\u00f3<\/span><\/div><div class=\"mpc-button__background mpc-transition mpc-effect-type--slide mpc-effect-side--top\"><\/div><\/a>[\/vc_column_inner][\/vc_row_inner][\/vc_column][\/vc_row][vc_row][vc_column alignment=&#8221;center&#8221;]\r\n\t<div id=\"cd_space_69f2add3bfc1a\" class=\"cd-space cd-space-69f2add3bfc1d\" data-id=\"69f2add3bfc19\" data-tablet=\"50\" data-tablet-portrait=\"50\" data-mobile=\"50\" data-mobile-portrait=\"50\" data-desktop=\"50\" style=\"clear:both; display:block;\"><\/div>\r\r\n\t[\/vc_column][\/vc_row][vc_row][vc_column width=&#8221;1\/2&#8243;][vc_single_image image=&#8221;17257&#8243; img_size=&#8221;full&#8221;][\/vc_column][vc_column width=&#8221;1\/2&#8243;][vc_column_text]<\/p>\n<h3 class=\"tituloGral interior\">Venta de autocaravanas y furgonetas para Empresas de Alquiler<\/h3>\n<p>Si eres una\u00a0<strong>empresa de alquiler o un aut\u00f3nomo con alguna autocaravanas o furgonetas camper de alquiler<\/strong>\u00a0y quieres adquirir un veh\u00edculo m\u00e1s en tu flota, te ofrecemos unos\u00a0<strong>descuentos especiales<\/strong>\u00a0que no podr\u00e1s dejar escapar.<\/p>\n<p>Nosotros, M3 Caravaning, disponemos de\u00a0<strong>autocaravanas nuevas con unos grandes descuentos<\/strong>\u00a0y unos precios exclusivos para interesados en comprar autocaravanas nuevas para alquiler.<\/p>\n<p>Disponemos de\u00a0<strong>autocaravanas perfiladas<\/strong>\u00a0para cuatro o cinco personas en ruta y noche. Con varias distribuciones disponibles: con literas, con cama en isla, con camas gemelas traseras, cama transversal, etc. Tambi\u00e9n ofrecemos precios exclusivos en\u00a0<strong>autocaravanas capuchinas<\/strong>\u00a0ideales para grandes familias con distribuciones de literas y camas capuchina, para hasta seis personas en ruta y noche. Y por \u00faltimo, para alquiladores m\u00e1s exigentes, disponemos de\u00a0<strong>autocaravanas nuevas integrales<\/strong>\u00a0para cuatro personas con varias distribuciones disponibles.<\/p>\n<p>Para los amantes de los deportes y aventuras, tambi\u00e9n ofrecemos\u00a0<strong>grandes descuentos en furgonetas campers nuevas<\/strong>\u00a0de varias distribuciones. Furgonetas en promoci\u00f3n desde cinco a seis metros y medio, con capacidad para varias personas, de dos hasta cuatro plazas. Trabajamos con campers nuevos de las mejores marcas, alemanas y nacionales, con distribuciones para todos los gustos.[\/vc_column_text]\r\n\t<div id=\"cd_space_69f2add3bfc5d\" class=\"cd-space cd-space-69f2add3bfc5f\" data-id=\"69f2add3bfc5c\" data-tablet=\"30\" data-tablet-portrait=\"30\" data-mobile=\"30\" data-mobile-portrait=\"30\" data-desktop=\"30\" style=\"clear:both; display:block;\"><\/div>\r\r\n\t[vc_row_inner][vc_column_inner]<a href=\"\/ca\/contacte\/\" title=\"Contacta&#039;ns\"  data-id=\"mpc_button-1069f2add3bfcda\" class=\"mpc-button mpc-init mpc-transition mpc-typography--default \" ><div class=\"mpc-button__content mpc-effect-type--none mpc-effect-side--none\"><span class=\"mpc-button__title mpc-transition\">Contacta amb nosaltres per m\u00e9s informaci\u00f3<\/span><\/div><div class=\"mpc-button__background mpc-transition mpc-effect-type--slide mpc-effect-side--top\"><\/div><\/a>[\/vc_column_inner][\/vc_row_inner][\/vc_column][\/vc_row]<\/p>\n","protected":false},"excerpt":{"rendered":"<p>[vc_row][vc_column alignment=&#8221;center&#8221;][\/vc_column][\/vc_row][vc_row][vc_column width=&#8221;1\/2&#8243;][vc_single_image image=&#8221;17715&#8243; img_size=&#8221;full&#8221;][\/vc_column][vc_column width=&#8221;1\/2&#8243;][vc_column_text] Finan\u00e7ament a mida Oferim un finan\u00e7ament fins a 10 o 12 anys sense entrada (depenent de el vehicle), amb un tipus d&#8217;inter\u00e8s especial per als nostres clients molt interessant. Consulta amb nosaltres i li calcularem la millor quota possible![\/vc_column_text][vc_row_inner][vc_column_inner][\/vc_column_inner][\/vc_row_inner][\/vc_column][\/vc_row][vc_row][vc_column alignment=&#8221;center&#8221;][\/vc_column][\/vc_row][vc_row][vc_column width=&#8221;1\/2&#8243;][vc_single_image image=&#8221;17725&#8243; img_size=&#8221;full&#8221;][\/vc_column][vc_column width=&#8221;1\/2&#8243;][vc_column_text] P\u00e0rquing per a autocaravanes i<\/p>\n","protected":false},"author":1,"featured_media":0,"parent":0,"menu_order":0,"comment_status":"closed","ping_status":"closed","template":"","meta":{"footnotes":""},"class_list":["post-18784","page","type-page","status-publish","hentry"],"yoast_head":"<!-- This site is optimized with the Yoast SEO plugin v22.4 - https:\/\/yoast.com\/wordpress\/plugins\/seo\/ -->\n<title>Finan\u00e7ament, P\u00e0rquing i Venda a Empreses - Autocaravanas, caravanas y furgonetas campers nuevas, ocasi\u00f3n y segunda mano<\/title>\n<meta name=\"robots\" content=\"index, follow, max-snippet:-1, max-image-preview:large, max-video-preview:-1\" \/>\n<link rel=\"canonical\" href=\"https:\/\/m3caravaning.com\/ca\/financament-parquing-i-venda-a-empreses\/\" \/>\n<meta property=\"og:locale\" content=\"ca_ES\" \/>\n<meta property=\"og:type\" content=\"article\" \/>\n<meta property=\"og:title\" content=\"Finan\u00e7ament, P\u00e0rquing i Venda a Empreses - Autocaravanas, caravanas y furgonetas campers nuevas, ocasi\u00f3n y segunda mano\" \/>\n<meta property=\"og:description\" content=\"[vc_row][vc_column alignment=&#8221;center&#8221;][\/vc_column][\/vc_row][vc_row][vc_column width=&#8221;1\/2&#8243;][vc_single_image image=&#8221;17715&#8243; img_size=&#8221;full&#8221;][\/vc_column][vc_column width=&#8221;1\/2&#8243;][vc_column_text] Finan\u00e7ament a mida Oferim un finan\u00e7ament fins a 10 o 12 anys sense entrada (depenent de el vehicle), amb un tipus d&#8217;inter\u00e8s especial per als nostres clients molt interessant. Consulta amb nosaltres i li calcularem la millor quota possible![\/vc_column_text][vc_row_inner][vc_column_inner][\/vc_column_inner][\/vc_row_inner][\/vc_column][\/vc_row][vc_row][vc_column alignment=&#8221;center&#8221;][\/vc_column][\/vc_row][vc_row][vc_column width=&#8221;1\/2&#8243;][vc_single_image image=&#8221;17725&#8243; img_size=&#8221;full&#8221;][\/vc_column][vc_column width=&#8221;1\/2&#8243;][vc_column_text] P\u00e0rquing per a autocaravanes i\" \/>\n<meta property=\"og:url\" content=\"https:\/\/m3caravaning.com\/ca\/financament-parquing-i-venda-a-empreses\/\" \/>\n<meta property=\"og:site_name\" content=\"Autocaravanas, caravanas y furgonetas campers nuevas, ocasi\u00f3n y segunda mano\" \/>\n<meta property=\"article:publisher\" content=\"https:\/\/www.facebook.com\/m3caravaning\" \/>\n<meta property=\"article:modified_time\" content=\"2024-05-20T10:23:38+00:00\" \/>\n<meta property=\"og:image\" content=\"https:\/\/m3caravaning.com\/wp-content\/uploads\/2021\/03\/cover_pagina_m3caravaning_default-1.jpg\" \/>\n\t<meta property=\"og:image:width\" content=\"1200\" \/>\n\t<meta property=\"og:image:height\" content=\"628\" \/>\n\t<meta property=\"og:image:type\" content=\"image\/jpeg\" \/>\n<meta name=\"twitter:card\" content=\"summary_large_image\" \/>\n<meta name=\"twitter:site\" content=\"@M3Caravaning\" \/>\n<meta name=\"twitter:label1\" content=\"Est. reading time\" \/>\n\t<meta name=\"twitter:data1\" content=\"3 minutes\" \/>\n<script type=\"application\/ld+json\" class=\"yoast-schema-graph\">{\"@context\":\"https:\/\/schema.org\",\"@graph\":[{\"@type\":\"WebPage\",\"@id\":\"https:\/\/m3caravaning.com\/ca\/financament-parquing-i-venda-a-empreses\/\",\"url\":\"https:\/\/m3caravaning.com\/ca\/financament-parquing-i-venda-a-empreses\/\",\"name\":\"Finan\u00e7ament, P\u00e0rquing i Venda a Empreses - Autocaravanas, caravanas y furgonetas campers nuevas, ocasi\u00f3n y segunda mano\",\"isPartOf\":{\"@id\":\"https:\/\/m3caravaning.com\/ca\/#website\"},\"datePublished\":\"2021-05-11T08:47:27+00:00\",\"dateModified\":\"2024-05-20T10:23:38+00:00\",\"breadcrumb\":{\"@id\":\"https:\/\/m3caravaning.com\/ca\/financament-parquing-i-venda-a-empreses\/#breadcrumb\"},\"inLanguage\":\"ca\",\"potentialAction\":[{\"@type\":\"ReadAction\",\"target\":[\"https:\/\/m3caravaning.com\/ca\/financament-parquing-i-venda-a-empreses\/\"]}]},{\"@type\":\"BreadcrumbList\",\"@id\":\"https:\/\/m3caravaning.com\/ca\/financament-parquing-i-venda-a-empreses\/#breadcrumb\",\"itemListElement\":[{\"@type\":\"ListItem\",\"position\":1,\"name\":\"Portada\",\"item\":\"https:\/\/m3caravaning.com\/ca\/\"},{\"@type\":\"ListItem\",\"position\":2,\"name\":\"Finan\u00e7ament, P\u00e0rquing i Venda a Empreses\"}]},{\"@type\":\"WebSite\",\"@id\":\"https:\/\/m3caravaning.com\/ca\/#website\",\"url\":\"https:\/\/m3caravaning.com\/ca\/\",\"name\":\"Autocaravanas, caravanas y furgonetas campers nuevas, ocasi\u00f3n y segunda mano\",\"description\":\"Tu tienda de autocaravanas, campers y caravanas nuevas y de segunda mano. Alquiler, tienda de recambios, taller, seguros, etc.\",\"potentialAction\":[{\"@type\":\"SearchAction\",\"target\":{\"@type\":\"EntryPoint\",\"urlTemplate\":\"https:\/\/m3caravaning.com\/ca\/?s={search_term_string}\"},\"query-input\":\"required name=search_term_string\"}],\"inLanguage\":\"ca\"}]}<\/script>\n<!-- \/ Yoast SEO plugin. -->","yoast_head_json":{"title":"Finan\u00e7ament, P\u00e0rquing i Venda a Empreses - Autocaravanas, caravanas y furgonetas campers nuevas, ocasi\u00f3n y segunda mano","robots":{"index":"index","follow":"follow","max-snippet":"max-snippet:-1","max-image-preview":"max-image-preview:large","max-video-preview":"max-video-preview:-1"},"canonical":"https:\/\/m3caravaning.com\/ca\/financament-parquing-i-venda-a-empreses\/","og_locale":"ca_ES","og_type":"article","og_title":"Finan\u00e7ament, P\u00e0rquing i Venda a Empreses - Autocaravanas, caravanas y furgonetas campers nuevas, ocasi\u00f3n y segunda mano","og_description":"[vc_row][vc_column alignment=&#8221;center&#8221;][\/vc_column][\/vc_row][vc_row][vc_column width=&#8221;1\/2&#8243;][vc_single_image image=&#8221;17715&#8243; img_size=&#8221;full&#8221;][\/vc_column][vc_column width=&#8221;1\/2&#8243;][vc_column_text] Finan\u00e7ament a mida Oferim un finan\u00e7ament fins a 10 o 12 anys sense entrada (depenent de el vehicle), amb un tipus d&#8217;inter\u00e8s especial per als nostres clients molt interessant. Consulta amb nosaltres i li calcularem la millor quota possible![\/vc_column_text][vc_row_inner][vc_column_inner][\/vc_column_inner][\/vc_row_inner][\/vc_column][\/vc_row][vc_row][vc_column alignment=&#8221;center&#8221;][\/vc_column][\/vc_row][vc_row][vc_column width=&#8221;1\/2&#8243;][vc_single_image image=&#8221;17725&#8243; img_size=&#8221;full&#8221;][\/vc_column][vc_column width=&#8221;1\/2&#8243;][vc_column_text] P\u00e0rquing per a autocaravanes i","og_url":"https:\/\/m3caravaning.com\/ca\/financament-parquing-i-venda-a-empreses\/","og_site_name":"Autocaravanas, caravanas y furgonetas campers nuevas, ocasi\u00f3n y segunda mano","article_publisher":"https:\/\/www.facebook.com\/m3caravaning","article_modified_time":"2024-05-20T10:23:38+00:00","og_image":[{"width":1200,"height":628,"url":"https:\/\/m3caravaning.com\/wp-content\/uploads\/2021\/03\/cover_pagina_m3caravaning_default-1.jpg","type":"image\/jpeg"}],"twitter_card":"summary_large_image","twitter_site":"@M3Caravaning","twitter_misc":{"Est. reading time":"3 minutes"},"schema":{"@context":"https:\/\/schema.org","@graph":[{"@type":"WebPage","@id":"https:\/\/m3caravaning.com\/ca\/financament-parquing-i-venda-a-empreses\/","url":"https:\/\/m3caravaning.com\/ca\/financament-parquing-i-venda-a-empreses\/","name":"Finan\u00e7ament, P\u00e0rquing i Venda a Empreses - Autocaravanas, caravanas y furgonetas campers nuevas, ocasi\u00f3n y segunda mano","isPartOf":{"@id":"https:\/\/m3caravaning.com\/ca\/#website"},"datePublished":"2021-05-11T08:47:27+00:00","dateModified":"2024-05-20T10:23:38+00:00","breadcrumb":{"@id":"https:\/\/m3caravaning.com\/ca\/financament-parquing-i-venda-a-empreses\/#breadcrumb"},"inLanguage":"ca","potentialAction":[{"@type":"ReadAction","target":["https:\/\/m3caravaning.com\/ca\/financament-parquing-i-venda-a-empreses\/"]}]},{"@type":"BreadcrumbList","@id":"https:\/\/m3caravaning.com\/ca\/financament-parquing-i-venda-a-empreses\/#breadcrumb","itemListElement":[{"@type":"ListItem","position":1,"name":"Portada","item":"https:\/\/m3caravaning.com\/ca\/"},{"@type":"ListItem","position":2,"name":"Finan\u00e7ament, P\u00e0rquing i Venda a Empreses"}]},{"@type":"WebSite","@id":"https:\/\/m3caravaning.com\/ca\/#website","url":"https:\/\/m3caravaning.com\/ca\/","name":"Autocaravanas, caravanas y furgonetas campers nuevas, ocasi\u00f3n y segunda mano","description":"Tu tienda de autocaravanas, campers y caravanas nuevas y de segunda mano. Alquiler, tienda de recambios, taller, seguros, etc.","potentialAction":[{"@type":"SearchAction","target":{"@type":"EntryPoint","urlTemplate":"https:\/\/m3caravaning.com\/ca\/?s={search_term_string}"},"query-input":"required name=search_term_string"}],"inLanguage":"ca"}]}},"_links":{"self":[{"href":"https:\/\/m3caravaning.com\/ca\/wp-json\/wp\/v2\/pages\/18784","targetHints":{"allow":["GET"]}}],"collection":[{"href":"https:\/\/m3caravaning.com\/ca\/wp-json\/wp\/v2\/pages"}],"about":[{"href":"https:\/\/m3caravaning.com\/ca\/wp-json\/wp\/v2\/types\/page"}],"author":[{"embeddable":true,"href":"https:\/\/m3caravaning.com\/ca\/wp-json\/wp\/v2\/users\/1"}],"replies":[{"embeddable":true,"href":"https:\/\/m3caravaning.com\/ca\/wp-json\/wp\/v2\/comments?post=18784"}],"version-history":[{"count":1,"href":"https:\/\/m3caravaning.com\/ca\/wp-json\/wp\/v2\/pages\/18784\/revisions"}],"predecessor-version":[{"id":619114,"href":"https:\/\/m3caravaning.com\/ca\/wp-json\/wp\/v2\/pages\/18784\/revisions\/619114"}],"wp:attachment":[{"href":"https:\/\/m3caravaning.com\/ca\/wp-json\/wp\/v2\/media?parent=18784"}],"curies":[{"name":"wp","href":"https:\/\/api.w.org\/{rel}","templated":true}]}}