





{"id":18384,"date":"2021-05-07T11:52:09","date_gmt":"2021-05-07T09:52:09","guid":{"rendered":"https:\/\/m3caravaning.com\/?page_id=18384"},"modified":"2021-09-09T08:30:39","modified_gmt":"2021-09-09T06:30:39","slug":"autocaravanes-noves-integrals","status":"publish","type":"page","link":"https:\/\/m3caravaning.com\/ca\/autocaravanes\/autocaravanes-noves-integrals\/","title":{"rendered":"Autocaravanes Noves Integrals"},"content":{"rendered":"<p>[vc_row full_width=&#8221;stretch_row&#8221; el_class=&#8221;titulo-nivel0&#8243; css=&#8221;.vc_custom_1619532463302{background-image: url(https:\/\/m3caravaning.com\/wp-content\/uploads\/2021\/04\/header_autocaravanas.jpg?id=17708) !important;background-position: center !important;background-repeat: no-repeat !important;background-size: cover !important;}&#8221;][vc_column][vc_column_text]<\/p>\n<h1 style=\"text-align: center;\">Autocaravanes Integrals<\/h1>\n<p style=\"text-align: center;\">Les autocaravanes noves integrals es caracteritzen per un ampli habitacle, una amplia cabina i una vista panor\u00e0mica. Estan indicades per tot tipus d&#8217;usuaris, tant parelles com fam\u00edlies.<\/p>\n<p>[\/vc_column_text][\/vc_column][\/vc_row][vc_row][vc_column]\r\n\t<div id=\"cd_space_69f5b09d14e6f\" class=\"cd-space cd-space-69f5b09d14e78\" data-id=\"69f5b09d14e6e\" data-tablet=\"70\" data-tablet-portrait=\"60\" data-mobile=\"20\" data-mobile-portrait=\"10\" data-desktop=\"30\" style=\"clear:both; display:block;\"><\/div>\r\r\n\t[\/vc_column][\/vc_row][vc_row el_class=&#8221;search-page&#8221;][vc_column]\r\n\t<div class=\"search-block clearfix box top white-bg\" data-empty-lbl=\"--Select--\">\r\r\n\t\t\r\n\r\r\n\t\t<div class=\"col-lg-10 col-md-10 col-sm-12\">\r\r\n\t\t\t<div class=\"row sort-filters-box\">\r\r\n\t\t\t\t\r\n\t\t\t\t\t<div class=\"col-lg-4 col-md-4 col-sm-12\">\r\r\n\t\t\t\t\t\t<!-- <span>Select Vehicle Categories<\/span> -->\r\r\n\t\t\t\t\t\t<div class=\"selected-box\">\r\r\n\t\t\t\t\t\t\t<select data-uid=\"69f5b09d14ef5\" id=\"sort_vehicle_cat_69f5b09d14ef5\" data-id=\"vehicle_cat\" class=\"selectpicker custom-filters-box col-4 cd-select-box\">\r\r\n\t\t\t\t\t\t\t\t<option value=\"\">Categoria de vehicles<\/option>\r\r\n\t\t\t\t\t\t\t\t\r\n\t\t\t\t\t\t\t\t\t\t<option value=\"auto-pequenas-ca\">Autocaravanas peque\u00f1as<\/option>\r\r\n\t\t\t\t\t\t\t\t\t\t\r\n\t\t\t\t\t\t\t\t\t\t<option value=\"auto-pequenas-segunda-ca\">Autocaravanas peque\u00f1as segunda mano<\/option>\r\r\n\t\t\t\t\t\t\t\t\t\t\r\n\t\t\t\t\t\t\t\t\t\t<option value=\"autocaravanes\">Autocaravanes<\/option>\r\r\n\t\t\t\t\t\t\t\t\t\t\r\n\t\t\t\t\t\t\t\t\t\t<option value=\"campers-ca\">Campers<\/option>\r\r\n\t\t\t\t\t\t\t\t\t\t\r\n\t\t\t\t\t\t\t\t\t\t<option value=\"mini-caravanas-ca\">Caravanas mini<\/option>\r\r\n\t\t\t\t\t\t\t\t\t\t\r\n\t\t\t\t\t\t\t\t\t\t<option value=\"cara-pequenas-ca\">Caravanas peque\u00f1as<\/option>\r\r\n\t\t\t\t\t\t\t\t\t\t\r\n\t\t\t\t\t\t\t\t\t\t<option value=\"cara-pequenas-segunda-mano-ca\">Caravanas peque\u00f1as segunda mano<\/option>\r\r\n\t\t\t\t\t\t\t\t\t\t\r\n\t\t\t\t\t\t\t\t\t\t<option value=\"caravanes\">Caravanes<\/option>\r\r\n\t\t\t\t\t\t\t\t\t\t\r\n\t\t\t\t\t\t\t<\/select>\r\r\n\t\t\t\t\t\t<\/div>\r\r\n\t\t\t\t\t<\/div>\r\r\n\t\t\t\t\t\r\n\t\t\t\t\t<div class=\"col-lg-4 col-md-4 col-sm-12\">\r\r\n\t\t\t\t\t\t<!-- <span>Select Make<\/span> -->\r\r\n\t\t\t\t\t\t<div class=\"selected-box\">\r\r\n\t\t\t\t\t\t\t<select data-uid=\"69f5b09d14ef5\" id=\"sort_car_make_69f5b09d14ef5\" data-id=\"car_make\" class=\"selectpicker custom-filters-box col-4 cd-select-box\">\r\r\n\t\t\t\t\t\t\t\t<option value=\"\">Marca<\/option>\r\r\n\t\t\t\t\t\t\t\t\r\n\t\t\t\t\t\t\t\t\t\t<option value=\"ace\">Ace<\/option>\r\r\n\t\t\t\t\t\t\t\t\t\t\r\n\t\t\t\t\t\t\t\t\t\t<option value=\"adria\">Adria<\/option>\r\r\n\t\t\t\t\t\t\t\t\t\t\r\n\t\t\t\t\t\t\t\t\t\t<option value=\"advantec\">Advantec<\/option>\r\r\n\t\t\t\t\t\t\t\t\t\t\r\n\t\t\t\t\t\t\t\t\t\t<option value=\"autostar\">AUTOSTAR<\/option>\r\r\n\t\t\t\t\t\t\t\t\t\t\r\n\t\t\t\t\t\t\t\t\t\t<option value=\"benimar\">Benimar<\/option>\r\r\n\t\t\t\t\t\t\t\t\t\t\r\n\t\t\t\t\t\t\t\t\t\t<option value=\"burstner\">Burstner<\/option>\r\r\n\t\t\t\t\t\t\t\t\t\t\r\n\t\t\t\t\t\t\t\t\t\t<option value=\"carado\">Carado<\/option>\r\r\n\t\t\t\t\t\t\t\t\t\t\r\n\t\t\t\t\t\t\t\t\t\t<option value=\"caravelair\">Caravelair<\/option>\r\r\n\t\t\t\t\t\t\t\t\t\t\r\n\t\t\t\t\t\t\t\t\t\t<option value=\"caretta\">Caretta<\/option>\r\r\n\t\t\t\t\t\t\t\t\t\t\r\n\t\t\t\t\t\t\t\t\t\t<option value=\"carpento\">Carpento<\/option>\r\r\n\t\t\t\t\t\t\t\t\t\t\r\n\t\t\t\t\t\t\t\t\t\t<option value=\"challenger\">Challenger<\/option>\r\r\n\t\t\t\t\t\t\t\t\t\t\r\n\t\t\t\t\t\t\t\t\t\t<option value=\"dethleffs\">Dethleffs<\/option>\r\r\n\t\t\t\t\t\t\t\t\t\t\r\n\t\t\t\t\t\t\t\t\t\t<option value=\"dreamer\">DREAMER<\/option>\r\r\n\t\t\t\t\t\t\t\t\t\t\r\n\t\t\t\t\t\t\t\t\t\t<option value=\"fendt\">Fendt<\/option>\r\r\n\t\t\t\t\t\t\t\t\t\t\r\n\t\t\t\t\t\t\t\t\t\t<option value=\"frankia-ca\">Frankia<\/option>\r\r\n\t\t\t\t\t\t\t\t\t\t\r\n\t\t\t\t\t\t\t\t\t\t<option value=\"giottiline\">Giottiline<\/option>\r\r\n\t\t\t\t\t\t\t\t\t\t\r\n\t\t\t\t\t\t\t\t\t\t<option value=\"hobby\">Hobby<\/option>\r\r\n\t\t\t\t\t\t\t\t\t\t\r\n\t\t\t\t\t\t\t\t\t\t<option value=\"hymer\">Hymer<\/option>\r\r\n\t\t\t\t\t\t\t\t\t\t\r\n\t\t\t\t\t\t\t\t\t\t<option value=\"joa\">JOA<\/option>\r\r\n\t\t\t\t\t\t\t\t\t\t\r\n\t\t\t\t\t\t\t\t\t\t<option value=\"karmann\">Karmann<\/option>\r\r\n\t\t\t\t\t\t\t\t\t\t\r\n\t\t\t\t\t\t\t\t\t\t<option value=\"knaus\">Knaus<\/option>\r\r\n\t\t\t\t\t\t\t\t\t\t\r\n\t\t\t\t\t\t\t\t\t\t<option value=\"laika\">Laika<\/option>\r\r\n\t\t\t\t\t\t\t\t\t\t\r\n\t\t\t\t\t\t\t\t\t\t<option value=\"lmc\">LMC<\/option>\r\r\n\t\t\t\t\t\t\t\t\t\t\r\n\t\t\t\t\t\t\t\t\t\t<option value=\"mclouis\">McLouis<\/option>\r\r\n\t\t\t\t\t\t\t\t\t\t\r\n\t\t\t\t\t\t\t\t\t\t<option value=\"morelo\">Morelo<\/option>\r\r\n\t\t\t\t\t\t\t\t\t\t\r\n\t\t\t\t\t\t\t\t\t\t<option value=\"pilote\">Pilote<\/option>\r\r\n\t\t\t\t\t\t\t\t\t\t\r\n\t\t\t\t\t\t\t\t\t\t<option value=\"rimor\">Rimor<\/option>\r\r\n\t\t\t\t\t\t\t\t\t\t\r\n\t\t\t\t\t\t\t\t\t\t<option value=\"roller\">Roller<\/option>\r\r\n\t\t\t\t\t\t\t\t\t\t\r\n\t\t\t\t\t\t\t\t\t\t<option value=\"sterckeman\">Sterckeman<\/option>\r\r\n\t\t\t\t\t\t\t\t\t\t\r\n\t\t\t\t\t\t\t\t\t\t<option value=\"sunlight\">Sunlight<\/option>\r\r\n\t\t\t\t\t\t\t\t\t\t\r\n\t\t\t\t\t\t\t\t\t\t<option value=\"tb\">T@B<\/option>\r\r\n\t\t\t\t\t\t\t\t\t\t\r\n\t\t\t\t\t\t\t\t\t\t<option value=\"tab\">TAB<\/option>\r\r\n\t\t\t\t\t\t\t\t\t\t\r\n\t\t\t\t\t\t\t\t\t\t<option value=\"tabbert\">Tabbert<\/option>\r\r\n\t\t\t\t\t\t\t\t\t\t\r\n\t\t\t\t\t\t\t\t\t\t<option value=\"tec\">TEC<\/option>\r\r\n\t\t\t\t\t\t\t\t\t\t\r\n\t\t\t\t\t\t\t\t\t\t<option value=\"trigano\">Trigano<\/option>\r\r\n\t\t\t\t\t\t\t\t\t\t\r\n\t\t\t\t\t\t\t\t\t\t<option value=\"v633m\">V633M<\/option>\r\r\n\t\t\t\t\t\t\t\t\t\t\r\n\t\t\t\t\t\t\t\t\t\t<option value=\"van-ti-550-mf-vansation\">VAN TI 550 MF VANSATION<\/option>\r\r\n\t\t\t\t\t\t\t\t\t\t\r\n\t\t\t\t\t\t\t\t\t\t<option value=\"weinsberg\">Weinsberg<\/option>\r\r\n\t\t\t\t\t\t\t\t\t\t\r\n\t\t\t\t\t\t\t\t\t\t<option value=\"wilk\">Wilk<\/option>\r\r\n\t\t\t\t\t\t\t\t\t\t\r\n\t\t\t\t\t\t\t<\/select>\r\r\n\t\t\t\t\t\t<\/div>\r\r\n\t\t\t\t\t<\/div>\r\r\n\t\t\t\t\t\r\n\t\t\t\t\t<div class=\"col-lg-4 col-md-4 col-sm-12\">\r\r\n\t\t\t\t\t\t<!-- <span>Select Condition<\/span> -->\r\r\n\t\t\t\t\t\t<div class=\"selected-box\">\r\r\n\t\t\t\t\t\t\t<select data-uid=\"69f5b09d14ef5\" id=\"sort_car_condition_69f5b09d14ef5\" data-id=\"car_condition\" class=\"selectpicker custom-filters-box col-4 cd-select-box\">\r\r\n\t\t\t\t\t\t\t\t<option value=\"\">Antiguetat<\/option>\r\r\n\t\t\t\t\t\t\t\t\r\n\t\t\t\t\t\t\t\t\t\t<option value=\"kilometro-0\">Kilometro.0<\/option>\r\r\n\t\t\t\t\t\t\t\t\t\t\r\n\t\t\t\t\t\t\t\t\t\t<option value=\"noves-2-ca\">Noves<\/option>\r\r\n\t\t\t\t\t\t\t\t\t\t\r\n\t\t\t\t\t\t\t\t\t\t<option value=\"novetat\">Novetat<\/option>\r\r\n\t\t\t\t\t\t\t\t\t\t\r\n\t\t\t\t\t\t\t\t\t\t<option value=\"nueva\">Nueva<\/option>\r\r\n\t\t\t\t\t\t\t\t\t\t\r\n\t\t\t\t\t\t\t\t\t\t<option value=\"ocasio_ca\">Ocasi\u00f3<\/option>\r\r\n\t\t\t\t\t\t\t\t\t\t\r\n\t\t\t\t\t\t\t\t\t\t<option value=\"ofertes\">Ofertes<\/option>\r\r\n\t\t\t\t\t\t\t\t\t\t\r\n\t\t\t\t\t\t\t\t\t\t<option value=\"segona-ma-2-ca\">Segona Ma<\/option>\r\r\n\t\t\t\t\t\t\t\t\t\t\r\n\t\t\t\t\t\t\t\t\t\t<option value=\"segunda-mano-ca\">Segunda Mano<\/option>\r\r\n\t\t\t\t\t\t\t\t\t\t\r\n\t\t\t\t\t\t\t<\/select>\r\r\n\t\t\t\t\t\t<\/div>\r\r\n\t\t\t\t\t<\/div>\r\r\n\t\t\t\t\t\r\n\t\t\t<\/div>\r\r\n\t\t<\/div>\r\r\n\t\t<div class=\"col-lg-2 col-md-2 col-sm-12\">\r\r\n\t\t\t\r\n\t\t\t<div class=\"price_slider_wrapper\">\r\r\n\t\t\t\t<div class=\"price-slide\">\r\r\n\t\t\t\t\t<div class=\"price\">\r\r\n\t\t\t\t\t\t\r\n\t\t\t\t\t\t<input type=\"hidden\" id=\"pgs_min_price\" name=\"min_price\" value=\"\" data-min=\"0\"\/>\r\r\n\t\t\t\t\t\t<input type=\"hidden\" id=\"pgs_max_price\" name=\"max_price\" value=\"\" data-max=\"330600\" data-step=\"100\"\/>\r\r\n\r\r\n\t\t\t\t\t\t<label for=\"dealer-slider-amount\">Rang de preus<\/label>\r\r\n\t\t\t\t\t\t<input type=\"text\" id=\"dealer-slider-amount\" readonly class=\"amount\" value=\"\" \/>\r\r\n\t\t\t\t\t\t<div id=\"slider-range\"><\/div>\r\r\n\t\t\t\t\t\t\r\n\r\r\n\t\t\t\t\t<\/div>\r\r\n\t\t\t\t<\/div>\r\r\n\t\t\t<\/div>\r\r\n\t\t\t<a class=\"button cfb-submit-btn\" href=\"javascript:void(0);\">Buscar<\/a>\r\r\n\t\t<\/div>\r\r\n\t\t\r\n\t\t<div class=\"clearfix\"><\/div>\r\r\n\t\t<div class=\"filter-loader\"><\/div>\r\r\n\t<\/div>\r\r\n\t[\/vc_column][\/vc_row][vc_row][vc_column]\r\n\t<div class=\"pgs_cars_carousel-wrapper\">\r\r\n\t\t\r\n\t\t<div class=\"pgs_cars_carousel-items\" >\r\r\n\t\t\t\r\n\t\t\t\t<div class=\"row\">\r\r\n\t\t\t\t\r\n\t\t\t\t<div class='item col-sm-3'>\r\r\n\t\t\t\t\t<div class='car-item text-center white-bg'>\r\r\n\t\t\t\t\t\t<div class='car-image'>\r\r\n\t\t\t\t\t\t\t<a href=\"https:\/\/m3caravaning.com\/ca\/m3caravaning\/autocaravana-giottiline-giotticompact-cx60-2\/\"><span class=\"label car-condition noves\">Noves<\/span><img fetchpriority=\"high\" decoding=\"async\" class=\"img-responsive\" src=\"https:\/\/m3caravaning.com\/wp-content\/uploads\/2026\/04\/autocaravana_giottiline_giotticompact_cx60_version_standard-1-800x600-1-265x190.jpg\" alt=\"\" width=\"265\" height=\"190\"\/><\/a><div class=\"car-list\"><ul class=\"list-inline\"><li class=\"car-transmission-dots\" title=\"Manual\"><i class=\"fas fa-cog\"><\/i> Manual<\/li><\/ul><\/div>\r\n\t\t\t\t\t\t<\/div>\r\r\n\t\t\t\t\t\t\r\n\t\t\t\t\t\t<div class='car-content'>\r\r\n\t\t\t\t\t\t\t<a href=\"https:\/\/m3caravaning.com\/ca\/m3caravaning\/autocaravana-giottiline-giotticompact-cx60-2\/\">AUTOCARAVANA GIOTTILINE GIOTTICOMPACT CX60<\/a><div class=\"separator\"><\/div><div class=\"price car-price \"><span class=\"old-price\"> 64.280&euro;<\/span><span class=\"new-price\"> 61.780&euro;<\/span><\/div>\r\n\t\t\t\t\t\t<\/div>\r\r\n\t\t\t\t\t<\/div>\r\r\n\t\t\t\t<\/div>\r\r\n\t\t\t\t\r\n\t\t\t\t<div class='item col-sm-3'>\r\r\n\t\t\t\t\t<div class='car-item text-center white-bg'>\r\r\n\t\t\t\t\t\t<div class='car-image'>\r\r\n\t\t\t\t\t\t\t<a href=\"https:\/\/m3caravaning.com\/ca\/m3caravaning\/autocaravana-pilote-g720-fc-selection\/\"><span class=\"label car-condition noves\">Noves<\/span><img decoding=\"async\" class=\"img-responsive\" src=\"https:\/\/m3caravaning.com\/wp-content\/uploads\/2026\/03\/autocaravana_pilote_g720_fc_selection-1-800x600-1-265x190.jpg\" alt=\"\" width=\"265\" height=\"190\"\/><\/a><div class=\"car-list\"><ul class=\"list-inline\"><li class=\"car-transmission-dots\" title=\"Autom\u00e1tica\"><i class=\"fas fa-cog\"><\/i> Autom\u00e1tica<\/li><\/ul><\/div>\r\n\t\t\t\t\t\t<\/div>\r\r\n\t\t\t\t\t\t\r\n\t\t\t\t\t\t<div class='car-content'>\r\r\n\t\t\t\t\t\t\t<a href=\"https:\/\/m3caravaning.com\/ca\/m3caravaning\/autocaravana-pilote-g720-fc-selection\/\">AUTOCARAVANA PILOTE G720 FC SELECTION<\/a><div class=\"separator\"><\/div><div class=\"price car-price \"><span class=\"old-price\"> 105.890&euro;<\/span><span class=\"new-price\"> 95.990&euro;<\/span><\/div>\r\n\t\t\t\t\t\t<\/div>\r\r\n\t\t\t\t\t<\/div>\r\r\n\t\t\t\t<\/div>\r\r\n\t\t\t\t\r\n\t\t\t\t<div class='item col-sm-3'>\r\r\n\t\t\t\t\t<div class='car-item text-center white-bg'>\r\r\n\t\t\t\t\t\t<div class='car-image'>\r\r\n\t\t\t\t\t\t\t<a href=\"https:\/\/m3caravaning.com\/ca\/m3caravaning\/autocaravana-knaus-live-wave-650-meg-platinum-selection\/\"><span class=\"label car-condition noves\">Noves<\/span><img decoding=\"async\" class=\"img-responsive\" src=\"https:\/\/m3caravaning.com\/wp-content\/uploads\/2026\/03\/autocaravana_nueva_live_wave_650_meg_platinum_selection-1-800x600-1-265x190.jpg\" alt=\"\" width=\"265\" height=\"190\"\/><\/a><div class=\"car-list\"><ul class=\"list-inline\"><li class=\"car-transmission-dots\" title=\"Manual\"><i class=\"fas fa-cog\"><\/i> Manual<\/li><\/ul><\/div>\r\n\t\t\t\t\t\t<\/div>\r\r\n\t\t\t\t\t\t\r\n\t\t\t\t\t\t<div class='car-content'>\r\r\n\t\t\t\t\t\t\t<a href=\"https:\/\/m3caravaning.com\/ca\/m3caravaning\/autocaravana-knaus-live-wave-650-meg-platinum-selection\/\">AUTOCARAVANA KNAUS LIVE WAVE 650 MEG PLATINUM SELECTION<\/a><div class=\"separator\"><\/div><div class=\"price car-price \"><span class=\"old-price\"> 84.670&euro;<\/span><span class=\"new-price\"> 80.670&euro;<\/span><\/div>\r\n\t\t\t\t\t\t<\/div>\r\r\n\t\t\t\t\t<\/div>\r\r\n\t\t\t\t<\/div>\r\r\n\t\t\t\t\r\n\t\t\t\t<div class='item col-sm-3'>\r\r\n\t\t\t\t\t<div class='car-item text-center white-bg'>\r\r\n\t\t\t\t\t\t<div class='car-image'>\r\r\n\t\t\t\t\t\t\t<a href=\"https:\/\/m3caravaning.com\/ca\/m3caravaning\/autocaravana-pilote-p690-gj-expression\/\"><span class=\"label car-condition noves\">Noves<\/span><span class=\"label car-status sold\">SOLD<\/span><img loading=\"lazy\" decoding=\"async\" class=\"img-responsive\" src=\"https:\/\/m3caravaning.com\/wp-content\/uploads\/2026\/03\/autocaravana_pilote_p690_gj_expression-1-800x600-1-265x190.jpg\" alt=\"\" width=\"265\" height=\"190\"\/><\/a><div class=\"car-list\"><ul class=\"list-inline\"><li class=\"car-transmission-dots\" title=\"Manual\"><i class=\"fas fa-cog\"><\/i> Manual<\/li><\/ul><\/div>\r\n\t\t\t\t\t\t<\/div>\r\r\n\t\t\t\t\t\t\r\n\t\t\t\t\t\t<div class='car-content'>\r\r\n\t\t\t\t\t\t\t<a href=\"https:\/\/m3caravaning.com\/ca\/m3caravaning\/autocaravana-pilote-p690-gj-expression\/\">AUTOCARAVANA PILOTE P690 GJ EXPRESSION<\/a><div class=\"separator\"><\/div><div class=\"price car-price \"><span class=\"old-price\"> 76.700&euro;<\/span><span class=\"new-price\"> 74.990&euro;<\/span><\/div>\r\n\t\t\t\t\t\t<\/div>\r\r\n\t\t\t\t\t<\/div>\r\r\n\t\t\t\t<\/div>\r\r\n\t\t\t\t\r\n\t\t\t\t<div class='item col-sm-3'>\r\r\n\t\t\t\t\t<div class='car-item text-center white-bg'>\r\r\n\t\t\t\t\t\t<div class='car-image'>\r\r\n\t\t\t\t\t\t\t<a href=\"https:\/\/m3caravaning.com\/ca\/m3caravaning\/autocaravana-pilote-p720fgj-evidence\/\"><span class=\"label car-condition noves\">Noves<\/span><img loading=\"lazy\" decoding=\"async\" class=\"img-responsive\" src=\"https:\/\/m3caravaning.com\/wp-content\/uploads\/2026\/03\/autocaravana_nueva_pilote_p720_fgj_evidence-1-800x600-1-265x190.jpg\" alt=\"\" width=\"265\" height=\"190\"\/><\/a><div class=\"car-list\"><ul class=\"list-inline\"><li class=\"car-transmission-dots\" title=\"Autom\u00e1tica\"><i class=\"fas fa-cog\"><\/i> Autom\u00e1tica<\/li><\/ul><\/div>\r\n\t\t\t\t\t\t<\/div>\r\r\n\t\t\t\t\t\t\r\n\t\t\t\t\t\t<div class='car-content'>\r\r\n\t\t\t\t\t\t\t<a href=\"https:\/\/m3caravaning.com\/ca\/m3caravaning\/autocaravana-pilote-p720fgj-evidence\/\">AUTOCARAVANA PILOTE P720FGJ \u00c9VIDENCE<\/a><div class=\"separator\"><\/div><div class=\"price car-price \"><span class=\"old-price\"> 84.950&euro;<\/span><span class=\"new-price\"> 79.860&euro;<\/span><\/div>\r\n\t\t\t\t\t\t<\/div>\r\r\n\t\t\t\t\t<\/div>\r\r\n\t\t\t\t<\/div>\r\r\n\t\t\t\t\r\n\t\t\t\t<div class='item col-sm-3'>\r\r\n\t\t\t\t\t<div class='car-item text-center white-bg'>\r\r\n\t\t\t\t\t\t<div class='car-image'>\r\r\n\t\t\t\t\t\t\t<a href=\"https:\/\/m3caravaning.com\/ca\/m3caravaning\/autocaravana-pilote-p740fc-evidence-2\/\"><span class=\"label car-condition noves\">Noves<\/span><img loading=\"lazy\" decoding=\"async\" class=\"img-responsive\" src=\"https:\/\/m3caravaning.com\/wp-content\/uploads\/2026\/03\/autocaravana_pilote_p740_fc_evidence-1-800x600-1-265x190.jpg\" alt=\"\" width=\"265\" height=\"190\"\/><\/a><div class=\"car-list\"><ul class=\"list-inline\"><li class=\"car-transmission-dots\" title=\"Autom\u00e1tica\"><i class=\"fas fa-cog\"><\/i> Autom\u00e1tica<\/li><\/ul><\/div>\r\n\t\t\t\t\t\t<\/div>\r\r\n\t\t\t\t\t\t\r\n\t\t\t\t\t\t<div class='car-content'>\r\r\n\t\t\t\t\t\t\t<a href=\"https:\/\/m3caravaning.com\/ca\/m3caravaning\/autocaravana-pilote-p740fc-evidence-2\/\">AUTOCARAVANA PILOTE P740FC \u00c9VIDENCE<\/a><div class=\"separator\"><\/div><div class=\"price car-price \"><span class=\"old-price\"> 86.060&euro;<\/span><span class=\"new-price\"> 80.880&euro;<\/span><\/div>\r\n\t\t\t\t\t\t<\/div>\r\r\n\t\t\t\t\t<\/div>\r\r\n\t\t\t\t<\/div>\r\r\n\t\t\t\t\r\n\t\t\t\t<div class='item col-sm-3'>\r\r\n\t\t\t\t\t<div class='car-item text-center white-bg'>\r\r\n\t\t\t\t\t\t<div class='car-image'>\r\r\n\t\t\t\t\t\t\t<a href=\"https:\/\/m3caravaning.com\/ca\/m3caravaning\/autocaravana-pilote-p690d-evidence\/\"><span class=\"label car-condition noves\">Noves<\/span><img loading=\"lazy\" decoding=\"async\" class=\"img-responsive\" src=\"https:\/\/m3caravaning.com\/wp-content\/uploads\/2026\/03\/autocaravana_pilote_p690d-1-800x600-1-265x190.jpg\" alt=\"\" width=\"265\" height=\"190\"\/><\/a><div class=\"car-list\"><ul class=\"list-inline\"><li class=\"car-transmission-dots\" title=\"Autom\u00e1tica\"><i class=\"fas fa-cog\"><\/i> Autom\u00e1tica<\/li><\/ul><\/div>\r\n\t\t\t\t\t\t<\/div>\r\r\n\t\t\t\t\t\t\r\n\t\t\t\t\t\t<div class='car-content'>\r\r\n\t\t\t\t\t\t\t<a href=\"https:\/\/m3caravaning.com\/ca\/m3caravaning\/autocaravana-pilote-p690d-evidence\/\">AUTOCARAVANA PILOTE P690D \u00c9VIDENCE<\/a><div class=\"separator\"><\/div><div class=\"price car-price \"><span class=\"old-price\"> 84.720&euro;<\/span><span class=\"new-price\"> 79.630&euro;<\/span><\/div>\r\n\t\t\t\t\t\t<\/div>\r\r\n\t\t\t\t\t<\/div>\r\r\n\t\t\t\t<\/div>\r\r\n\t\t\t\t\r\n\t\t\t\t<div class='item col-sm-3'>\r\r\n\t\t\t\t\t<div class='car-item text-center white-bg'>\r\r\n\t\t\t\t\t\t<div class='car-image'>\r\r\n\t\t\t\t\t\t\t<a href=\"https:\/\/m3caravaning.com\/ca\/m3caravaning\/autocaravana-giottiline-siena-385-2\/\"><span class=\"label car-condition noves\">Noves<\/span><img loading=\"lazy\" decoding=\"async\" class=\"img-responsive\" src=\"https:\/\/m3caravaning.com\/wp-content\/uploads\/2026\/03\/autocaravana_nueva_giottiline_siena_385-1-800x600-3-265x190.jpg\" alt=\"\" width=\"265\" height=\"190\"\/><\/a><div class=\"car-list\"><ul class=\"list-inline\"><li class=\"car-transmission-dots\" title=\"Manual\"><i class=\"fas fa-cog\"><\/i> Manual<\/li><\/ul><\/div>\r\n\t\t\t\t\t\t<\/div>\r\r\n\t\t\t\t\t\t\r\n\t\t\t\t\t\t<div class='car-content'>\r\r\n\t\t\t\t\t\t\t<a href=\"https:\/\/m3caravaning.com\/ca\/m3caravaning\/autocaravana-giottiline-siena-385-2\/\">AUTOCARAVANA GIOTTILINE SIENA 385<\/a><div class=\"separator\"><\/div><div class=\"price car-price \"><span class=\"old-price\"> 65.856&euro;<\/span><span class=\"new-price\"> 63.990&euro;<\/span><\/div>\r\n\t\t\t\t\t\t<\/div>\r\r\n\t\t\t\t\t<\/div>\r\r\n\t\t\t\t<\/div>\r\r\n\t\t\t\t\r\n\t\t\t\t<div class='item col-sm-3'>\r\r\n\t\t\t\t\t<div class='car-item text-center white-bg'>\r\r\n\t\t\t\t\t\t<div class='car-image'>\r\r\n\t\t\t\t\t\t\t<a href=\"https:\/\/m3caravaning.com\/ca\/m3caravaning\/autocaravana-knaus-van-ti-650-meg-vansation\/\"><span class=\"label car-condition noves\">Noves<\/span><img loading=\"lazy\" decoding=\"async\" class=\"img-responsive\" src=\"https:\/\/m3caravaning.com\/wp-content\/uploads\/2026\/03\/autocaravana_nueva_knaus_van_ti_650_meg_vansation-1-800x600-1-265x190.jpg\" alt=\"\" width=\"265\" height=\"190\"\/><\/a><div class=\"car-list\"><ul class=\"list-inline\"><li class=\"car-transmission-dots\" title=\"Autom\u00e1tica\"><i class=\"fas fa-cog\"><\/i> Autom\u00e1tica<\/li><\/ul><\/div>\r\n\t\t\t\t\t\t<\/div>\r\r\n\t\t\t\t\t\t\r\n\t\t\t\t\t\t<div class='car-content'>\r\r\n\t\t\t\t\t\t\t<a href=\"https:\/\/m3caravaning.com\/ca\/m3caravaning\/autocaravana-knaus-van-ti-650-meg-vansation\/\">AUTOCARAVANA KNAUS VAN TI 650 MEG VANSATION<\/a><div class=\"separator\"><\/div><div class=\"price car-price \"><span class=\"old-price\"> 80.641&euro;<\/span><span class=\"new-price\"> 75.890&euro;<\/span><\/div>\r\n\t\t\t\t\t\t<\/div>\r\r\n\t\t\t\t\t<\/div>\r\r\n\t\t\t\t<\/div>\r\r\n\t\t\t\t\r\n\t\t\t\t<div class='item col-sm-3'>\r\r\n\t\t\t\t\t<div class='car-item text-center white-bg'>\r\r\n\t\t\t\t\t\t<div class='car-image'>\r\r\n\t\t\t\t\t\t\t<a href=\"https:\/\/m3caravaning.com\/ca\/m3caravaning\/autocaravana-giottiline-siena-396-versio-standard\/\"><span class=\"label car-condition noves\">Noves<\/span><img loading=\"lazy\" decoding=\"async\" class=\"img-responsive\" src=\"https:\/\/m3caravaning.com\/wp-content\/uploads\/2026\/03\/autocaravana_nueva_giottiline_siena_396-1-800x600-1-265x190.jpg\" alt=\"\" width=\"265\" height=\"190\"\/><\/a><div class=\"car-list\"><ul class=\"list-inline\"><li class=\"car-transmission-dots\" title=\"Manual\"><i class=\"fas fa-cog\"><\/i> Manual<\/li><\/ul><\/div>\r\n\t\t\t\t\t\t<\/div>\r\r\n\t\t\t\t\t\t\r\n\t\t\t\t\t\t<div class='car-content'>\r\r\n\t\t\t\t\t\t\t<a href=\"https:\/\/m3caravaning.com\/ca\/m3caravaning\/autocaravana-giottiline-siena-396-versio-standard\/\">AUTOCARAVANA GIOTTILINE SIENA 396 VERSI\u00d3 STANDARD<\/a><div class=\"separator\"><\/div><div class=\"price car-price \"><span class=\"old-price\"> 68.690&euro;<\/span><span class=\"new-price\"> 66.190&euro;<\/span><\/div>\r\n\t\t\t\t\t\t<\/div>\r\r\n\t\t\t\t\t<\/div>\r\r\n\t\t\t\t<\/div>\r\r\n\t\t\t\t\r\n\t\t\t\t<div class='item col-sm-3'>\r\r\n\t\t\t\t\t<div class='car-item text-center white-bg'>\r\r\n\t\t\t\t\t\t<div class='car-image'>\r\r\n\t\t\t\t\t\t\t<a href=\"https:\/\/m3caravaning.com\/ca\/m3caravaning\/autocaravana-joa-camp-j70-t\/\"><span class=\"label car-condition noves\">Noves<\/span><img loading=\"lazy\" decoding=\"async\" class=\"img-responsive\" src=\"https:\/\/m3caravaning.com\/wp-content\/uploads\/2026\/02\/autocaravana_nueva_joa_camp_j_70_t-1-800x600-1-265x190.jpg\" alt=\"\" width=\"265\" height=\"190\"\/><\/a><div class=\"car-list\"><ul class=\"list-inline\"><li class=\"car-transmission-dots\" title=\"Manual\"><i class=\"fas fa-cog\"><\/i> Manual<\/li><\/ul><\/div>\r\n\t\t\t\t\t\t<\/div>\r\r\n\t\t\t\t\t\t\r\n\t\t\t\t\t\t<div class='car-content'>\r\r\n\t\t\t\t\t\t\t<a href=\"https:\/\/m3caravaning.com\/ca\/m3caravaning\/autocaravana-joa-camp-j70-t\/\">AUTOCARAVANA JOA CAMP J70 T<\/a><div class=\"separator\"><\/div><div class=\"price car-price \"><span class=\"old-price\"> 69.030&euro;<\/span><span class=\"new-price\"> 62.990&euro;<\/span><\/div>\r\n\t\t\t\t\t\t<\/div>\r\r\n\t\t\t\t\t<\/div>\r\r\n\t\t\t\t<\/div>\r\r\n\t\t\t\t\r\n\t\t\t\t<div class='item col-sm-3'>\r\r\n\t\t\t\t\t<div class='car-item text-center white-bg'>\r\r\n\t\t\t\t\t\t<div class='car-image'>\r\r\n\t\t\t\t\t\t\t<a href=\"https:\/\/m3caravaning.com\/ca\/m3caravaning\/autocaravana-pilote-p620d-expression\/\"><span class=\"label car-condition noves\">Noves<\/span><img loading=\"lazy\" decoding=\"async\" class=\"img-responsive\" src=\"https:\/\/m3caravaning.com\/wp-content\/uploads\/2025\/12\/autocaravana_pilote_p620d_expression-1-640x480-1-265x190.jpeg\" alt=\"\" width=\"265\" height=\"190\"\/><\/a><div class=\"car-list\"><ul class=\"list-inline\"><li class=\"car-transmission-dots\" title=\"Manual\"><i class=\"fas fa-cog\"><\/i> Manual<\/li><\/ul><\/div>\r\n\t\t\t\t\t\t<\/div>\r\r\n\t\t\t\t\t\t\r\n\t\t\t\t\t\t<div class='car-content'>\r\r\n\t\t\t\t\t\t\t<a href=\"https:\/\/m3caravaning.com\/ca\/m3caravaning\/autocaravana-pilote-p620d-expression\/\">AUTOCARAVANA PILOTE P620D EXPRESSION<\/a><div class=\"separator\"><\/div><div class=\"price car-price \"><span class=\"new-price\"> 75.590&euro;<\/span><\/div>\r\n\t\t\t\t\t\t<\/div>\r\r\n\t\t\t\t\t<\/div>\r\r\n\t\t\t\t<\/div>\r\r\n\t\t\t\t\r\n\t\t\t\t<\/div>\r\r\n\t\t\t\t\r\n\t\t<\/div>\r\r\n\t<\/div><!-- .pgs_cars_carousel-wrapper -->\r\r\n\t\r\n\t<div id=\"cd_space_69f5b09ec4c84\" class=\"cd-space cd-space-69f5b09ec4c8a\" data-id=\"69f5b09ec4c83\" data-tablet=\"70\" data-tablet-portrait=\"60\" data-mobile=\"20\" data-mobile-portrait=\"10\" data-desktop=\"30\" style=\"clear:both; display:block;\"><\/div>\r\r\n\t[vc_column_text]<\/p>\n<p style=\"text-align: center;\"><a class=\"button\" href=\"https:\/\/m3caravaning.com\/ca\/Tipus\/integral-ca\/\">Veure m\u00e9s Autocaravanes Integrals<\/a><\/p>\n<p>[\/vc_column_text]\r\n\t<div id=\"cd_space_69f5b09ec4cd7\" class=\"cd-space cd-space-69f5b09ec4cda\" data-id=\"69f5b09ec4cd6\" data-tablet=\"70\" data-tablet-portrait=\"60\" data-mobile=\"20\" data-mobile-portrait=\"10\" data-desktop=\"30\" style=\"clear:both; display:block;\"><\/div>\r\r\n\t[\/vc_column][\/vc_row][vc_row full_width=&#8221;stretch_row_content_no_spaces&#8221; equal_height=&#8221;yes&#8221; content_placement=&#8221;middle&#8221; css=&#8221;.vc_custom_1620041763680{background-color: #f2f2f2 !important;}&#8221;][vc_column width=&#8221;1\/2&#8243;][vc_single_image image=&#8221;17874&#8243; img_size=&#8221;full&#8221;][\/vc_column][vc_column width=&#8221;1\/2&#8243; css=&#8221;.vc_custom_1620041151985{padding-right: 10% !important;padding-left: 10% !important;}&#8221; el_class=&#8221;seo-text&#8221;][vc_column_text]<\/p>\n<h2>Per qu\u00e8 comprar-me una autocaravana integral?<\/h2>\n<p>Les autocaravanes integrals pel seu disseny, caracter\u00edstiques i equipament \u00e9s el segment m\u00e9s car de les autocaravanes. Depenent de les seves dimensions poden tenir des de dos fins sis places, tot i que la majoria d&#8217;autocaravanes integrals tenen una capacitat de quatre places. La caracter\u00edstica principal d&#8217;aquest format d&#8217;autocaravanes, \u00e9s la seva gran panor\u00e0mica de cabina que ofereix al conductor una visi\u00f3 fant\u00e1stica d\u2019amplitud i de gran sensaci\u00f3 d\u2019espai. Destaca tamb\u00e9 l&#8217;amplada de la cabina, respecte les perfilades, que s\u00f3n m\u00e9s espaioses. Estan indicades per a tot tipus d&#8217;usuaris, des de parelles fins a fam\u00edlies.[\/vc_column_text][\/vc_column][\/vc_row][vc_row css=&#8221;.vc_custom_1616662969884{padding-right: 15px !important;padding-left: 15px !important;}&#8221;][vc_column]\r\n\t<div id=\"cd_space_69f5b09ec4d1d\" class=\"cd-space cd-space-69f5b09ec4d20\" data-id=\"69f5b09ec4d1c\" data-tablet=\"70\" data-tablet-portrait=\"60\" data-mobile=\"50\" data-mobile-portrait=\"40\" data-desktop=\"80\" style=\"clear:both; display:block;\"><\/div>\r\r\n\t\r\n\t<div class=\"section-title text-center style_1\">\r\r\n\t\t\r\n\t\t\t\t<span><\/span>\r\r\n\t\t\t\t\r\n\t\t\t<h2>\u00daltimes not\u00edcies del m\u00f3n del Caravaning<\/h2>\r\r\n\t\t\t\r\n\t\t\t\t<div class=\"separator\"><\/div>\r\r\n\t\t\t\t\r\n\t<\/div>\r\r\n\t<div class=\"mpc-carousel__wrapper mpc-waypoint\"><div id=\"mpc_carousel_posts-2469f5b09ec9a23\" class=\"mpc-carousel-posts mpc-init mpc-init mpc-transition mpc-overlay--slide-right mpc-item--fade mpc-layout--style_5  \"   data-mpcslick='{\"infinite\":true,\"autoplay\":false,\"slidesToShow\":4,\"slidesToScroll\":1,\"centerMode\":false,\"initialSlide\":0}' data-slick-cols=\"4\"><div onclick=\"\" class=\"mpc-post\"><div class=\"mpc-post__wrapper\"><div class=\"mpc-post__thumbnail\" data-mpc_src=\"https:\/\/m3caravaning.com\/wp-content\/uploads\/2026\/03\/AUTOCARAVANA_VS_CAMPER_VS_CARAVANA_-\u00bfCUAL_-ELEGIR_PARA-VIAJAR-800x600-1.jpg\" data-mpc_link=\"https:\/\/m3caravaning.com\/ca\/autocaravanes\/autocaravana-vs-camper-vs-caravana-quin-triar\/\"><div class=\"mpc-post__overlay mpc-transition\"><div class=\"mpc-post--vertical-wrap\"><div class=\"mpc-post--vertical\" data-mpc_link=\"https:\/\/m3caravaning.com\/ca\/autocaravanes\/autocaravana-vs-camper-vs-caravana-quin-triar\/\"><a href=\"https:\/\/m3caravaning.com\/ca\/autocaravanes\/autocaravana-vs-camper-vs-caravana-quin-triar\/\" title=\"Read more about AUTOCARAVANA VS CAMPER VS CARAVANA: QUIN TRIAR PER A VIATJAR?\" class=\"mpc-icon-anchor\"><i class=\"mpc-post-overlay__icon mpc-type--readmore fa fa-eye\"><\/i><\/a><\/div><\/div><\/div><span class=\"mpc-post__date mpc-date__wrapper mpc-typography--mpc_preset_1\"><a href=\"https:\/\/m3caravaning.com\/ca\/2026\/03\/20\/\"><div class=\"mpc-date__days\">20<\/div><div class=\"mpc-date-wrap\"><div class=\"mpc-date__month\">Mar<\/div><div class=\"mpc-date__year\">2026<\/div><\/div><\/a><\/span><\/div><div class=\"mpc-post__content mpc-transition\"><h3 class=\"mpc-post__heading mpc-transition mpc-typography--mpc_preset_17\"><a href=\"https:\/\/m3caravaning.com\/ca\/autocaravanes\/autocaravana-vs-camper-vs-caravana-quin-triar\/\" title=\"AUTOCARAVANA VS CAMPER VS CARAVANA: QUIN TRIAR PER A VIATJAR?\">AUTOCARAVANA VS CAMPER VS CARAVANA: QUIN TRIAR PER A VIATJAR?<\/a><\/h3><a href=\"https:\/\/m3caravaning.com\/ca\/autocaravanes\/autocaravana-vs-camper-vs-caravana-quin-triar\/\" title=\"AUTOCARAVANA VS CAMPER VS CARAVANA: QUIN TRIAR PER A VIATJAR?\"  class=\"mpc-button mpc-init mpc-transition mpc-typography--mpc_preset_1 mpc-display--block \" ><div class=\"mpc-button__content mpc-effect-type--none mpc-effect-side--none\"><span class=\"mpc-button__title mpc-transition\">Leer m\u00e1s<\/span><\/div><div class=\"mpc-button__background mpc-transition mpc-effect-type--slide mpc-effect-side--top\"><\/div><\/a><\/div><\/div><\/div><div onclick=\"\" class=\"mpc-post\"><div class=\"mpc-post__wrapper\"><div class=\"mpc-post__thumbnail mpc-image-placeholder\" data-mpc_link=\"https:\/\/m3caravaning.com\/ca\/sense-categoria\/viatjar-en-autocaravana-per-primera-vegada\/\"><div class=\"mpc-post__overlay mpc-transition\"><div class=\"mpc-post--vertical-wrap\"><div class=\"mpc-post--vertical\" data-mpc_link=\"https:\/\/m3caravaning.com\/ca\/sense-categoria\/viatjar-en-autocaravana-per-primera-vegada\/\"><a href=\"https:\/\/m3caravaning.com\/ca\/sense-categoria\/viatjar-en-autocaravana-per-primera-vegada\/\" title=\"Read more about VIATJAR EN AUTOCARAVANA PER PRIMERA VEGADA: GUIA COMPLETA\" class=\"mpc-icon-anchor\"><i class=\"mpc-post-overlay__icon mpc-type--readmore fa fa-eye\"><\/i><\/a><\/div><\/div><\/div><span class=\"mpc-post__date mpc-date__wrapper mpc-typography--mpc_preset_1\"><a href=\"https:\/\/m3caravaning.com\/ca\/2026\/03\/16\/\"><div class=\"mpc-date__days\">16<\/div><div class=\"mpc-date-wrap\"><div class=\"mpc-date__month\">Mar<\/div><div class=\"mpc-date__year\">2026<\/div><\/div><\/a><\/span><\/div><div class=\"mpc-post__content mpc-transition\"><h3 class=\"mpc-post__heading mpc-transition mpc-typography--mpc_preset_17\"><a href=\"https:\/\/m3caravaning.com\/ca\/sense-categoria\/viatjar-en-autocaravana-per-primera-vegada\/\" title=\"VIATJAR EN AUTOCARAVANA PER PRIMERA VEGADA: GUIA COMPLETA\">VIATJAR EN AUTOCARAVANA PER PRIMERA VEGADA: GUIA COMPLETA<\/a><\/h3><a href=\"https:\/\/m3caravaning.com\/ca\/sense-categoria\/viatjar-en-autocaravana-per-primera-vegada\/\" title=\"VIATJAR EN AUTOCARAVANA PER PRIMERA VEGADA: GUIA COMPLETA\"  class=\"mpc-button mpc-init mpc-transition mpc-typography--mpc_preset_1 mpc-display--block \" ><div class=\"mpc-button__content mpc-effect-type--none mpc-effect-side--none\"><span class=\"mpc-button__title mpc-transition\">Leer m\u00e1s<\/span><\/div><div class=\"mpc-button__background mpc-transition mpc-effect-type--slide mpc-effect-side--top\"><\/div><\/a><\/div><\/div><\/div><div onclick=\"\" class=\"mpc-post\"><div class=\"mpc-post__wrapper\"><div class=\"mpc-post__thumbnail mpc-image-placeholder\" data-mpc_link=\"https:\/\/m3caravaning.com\/ca\/actualitat\/5-rutes-perfectes-per-estrenar-lautocaravana\/\"><div class=\"mpc-post__overlay mpc-transition\"><div class=\"mpc-post--vertical-wrap\"><div class=\"mpc-post--vertical\" data-mpc_link=\"https:\/\/m3caravaning.com\/ca\/actualitat\/5-rutes-perfectes-per-estrenar-lautocaravana\/\"><a href=\"https:\/\/m3caravaning.com\/ca\/actualitat\/5-rutes-perfectes-per-estrenar-lautocaravana\/\" title=\"Read more about 5 RUTES PERFECTES PER A ESTRENAR LA TEVA AUTOCARAVANA A ESPANYA\" class=\"mpc-icon-anchor\"><i class=\"mpc-post-overlay__icon mpc-type--readmore fa fa-eye\"><\/i><\/a><\/div><\/div><\/div><span class=\"mpc-post__date mpc-date__wrapper mpc-typography--mpc_preset_1\"><a href=\"https:\/\/m3caravaning.com\/ca\/2026\/03\/03\/\"><div class=\"mpc-date__days\">03<\/div><div class=\"mpc-date-wrap\"><div class=\"mpc-date__month\">Mar<\/div><div class=\"mpc-date__year\">2026<\/div><\/div><\/a><\/span><\/div><div class=\"mpc-post__content mpc-transition\"><h3 class=\"mpc-post__heading mpc-transition mpc-typography--mpc_preset_17\"><a href=\"https:\/\/m3caravaning.com\/ca\/actualitat\/5-rutes-perfectes-per-estrenar-lautocaravana\/\" title=\"5 RUTES PERFECTES PER A ESTRENAR LA TEVA AUTOCARAVANA A ESPANYA\">5 RUTES PERFECTES PER A ESTRENAR LA TEVA AUTOCARAVANA A ESPANYA<\/a><\/h3><a href=\"https:\/\/m3caravaning.com\/ca\/actualitat\/5-rutes-perfectes-per-estrenar-lautocaravana\/\" title=\"5 RUTES PERFECTES PER A ESTRENAR LA TEVA AUTOCARAVANA A ESPANYA\"  class=\"mpc-button mpc-init mpc-transition mpc-typography--mpc_preset_1 mpc-display--block \" ><div class=\"mpc-button__content mpc-effect-type--none mpc-effect-side--none\"><span class=\"mpc-button__title mpc-transition\">Leer m\u00e1s<\/span><\/div><div class=\"mpc-button__background mpc-transition mpc-effect-type--slide mpc-effect-side--top\"><\/div><\/a><\/div><\/div><\/div><div onclick=\"\" class=\"mpc-post\"><div class=\"mpc-post__wrapper\"><div class=\"mpc-post__thumbnail\" data-mpc_src=\"https:\/\/m3caravaning.com\/wp-content\/uploads\/2026\/02\/IMG_2622-1024x768.jpeg\" data-mpc_link=\"https:\/\/m3caravaning.com\/ca\/autocaravanes\/ultims-2-dies-de-portes-obertes-a-m3-caravaning\/\"><div class=\"mpc-post__overlay mpc-transition\"><div class=\"mpc-post--vertical-wrap\"><div class=\"mpc-post--vertical\" data-mpc_link=\"https:\/\/m3caravaning.com\/ca\/autocaravanes\/ultims-2-dies-de-portes-obertes-a-m3-caravaning\/\"><a href=\"https:\/\/m3caravaning.com\/ca\/autocaravanes\/ultims-2-dies-de-portes-obertes-a-m3-caravaning\/\" title=\"Read more about \u00daltims 2 dies de Portes Obertes a M3 Caravaning!\" class=\"mpc-icon-anchor\"><i class=\"mpc-post-overlay__icon mpc-type--readmore fa fa-eye\"><\/i><\/a><\/div><\/div><\/div><span class=\"mpc-post__date mpc-date__wrapper mpc-typography--mpc_preset_1\"><a href=\"https:\/\/m3caravaning.com\/ca\/2026\/02\/27\/\"><div class=\"mpc-date__days\">27<\/div><div class=\"mpc-date-wrap\"><div class=\"mpc-date__month\">Feb<\/div><div class=\"mpc-date__year\">2026<\/div><\/div><\/a><\/span><\/div><div class=\"mpc-post__content mpc-transition\"><h3 class=\"mpc-post__heading mpc-transition mpc-typography--mpc_preset_17\"><a href=\"https:\/\/m3caravaning.com\/ca\/autocaravanes\/ultims-2-dies-de-portes-obertes-a-m3-caravaning\/\" title=\"\u00daltims 2 dies de Portes Obertes a M3 Caravaning!\">\u00daltims 2 dies de Portes Obertes a M3 Caravaning!<\/a><\/h3><a href=\"https:\/\/m3caravaning.com\/ca\/autocaravanes\/ultims-2-dies-de-portes-obertes-a-m3-caravaning\/\" title=\"\u00daltims 2 dies de Portes Obertes a M3 Caravaning!\"  class=\"mpc-button mpc-init mpc-transition mpc-typography--mpc_preset_1 mpc-display--block \" ><div class=\"mpc-button__content mpc-effect-type--none mpc-effect-side--none\"><span class=\"mpc-button__title mpc-transition\">Leer m\u00e1s<\/span><\/div><div class=\"mpc-button__background mpc-transition mpc-effect-type--slide mpc-effect-side--top\"><\/div><\/a><\/div><\/div><\/div><div onclick=\"\" class=\"mpc-post\"><div class=\"mpc-post__wrapper\"><div class=\"mpc-post__thumbnail\" data-mpc_src=\"https:\/\/m3caravaning.com\/wp-content\/uploads\/2026\/02\/knaustabbert-press-2026-cmt-abschluss-teaser-1.jpg\" data-mpc_link=\"https:\/\/m3caravaning.com\/ca\/actualitat\/knaus-tabbert-triomfa-en-la-cmt-2026\/\"><div class=\"mpc-post__overlay mpc-transition\"><div class=\"mpc-post--vertical-wrap\"><div class=\"mpc-post--vertical\" data-mpc_link=\"https:\/\/m3caravaning.com\/ca\/actualitat\/knaus-tabbert-triomfa-en-la-cmt-2026\/\"><a href=\"https:\/\/m3caravaning.com\/ca\/actualitat\/knaus-tabbert-triomfa-en-la-cmt-2026\/\" title=\"Read more about Knaus Tabbert triomfa en la CMT 2026: innovaci\u00f3 i lideratge en el sector caravaning\" class=\"mpc-icon-anchor\"><i class=\"mpc-post-overlay__icon mpc-type--readmore fa fa-eye\"><\/i><\/a><\/div><\/div><\/div><span class=\"mpc-post__date mpc-date__wrapper mpc-typography--mpc_preset_1\"><a href=\"https:\/\/m3caravaning.com\/ca\/2026\/02\/13\/\"><div class=\"mpc-date__days\">13<\/div><div class=\"mpc-date-wrap\"><div class=\"mpc-date__month\">Feb<\/div><div class=\"mpc-date__year\">2026<\/div><\/div><\/a><\/span><\/div><div class=\"mpc-post__content mpc-transition\"><h3 class=\"mpc-post__heading mpc-transition mpc-typography--mpc_preset_17\"><a href=\"https:\/\/m3caravaning.com\/ca\/actualitat\/knaus-tabbert-triomfa-en-la-cmt-2026\/\" title=\"Knaus Tabbert triomfa en la CMT 2026: innovaci\u00f3 i lideratge en el sector caravaning\">Knaus Tabbert triomfa en la CMT 2026: innovaci\u00f3 i lideratge en el sector caravaning<\/a><\/h3><a href=\"https:\/\/m3caravaning.com\/ca\/actualitat\/knaus-tabbert-triomfa-en-la-cmt-2026\/\" title=\"Knaus Tabbert triomfa en la CMT 2026: innovaci\u00f3 i lideratge en el sector caravaning\"  class=\"mpc-button mpc-init mpc-transition mpc-typography--mpc_preset_1 mpc-display--block \" ><div class=\"mpc-button__content mpc-effect-type--none mpc-effect-side--none\"><span class=\"mpc-button__title mpc-transition\">Leer m\u00e1s<\/span><\/div><div class=\"mpc-button__background mpc-transition mpc-effect-type--slide mpc-effect-side--top\"><\/div><\/a><\/div><\/div><\/div><div onclick=\"\" class=\"mpc-post\"><div class=\"mpc-post__wrapper\"><div class=\"mpc-post__thumbnail\" data-mpc_src=\"https:\/\/m3caravaning.com\/wp-content\/uploads\/2022\/05\/Edito_PILOTE_P746FC-1--1024x683.jpg\" data-mpc_link=\"https:\/\/m3caravaning.com\/ca\/autocaravanes\/que-debo-tener-en-cuenta-para-pernoctar-con-mi-autocaravana-o-camper\/\"><div class=\"mpc-post__overlay mpc-transition\"><div class=\"mpc-post--vertical-wrap\"><div class=\"mpc-post--vertical\" data-mpc_link=\"https:\/\/m3caravaning.com\/ca\/autocaravanes\/que-debo-tener-en-cuenta-para-pernoctar-con-mi-autocaravana-o-camper\/\"><a href=\"https:\/\/m3caravaning.com\/ca\/autocaravanes\/que-debo-tener-en-cuenta-para-pernoctar-con-mi-autocaravana-o-camper\/\" title=\"Read more about Estacionar i Aparcar &#8211; Difer\u00e8ncies i Consells\" class=\"mpc-icon-anchor\"><i class=\"mpc-post-overlay__icon mpc-type--readmore fa fa-eye\"><\/i><\/a><\/div><\/div><\/div><span class=\"mpc-post__date mpc-date__wrapper mpc-typography--mpc_preset_1\"><a href=\"https:\/\/m3caravaning.com\/ca\/2022\/05\/25\/\"><div class=\"mpc-date__days\">25<\/div><div class=\"mpc-date-wrap\"><div class=\"mpc-date__month\">May<\/div><div class=\"mpc-date__year\">2022<\/div><\/div><\/a><\/span><\/div><div class=\"mpc-post__content mpc-transition\"><h3 class=\"mpc-post__heading mpc-transition mpc-typography--mpc_preset_17\"><a href=\"https:\/\/m3caravaning.com\/ca\/autocaravanes\/que-debo-tener-en-cuenta-para-pernoctar-con-mi-autocaravana-o-camper\/\" title=\"Estacionar i Aparcar &#8211; Difer\u00e8ncies i Consells\">Estacionar i Aparcar &#8211; Difer\u00e8ncies i Consells<\/a><\/h3><a href=\"https:\/\/m3caravaning.com\/ca\/autocaravanes\/que-debo-tener-en-cuenta-para-pernoctar-con-mi-autocaravana-o-camper\/\" title=\"Estacionar i Aparcar &#8211; Difer\u00e8ncies i Consells\"  class=\"mpc-button mpc-init mpc-transition mpc-typography--mpc_preset_1 mpc-display--block \" ><div class=\"mpc-button__content mpc-effect-type--none mpc-effect-side--none\"><span class=\"mpc-button__title mpc-transition\">Leer m\u00e1s<\/span><\/div><div class=\"mpc-button__background mpc-transition mpc-effect-type--slide mpc-effect-side--top\"><\/div><\/a><\/div><\/div><\/div><\/div><div class=\"mpc-navigation mpc-init mpc-align--right mpc-navigation--style_4  mpc-nav-preset--mpc_preset_43\" data-mpcslider=\"mpc_carousel_posts-2469f5b09ec9a23\"><div class=\"mpc-nav__arrow mpcslick-prev\"><div class=\"mpc-nav__icon mpc-transition\"><i class=\" eti eti_arrow_triangle-left\"><div class=\"mpc-nav__background mpc-transition mpc-effect-type--slide mpc-effect-side--right\"><\/div><\/i><\/div><\/div><\/div><div class=\"mpc-navigation mpc-init mpc-align--right mpc-navigation--style_4  mpc-nav-preset--mpc_preset_43\" data-mpcslider=\"mpc_carousel_posts-2469f5b09ec9a23\"><div class=\"mpc-nav__arrow mpcslick-next\"><div class=\"mpc-nav__icon mpc-transition\"><i class=\" eti eti_arrow_triangle-right\"><div class=\"mpc-nav__background mpc-transition mpc-effect-type--slide mpc-effect-side--right\"><\/div><\/i><\/div><\/div><\/div><\/div>\r\n\t<div id=\"cd_space_69f5b09ed30e2\" class=\"cd-space cd-space-69f5b09ed30ea\" data-id=\"69f5b09ed30e1\" data-tablet=\"70\" data-tablet-portrait=\"60\" data-mobile=\"50\" data-mobile-portrait=\"40\" data-desktop=\"80\" style=\"clear:both; display:block;\"><\/div>\r\r\n\t[\/vc_column][\/vc_row]<\/p>\n","protected":false},"excerpt":{"rendered":"<p>[vc_row full_width=&#8221;stretch_row&#8221; el_class=&#8221;titulo-nivel0&#8243; css=&#8221;.vc_custom_1619532463302{background-image: url(https:\/\/m3caravaning.com\/wp-content\/uploads\/2021\/04\/header_autocaravanas.jpg?id=17708) !important;background-position: center !important;background-repeat: no-repeat !important;background-size: cover !important;}&#8221;][vc_column][vc_column_text] Autocaravanes Integrals Les autocaravanes noves integrals es caracteritzen per un ampli habitacle, una amplia cabina i una vista panor\u00e0mica. Estan indicades per tot tipus d&#8217;usuaris, tant parelles com fam\u00edlies. [\/vc_column_text][\/vc_column][\/vc_row][vc_row][vc_column][\/vc_column][\/vc_row][vc_row el_class=&#8221;search-page&#8221;][vc_column][\/vc_column][\/vc_row][vc_row][vc_column][vc_column_text] Veure m\u00e9s Autocaravanes Integrals [\/vc_column_text][\/vc_column][\/vc_row][vc_row full_width=&#8221;stretch_row_content_no_spaces&#8221; equal_height=&#8221;yes&#8221; content_placement=&#8221;middle&#8221; css=&#8221;.vc_custom_1620041763680{background-color: #f2f2f2 !important;}&#8221;][vc_column width=&#8221;1\/2&#8243;][vc_single_image<\/p>\n","protected":false},"author":1,"featured_media":0,"parent":17912,"menu_order":0,"comment_status":"closed","ping_status":"closed","template":"","meta":{"footnotes":""},"class_list":["post-18384","page","type-page","status-publish","hentry"],"yoast_head":"<!-- This site is optimized with the Yoast SEO plugin v22.4 - https:\/\/yoast.com\/wordpress\/plugins\/seo\/ -->\n<title>Autocaravanes noves integrals a Barcelona i Madrid<\/title>\n<meta name=\"description\" content=\"Gran exposici\u00f3 d&#039;autocaravanes noves Knaus, Pilote, Weinsberg, Benimar, Frankia, Levoyageur, Morelo, etc. Finan\u00e7ament i ofertes online. Vine!\" \/>\n<meta name=\"robots\" content=\"index, follow, max-snippet:-1, max-image-preview:large, max-video-preview:-1\" \/>\n<link rel=\"canonical\" href=\"https:\/\/m3caravaning.com\/ca\/autocaravanes\/autocaravanes-noves-integrals\/\" \/>\n<meta property=\"og:locale\" content=\"ca_ES\" \/>\n<meta property=\"og:type\" content=\"article\" \/>\n<meta property=\"og:title\" content=\"Autocaravanes noves integrals a Barcelona i Madrid\" \/>\n<meta property=\"og:description\" content=\"Gran exposici\u00f3 d&#039;autocaravanes noves Knaus, Pilote, Weinsberg, Benimar, Frankia, Levoyageur, Morelo, etc. Finan\u00e7ament i ofertes online. Vine!\" \/>\n<meta property=\"og:url\" content=\"https:\/\/m3caravaning.com\/ca\/autocaravanes\/autocaravanes-noves-integrals\/\" \/>\n<meta property=\"og:site_name\" content=\"Autocaravanas, caravanas y furgonetas campers nuevas, ocasi\u00f3n y segunda mano\" \/>\n<meta property=\"article:publisher\" content=\"https:\/\/www.facebook.com\/m3caravaning\" \/>\n<meta property=\"article:modified_time\" content=\"2021-09-09T06:30:39+00:00\" \/>\n<meta property=\"og:image\" content=\"https:\/\/m3caravaning.com\/wp-content\/uploads\/2021\/03\/cover_pagina_m3caravaning_default-1.jpg\" \/>\n\t<meta property=\"og:image:width\" content=\"1200\" \/>\n\t<meta property=\"og:image:height\" content=\"628\" \/>\n\t<meta property=\"og:image:type\" content=\"image\/jpeg\" \/>\n<meta name=\"twitter:card\" content=\"summary_large_image\" \/>\n<meta name=\"twitter:site\" content=\"@M3Caravaning\" \/>\n<meta name=\"twitter:label1\" content=\"Est. reading time\" \/>\n\t<meta name=\"twitter:data1\" content=\"2 minutes\" \/>\n<script type=\"application\/ld+json\" class=\"yoast-schema-graph\">{\"@context\":\"https:\/\/schema.org\",\"@graph\":[{\"@type\":\"WebPage\",\"@id\":\"https:\/\/m3caravaning.com\/ca\/autocaravanes\/autocaravanes-noves-integrals\/\",\"url\":\"https:\/\/m3caravaning.com\/ca\/autocaravanes\/autocaravanes-noves-integrals\/\",\"name\":\"Autocaravanes noves integrals a Barcelona i Madrid\",\"isPartOf\":{\"@id\":\"https:\/\/m3caravaning.com\/ca\/#website\"},\"datePublished\":\"2021-05-07T09:52:09+00:00\",\"dateModified\":\"2021-09-09T06:30:39+00:00\",\"description\":\"Gran exposici\u00f3 d'autocaravanes noves Knaus, Pilote, Weinsberg, Benimar, Frankia, Levoyageur, Morelo, etc. Finan\u00e7ament i ofertes online. Vine!\",\"breadcrumb\":{\"@id\":\"https:\/\/m3caravaning.com\/ca\/autocaravanes\/autocaravanes-noves-integrals\/#breadcrumb\"},\"inLanguage\":\"ca\",\"potentialAction\":[{\"@type\":\"ReadAction\",\"target\":[\"https:\/\/m3caravaning.com\/ca\/autocaravanes\/autocaravanes-noves-integrals\/\"]}]},{\"@type\":\"BreadcrumbList\",\"@id\":\"https:\/\/m3caravaning.com\/ca\/autocaravanes\/autocaravanes-noves-integrals\/#breadcrumb\",\"itemListElement\":[{\"@type\":\"ListItem\",\"position\":1,\"name\":\"Portada\",\"item\":\"https:\/\/m3caravaning.com\/ca\/\"},{\"@type\":\"ListItem\",\"position\":2,\"name\":\"Autocaravanes\",\"item\":\"https:\/\/m3caravaning.com\/ca\/autocaravanes\/\"},{\"@type\":\"ListItem\",\"position\":3,\"name\":\"Autocaravanes Noves Integrals\"}]},{\"@type\":\"WebSite\",\"@id\":\"https:\/\/m3caravaning.com\/ca\/#website\",\"url\":\"https:\/\/m3caravaning.com\/ca\/\",\"name\":\"Autocaravanas, caravanas y furgonetas campers nuevas, ocasi\u00f3n y segunda mano\",\"description\":\"Tu tienda de autocaravanas, campers y caravanas nuevas y de segunda mano. Alquiler, tienda de recambios, taller, seguros, etc.\",\"potentialAction\":[{\"@type\":\"SearchAction\",\"target\":{\"@type\":\"EntryPoint\",\"urlTemplate\":\"https:\/\/m3caravaning.com\/ca\/?s={search_term_string}\"},\"query-input\":\"required name=search_term_string\"}],\"inLanguage\":\"ca\"}]}<\/script>\n<!-- \/ Yoast SEO plugin. -->","yoast_head_json":{"title":"Autocaravanes noves integrals a Barcelona i Madrid","description":"Gran exposici\u00f3 d'autocaravanes noves Knaus, Pilote, Weinsberg, Benimar, Frankia, Levoyageur, Morelo, etc. Finan\u00e7ament i ofertes online. Vine!","robots":{"index":"index","follow":"follow","max-snippet":"max-snippet:-1","max-image-preview":"max-image-preview:large","max-video-preview":"max-video-preview:-1"},"canonical":"https:\/\/m3caravaning.com\/ca\/autocaravanes\/autocaravanes-noves-integrals\/","og_locale":"ca_ES","og_type":"article","og_title":"Autocaravanes noves integrals a Barcelona i Madrid","og_description":"Gran exposici\u00f3 d'autocaravanes noves Knaus, Pilote, Weinsberg, Benimar, Frankia, Levoyageur, Morelo, etc. Finan\u00e7ament i ofertes online. Vine!","og_url":"https:\/\/m3caravaning.com\/ca\/autocaravanes\/autocaravanes-noves-integrals\/","og_site_name":"Autocaravanas, caravanas y furgonetas campers nuevas, ocasi\u00f3n y segunda mano","article_publisher":"https:\/\/www.facebook.com\/m3caravaning","article_modified_time":"2021-09-09T06:30:39+00:00","og_image":[{"width":1200,"height":628,"url":"https:\/\/m3caravaning.com\/wp-content\/uploads\/2021\/03\/cover_pagina_m3caravaning_default-1.jpg","type":"image\/jpeg"}],"twitter_card":"summary_large_image","twitter_site":"@M3Caravaning","twitter_misc":{"Est. reading time":"2 minutes"},"schema":{"@context":"https:\/\/schema.org","@graph":[{"@type":"WebPage","@id":"https:\/\/m3caravaning.com\/ca\/autocaravanes\/autocaravanes-noves-integrals\/","url":"https:\/\/m3caravaning.com\/ca\/autocaravanes\/autocaravanes-noves-integrals\/","name":"Autocaravanes noves integrals a Barcelona i Madrid","isPartOf":{"@id":"https:\/\/m3caravaning.com\/ca\/#website"},"datePublished":"2021-05-07T09:52:09+00:00","dateModified":"2021-09-09T06:30:39+00:00","description":"Gran exposici\u00f3 d'autocaravanes noves Knaus, Pilote, Weinsberg, Benimar, Frankia, Levoyageur, Morelo, etc. Finan\u00e7ament i ofertes online. Vine!","breadcrumb":{"@id":"https:\/\/m3caravaning.com\/ca\/autocaravanes\/autocaravanes-noves-integrals\/#breadcrumb"},"inLanguage":"ca","potentialAction":[{"@type":"ReadAction","target":["https:\/\/m3caravaning.com\/ca\/autocaravanes\/autocaravanes-noves-integrals\/"]}]},{"@type":"BreadcrumbList","@id":"https:\/\/m3caravaning.com\/ca\/autocaravanes\/autocaravanes-noves-integrals\/#breadcrumb","itemListElement":[{"@type":"ListItem","position":1,"name":"Portada","item":"https:\/\/m3caravaning.com\/ca\/"},{"@type":"ListItem","position":2,"name":"Autocaravanes","item":"https:\/\/m3caravaning.com\/ca\/autocaravanes\/"},{"@type":"ListItem","position":3,"name":"Autocaravanes Noves Integrals"}]},{"@type":"WebSite","@id":"https:\/\/m3caravaning.com\/ca\/#website","url":"https:\/\/m3caravaning.com\/ca\/","name":"Autocaravanas, caravanas y furgonetas campers nuevas, ocasi\u00f3n y segunda mano","description":"Tu tienda de autocaravanas, campers y caravanas nuevas y de segunda mano. Alquiler, tienda de recambios, taller, seguros, etc.","potentialAction":[{"@type":"SearchAction","target":{"@type":"EntryPoint","urlTemplate":"https:\/\/m3caravaning.com\/ca\/?s={search_term_string}"},"query-input":"required name=search_term_string"}],"inLanguage":"ca"}]}},"_links":{"self":[{"href":"https:\/\/m3caravaning.com\/ca\/wp-json\/wp\/v2\/pages\/18384","targetHints":{"allow":["GET"]}}],"collection":[{"href":"https:\/\/m3caravaning.com\/ca\/wp-json\/wp\/v2\/pages"}],"about":[{"href":"https:\/\/m3caravaning.com\/ca\/wp-json\/wp\/v2\/types\/page"}],"author":[{"embeddable":true,"href":"https:\/\/m3caravaning.com\/ca\/wp-json\/wp\/v2\/users\/1"}],"replies":[{"embeddable":true,"href":"https:\/\/m3caravaning.com\/ca\/wp-json\/wp\/v2\/comments?post=18384"}],"version-history":[{"count":0,"href":"https:\/\/m3caravaning.com\/ca\/wp-json\/wp\/v2\/pages\/18384\/revisions"}],"up":[{"embeddable":true,"href":"https:\/\/m3caravaning.com\/ca\/wp-json\/wp\/v2\/pages\/17912"}],"wp:attachment":[{"href":"https:\/\/m3caravaning.com\/ca\/wp-json\/wp\/v2\/media?parent=18384"}],"curies":[{"name":"wp","href":"https:\/\/api.w.org\/{rel}","templated":true}]}}