





{"id":18377,"date":"2021-05-07T10:26:00","date_gmt":"2021-05-07T08:26:00","guid":{"rendered":"https:\/\/m3caravaning.com\/?page_id=18377"},"modified":"2021-09-09T08:31:36","modified_gmt":"2021-09-09T06:31:36","slug":"autocaravanes-noves-caputxines","status":"publish","type":"page","link":"https:\/\/m3caravaning.com\/ca\/autocaravanes\/autocaravanes-noves-caputxines\/","title":{"rendered":"Autocaravanes Noves Caputxines"},"content":{"rendered":"<p>[vc_row full_width=&#8221;stretch_row&#8221; el_class=&#8221;titulo-nivel0&#8243; css=&#8221;.vc_custom_1619532463302{background-image: url(https:\/\/m3caravaning.com\/wp-content\/uploads\/2021\/04\/header_autocaravanas.jpg?id=17708) !important;background-position: center !important;background-repeat: no-repeat !important;background-size: cover !important;}&#8221;][vc_column][vc_column_text]<\/p>\n<h1 style=\"text-align: center;\">Autocaravanes Noves Caputxines<\/h1>\n<p style=\"text-align: center;\">Les autocaravanes noves caputxines \u00e9s el tipus d&#8217;autocaravana m\u00e9s indicat per a fam\u00edlies nombroses, 0 grups d&#8217;amics o per a fam\u00edlies que vulguin disposar de diversos llits per a convidats o familiars.<\/p>\n<p>[\/vc_column_text][\/vc_column][\/vc_row][vc_row][vc_column]\r\n\t<div id=\"cd_space_69f703b738583\" class=\"cd-space cd-space-69f703b73858b\" data-id=\"69f703b738582\" data-tablet=\"70\" data-tablet-portrait=\"60\" data-mobile=\"20\" data-mobile-portrait=\"10\" data-desktop=\"30\" style=\"clear:both; display:block;\"><\/div>\r\r\n\t[\/vc_column][\/vc_row][vc_row el_class=&#8221;search-page&#8221;][vc_column]\r\n\t<div class=\"search-block clearfix box top white-bg\" data-empty-lbl=\"--Select--\">\r\r\n\t\t\r\n\r\r\n\t\t<div class=\"col-lg-10 col-md-10 col-sm-12\">\r\r\n\t\t\t<div class=\"row sort-filters-box\">\r\r\n\t\t\t\t\r\n\t\t\t\t\t<div class=\"col-lg-4 col-md-4 col-sm-12\">\r\r\n\t\t\t\t\t\t<!-- <span>Select Vehicle Categories<\/span> -->\r\r\n\t\t\t\t\t\t<div class=\"selected-box\">\r\r\n\t\t\t\t\t\t\t<select data-uid=\"69f703b73860d\" id=\"sort_vehicle_cat_69f703b73860d\" data-id=\"vehicle_cat\" class=\"selectpicker custom-filters-box col-4 cd-select-box\">\r\r\n\t\t\t\t\t\t\t\t<option value=\"\">Categoria de vehicles<\/option>\r\r\n\t\t\t\t\t\t\t\t\r\n\t\t\t\t\t\t\t\t\t\t<option value=\"auto-pequenas-ca\">Autocaravanas peque\u00f1as<\/option>\r\r\n\t\t\t\t\t\t\t\t\t\t\r\n\t\t\t\t\t\t\t\t\t\t<option value=\"auto-pequenas-segunda-ca\">Autocaravanas peque\u00f1as segunda mano<\/option>\r\r\n\t\t\t\t\t\t\t\t\t\t\r\n\t\t\t\t\t\t\t\t\t\t<option value=\"autocaravanes\">Autocaravanes<\/option>\r\r\n\t\t\t\t\t\t\t\t\t\t\r\n\t\t\t\t\t\t\t\t\t\t<option value=\"campers-ca\">Campers<\/option>\r\r\n\t\t\t\t\t\t\t\t\t\t\r\n\t\t\t\t\t\t\t\t\t\t<option value=\"mini-caravanas-ca\">Caravanas mini<\/option>\r\r\n\t\t\t\t\t\t\t\t\t\t\r\n\t\t\t\t\t\t\t\t\t\t<option value=\"cara-pequenas-ca\">Caravanas peque\u00f1as<\/option>\r\r\n\t\t\t\t\t\t\t\t\t\t\r\n\t\t\t\t\t\t\t\t\t\t<option value=\"cara-pequenas-segunda-mano-ca\">Caravanas peque\u00f1as segunda mano<\/option>\r\r\n\t\t\t\t\t\t\t\t\t\t\r\n\t\t\t\t\t\t\t\t\t\t<option value=\"caravanes\">Caravanes<\/option>\r\r\n\t\t\t\t\t\t\t\t\t\t\r\n\t\t\t\t\t\t\t<\/select>\r\r\n\t\t\t\t\t\t<\/div>\r\r\n\t\t\t\t\t<\/div>\r\r\n\t\t\t\t\t\r\n\t\t\t\t\t<div class=\"col-lg-4 col-md-4 col-sm-12\">\r\r\n\t\t\t\t\t\t<!-- <span>Select Make<\/span> -->\r\r\n\t\t\t\t\t\t<div class=\"selected-box\">\r\r\n\t\t\t\t\t\t\t<select data-uid=\"69f703b73860d\" id=\"sort_car_make_69f703b73860d\" data-id=\"car_make\" class=\"selectpicker custom-filters-box col-4 cd-select-box\">\r\r\n\t\t\t\t\t\t\t\t<option value=\"\">Marca<\/option>\r\r\n\t\t\t\t\t\t\t\t\r\n\t\t\t\t\t\t\t\t\t\t<option value=\"ace\">Ace<\/option>\r\r\n\t\t\t\t\t\t\t\t\t\t\r\n\t\t\t\t\t\t\t\t\t\t<option value=\"adria\">Adria<\/option>\r\r\n\t\t\t\t\t\t\t\t\t\t\r\n\t\t\t\t\t\t\t\t\t\t<option value=\"advantec\">Advantec<\/option>\r\r\n\t\t\t\t\t\t\t\t\t\t\r\n\t\t\t\t\t\t\t\t\t\t<option value=\"autostar\">AUTOSTAR<\/option>\r\r\n\t\t\t\t\t\t\t\t\t\t\r\n\t\t\t\t\t\t\t\t\t\t<option value=\"benimar\">Benimar<\/option>\r\r\n\t\t\t\t\t\t\t\t\t\t\r\n\t\t\t\t\t\t\t\t\t\t<option value=\"burstner\">Burstner<\/option>\r\r\n\t\t\t\t\t\t\t\t\t\t\r\n\t\t\t\t\t\t\t\t\t\t<option value=\"carado\">Carado<\/option>\r\r\n\t\t\t\t\t\t\t\t\t\t\r\n\t\t\t\t\t\t\t\t\t\t<option value=\"caravelair\">Caravelair<\/option>\r\r\n\t\t\t\t\t\t\t\t\t\t\r\n\t\t\t\t\t\t\t\t\t\t<option value=\"caretta\">Caretta<\/option>\r\r\n\t\t\t\t\t\t\t\t\t\t\r\n\t\t\t\t\t\t\t\t\t\t<option value=\"carpento\">Carpento<\/option>\r\r\n\t\t\t\t\t\t\t\t\t\t\r\n\t\t\t\t\t\t\t\t\t\t<option value=\"challenger\">Challenger<\/option>\r\r\n\t\t\t\t\t\t\t\t\t\t\r\n\t\t\t\t\t\t\t\t\t\t<option value=\"dethleffs\">Dethleffs<\/option>\r\r\n\t\t\t\t\t\t\t\t\t\t\r\n\t\t\t\t\t\t\t\t\t\t<option value=\"dreamer\">DREAMER<\/option>\r\r\n\t\t\t\t\t\t\t\t\t\t\r\n\t\t\t\t\t\t\t\t\t\t<option value=\"fendt\">Fendt<\/option>\r\r\n\t\t\t\t\t\t\t\t\t\t\r\n\t\t\t\t\t\t\t\t\t\t<option value=\"frankia-ca\">Frankia<\/option>\r\r\n\t\t\t\t\t\t\t\t\t\t\r\n\t\t\t\t\t\t\t\t\t\t<option value=\"giottiline\">Giottiline<\/option>\r\r\n\t\t\t\t\t\t\t\t\t\t\r\n\t\t\t\t\t\t\t\t\t\t<option value=\"hobby\">Hobby<\/option>\r\r\n\t\t\t\t\t\t\t\t\t\t\r\n\t\t\t\t\t\t\t\t\t\t<option value=\"hymer\">Hymer<\/option>\r\r\n\t\t\t\t\t\t\t\t\t\t\r\n\t\t\t\t\t\t\t\t\t\t<option value=\"joa\">JOA<\/option>\r\r\n\t\t\t\t\t\t\t\t\t\t\r\n\t\t\t\t\t\t\t\t\t\t<option value=\"karmann\">Karmann<\/option>\r\r\n\t\t\t\t\t\t\t\t\t\t\r\n\t\t\t\t\t\t\t\t\t\t<option value=\"knaus\">Knaus<\/option>\r\r\n\t\t\t\t\t\t\t\t\t\t\r\n\t\t\t\t\t\t\t\t\t\t<option value=\"laika\">Laika<\/option>\r\r\n\t\t\t\t\t\t\t\t\t\t\r\n\t\t\t\t\t\t\t\t\t\t<option value=\"lmc\">LMC<\/option>\r\r\n\t\t\t\t\t\t\t\t\t\t\r\n\t\t\t\t\t\t\t\t\t\t<option value=\"mclouis\">McLouis<\/option>\r\r\n\t\t\t\t\t\t\t\t\t\t\r\n\t\t\t\t\t\t\t\t\t\t<option value=\"morelo\">Morelo<\/option>\r\r\n\t\t\t\t\t\t\t\t\t\t\r\n\t\t\t\t\t\t\t\t\t\t<option value=\"pilote\">Pilote<\/option>\r\r\n\t\t\t\t\t\t\t\t\t\t\r\n\t\t\t\t\t\t\t\t\t\t<option value=\"rimor\">Rimor<\/option>\r\r\n\t\t\t\t\t\t\t\t\t\t\r\n\t\t\t\t\t\t\t\t\t\t<option value=\"roller\">Roller<\/option>\r\r\n\t\t\t\t\t\t\t\t\t\t\r\n\t\t\t\t\t\t\t\t\t\t<option value=\"sterckeman\">Sterckeman<\/option>\r\r\n\t\t\t\t\t\t\t\t\t\t\r\n\t\t\t\t\t\t\t\t\t\t<option value=\"sunlight\">Sunlight<\/option>\r\r\n\t\t\t\t\t\t\t\t\t\t\r\n\t\t\t\t\t\t\t\t\t\t<option value=\"tb\">T@B<\/option>\r\r\n\t\t\t\t\t\t\t\t\t\t\r\n\t\t\t\t\t\t\t\t\t\t<option value=\"tab\">TAB<\/option>\r\r\n\t\t\t\t\t\t\t\t\t\t\r\n\t\t\t\t\t\t\t\t\t\t<option value=\"tabbert\">Tabbert<\/option>\r\r\n\t\t\t\t\t\t\t\t\t\t\r\n\t\t\t\t\t\t\t\t\t\t<option value=\"tec\">TEC<\/option>\r\r\n\t\t\t\t\t\t\t\t\t\t\r\n\t\t\t\t\t\t\t\t\t\t<option value=\"trigano\">Trigano<\/option>\r\r\n\t\t\t\t\t\t\t\t\t\t\r\n\t\t\t\t\t\t\t\t\t\t<option value=\"v633m\">V633M<\/option>\r\r\n\t\t\t\t\t\t\t\t\t\t\r\n\t\t\t\t\t\t\t\t\t\t<option value=\"van-ti-550-mf-vansation\">VAN TI 550 MF VANSATION<\/option>\r\r\n\t\t\t\t\t\t\t\t\t\t\r\n\t\t\t\t\t\t\t\t\t\t<option value=\"weinsberg\">Weinsberg<\/option>\r\r\n\t\t\t\t\t\t\t\t\t\t\r\n\t\t\t\t\t\t\t\t\t\t<option value=\"wilk\">Wilk<\/option>\r\r\n\t\t\t\t\t\t\t\t\t\t\r\n\t\t\t\t\t\t\t<\/select>\r\r\n\t\t\t\t\t\t<\/div>\r\r\n\t\t\t\t\t<\/div>\r\r\n\t\t\t\t\t\r\n\t\t\t\t\t<div class=\"col-lg-4 col-md-4 col-sm-12\">\r\r\n\t\t\t\t\t\t<!-- <span>Select Condition<\/span> -->\r\r\n\t\t\t\t\t\t<div class=\"selected-box\">\r\r\n\t\t\t\t\t\t\t<select data-uid=\"69f703b73860d\" id=\"sort_car_condition_69f703b73860d\" data-id=\"car_condition\" class=\"selectpicker custom-filters-box col-4 cd-select-box\">\r\r\n\t\t\t\t\t\t\t\t<option value=\"\">Antiguetat<\/option>\r\r\n\t\t\t\t\t\t\t\t\r\n\t\t\t\t\t\t\t\t\t\t<option value=\"kilometro-0\">Kilometro.0<\/option>\r\r\n\t\t\t\t\t\t\t\t\t\t\r\n\t\t\t\t\t\t\t\t\t\t<option value=\"noves-2-ca\">Noves<\/option>\r\r\n\t\t\t\t\t\t\t\t\t\t\r\n\t\t\t\t\t\t\t\t\t\t<option value=\"novetat\">Novetat<\/option>\r\r\n\t\t\t\t\t\t\t\t\t\t\r\n\t\t\t\t\t\t\t\t\t\t<option value=\"nueva\">Nueva<\/option>\r\r\n\t\t\t\t\t\t\t\t\t\t\r\n\t\t\t\t\t\t\t\t\t\t<option value=\"ocasio_ca\">Ocasi\u00f3<\/option>\r\r\n\t\t\t\t\t\t\t\t\t\t\r\n\t\t\t\t\t\t\t\t\t\t<option value=\"ofertes\">Ofertes<\/option>\r\r\n\t\t\t\t\t\t\t\t\t\t\r\n\t\t\t\t\t\t\t\t\t\t<option value=\"segona-ma-2-ca\">Segona Ma<\/option>\r\r\n\t\t\t\t\t\t\t\t\t\t\r\n\t\t\t\t\t\t\t\t\t\t<option value=\"segunda-mano-ca\">Segunda Mano<\/option>\r\r\n\t\t\t\t\t\t\t\t\t\t\r\n\t\t\t\t\t\t\t<\/select>\r\r\n\t\t\t\t\t\t<\/div>\r\r\n\t\t\t\t\t<\/div>\r\r\n\t\t\t\t\t\r\n\t\t\t<\/div>\r\r\n\t\t<\/div>\r\r\n\t\t<div class=\"col-lg-2 col-md-2 col-sm-12\">\r\r\n\t\t\t\r\n\t\t\t<div class=\"price_slider_wrapper\">\r\r\n\t\t\t\t<div class=\"price-slide\">\r\r\n\t\t\t\t\t<div class=\"price\">\r\r\n\t\t\t\t\t\t\r\n\t\t\t\t\t\t<input type=\"hidden\" id=\"pgs_min_price\" name=\"min_price\" value=\"\" data-min=\"0\"\/>\r\r\n\t\t\t\t\t\t<input type=\"hidden\" id=\"pgs_max_price\" name=\"max_price\" value=\"\" data-max=\"330600\" data-step=\"100\"\/>\r\r\n\r\r\n\t\t\t\t\t\t<label for=\"dealer-slider-amount\">Rang de preus<\/label>\r\r\n\t\t\t\t\t\t<input type=\"text\" id=\"dealer-slider-amount\" readonly class=\"amount\" value=\"\" \/>\r\r\n\t\t\t\t\t\t<div id=\"slider-range\"><\/div>\r\r\n\t\t\t\t\t\t\r\n\r\r\n\t\t\t\t\t<\/div>\r\r\n\t\t\t\t<\/div>\r\r\n\t\t\t<\/div>\r\r\n\t\t\t<a class=\"button cfb-submit-btn\" href=\"javascript:void(0);\">Buscar<\/a>\r\r\n\t\t<\/div>\r\r\n\t\t\r\n\t\t<div class=\"clearfix\"><\/div>\r\r\n\t\t<div class=\"filter-loader\"><\/div>\r\r\n\t<\/div>\r\r\n\t[\/vc_column][\/vc_row][vc_row][vc_column]\r\n\t<div class=\"pgs_cars_carousel-wrapper\">\r\r\n\t\t\r\n\t\t<div class=\"pgs_cars_carousel-items\" >\r\r\n\t\t\t\r\n\t\t\t\t<div class=\"row\">\r\r\n\t\t\t\t\r\n\t\t\t\t<div class='item col-sm-3'>\r\r\n\t\t\t\t\t<div class='car-item text-center white-bg'>\r\r\n\t\t\t\t\t\t<div class='car-image'>\r\r\n\t\t\t\t\t\t\t<a href=\"https:\/\/m3caravaning.com\/ca\/m3caravaning\/autocaravana-nueva-giottiline-siena-440\/\"><span class=\"label car-condition noves\">Noves<\/span><img fetchpriority=\"high\" decoding=\"async\" class=\"img-responsive\" src=\"https:\/\/m3caravaning.com\/wp-content\/uploads\/2025\/03\/20250304_115451-265x190.jpg\" alt=\"\" width=\"265\" height=\"190\"\/><\/a>\r\n\t\t\t\t\t\t<\/div>\r\r\n\t\t\t\t\t\t\r\n\t\t\t\t\t\t<div class='car-content'>\r\r\n\t\t\t\t\t\t\t<a href=\"https:\/\/m3caravaning.com\/ca\/m3caravaning\/autocaravana-nueva-giottiline-siena-440\/\">AUTOCARAVANA GIOTTILINE SIENA 440<\/a><div class=\"separator\"><\/div><div class=\"price car-price \"><span class=\"old-price\"> 65.888&euro;<\/span><span class=\"new-price\"> 64.388&euro;<\/span><\/div>\r\n\t\t\t\t\t\t<\/div>\r\r\n\t\t\t\t\t<\/div>\r\r\n\t\t\t\t<\/div>\r\r\n\t\t\t\t\r\n\t\t\t\t<div class='item col-sm-3'>\r\r\n\t\t\t\t\t<div class='car-item text-center white-bg'>\r\r\n\t\t\t\t\t\t<div class='car-image'>\r\r\n\t\t\t\t\t\t\t<a href=\"https:\/\/m3caravaning.com\/ca\/m3caravaning\/nueva-autocaravana-weinsberg-carahome-650-dq\/\"><span class=\"label car-condition noves\">Noves<\/span><img decoding=\"async\" class=\"img-responsive\" src=\"https:\/\/m3caravaning.com\/wp-content\/uploads\/2024\/12\/CaraHome-650-DQ-1-265x190.jpg\" alt=\"\" width=\"265\" height=\"190\"\/><\/a>\r\n\t\t\t\t\t\t<\/div>\r\r\n\t\t\t\t\t\t\r\n\t\t\t\t\t\t<div class='car-content'>\r\r\n\t\t\t\t\t\t\t<a href=\"https:\/\/m3caravaning.com\/ca\/m3caravaning\/nueva-autocaravana-weinsberg-carahome-650-dq\/\">NOVA AUTOCARAVANA WEINSBERG CARAHOME 650 DQ<\/a><div class=\"separator\"><\/div><div class=\"price car-price \"><span class=\"old-price\"> 79.390&euro;<\/span><span class=\"new-price\"> 74.390&euro;<\/span><\/div>\r\n\t\t\t\t\t\t<\/div>\r\r\n\t\t\t\t\t<\/div>\r\r\n\t\t\t\t<\/div>\r\r\n\t\t\t\t\r\n\t\t\t\t<div class='item col-sm-3'>\r\r\n\t\t\t\t\t<div class='car-item text-center white-bg'>\r\r\n\t\t\t\t\t\t<div class='car-image'>\r\r\n\t\t\t\t\t\t\t<a href=\"https:\/\/m3caravaning.com\/ca\/m3caravaning\/nueva-autocaravana-weinsberg-carahome-650-dg\/\"><span class=\"label car-condition noves\">Noves<\/span><img decoding=\"async\" class=\"img-responsive\" src=\"https:\/\/m3caravaning.com\/wp-content\/uploads\/2024\/10\/CARAHOME-650-DG-1-265x190.jpg\" alt=\"\" width=\"265\" height=\"190\"\/><\/a>\r\n\t\t\t\t\t\t<\/div>\r\r\n\t\t\t\t\t\t\r\n\t\t\t\t\t\t<div class='car-content'>\r\r\n\t\t\t\t\t\t\t<a href=\"https:\/\/m3caravaning.com\/ca\/m3caravaning\/nueva-autocaravana-weinsberg-carahome-650-dg\/\">NOVA AUTOCARAVANA WEINSBERG CARAHOME 650 DG<\/a><div class=\"separator\"><\/div><div class=\"price car-price \"><span class=\"old-price\"> 74.390&euro;<\/span><span class=\"new-price\"> 69.390&euro;<\/span><\/div>\r\n\t\t\t\t\t\t<\/div>\r\r\n\t\t\t\t\t<\/div>\r\r\n\t\t\t\t<\/div>\r\r\n\t\t\t\t\r\n\t\t\t\t<div class='item col-sm-3'>\r\r\n\t\t\t\t\t<div class='car-item text-center white-bg'>\r\r\n\t\t\t\t\t\t<div class='car-image'>\r\r\n\t\t\t\t\t\t\t<a href=\"https:\/\/m3caravaning.com\/ca\/m3caravaning\/autocaravana-nova-capuchina-weinsberg-carahome-650-dg\/\"><span class=\"label car-condition noves\">Noves<\/span><img loading=\"lazy\" decoding=\"async\" class=\"img-responsive\" src=\"https:\/\/m3caravaning.com\/wp-content\/uploads\/2024\/02\/autocaravana-nueva-weinsberg-carahome-650-dg-22-1280x768-1-265x190.jpg\" alt=\"\" width=\"265\" height=\"190\"\/><\/a>\r\n\t\t\t\t\t\t<\/div>\r\r\n\t\t\t\t\t\t\r\n\t\t\t\t\t\t<div class='car-content'>\r\r\n\t\t\t\t\t\t\t<a href=\"https:\/\/m3caravaning.com\/ca\/m3caravaning\/autocaravana-nova-capuchina-weinsberg-carahome-650-dg\/\">AUTOCARAVANA NOVA CAPUCHINA WEINSBERG CARAHOME 650 DG<\/a><div class=\"separator\"><\/div><div class=\"price car-price \"><span class=\"new-price\"> 73.290&euro;<\/span><\/div>\r\n\t\t\t\t\t\t<\/div>\r\r\n\t\t\t\t\t<\/div>\r\r\n\t\t\t\t<\/div>\r\r\n\t\t\t\t\r\n\t\t\t\t<\/div>\r\r\n\t\t\t\t\r\n\t\t<\/div>\r\r\n\t<\/div><!-- .pgs_cars_carousel-wrapper -->\r\r\n\t\r\n\t<div id=\"cd_space_69f703b7a919a\" class=\"cd-space cd-space-69f703b7a91b5\" data-id=\"69f703b7a9199\" data-tablet=\"70\" data-tablet-portrait=\"60\" data-mobile=\"20\" data-mobile-portrait=\"10\" data-desktop=\"30\" style=\"clear:both; display:block;\"><\/div>\r\r\n\t[vc_column_text]<\/p>\n<p style=\"text-align: center;\"><a class=\"button\" href=\"https:\/\/m3caravaning.com\/ca\/Tipus\/caputxina\/\">Veure m\u00e9s Autocaravanes Caputxines<\/a><\/p>\n<p>[\/vc_column_text]\r\n\t<div id=\"cd_space_69f703b7a9215\" class=\"cd-space cd-space-69f703b7a9219\" data-id=\"69f703b7a9214\" data-tablet=\"70\" data-tablet-portrait=\"60\" data-mobile=\"20\" data-mobile-portrait=\"10\" data-desktop=\"30\" style=\"clear:both; display:block;\"><\/div>\r\r\n\t[\/vc_column][\/vc_row][vc_row full_width=&#8221;stretch_row_content_no_spaces&#8221; equal_height=&#8221;yes&#8221; content_placement=&#8221;middle&#8221; css=&#8221;.vc_custom_1620047314056{background-color: #f2f2f2 !important;}&#8221;][vc_column width=&#8221;1\/2&#8243;][vc_single_image image=&#8221;17877&#8243; img_size=&#8221;full&#8221;][\/vc_column][vc_column width=&#8221;1\/2&#8243; css=&#8221;.vc_custom_1620047323435{padding-right: 10% !important;padding-left: 10% !important;}&#8221; el_class=&#8221;seo-text&#8221;][vc_column_text]<\/p>\n<h2>Per qu\u00e8 comprar-me una autocaravana caputxina?<\/h2>\n<p>Les autocaravanes caputxines ofereixen major capacitat de pernoctaci\u00f3. Solen tenir de quatre fins a sis o fins i tot set places a l&#8217;interior, segons dimensions de la c\u00e8l\u00b7lula. \u00c9s el tipus d&#8217;autocaravana m\u00e9s indicat per a fam\u00edlies nombroses, o grups d&#8217;amics o per a fam\u00edlies que vulguin disposar de varis llits com a visitant o familiars.<\/p>\n<p>Gr\u00e0cies a l&#8217;al\u00e7ada de la cabina caputxina, hem aconseguit disposar d&#8217;una autocaravana amb una al\u00e7ada molt agradable a la zona de menjador, que ens proporciona una sensaci\u00f3 de espaiositat sense comparaci\u00f3.[\/vc_column_text][\/vc_column][\/vc_row][vc_row css=&#8221;.vc_custom_1616662969884{padding-right: 15px !important;padding-left: 15px !important;}&#8221;][vc_column]\r\n\t<div id=\"cd_space_69f703b7a925e\" class=\"cd-space cd-space-69f703b7a9261\" data-id=\"69f703b7a925d\" data-tablet=\"70\" data-tablet-portrait=\"60\" data-mobile=\"50\" data-mobile-portrait=\"40\" data-desktop=\"80\" style=\"clear:both; display:block;\"><\/div>\r\r\n\t\r\n\t<div class=\"section-title text-center style_1\">\r\r\n\t\t\r\n\t\t\t\t<span><\/span>\r\r\n\t\t\t\t\r\n\t\t\t<h2>\u00daltimes not\u00edcies del m\u00f3n del Caravaning<\/h2>\r\r\n\t\t\t\r\n\t\t\t\t<div class=\"separator\"><\/div>\r\r\n\t\t\t\t\r\n\t<\/div>\r\r\n\t<div class=\"mpc-carousel__wrapper mpc-waypoint\"><div id=\"mpc_carousel_posts-5669f703b7addf8\" class=\"mpc-carousel-posts mpc-init mpc-init mpc-transition mpc-overlay--slide-right mpc-item--fade mpc-layout--style_5  \"   data-mpcslick='{\"infinite\":true,\"autoplay\":false,\"slidesToShow\":4,\"slidesToScroll\":1,\"centerMode\":false,\"initialSlide\":0}' data-slick-cols=\"4\"><div onclick=\"\" class=\"mpc-post\"><div class=\"mpc-post__wrapper\"><div class=\"mpc-post__thumbnail\" data-mpc_src=\"https:\/\/m3caravaning.com\/wp-content\/uploads\/2021\/01\/feria-del-caravaning-en-vilafranca-del-penedes-del-22-al-29-de-febrero-te-esperamos-id-6.jpg\" data-mpc_link=\"https:\/\/m3caravaning.com\/ca\/actualitat\/fira-del-caravaning-a-vilafranca-del-penedes-del-22-al-28-de-febrer-del-2016-tesperem\/\"><div class=\"mpc-post__overlay mpc-transition\"><div class=\"mpc-post--vertical-wrap\"><div class=\"mpc-post--vertical\" data-mpc_link=\"https:\/\/m3caravaning.com\/ca\/actualitat\/fira-del-caravaning-a-vilafranca-del-penedes-del-22-al-28-de-febrer-del-2016-tesperem\/\"><a href=\"https:\/\/m3caravaning.com\/ca\/actualitat\/fira-del-caravaning-a-vilafranca-del-penedes-del-22-al-28-de-febrer-del-2016-tesperem\/\" title=\"Read more about Fira del Caravaning a Vilafranca del Pened\u00e8s del 22 al 28 de Febrer del 2016. T&#8217;esperem!\" class=\"mpc-icon-anchor\"><i class=\"mpc-post-overlay__icon mpc-type--readmore fa fa-eye\"><\/i><\/a><\/div><\/div><\/div><span class=\"mpc-post__date mpc-date__wrapper mpc-typography--mpc_preset_1\"><a href=\"https:\/\/m3caravaning.com\/ca\/2016\/02\/18\/\"><div class=\"mpc-date__days\">18<\/div><div class=\"mpc-date-wrap\"><div class=\"mpc-date__month\">Feb<\/div><div class=\"mpc-date__year\">2016<\/div><\/div><\/a><\/span><\/div><div class=\"mpc-post__content mpc-transition\"><h3 class=\"mpc-post__heading mpc-transition mpc-typography--mpc_preset_17\"><a href=\"https:\/\/m3caravaning.com\/ca\/actualitat\/fira-del-caravaning-a-vilafranca-del-penedes-del-22-al-28-de-febrer-del-2016-tesperem\/\" title=\"Fira del Caravaning a Vilafranca del Pened\u00e8s del 22 al 28 de Febrer del 2016. T&#8217;esperem!\">Fira del Caravaning a Vilafranca del Pened\u00e8s del 22 al 28 de Febrer del 2016. T&#8217;esperem!<\/a><\/h3><a href=\"https:\/\/m3caravaning.com\/ca\/actualitat\/fira-del-caravaning-a-vilafranca-del-penedes-del-22-al-28-de-febrer-del-2016-tesperem\/\" title=\"Fira del Caravaning a Vilafranca del Pened\u00e8s del 22 al 28 de Febrer del 2016. T&#8217;esperem!\"  class=\"mpc-button mpc-init mpc-transition mpc-typography--mpc_preset_1 mpc-display--block \" ><div class=\"mpc-button__content mpc-effect-type--none mpc-effect-side--none\"><span class=\"mpc-button__title mpc-transition\">Leer m\u00e1s<\/span><\/div><div class=\"mpc-button__background mpc-transition mpc-effect-type--slide mpc-effect-side--top\"><\/div><\/a><\/div><\/div><\/div><div onclick=\"\" class=\"mpc-post\"><div class=\"mpc-post__wrapper\"><div class=\"mpc-post__thumbnail\" data-mpc_src=\"https:\/\/m3caravaning.com\/wp-content\/uploads\/2021\/01\/m3-caravaning-en-la-feria-del-caravaning-en-madrid-xanadu-del-9-al-17-de-abril-id-15.jpg\" data-mpc_link=\"https:\/\/m3caravaning.com\/ca\/caravanes\/m3-caravaning-a-la-fira-del-caravaning-a-madrid-xanadu-del-9-al-17-dabril-del-2016\/\"><div class=\"mpc-post__overlay mpc-transition\"><div class=\"mpc-post--vertical-wrap\"><div class=\"mpc-post--vertical\" data-mpc_link=\"https:\/\/m3caravaning.com\/ca\/caravanes\/m3-caravaning-a-la-fira-del-caravaning-a-madrid-xanadu-del-9-al-17-dabril-del-2016\/\"><a href=\"https:\/\/m3caravaning.com\/ca\/caravanes\/m3-caravaning-a-la-fira-del-caravaning-a-madrid-xanadu-del-9-al-17-dabril-del-2016\/\" title=\"Read more about M3 Caravaning a la fira del Caravaning a Madrid Xanad\u00fa &#8211; del 9 al 17 d&#8217;abril del 2016\" class=\"mpc-icon-anchor\"><i class=\"mpc-post-overlay__icon mpc-type--readmore fa fa-eye\"><\/i><\/a><\/div><\/div><\/div><span class=\"mpc-post__date mpc-date__wrapper mpc-typography--mpc_preset_1\"><a href=\"https:\/\/m3caravaning.com\/ca\/2016\/04\/09\/\"><div class=\"mpc-date__days\">09<\/div><div class=\"mpc-date-wrap\"><div class=\"mpc-date__month\">Apr<\/div><div class=\"mpc-date__year\">2016<\/div><\/div><\/a><\/span><\/div><div class=\"mpc-post__content mpc-transition\"><h3 class=\"mpc-post__heading mpc-transition mpc-typography--mpc_preset_17\"><a href=\"https:\/\/m3caravaning.com\/ca\/caravanes\/m3-caravaning-a-la-fira-del-caravaning-a-madrid-xanadu-del-9-al-17-dabril-del-2016\/\" title=\"M3 Caravaning a la fira del Caravaning a Madrid Xanad\u00fa &#8211; del 9 al 17 d&#8217;abril del 2016\">M3 Caravaning a la fira del Caravaning a Madrid Xanad\u00fa &#8211; del 9 al 17 d&#8217;abril del 2016<\/a><\/h3><a href=\"https:\/\/m3caravaning.com\/ca\/caravanes\/m3-caravaning-a-la-fira-del-caravaning-a-madrid-xanadu-del-9-al-17-dabril-del-2016\/\" title=\"M3 Caravaning a la fira del Caravaning a Madrid Xanad\u00fa &#8211; del 9 al 17 d&#8217;abril del 2016\"  class=\"mpc-button mpc-init mpc-transition mpc-typography--mpc_preset_1 mpc-display--block \" ><div class=\"mpc-button__content mpc-effect-type--none mpc-effect-side--none\"><span class=\"mpc-button__title mpc-transition\">Leer m\u00e1s<\/span><\/div><div class=\"mpc-button__background mpc-transition mpc-effect-type--slide mpc-effect-side--top\"><\/div><\/a><\/div><\/div><\/div><div onclick=\"\" class=\"mpc-post\"><div class=\"mpc-post__wrapper\"><div class=\"mpc-post__thumbnail\" data-mpc_src=\"https:\/\/m3caravaning.com\/wp-content\/uploads\/2021\/01\/sorteo-de-10-viajes-en-autocaravana-por-34-familias-unicas-34-de-binaca-id-27.png\" data-mpc_link=\"https:\/\/m3caravaning.com\/ca\/actualitat\/sorteig-de-10-viatges-en-autocaravana-per-families-uniques-de-binaca\/\"><div class=\"mpc-post__overlay mpc-transition\"><div class=\"mpc-post--vertical-wrap\"><div class=\"mpc-post--vertical\" data-mpc_link=\"https:\/\/m3caravaning.com\/ca\/actualitat\/sorteig-de-10-viatges-en-autocaravana-per-families-uniques-de-binaca\/\"><a href=\"https:\/\/m3caravaning.com\/ca\/actualitat\/sorteig-de-10-viatges-en-autocaravana-per-families-uniques-de-binaca\/\" title=\"Read more about Sorteig de 10 viatges en autocaravana per &#8220;Fam\u00edlies \u00faniques&#8221; de Binaca\" class=\"mpc-icon-anchor\"><i class=\"mpc-post-overlay__icon mpc-type--readmore fa fa-eye\"><\/i><\/a><\/div><\/div><\/div><span class=\"mpc-post__date mpc-date__wrapper mpc-typography--mpc_preset_1\"><a href=\"https:\/\/m3caravaning.com\/ca\/2016\/08\/07\/\"><div class=\"mpc-date__days\">07<\/div><div class=\"mpc-date-wrap\"><div class=\"mpc-date__month\">Aug<\/div><div class=\"mpc-date__year\">2016<\/div><\/div><\/a><\/span><\/div><div class=\"mpc-post__content mpc-transition\"><h3 class=\"mpc-post__heading mpc-transition mpc-typography--mpc_preset_17\"><a href=\"https:\/\/m3caravaning.com\/ca\/actualitat\/sorteig-de-10-viatges-en-autocaravana-per-families-uniques-de-binaca\/\" title=\"Sorteig de 10 viatges en autocaravana per &#8220;Fam\u00edlies \u00faniques&#8221; de Binaca\">Sorteig de 10 viatges en autocaravana per &#8220;Fam\u00edlies \u00faniques&#8221; de Binaca<\/a><\/h3><a href=\"https:\/\/m3caravaning.com\/ca\/actualitat\/sorteig-de-10-viatges-en-autocaravana-per-families-uniques-de-binaca\/\" title=\"Sorteig de 10 viatges en autocaravana per &#8220;Fam\u00edlies \u00faniques&#8221; de Binaca\"  class=\"mpc-button mpc-init mpc-transition mpc-typography--mpc_preset_1 mpc-display--block \" ><div class=\"mpc-button__content mpc-effect-type--none mpc-effect-side--none\"><span class=\"mpc-button__title mpc-transition\">Leer m\u00e1s<\/span><\/div><div class=\"mpc-button__background mpc-transition mpc-effect-type--slide mpc-effect-side--top\"><\/div><\/a><\/div><\/div><\/div><div onclick=\"\" class=\"mpc-post\"><div class=\"mpc-post__wrapper\"><div class=\"mpc-post__thumbnail\" data-mpc_src=\"https:\/\/m3caravaning.com\/wp-content\/uploads\/2021\/01\/presentacion-de-las-autocaravanas-de-lujo-morelo-made-in-germany-id-24.jpg\" data-mpc_link=\"https:\/\/m3caravaning.com\/ca\/autocaravanes\/presentacio-de-les-autocaravanes-de-luxe-morelo-made-in-germany\/\"><div class=\"mpc-post__overlay mpc-transition\"><div class=\"mpc-post--vertical-wrap\"><div class=\"mpc-post--vertical\" data-mpc_link=\"https:\/\/m3caravaning.com\/ca\/autocaravanes\/presentacio-de-les-autocaravanes-de-luxe-morelo-made-in-germany\/\"><a href=\"https:\/\/m3caravaning.com\/ca\/autocaravanes\/presentacio-de-les-autocaravanes-de-luxe-morelo-made-in-germany\/\" title=\"Read more about Presentaci\u00f3 de les autocaravanes de Luxe Morelo, Made in Germany\" class=\"mpc-icon-anchor\"><i class=\"mpc-post-overlay__icon mpc-type--readmore fa fa-eye\"><\/i><\/a><\/div><\/div><\/div><span class=\"mpc-post__date mpc-date__wrapper mpc-typography--mpc_preset_1\"><a href=\"https:\/\/m3caravaning.com\/ca\/2016\/09\/25\/\"><div class=\"mpc-date__days\">25<\/div><div class=\"mpc-date-wrap\"><div class=\"mpc-date__month\">Sep<\/div><div class=\"mpc-date__year\">2016<\/div><\/div><\/a><\/span><\/div><div class=\"mpc-post__content mpc-transition\"><h3 class=\"mpc-post__heading mpc-transition mpc-typography--mpc_preset_17\"><a href=\"https:\/\/m3caravaning.com\/ca\/autocaravanes\/presentacio-de-les-autocaravanes-de-luxe-morelo-made-in-germany\/\" title=\"Presentaci\u00f3 de les autocaravanes de Luxe Morelo, Made in Germany\">Presentaci\u00f3 de les autocaravanes de Luxe Morelo, Made in Germany<\/a><\/h3><a href=\"https:\/\/m3caravaning.com\/ca\/autocaravanes\/presentacio-de-les-autocaravanes-de-luxe-morelo-made-in-germany\/\" title=\"Presentaci\u00f3 de les autocaravanes de Luxe Morelo, Made in Germany\"  class=\"mpc-button mpc-init mpc-transition mpc-typography--mpc_preset_1 mpc-display--block \" ><div class=\"mpc-button__content mpc-effect-type--none mpc-effect-side--none\"><span class=\"mpc-button__title mpc-transition\">Leer m\u00e1s<\/span><\/div><div class=\"mpc-button__background mpc-transition mpc-effect-type--slide mpc-effect-side--top\"><\/div><\/a><\/div><\/div><\/div><div onclick=\"\" class=\"mpc-post\"><div class=\"mpc-post__wrapper\"><div class=\"mpc-post__thumbnail\" data-mpc_src=\"https:\/\/m3caravaning.com\/wp-content\/uploads\/2021\/01\/presentacion-de-la-primera-autocaravana-morelo-una-autocaravana-de-lujo-absoluto-id-36.jpg\" data-mpc_link=\"https:\/\/m3caravaning.com\/ca\/autocaravanes\/presentacio-de-la-primera-autocaravana-morelo-un-autocaravana-de-luxe-absolut\/\"><div class=\"mpc-post__overlay mpc-transition\"><div class=\"mpc-post--vertical-wrap\"><div class=\"mpc-post--vertical\" data-mpc_link=\"https:\/\/m3caravaning.com\/ca\/autocaravanes\/presentacio-de-la-primera-autocaravana-morelo-un-autocaravana-de-luxe-absolut\/\"><a href=\"https:\/\/m3caravaning.com\/ca\/autocaravanes\/presentacio-de-la-primera-autocaravana-morelo-un-autocaravana-de-luxe-absolut\/\" title=\"Read more about Presentaci\u00f3 de la primera autocaravana Morelo, un #Autocaravana de luxe Absolut\" class=\"mpc-icon-anchor\"><i class=\"mpc-post-overlay__icon mpc-type--readmore fa fa-eye\"><\/i><\/a><\/div><\/div><\/div><span class=\"mpc-post__date mpc-date__wrapper mpc-typography--mpc_preset_1\"><a href=\"https:\/\/m3caravaning.com\/ca\/2016\/10\/10\/\"><div class=\"mpc-date__days\">10<\/div><div class=\"mpc-date-wrap\"><div class=\"mpc-date__month\">Oct<\/div><div class=\"mpc-date__year\">2016<\/div><\/div><\/a><\/span><\/div><div class=\"mpc-post__content mpc-transition\"><h3 class=\"mpc-post__heading mpc-transition mpc-typography--mpc_preset_17\"><a href=\"https:\/\/m3caravaning.com\/ca\/autocaravanes\/presentacio-de-la-primera-autocaravana-morelo-un-autocaravana-de-luxe-absolut\/\" title=\"Presentaci\u00f3 de la primera autocaravana Morelo, un #Autocaravana de luxe Absolut\">Presentaci\u00f3 de la primera autocaravana Morelo, un #Autocaravana de luxe Absolut<\/a><\/h3><a href=\"https:\/\/m3caravaning.com\/ca\/autocaravanes\/presentacio-de-la-primera-autocaravana-morelo-un-autocaravana-de-luxe-absolut\/\" title=\"Presentaci\u00f3 de la primera autocaravana Morelo, un #Autocaravana de luxe Absolut\"  class=\"mpc-button mpc-init mpc-transition mpc-typography--mpc_preset_1 mpc-display--block \" ><div class=\"mpc-button__content mpc-effect-type--none mpc-effect-side--none\"><span class=\"mpc-button__title mpc-transition\">Leer m\u00e1s<\/span><\/div><div class=\"mpc-button__background mpc-transition mpc-effect-type--slide mpc-effect-side--top\"><\/div><\/a><\/div><\/div><\/div><div onclick=\"\" class=\"mpc-post\"><div class=\"mpc-post__wrapper\"><div class=\"mpc-post__thumbnail\" data-mpc_src=\"https:\/\/m3caravaning.com\/wp-content\/uploads\/2021\/01\/m3-caravaning-en-la-feria-caravaning-madrid-xanadu-2016-id-39.jpg\" data-mpc_link=\"https:\/\/m3caravaning.com\/ca\/autocaravanes\/m3-caravaning-a-la-fira-caravaning-madrid-xanadu-2016\/\"><div class=\"mpc-post__overlay mpc-transition\"><div class=\"mpc-post--vertical-wrap\"><div class=\"mpc-post--vertical\" data-mpc_link=\"https:\/\/m3caravaning.com\/ca\/autocaravanes\/m3-caravaning-a-la-fira-caravaning-madrid-xanadu-2016\/\"><a href=\"https:\/\/m3caravaning.com\/ca\/autocaravanes\/m3-caravaning-a-la-fira-caravaning-madrid-xanadu-2016\/\" title=\"Read more about M3 Caravaning a la fira Caravaning Madrid Xanad\u00fa 2016\" class=\"mpc-icon-anchor\"><i class=\"mpc-post-overlay__icon mpc-type--readmore fa fa-eye\"><\/i><\/a><\/div><\/div><\/div><span class=\"mpc-post__date mpc-date__wrapper mpc-typography--mpc_preset_1\"><a href=\"https:\/\/m3caravaning.com\/ca\/2016\/11\/04\/\"><div class=\"mpc-date__days\">04<\/div><div class=\"mpc-date-wrap\"><div class=\"mpc-date__month\">Nov<\/div><div class=\"mpc-date__year\">2016<\/div><\/div><\/a><\/span><\/div><div class=\"mpc-post__content mpc-transition\"><h3 class=\"mpc-post__heading mpc-transition mpc-typography--mpc_preset_17\"><a href=\"https:\/\/m3caravaning.com\/ca\/autocaravanes\/m3-caravaning-a-la-fira-caravaning-madrid-xanadu-2016\/\" title=\"M3 Caravaning a la fira Caravaning Madrid Xanad\u00fa 2016\">M3 Caravaning a la fira Caravaning Madrid Xanad\u00fa 2016<\/a><\/h3><a href=\"https:\/\/m3caravaning.com\/ca\/autocaravanes\/m3-caravaning-a-la-fira-caravaning-madrid-xanadu-2016\/\" title=\"M3 Caravaning a la fira Caravaning Madrid Xanad\u00fa 2016\"  class=\"mpc-button mpc-init mpc-transition mpc-typography--mpc_preset_1 mpc-display--block \" ><div class=\"mpc-button__content mpc-effect-type--none mpc-effect-side--none\"><span class=\"mpc-button__title mpc-transition\">Leer m\u00e1s<\/span><\/div><div class=\"mpc-button__background mpc-transition mpc-effect-type--slide mpc-effect-side--top\"><\/div><\/a><\/div><\/div><\/div><\/div><div class=\"mpc-navigation mpc-init mpc-align--right mpc-navigation--style_4  mpc-nav-preset--mpc_preset_43\" data-mpcslider=\"mpc_carousel_posts-5669f703b7addf8\"><div class=\"mpc-nav__arrow mpcslick-prev\"><div class=\"mpc-nav__icon mpc-transition\"><i class=\" eti eti_arrow_triangle-left\"><div class=\"mpc-nav__background mpc-transition mpc-effect-type--slide mpc-effect-side--right\"><\/div><\/i><\/div><\/div><\/div><div class=\"mpc-navigation mpc-init mpc-align--right mpc-navigation--style_4  mpc-nav-preset--mpc_preset_43\" data-mpcslider=\"mpc_carousel_posts-5669f703b7addf8\"><div class=\"mpc-nav__arrow mpcslick-next\"><div class=\"mpc-nav__icon mpc-transition\"><i class=\" eti eti_arrow_triangle-right\"><div class=\"mpc-nav__background mpc-transition mpc-effect-type--slide mpc-effect-side--right\"><\/div><\/i><\/div><\/div><\/div><\/div>\r\n\t<div id=\"cd_space_69f703b7b78a7\" class=\"cd-space cd-space-69f703b7b78ae\" data-id=\"69f703b7b78a6\" data-tablet=\"70\" data-tablet-portrait=\"60\" data-mobile=\"50\" data-mobile-portrait=\"40\" data-desktop=\"80\" style=\"clear:both; display:block;\"><\/div>\r\r\n\t[\/vc_column][\/vc_row]<\/p>\n","protected":false},"excerpt":{"rendered":"<p>[vc_row full_width=&#8221;stretch_row&#8221; el_class=&#8221;titulo-nivel0&#8243; css=&#8221;.vc_custom_1619532463302{background-image: url(https:\/\/m3caravaning.com\/wp-content\/uploads\/2021\/04\/header_autocaravanas.jpg?id=17708) !important;background-position: center !important;background-repeat: no-repeat !important;background-size: cover !important;}&#8221;][vc_column][vc_column_text] Autocaravanes Noves Caputxines Les autocaravanes noves caputxines \u00e9s el tipus d&#8217;autocaravana m\u00e9s indicat per a fam\u00edlies nombroses, 0 grups d&#8217;amics o per a fam\u00edlies que vulguin disposar de diversos llits per a convidats o familiars. [\/vc_column_text][\/vc_column][\/vc_row][vc_row][vc_column][\/vc_column][\/vc_row][vc_row el_class=&#8221;search-page&#8221;][vc_column][\/vc_column][\/vc_row][vc_row][vc_column][vc_column_text] Veure m\u00e9s Autocaravanes Caputxines [\/vc_column_text][\/vc_column][\/vc_row][vc_row full_width=&#8221;stretch_row_content_no_spaces&#8221;<\/p>\n","protected":false},"author":1,"featured_media":0,"parent":17912,"menu_order":0,"comment_status":"closed","ping_status":"closed","template":"","meta":{"footnotes":""},"class_list":["post-18377","page","type-page","status-publish","hentry"],"yoast_head":"<!-- This site is optimized with the Yoast SEO plugin v22.4 - https:\/\/yoast.com\/wordpress\/plugins\/seo\/ -->\n<title>Autocaravanes noves caputxines a Barcelona i Madrid<\/title>\n<meta name=\"description\" content=\"Gran exposici\u00f3 d&#039;autocaravanes noves Knaus, pil\u00f3, Weinsberg, Benimar, Frankia, levoyageur, Morelo, etc. Financiaci\u00f3 i ofertes online. VIne!\" \/>\n<meta name=\"robots\" content=\"index, follow, max-snippet:-1, max-image-preview:large, max-video-preview:-1\" \/>\n<link rel=\"canonical\" href=\"https:\/\/m3caravaning.com\/ca\/autocaravanes\/autocaravanes-noves-caputxines\/\" \/>\n<meta property=\"og:locale\" content=\"ca_ES\" \/>\n<meta property=\"og:type\" content=\"article\" \/>\n<meta property=\"og:title\" content=\"Autocaravanes noves caputxines a Barcelona i Madrid\" \/>\n<meta property=\"og:description\" content=\"Gran exposici\u00f3 d&#039;autocaravanes noves Knaus, pil\u00f3, Weinsberg, Benimar, Frankia, levoyageur, Morelo, etc. Financiaci\u00f3 i ofertes online. VIne!\" \/>\n<meta property=\"og:url\" content=\"https:\/\/m3caravaning.com\/ca\/autocaravanes\/autocaravanes-noves-caputxines\/\" \/>\n<meta property=\"og:site_name\" content=\"Autocaravanas, caravanas y furgonetas campers nuevas, ocasi\u00f3n y segunda mano\" \/>\n<meta property=\"article:publisher\" content=\"https:\/\/www.facebook.com\/m3caravaning\" \/>\n<meta property=\"article:modified_time\" content=\"2021-09-09T06:31:36+00:00\" \/>\n<meta property=\"og:image\" content=\"https:\/\/m3caravaning.com\/wp-content\/uploads\/2021\/03\/cover_pagina_m3caravaning_default-1.jpg\" \/>\n\t<meta property=\"og:image:width\" content=\"1200\" \/>\n\t<meta property=\"og:image:height\" content=\"628\" \/>\n\t<meta property=\"og:image:type\" content=\"image\/jpeg\" \/>\n<meta name=\"twitter:card\" content=\"summary_large_image\" \/>\n<meta name=\"twitter:site\" content=\"@M3Caravaning\" \/>\n<meta name=\"twitter:label1\" content=\"Est. reading time\" \/>\n\t<meta name=\"twitter:data1\" content=\"2 minutes\" \/>\n<script type=\"application\/ld+json\" class=\"yoast-schema-graph\">{\"@context\":\"https:\/\/schema.org\",\"@graph\":[{\"@type\":\"WebPage\",\"@id\":\"https:\/\/m3caravaning.com\/ca\/autocaravanes\/autocaravanes-noves-caputxines\/\",\"url\":\"https:\/\/m3caravaning.com\/ca\/autocaravanes\/autocaravanes-noves-caputxines\/\",\"name\":\"Autocaravanes noves caputxines a Barcelona i Madrid\",\"isPartOf\":{\"@id\":\"https:\/\/m3caravaning.com\/ca\/#website\"},\"datePublished\":\"2021-05-07T08:26:00+00:00\",\"dateModified\":\"2021-09-09T06:31:36+00:00\",\"description\":\"Gran exposici\u00f3 d'autocaravanes noves Knaus, pil\u00f3, Weinsberg, Benimar, Frankia, levoyageur, Morelo, etc. Financiaci\u00f3 i ofertes online. VIne!\",\"breadcrumb\":{\"@id\":\"https:\/\/m3caravaning.com\/ca\/autocaravanes\/autocaravanes-noves-caputxines\/#breadcrumb\"},\"inLanguage\":\"ca\",\"potentialAction\":[{\"@type\":\"ReadAction\",\"target\":[\"https:\/\/m3caravaning.com\/ca\/autocaravanes\/autocaravanes-noves-caputxines\/\"]}]},{\"@type\":\"BreadcrumbList\",\"@id\":\"https:\/\/m3caravaning.com\/ca\/autocaravanes\/autocaravanes-noves-caputxines\/#breadcrumb\",\"itemListElement\":[{\"@type\":\"ListItem\",\"position\":1,\"name\":\"Portada\",\"item\":\"https:\/\/m3caravaning.com\/ca\/\"},{\"@type\":\"ListItem\",\"position\":2,\"name\":\"Autocaravanes\",\"item\":\"https:\/\/m3caravaning.com\/ca\/autocaravanes\/\"},{\"@type\":\"ListItem\",\"position\":3,\"name\":\"Autocaravanes Noves Caputxines\"}]},{\"@type\":\"WebSite\",\"@id\":\"https:\/\/m3caravaning.com\/ca\/#website\",\"url\":\"https:\/\/m3caravaning.com\/ca\/\",\"name\":\"Autocaravanas, caravanas y furgonetas campers nuevas, ocasi\u00f3n y segunda mano\",\"description\":\"Tu tienda de autocaravanas, campers y caravanas nuevas y de segunda mano. Alquiler, tienda de recambios, taller, seguros, etc.\",\"potentialAction\":[{\"@type\":\"SearchAction\",\"target\":{\"@type\":\"EntryPoint\",\"urlTemplate\":\"https:\/\/m3caravaning.com\/ca\/?s={search_term_string}\"},\"query-input\":\"required name=search_term_string\"}],\"inLanguage\":\"ca\"}]}<\/script>\n<!-- \/ Yoast SEO plugin. -->","yoast_head_json":{"title":"Autocaravanes noves caputxines a Barcelona i Madrid","description":"Gran exposici\u00f3 d'autocaravanes noves Knaus, pil\u00f3, Weinsberg, Benimar, Frankia, levoyageur, Morelo, etc. Financiaci\u00f3 i ofertes online. VIne!","robots":{"index":"index","follow":"follow","max-snippet":"max-snippet:-1","max-image-preview":"max-image-preview:large","max-video-preview":"max-video-preview:-1"},"canonical":"https:\/\/m3caravaning.com\/ca\/autocaravanes\/autocaravanes-noves-caputxines\/","og_locale":"ca_ES","og_type":"article","og_title":"Autocaravanes noves caputxines a Barcelona i Madrid","og_description":"Gran exposici\u00f3 d'autocaravanes noves Knaus, pil\u00f3, Weinsberg, Benimar, Frankia, levoyageur, Morelo, etc. Financiaci\u00f3 i ofertes online. VIne!","og_url":"https:\/\/m3caravaning.com\/ca\/autocaravanes\/autocaravanes-noves-caputxines\/","og_site_name":"Autocaravanas, caravanas y furgonetas campers nuevas, ocasi\u00f3n y segunda mano","article_publisher":"https:\/\/www.facebook.com\/m3caravaning","article_modified_time":"2021-09-09T06:31:36+00:00","og_image":[{"width":1200,"height":628,"url":"https:\/\/m3caravaning.com\/wp-content\/uploads\/2021\/03\/cover_pagina_m3caravaning_default-1.jpg","type":"image\/jpeg"}],"twitter_card":"summary_large_image","twitter_site":"@M3Caravaning","twitter_misc":{"Est. reading time":"2 minutes"},"schema":{"@context":"https:\/\/schema.org","@graph":[{"@type":"WebPage","@id":"https:\/\/m3caravaning.com\/ca\/autocaravanes\/autocaravanes-noves-caputxines\/","url":"https:\/\/m3caravaning.com\/ca\/autocaravanes\/autocaravanes-noves-caputxines\/","name":"Autocaravanes noves caputxines a Barcelona i Madrid","isPartOf":{"@id":"https:\/\/m3caravaning.com\/ca\/#website"},"datePublished":"2021-05-07T08:26:00+00:00","dateModified":"2021-09-09T06:31:36+00:00","description":"Gran exposici\u00f3 d'autocaravanes noves Knaus, pil\u00f3, Weinsberg, Benimar, Frankia, levoyageur, Morelo, etc. Financiaci\u00f3 i ofertes online. VIne!","breadcrumb":{"@id":"https:\/\/m3caravaning.com\/ca\/autocaravanes\/autocaravanes-noves-caputxines\/#breadcrumb"},"inLanguage":"ca","potentialAction":[{"@type":"ReadAction","target":["https:\/\/m3caravaning.com\/ca\/autocaravanes\/autocaravanes-noves-caputxines\/"]}]},{"@type":"BreadcrumbList","@id":"https:\/\/m3caravaning.com\/ca\/autocaravanes\/autocaravanes-noves-caputxines\/#breadcrumb","itemListElement":[{"@type":"ListItem","position":1,"name":"Portada","item":"https:\/\/m3caravaning.com\/ca\/"},{"@type":"ListItem","position":2,"name":"Autocaravanes","item":"https:\/\/m3caravaning.com\/ca\/autocaravanes\/"},{"@type":"ListItem","position":3,"name":"Autocaravanes Noves Caputxines"}]},{"@type":"WebSite","@id":"https:\/\/m3caravaning.com\/ca\/#website","url":"https:\/\/m3caravaning.com\/ca\/","name":"Autocaravanas, caravanas y furgonetas campers nuevas, ocasi\u00f3n y segunda mano","description":"Tu tienda de autocaravanas, campers y caravanas nuevas y de segunda mano. Alquiler, tienda de recambios, taller, seguros, etc.","potentialAction":[{"@type":"SearchAction","target":{"@type":"EntryPoint","urlTemplate":"https:\/\/m3caravaning.com\/ca\/?s={search_term_string}"},"query-input":"required name=search_term_string"}],"inLanguage":"ca"}]}},"_links":{"self":[{"href":"https:\/\/m3caravaning.com\/ca\/wp-json\/wp\/v2\/pages\/18377","targetHints":{"allow":["GET"]}}],"collection":[{"href":"https:\/\/m3caravaning.com\/ca\/wp-json\/wp\/v2\/pages"}],"about":[{"href":"https:\/\/m3caravaning.com\/ca\/wp-json\/wp\/v2\/types\/page"}],"author":[{"embeddable":true,"href":"https:\/\/m3caravaning.com\/ca\/wp-json\/wp\/v2\/users\/1"}],"replies":[{"embeddable":true,"href":"https:\/\/m3caravaning.com\/ca\/wp-json\/wp\/v2\/comments?post=18377"}],"version-history":[{"count":0,"href":"https:\/\/m3caravaning.com\/ca\/wp-json\/wp\/v2\/pages\/18377\/revisions"}],"up":[{"embeddable":true,"href":"https:\/\/m3caravaning.com\/ca\/wp-json\/wp\/v2\/pages\/17912"}],"wp:attachment":[{"href":"https:\/\/m3caravaning.com\/ca\/wp-json\/wp\/v2\/media?parent=18377"}],"curies":[{"name":"wp","href":"https:\/\/api.w.org\/{rel}","templated":true}]}}