





{"id":17920,"date":"2021-05-04T16:51:07","date_gmt":"2021-05-04T14:51:07","guid":{"rendered":"https:\/\/m3caravaning.com\/?page_id=17920"},"modified":"2024-05-28T13:19:28","modified_gmt":"2024-05-28T11:19:28","slug":"autocaravanes-noves","status":"publish","type":"page","link":"https:\/\/m3caravaning.com\/ca\/autocaravanes\/autocaravanes-noves\/","title":{"rendered":"Autocaravanes noves"},"content":{"rendered":"<p>[vc_row full_width=&#8221;stretch_row&#8221; el_class=&#8221;titulo-nivel0&#8243; css=&#8221;.vc_custom_1631090511632{background-color: #000000 !important;background-position: center !important;background-repeat: no-repeat !important;background-size: cover !important;}&#8221;][vc_column][vc_column_text]<\/p>\n<h1 style=\"text-align: center;\">Autocaravanes Noves<\/h1>\n<p style=\"text-align: center;\">Autocaravanes Noves Barcelona i Madrid. Autocaravanes de totes les marques.<br \/>\nAutocaravanes noves i d&#8217;oferta. Finan\u00e7ament. Les millors marques Knaus, Pilote, Benimar, Weinsberg&#8230; Gran Exposici\u00f3. Informa&#8217;t de les nostres promos.<\/p>\n<p>[\/vc_column_text][\/vc_column][\/vc_row][vc_row][vc_column]\r\n\t<div id=\"cd_space_6a965891ce682\" class=\"cd-space cd-space-6a965891ce68b\" data-id=\"6a965891ce681\" data-tablet=\"70\" data-tablet-portrait=\"60\" data-mobile=\"20\" data-mobile-portrait=\"10\" data-desktop=\"60\" style=\"clear:both; display:block;\"><\/div>\r\r\n\t[vc_column_text css=&#8221;.vc_custom_1631091318974{padding-bottom: 20px !important;}&#8221;]<\/p>\n<h2 style=\"text-align: center;\">Tipus d&#8217;Autocaravanes noves<\/h2>\n<p>[\/vc_column_text][vc_row_inner][vc_column_inner width=&#8221;1\/3&#8243;]<a href=\"https:\/\/m3caravaning.com\/ca\/autocaravanes\/autocaravanes-noves-perfilades\/\" title=\"Autocaravanes noves perfilades\"  data-id=\"mpc_icon_column-146a965891ce76f\" class=\"mpc-icon-column mpc-init mpc-parent-hover mpc-transition mpc-icon-column--style_1 mpc-align--center \" ><div data-id=\"mpc_icon-416a965891cef47\" class=\"mpc-icon mpc-init mpc-transition mpc-effect-none mpc-icon--image \"><div class=\"mpc-icon-wrap\"><i class=\"mpc-icon-part mpc-regular mpc-transition \"><img fetchpriority=\"high\" decoding=\"async\" width=\"1000\" height=\"743\" src=\"https:\/\/m3caravaning.com\/wp-content\/uploads\/2021\/04\/icono-autocaravanas-perfiladas.png\" class=\"attachment-full\" alt=\"\" srcset=\"https:\/\/m3caravaning.com\/wp-content\/uploads\/2021\/04\/icono-autocaravanas-perfiladas.png 1000w, https:\/\/m3caravaning.com\/wp-content\/uploads\/2021\/04\/icono-autocaravanas-perfiladas-600x446.png 600w\" sizes=\"(max-width: 1000px) 100vw, 1000px\" \/><\/i><\/div><\/div><div class=\"mpc-icon-column__content-wrap\"><div class=\"mpc-icon-column__content\"><h3 class=\"mpc-icon-column__heading mpc-transition\">Autocaravanes Noves Perfilades<\/h3><div data-id=\"mpc_divider-146a965891cef98\" class=\"mpc-divider-wrap\"><div class=\"mpc-divider mpc-init mpc-align--center mpc-disable--left \" ><div class=\"mpc-divider__line mpc-side--left\"><span><\/span><\/div><div class=\"mpc-divider__line mpc-side--right\"><span><\/span><\/div><\/div><\/div><\/div><\/div><\/a>[\/vc_column_inner][vc_column_inner width=&#8221;1\/3&#8243;]<a href=\"https:\/\/m3caravaning.com\/ca\/autocaravanes\/autocaravanes-noves-caputxines\/\" title=\"Autocaravanes noves caputxines\"  data-id=\"mpc_icon_column-56a965891cf07a\" class=\"mpc-icon-column mpc-init mpc-parent-hover mpc-transition mpc-icon-column--style_1 mpc-align--center \" ><div data-id=\"mpc_icon-656a965891cf5df\" class=\"mpc-icon mpc-init mpc-transition mpc-effect-none mpc-icon--image \"><div class=\"mpc-icon-wrap\"><i class=\"mpc-icon-part mpc-regular mpc-transition \"><img decoding=\"async\" width=\"1000\" height=\"743\" src=\"https:\/\/m3caravaning.com\/wp-content\/uploads\/2021\/03\/icono-autocaravanas-capuchinas-1.png\" class=\"attachment-full\" alt=\"\" srcset=\"https:\/\/m3caravaning.com\/wp-content\/uploads\/2021\/03\/icono-autocaravanas-capuchinas-1.png 1000w, https:\/\/m3caravaning.com\/wp-content\/uploads\/2021\/03\/icono-autocaravanas-capuchinas-1-600x446.png 600w\" sizes=\"(max-width: 1000px) 100vw, 1000px\" \/><\/i><\/div><\/div><div class=\"mpc-icon-column__content-wrap\"><div class=\"mpc-icon-column__content\"><h3 class=\"mpc-icon-column__heading mpc-transition\">Autocaravanes noves caputxines<\/h3><div data-id=\"mpc_divider-216a965891cf612\" class=\"mpc-divider-wrap\"><div class=\"mpc-divider mpc-init mpc-align--center mpc-disable--left \" ><div class=\"mpc-divider__line mpc-side--left\"><span><\/span><\/div><div class=\"mpc-divider__line mpc-side--right\"><span><\/span><\/div><\/div><\/div><\/div><\/div><\/a>[\/vc_column_inner][vc_column_inner width=&#8221;1\/3&#8243;]<a href=\"https:\/\/m3caravaning.com\/ca\/autocaravanes\/autocaravanes-noves-integrals\/\" title=\"Autocaravanes noves integrals\"  data-id=\"mpc_icon_column-386a965891cf6d2\" class=\"mpc-icon-column mpc-init mpc-parent-hover mpc-transition mpc-icon-column--style_1 mpc-align--center \" ><div data-id=\"mpc_icon-16a965891cfbc0\" class=\"mpc-icon mpc-init mpc-transition mpc-effect-none mpc-icon--image \"><div class=\"mpc-icon-wrap\"><i class=\"mpc-icon-part mpc-regular mpc-transition \"><img decoding=\"async\" width=\"1000\" height=\"743\" src=\"https:\/\/m3caravaning.com\/wp-content\/uploads\/2021\/03\/icono-autocaravanas-integral-1.png\" class=\"attachment-full\" alt=\"\" srcset=\"https:\/\/m3caravaning.com\/wp-content\/uploads\/2021\/03\/icono-autocaravanas-integral-1.png 1000w, https:\/\/m3caravaning.com\/wp-content\/uploads\/2021\/03\/icono-autocaravanas-integral-1-600x446.png 600w\" sizes=\"(max-width: 1000px) 100vw, 1000px\" \/><\/i><\/div><\/div><div class=\"mpc-icon-column__content-wrap\"><div class=\"mpc-icon-column__content\"><h3 class=\"mpc-icon-column__heading mpc-transition\">Autocaravanes noves integrals<\/h3><div data-id=\"mpc_divider-36a965891cfbef\" class=\"mpc-divider-wrap\"><div class=\"mpc-divider mpc-init mpc-align--center mpc-disable--left \" ><div class=\"mpc-divider__line mpc-side--left\"><span><\/span><\/div><div class=\"mpc-divider__line mpc-side--right\"><span><\/span><\/div><\/div><\/div><\/div><\/div><\/a>[\/vc_column_inner][\/vc_row_inner][\/vc_column][\/vc_row][vc_row css=&#8221;.vc_custom_1616708733080{padding-top: 30px !important;padding-bottom: 30px !important;}&#8221;][vc_column]<div class=\"mpc-carousel__wrapper mpc-waypoint\"><div id=\"mpc_carousel_image-266a965891cfcd9\" class=\"mpc-carousel-image mpc-init mpc-layout--classic mpc-effect--none \"  data-mpcslick='{\"infinite\":true,\"autoplay\":false,\"slidesToShow\":6,\"slidesToScroll\":6,\"centerMode\":false,\"initialSlide\":0,\"speed\":500}' data-slick-cols=\"6\"><a href=\"\/listado-vehiculos-m3-caravaning\/?car_make=knaus\" target=\"\"class=\"mpc-carousel__item-wrapper\" data-height=\"255\"><div onclick=\"\" class=\"mpc-item mpc-transition\"><div class=\"mpc-border\"><\/div><img loading=\"lazy\" decoding=\"async\" width=\"663\" height=\"255\" src=\"https:\/\/m3caravaning.com\/wp-content\/uploads\/2021\/03\/logo-knaus.png\" class=\"mpc-transition attachment-full\" alt=\"\" srcset=\"https:\/\/m3caravaning.com\/wp-content\/uploads\/2021\/03\/logo-knaus.png 663w, https:\/\/m3caravaning.com\/wp-content\/uploads\/2021\/03\/logo-knaus-600x231.png 600w\" sizes=\"(max-width: 663px) 100vw, 663px\" \/><\/div><\/a><a href=\"\/listado-vehiculos-m3-caravaning\/?car_make=fendt\" target=\"\"class=\"mpc-carousel__item-wrapper\" data-height=\"255\"><div onclick=\"\" class=\"mpc-item mpc-transition\"><div class=\"mpc-border\"><\/div><img loading=\"lazy\" decoding=\"async\" width=\"663\" height=\"255\" src=\"https:\/\/m3caravaning.com\/wp-content\/uploads\/2021\/03\/logo-fednt.png\" class=\"mpc-transition attachment-full\" alt=\"\" srcset=\"https:\/\/m3caravaning.com\/wp-content\/uploads\/2021\/03\/logo-fednt.png 663w, https:\/\/m3caravaning.com\/wp-content\/uploads\/2021\/03\/logo-fednt-600x231.png 600w\" sizes=\"(max-width: 663px) 100vw, 663px\" \/><\/div><\/a><a href=\"\/listado-vehiculos-m3-caravaning\/?car_make=le-voyager\" target=\"\"class=\"mpc-carousel__item-wrapper\" data-height=\"255\"><div onclick=\"\" class=\"mpc-item mpc-transition\"><div class=\"mpc-border\"><\/div><img loading=\"lazy\" decoding=\"async\" width=\"663\" height=\"255\" src=\"https:\/\/m3caravaning.com\/wp-content\/uploads\/2021\/03\/logo-le-voyageur.png\" class=\"mpc-transition attachment-full\" alt=\"\" srcset=\"https:\/\/m3caravaning.com\/wp-content\/uploads\/2021\/03\/logo-le-voyageur.png 663w, https:\/\/m3caravaning.com\/wp-content\/uploads\/2021\/03\/logo-le-voyageur-600x231.png 600w\" sizes=\"(max-width: 663px) 100vw, 663px\" \/><\/div><\/a><a href=\"\/listado-vehiculos-m3-caravaning\/?car_make=frankia\" target=\"\"class=\"mpc-carousel__item-wrapper\" data-height=\"255\"><div onclick=\"\" class=\"mpc-item mpc-transition\"><div class=\"mpc-border\"><\/div><img loading=\"lazy\" decoding=\"async\" width=\"663\" height=\"255\" src=\"https:\/\/m3caravaning.com\/wp-content\/uploads\/2021\/03\/logo-frankia.png\" class=\"mpc-transition attachment-full\" alt=\"\" srcset=\"https:\/\/m3caravaning.com\/wp-content\/uploads\/2021\/03\/logo-frankia.png 663w, https:\/\/m3caravaning.com\/wp-content\/uploads\/2021\/03\/logo-frankia-600x231.png 600w\" sizes=\"(max-width: 663px) 100vw, 663px\" \/><\/div><\/a><a href=\"\/listado-vehiculos-m3-caravaning\/?car_make=tabbert\" target=\"\"class=\"mpc-carousel__item-wrapper\" data-height=\"255\"><div onclick=\"\" class=\"mpc-item mpc-transition\"><div class=\"mpc-border\"><\/div><img loading=\"lazy\" decoding=\"async\" width=\"663\" height=\"255\" src=\"https:\/\/m3caravaning.com\/wp-content\/uploads\/2021\/03\/logo-tabbert.png\" class=\"mpc-transition attachment-full\" alt=\"\" srcset=\"https:\/\/m3caravaning.com\/wp-content\/uploads\/2021\/03\/logo-tabbert.png 663w, https:\/\/m3caravaning.com\/wp-content\/uploads\/2021\/03\/logo-tabbert-600x231.png 600w\" sizes=\"(max-width: 663px) 100vw, 663px\" \/><\/div><\/a><a href=\"\/listado-vehiculos-m3-caravaning\/?car_make=weinsberg\" target=\"\"class=\"mpc-carousel__item-wrapper\" data-height=\"255\"><div onclick=\"\" class=\"mpc-item mpc-transition\"><div class=\"mpc-border\"><\/div><img loading=\"lazy\" decoding=\"async\" width=\"663\" height=\"255\" src=\"https:\/\/m3caravaning.com\/wp-content\/uploads\/2021\/03\/logo-weinsberg.png\" class=\"mpc-transition attachment-full\" alt=\"\" srcset=\"https:\/\/m3caravaning.com\/wp-content\/uploads\/2021\/03\/logo-weinsberg.png 663w, https:\/\/m3caravaning.com\/wp-content\/uploads\/2021\/03\/logo-weinsberg-600x231.png 600w\" sizes=\"(max-width: 663px) 100vw, 663px\" \/><\/div><\/a><a href=\"\/listado-vehiculos-m3-caravaning\/?car_make=pilote\" target=\"\"class=\"mpc-carousel__item-wrapper\" data-height=\"255\"><div onclick=\"\" class=\"mpc-item mpc-transition\"><div class=\"mpc-border\"><\/div><img loading=\"lazy\" decoding=\"async\" width=\"663\" height=\"255\" src=\"https:\/\/m3caravaning.com\/wp-content\/uploads\/2021\/03\/logo-pilote.png\" class=\"mpc-transition attachment-full\" alt=\"\" srcset=\"https:\/\/m3caravaning.com\/wp-content\/uploads\/2021\/03\/logo-pilote.png 663w, https:\/\/m3caravaning.com\/wp-content\/uploads\/2021\/03\/logo-pilote-600x231.png 600w\" sizes=\"(max-width: 663px) 100vw, 663px\" \/><\/div><\/a><a href=\"\/listado-vehiculos-m3-caravaning\/?car_make=morelo\" target=\"\"class=\"mpc-carousel__item-wrapper\" data-height=\"255\"><div onclick=\"\" class=\"mpc-item mpc-transition\"><div class=\"mpc-border\"><\/div><img loading=\"lazy\" decoding=\"async\" width=\"663\" height=\"255\" src=\"https:\/\/m3caravaning.com\/wp-content\/uploads\/2021\/03\/logo-morello.png\" class=\"mpc-transition attachment-full\" alt=\"\" srcset=\"https:\/\/m3caravaning.com\/wp-content\/uploads\/2021\/03\/logo-morello.png 663w, https:\/\/m3caravaning.com\/wp-content\/uploads\/2021\/03\/logo-morello-600x231.png 600w\" sizes=\"(max-width: 663px) 100vw, 663px\" \/><\/div><\/a><a href=\"\/listado-vehiculos-m3-caravaning\/?car_make=mooveo\" target=\"\"class=\"mpc-carousel__item-wrapper\" data-height=\"255\"><div onclick=\"\" class=\"mpc-item mpc-transition\"><div class=\"mpc-border\"><\/div><img loading=\"lazy\" decoding=\"async\" width=\"663\" height=\"255\" src=\"https:\/\/m3caravaning.com\/wp-content\/uploads\/2021\/03\/logo-mooveo.png\" class=\"mpc-transition attachment-full\" alt=\"\" srcset=\"https:\/\/m3caravaning.com\/wp-content\/uploads\/2021\/03\/logo-mooveo.png 663w, https:\/\/m3caravaning.com\/wp-content\/uploads\/2021\/03\/logo-mooveo-600x231.png 600w\" sizes=\"(max-width: 663px) 100vw, 663px\" \/><\/div><\/a><\/div><div class=\"mpc-navigation mpc-init mpc-align--right mpc-navigation--style_5  mpc-nav-preset--mpc_preset_10\" data-mpcslider=\"mpc_carousel_image-266a965891cfcd9\"><div class=\"mpc-nav__arrow mpcslick-prev\"><div class=\"mpc-nav__icon mpc-transition\"><i class=\" eti eti_arrow_triangle-left\"><div class=\"mpc-nav__background mpc-transition mpc-effect-type--slide mpc-effect-side--right\"><\/div><\/i><\/div><\/div><\/div><div class=\"mpc-navigation mpc-init mpc-align--right mpc-navigation--style_5  mpc-nav-preset--mpc_preset_10\" data-mpcslider=\"mpc_carousel_image-266a965891cfcd9\"><div class=\"mpc-nav__arrow mpcslick-next\"><div class=\"mpc-nav__icon mpc-transition\"><i class=\" eti eti_arrow_triangle-right\"><div class=\"mpc-nav__background mpc-transition mpc-effect-type--slide mpc-effect-side--right\"><\/div><\/i><\/div><\/div><\/div><\/div>[\/vc_column][\/vc_row][vc_row el_class=&#8221;search-page&#8221;][vc_column]\r\n\t<div class=\"search-block clearfix box top white-bg\" data-empty-lbl=\"--Select--\">\r\r\n\t\t\r\n\r\r\n\t\t<div class=\"col-lg-10 col-md-10 col-sm-12\">\r\r\n\t\t\t<div class=\"row sort-filters-box\">\r\r\n\t\t\t\t\r\n\t\t\t\t\t<div class=\"col-lg-4 col-md-4 col-sm-12\">\r\r\n\t\t\t\t\t\t<!-- <span>Select Vehicle Categories<\/span> -->\r\r\n\t\t\t\t\t\t<div class=\"selected-box\">\r\r\n\t\t\t\t\t\t\t<select data-uid=\"6a965891d294b\" id=\"sort_vehicle_cat_6a965891d294b\" data-id=\"vehicle_cat\" class=\"selectpicker custom-filters-box col-4 cd-select-box\">\r\r\n\t\t\t\t\t\t\t\t<option value=\"\">Categoria de vehicles<\/option>\r\r\n\t\t\t\t\t\t\t\t\r\n\t\t\t\t\t\t\t\t\t\t<option value=\"autocaravanes\">Autocaravanes<\/option>\r\r\n\t\t\t\t\t\t\t\t\t\t\r\n\t\t\t\t\t\t\t\t\t\t<option value=\"campers-ca\">Campers<\/option>\r\r\n\t\t\t\t\t\t\t\t\t\t\r\n\t\t\t\t\t\t\t\t\t\t<option value=\"mini-caravanas-ca\">Caravanas mini<\/option>\r\r\n\t\t\t\t\t\t\t\t\t\t\r\n\t\t\t\t\t\t\t\t\t\t<option value=\"cara-pequenas-ca\">Caravanas peque\u00f1as<\/option>\r\r\n\t\t\t\t\t\t\t\t\t\t\r\n\t\t\t\t\t\t\t\t\t\t<option value=\"cara-pequenas-segunda-mano-ca\">Caravanas peque\u00f1as segunda mano<\/option>\r\r\n\t\t\t\t\t\t\t\t\t\t\r\n\t\t\t\t\t\t\t\t\t\t<option value=\"caravanes\">Caravanes<\/option>\r\r\n\t\t\t\t\t\t\t\t\t\t\r\n\t\t\t\t\t\t\t<\/select>\r\r\n\t\t\t\t\t\t<\/div>\r\r\n\t\t\t\t\t<\/div>\r\r\n\t\t\t\t\t\r\n\t\t\t\t\t<div class=\"col-lg-4 col-md-4 col-sm-12\">\r\r\n\t\t\t\t\t\t<!-- <span>Select Make<\/span> -->\r\r\n\t\t\t\t\t\t<div class=\"selected-box\">\r\r\n\t\t\t\t\t\t\t<select data-uid=\"6a965891d294b\" id=\"sort_car_make_6a965891d294b\" data-id=\"car_make\" class=\"selectpicker custom-filters-box col-4 cd-select-box\">\r\r\n\t\t\t\t\t\t\t\t<option value=\"\">Marca<\/option>\r\r\n\t\t\t\t\t\t\t\t\r\n\t\t\t\t\t\t\t\t\t\t<option value=\"ace\">Ace<\/option>\r\r\n\t\t\t\t\t\t\t\t\t\t\r\n\t\t\t\t\t\t\t\t\t\t<option value=\"adria\">Adria<\/option>\r\r\n\t\t\t\t\t\t\t\t\t\t\r\n\t\t\t\t\t\t\t\t\t\t<option value=\"advantec\">Advantec<\/option>\r\r\n\t\t\t\t\t\t\t\t\t\t\r\n\t\t\t\t\t\t\t\t\t\t<option value=\"autostar\">AUTOSTAR<\/option>\r\r\n\t\t\t\t\t\t\t\t\t\t\r\n\t\t\t\t\t\t\t\t\t\t<option value=\"benimar\">Benimar<\/option>\r\r\n\t\t\t\t\t\t\t\t\t\t\r\n\t\t\t\t\t\t\t\t\t\t<option value=\"burstner\">Burstner<\/option>\r\r\n\t\t\t\t\t\t\t\t\t\t\r\n\t\t\t\t\t\t\t\t\t\t<option value=\"carado\">Carado<\/option>\r\r\n\t\t\t\t\t\t\t\t\t\t\r\n\t\t\t\t\t\t\t\t\t\t<option value=\"caravelair\">Caravelair<\/option>\r\r\n\t\t\t\t\t\t\t\t\t\t\r\n\t\t\t\t\t\t\t\t\t\t<option value=\"caretta\">Caretta<\/option>\r\r\n\t\t\t\t\t\t\t\t\t\t\r\n\t\t\t\t\t\t\t\t\t\t<option value=\"carpento\">Carpento<\/option>\r\r\n\t\t\t\t\t\t\t\t\t\t\r\n\t\t\t\t\t\t\t\t\t\t<option value=\"challenger\">Challenger<\/option>\r\r\n\t\t\t\t\t\t\t\t\t\t\r\n\t\t\t\t\t\t\t\t\t\t<option value=\"dethleffs\">Dethleffs<\/option>\r\r\n\t\t\t\t\t\t\t\t\t\t\r\n\t\t\t\t\t\t\t\t\t\t<option value=\"dreamer\">DREAMER<\/option>\r\r\n\t\t\t\t\t\t\t\t\t\t\r\n\t\t\t\t\t\t\t\t\t\t<option value=\"fendt\">Fendt<\/option>\r\r\n\t\t\t\t\t\t\t\t\t\t\r\n\t\t\t\t\t\t\t\t\t\t<option value=\"giottiline\">Giottiline<\/option>\r\r\n\t\t\t\t\t\t\t\t\t\t\r\n\t\t\t\t\t\t\t\t\t\t<option value=\"hobby\">Hobby<\/option>\r\r\n\t\t\t\t\t\t\t\t\t\t\r\n\t\t\t\t\t\t\t\t\t\t<option value=\"hymer\">Hymer<\/option>\r\r\n\t\t\t\t\t\t\t\t\t\t\r\n\t\t\t\t\t\t\t\t\t\t<option value=\"joa\">JOA<\/option>\r\r\n\t\t\t\t\t\t\t\t\t\t\r\n\t\t\t\t\t\t\t\t\t\t<option value=\"joint\">Joint<\/option>\r\r\n\t\t\t\t\t\t\t\t\t\t\r\n\t\t\t\t\t\t\t\t\t\t<option value=\"knaus\">Knaus<\/option>\r\r\n\t\t\t\t\t\t\t\t\t\t\r\n\t\t\t\t\t\t\t\t\t\t<option value=\"laika\">Laika<\/option>\r\r\n\t\t\t\t\t\t\t\t\t\t\r\n\t\t\t\t\t\t\t\t\t\t<option value=\"lmc\">LMC<\/option>\r\r\n\t\t\t\t\t\t\t\t\t\t\r\n\t\t\t\t\t\t\t\t\t\t<option value=\"mclouis\">McLouis<\/option>\r\r\n\t\t\t\t\t\t\t\t\t\t\r\n\t\t\t\t\t\t\t\t\t\t<option value=\"mobilvetta\">Mobilvetta<\/option>\r\r\n\t\t\t\t\t\t\t\t\t\t\r\n\t\t\t\t\t\t\t\t\t\t<option value=\"morelo\">Morelo<\/option>\r\r\n\t\t\t\t\t\t\t\t\t\t\r\n\t\t\t\t\t\t\t\t\t\t<option value=\"peugeot\">Peugeot<\/option>\r\r\n\t\t\t\t\t\t\t\t\t\t\r\n\t\t\t\t\t\t\t\t\t\t<option value=\"pilote\">Pilote<\/option>\r\r\n\t\t\t\t\t\t\t\t\t\t\r\n\t\t\t\t\t\t\t\t\t\t<option value=\"rimor\">Rimor<\/option>\r\r\n\t\t\t\t\t\t\t\t\t\t\r\n\t\t\t\t\t\t\t\t\t\t<option value=\"roller\">Roller<\/option>\r\r\n\t\t\t\t\t\t\t\t\t\t\r\n\t\t\t\t\t\t\t\t\t\t<option value=\"sterckeman\">Sterckeman<\/option>\r\r\n\t\t\t\t\t\t\t\t\t\t\r\n\t\t\t\t\t\t\t\t\t\t<option value=\"tb\">T@B<\/option>\r\r\n\t\t\t\t\t\t\t\t\t\t\r\n\t\t\t\t\t\t\t\t\t\t<option value=\"tab\">TAB<\/option>\r\r\n\t\t\t\t\t\t\t\t\t\t\r\n\t\t\t\t\t\t\t\t\t\t<option value=\"tabbert\">Tabbert<\/option>\r\r\n\t\t\t\t\t\t\t\t\t\t\r\n\t\t\t\t\t\t\t\t\t\t<option value=\"tec\">TEC<\/option>\r\r\n\t\t\t\t\t\t\t\t\t\t\r\n\t\t\t\t\t\t\t\t\t\t<option value=\"trigano\">Trigano<\/option>\r\r\n\t\t\t\t\t\t\t\t\t\t\r\n\t\t\t\t\t\t\t\t\t\t<option value=\"v633m\">V633M<\/option>\r\r\n\t\t\t\t\t\t\t\t\t\t\r\n\t\t\t\t\t\t\t\t\t\t<option value=\"weinsberg\">Weinsberg<\/option>\r\r\n\t\t\t\t\t\t\t\t\t\t\r\n\t\t\t\t\t\t\t\t\t\t<option value=\"wilk\">Wilk<\/option>\r\r\n\t\t\t\t\t\t\t\t\t\t\r\n\t\t\t\t\t\t\t<\/select>\r\r\n\t\t\t\t\t\t<\/div>\r\r\n\t\t\t\t\t<\/div>\r\r\n\t\t\t\t\t\r\n\t\t\t\t\t<div class=\"col-lg-4 col-md-4 col-sm-12\">\r\r\n\t\t\t\t\t\t<!-- <span>Select Condition<\/span> -->\r\r\n\t\t\t\t\t\t<div class=\"selected-box\">\r\r\n\t\t\t\t\t\t\t<select data-uid=\"6a965891d294b\" id=\"sort_car_condition_6a965891d294b\" data-id=\"car_condition\" class=\"selectpicker custom-filters-box col-4 cd-select-box\">\r\r\n\t\t\t\t\t\t\t\t<option value=\"\">Antiguetat<\/option>\r\r\n\t\t\t\t\t\t\t\t\r\n\t\t\t\t\t\t\t\t\t\t<option value=\"fiat-2-3-150-cv-ca\">Fiat 2.3 150 CV<\/option>\r\r\n\t\t\t\t\t\t\t\t\t\t\r\n\t\t\t\t\t\t\t\t\t\t<option value=\"kilometro-0\">Kilometro.0<\/option>\r\r\n\t\t\t\t\t\t\t\t\t\t\r\n\t\t\t\t\t\t\t\t\t\t<option value=\"noves-2-ca\">Noves<\/option>\r\r\n\t\t\t\t\t\t\t\t\t\t\r\n\t\t\t\t\t\t\t\t\t\t<option value=\"nueva\">Nueva<\/option>\r\r\n\t\t\t\t\t\t\t\t\t\t\r\n\t\t\t\t\t\t\t\t\t\t<option value=\"ocasio_ca\">Ocasi\u00f3<\/option>\r\r\n\t\t\t\t\t\t\t\t\t\t\r\n\t\t\t\t\t\t\t\t\t\t<option value=\"ofertes\">Ofertes<\/option>\r\r\n\t\t\t\t\t\t\t\t\t\t\r\n\t\t\t\t\t\t\t\t\t\t<option value=\"segona-ma\">Segona Ma<\/option>\r\r\n\t\t\t\t\t\t\t\t\t\t\r\n\t\t\t\t\t\t\t\t\t\t<option value=\"segunda-mano-ca\">Segunda Mano<\/option>\r\r\n\t\t\t\t\t\t\t\t\t\t\r\n\t\t\t\t\t\t\t<\/select>\r\r\n\t\t\t\t\t\t<\/div>\r\r\n\t\t\t\t\t<\/div>\r\r\n\t\t\t\t\t\r\n\t\t\t<\/div>\r\r\n\t\t<\/div>\r\r\n\t\t<div class=\"col-lg-2 col-md-2 col-sm-12\">\r\r\n\t\t\t\r\n\t\t\t<div class=\"price_slider_wrapper\">\r\r\n\t\t\t\t<div class=\"price-slide\">\r\r\n\t\t\t\t\t<div class=\"price\">\r\r\n\t\t\t\t\t\t\r\n\t\t\t\t\t\t<input type=\"hidden\" id=\"pgs_min_price\" name=\"min_price\" value=\"\" data-min=\"0\"\/>\r\r\n\t\t\t\t\t\t<input type=\"hidden\" id=\"pgs_max_price\" name=\"max_price\" value=\"\" data-max=\"315100\" data-step=\"100\"\/>\r\r\n\r\r\n\t\t\t\t\t\t<label for=\"dealer-slider-amount\">Rang de preus<\/label>\r\r\n\t\t\t\t\t\t<input type=\"text\" id=\"dealer-slider-amount\" readonly class=\"amount\" value=\"\" \/>\r\r\n\t\t\t\t\t\t<div id=\"slider-range\"><\/div>\r\r\n\t\t\t\t\t\t\r\n\r\r\n\t\t\t\t\t<\/div>\r\r\n\t\t\t\t<\/div>\r\r\n\t\t\t<\/div>\r\r\n\t\t\t<a class=\"button cfb-submit-btn\" href=\"javascript:void(0);\">Buscar<\/a>\r\r\n\t\t<\/div>\r\r\n\t\t\r\n\t\t<div class=\"clearfix\"><\/div>\r\r\n\t\t<div class=\"filter-loader\"><\/div>\r\r\n\t<\/div>\r\r\n\t[\/vc_column][\/vc_row][vc_row][vc_column]\r\n\t<div class=\"pgs_cars_carousel-wrapper\">\r\r\n\t\t\r\n\t\t<div class=\"pgs_cars_carousel-items\" >\r\r\n\t\t\t\r\n\t\t\t\t<div class=\"row\">\r\r\n\t\t\t\t\r\n\t\t\t\t<div class='item col-sm-3'>\r\r\n\t\t\t\t\t<div class='car-item text-center white-bg'>\r\r\n\t\t\t\t\t\t<div class='car-image'>\r\r\n\t\t\t\t\t\t\t<a href=\"https:\/\/m3caravaning.com\/ca\/m3caravaning\/autocaravana-pilote-atlas-a650-d\/\"><span class=\"label car-condition noves\">Noves<\/span><img loading=\"lazy\" decoding=\"async\" class=\"img-responsive\" src=\"https:\/\/m3caravaning.com\/wp-content\/uploads\/2026\/08\/autocaravana_nueva_pilote_atlas_a_650_d-1-800x600-1-265x190.jpg\" alt=\"\" width=\"265\" height=\"190\"\/><\/a><div class=\"car-list\"><ul class=\"list-inline\"><li class=\"car-transmission-dots\" title=\"Autom\u00e1tica\"><i class=\"fas fa-cog\"><\/i> Autom\u00e1tica<\/li><\/ul><\/div>\r\n\t\t\t\t\t\t<\/div>\r\r\n\t\t\t\t\t\t\r\n\t\t\t\t\t\t<div class='car-content'>\r\r\n\t\t\t\t\t\t\t<a href=\"https:\/\/m3caravaning.com\/ca\/m3caravaning\/autocaravana-pilote-atlas-a650-d\/\">AUTOCARAVANA PILOTE ATLAS A650 D<\/a><div class=\"separator\"><\/div><div class=\"price car-price \"><span class=\"old-price\"> 77.490&euro;<\/span><span class=\"new-price\"> 75.290&euro;<\/span><\/div>\r\n\t\t\t\t\t\t<\/div>\r\r\n\t\t\t\t\t<\/div>\r\r\n\t\t\t\t<\/div>\r\r\n\t\t\t\t\r\n\t\t\t\t<div class='item col-sm-3'>\r\r\n\t\t\t\t\t<div class='car-item text-center white-bg'>\r\r\n\t\t\t\t\t\t<div class='car-image'>\r\r\n\t\t\t\t\t\t\t<a href=\"https:\/\/m3caravaning.com\/ca\/m3caravaning\/autocaravana-pilote-g741-fgj\/\"><span class=\"label car-condition noves\">Noves<\/span><img loading=\"lazy\" decoding=\"async\" class=\"img-responsive\" src=\"https:\/\/m3caravaning.com\/wp-content\/uploads\/2026\/08\/autocaravana_nueva_pilote_g741_fgj_expression-1-800x600-1-265x190.jpg\" alt=\"\" width=\"265\" height=\"190\"\/><\/a><div class=\"car-list\"><ul class=\"list-inline\"><li class=\"car-transmission-dots\" title=\"Autom\u00e1tica\"><i class=\"fas fa-cog\"><\/i> Autom\u00e1tica<\/li><\/ul><\/div>\r\n\t\t\t\t\t\t<\/div>\r\r\n\t\t\t\t\t\t\r\n\t\t\t\t\t\t<div class='car-content'>\r\r\n\t\t\t\t\t\t\t<a href=\"https:\/\/m3caravaning.com\/ca\/m3caravaning\/autocaravana-pilote-g741-fgj\/\">AUTOCARAVANA PILOTE G741 FGJ EXPRESSION<\/a><div class=\"separator\"><\/div><div class=\"price car-price \"><span class=\"new-price\"> 99.990&euro;<\/span><\/div>\r\n\t\t\t\t\t\t<\/div>\r\r\n\t\t\t\t\t<\/div>\r\r\n\t\t\t\t<\/div>\r\r\n\t\t\t\t\r\n\t\t\t\t<div class='item col-sm-3'>\r\r\n\t\t\t\t\t<div class='car-item text-center white-bg'>\r\r\n\t\t\t\t\t\t<div class='car-image'>\r\r\n\t\t\t\t\t\t\t<a href=\"https:\/\/m3caravaning.com\/ca\/m3caravaning\/autocaravana-giottiline-siena-396\/\"><span class=\"label car-condition noves\">Noves<\/span><img loading=\"lazy\" decoding=\"async\" class=\"img-responsive\" src=\"https:\/\/m3caravaning.com\/wp-content\/uploads\/2026\/08\/autocaravana_nueva_giottiline_siena_396_version_standard-1-800x600-1-265x190.jpg\" alt=\"\" width=\"265\" height=\"190\"\/><\/a><div class=\"car-list\"><ul class=\"list-inline\"><li class=\"car-transmission-dots\" title=\"Manual\"><i class=\"fas fa-cog\"><\/i> Manual<\/li><\/ul><\/div>\r\n\t\t\t\t\t\t<\/div>\r\r\n\t\t\t\t\t\t\r\n\t\t\t\t\t\t<div class='car-content'>\r\r\n\t\t\t\t\t\t\t<a href=\"https:\/\/m3caravaning.com\/ca\/m3caravaning\/autocaravana-giottiline-siena-396\/\">AUTOCARAVANA GIOTTILINE SIENA 396<\/a><div class=\"separator\"><\/div><div class=\"price car-price \"><span class=\"old-price\"> 67.690&euro;<\/span><span class=\"new-price\"> 65.190&euro;<\/span><\/div>\r\n\t\t\t\t\t\t<\/div>\r\r\n\t\t\t\t\t<\/div>\r\r\n\t\t\t\t<\/div>\r\r\n\t\t\t\t\r\n\t\t\t\t<div class='item col-sm-3'>\r\r\n\t\t\t\t\t<div class='car-item text-center white-bg'>\r\r\n\t\t\t\t\t\t<div class='car-image'>\r\r\n\t\t\t\t\t\t\t<a href=\"https:\/\/m3caravaning.com\/ca\/m3caravaning\/autocaravana-weinsberg-caracompact-640-meg-edition-pepper\/\"><span class=\"label car-condition noves\">Noves<\/span><img loading=\"lazy\" decoding=\"async\" class=\"img-responsive\" src=\"https:\/\/m3caravaning.com\/wp-content\/uploads\/2026\/07\/autocaravana_nueva_weinsberg_caracompact_640_meg-1-800x600-1-265x190.jpg\" alt=\"\" width=\"265\" height=\"190\"\/><\/a><div class=\"car-list\"><ul class=\"list-inline\"><li class=\"car-transmission-dots\" title=\"Autom\u00e1tica\"><i class=\"fas fa-cog\"><\/i> Autom\u00e1tica<\/li><\/ul><\/div>\r\n\t\t\t\t\t\t<\/div>\r\r\n\t\t\t\t\t\t\r\n\t\t\t\t\t\t<div class='car-content'>\r\r\n\t\t\t\t\t\t\t<a href=\"https:\/\/m3caravaning.com\/ca\/m3caravaning\/autocaravana-weinsberg-caracompact-640-meg-edition-pepper\/\">AUTOCARAVANA WEINSBERG CARACOMPACT 640 MEG [EDITION PEPPER]<\/a><div class=\"separator\"><\/div><div class=\"price car-price \"><span class=\"new-price\"> 91.690&euro;<\/span><\/div>\r\n\t\t\t\t\t\t<\/div>\r\r\n\t\t\t\t\t<\/div>\r\r\n\t\t\t\t<\/div>\r\r\n\t\t\t\t\r\n\t\t\t\t<div class='item col-sm-3'>\r\r\n\t\t\t\t\t<div class='car-item text-center white-bg'>\r\r\n\t\t\t\t\t\t<div class='car-image'>\r\r\n\t\t\t\t\t\t\t<a href=\"https:\/\/m3caravaning.com\/ca\/m3caravaning\/autocaravana-giottiline-siena-397\/\"><span class=\"label car-condition noves\">Noves<\/span><img loading=\"lazy\" decoding=\"async\" class=\"img-responsive\" src=\"https:\/\/m3caravaning.com\/wp-content\/uploads\/2026\/07\/autocaravana_nueva_giottiline_siena_397-1-800x600-1-265x190.jpg\" alt=\"\" width=\"265\" height=\"190\"\/><\/a><div class=\"car-list\"><ul class=\"list-inline\"><li class=\"car-transmission-dots\" title=\"Manual\"><i class=\"fas fa-cog\"><\/i> Manual<\/li><\/ul><\/div>\r\n\t\t\t\t\t\t<\/div>\r\r\n\t\t\t\t\t\t\r\n\t\t\t\t\t\t<div class='car-content'>\r\r\n\t\t\t\t\t\t\t<a href=\"https:\/\/m3caravaning.com\/ca\/m3caravaning\/autocaravana-giottiline-siena-397\/\">AUTOCARAVANA GIOTTILINE SIENA 397<\/a><div class=\"separator\"><\/div><div class=\"price car-price \"><span class=\"old-price\"> 69.392&euro;<\/span><span class=\"new-price\"> 66.892&euro;<\/span><\/div>\r\n\t\t\t\t\t\t<\/div>\r\r\n\t\t\t\t\t<\/div>\r\r\n\t\t\t\t<\/div>\r\r\n\t\t\t\t\r\n\t\t\t\t<div class='item col-sm-3'>\r\r\n\t\t\t\t\t<div class='car-item text-center white-bg'>\r\r\n\t\t\t\t\t\t<div class='car-image'>\r\r\n\t\t\t\t\t\t\t<a href=\"https:\/\/m3caravaning.com\/ca\/m3caravaning\/autocaravana-pilote-atlas-a690-g\/\"><span class=\"label car-condition noves\">Noves<\/span><img loading=\"lazy\" decoding=\"async\" class=\"img-responsive\" src=\"https:\/\/m3caravaning.com\/wp-content\/uploads\/2026\/06\/autocaravana_nueva_pilote_atlas_a_690_g-1-800x600-1-265x190.jpg\" alt=\"\" width=\"265\" height=\"190\"\/><\/a><div class=\"car-list\"><ul class=\"list-inline\"><li class=\"car-transmission-dots\" title=\"Autom\u00e1tica\"><i class=\"fas fa-cog\"><\/i> Autom\u00e1tica<\/li><\/ul><\/div>\r\n\t\t\t\t\t\t<\/div>\r\r\n\t\t\t\t\t\t\r\n\t\t\t\t\t\t<div class='car-content'>\r\r\n\t\t\t\t\t\t\t<a href=\"https:\/\/m3caravaning.com\/ca\/m3caravaning\/autocaravana-pilote-atlas-a690-g\/\">AUTOCARAVANA PILOTE ATLAS A690 G<\/a><div class=\"separator\"><\/div><div class=\"price car-price \"><span class=\"old-price\"> 78.490&euro;<\/span><span class=\"new-price\"> 75.490&euro;<\/span><\/div>\r\n\t\t\t\t\t\t<\/div>\r\r\n\t\t\t\t\t<\/div>\r\r\n\t\t\t\t<\/div>\r\r\n\t\t\t\t\r\n\t\t\t\t<div class='item col-sm-3'>\r\r\n\t\t\t\t\t<div class='car-item text-center white-bg'>\r\r\n\t\t\t\t\t\t<div class='car-image'>\r\r\n\t\t\t\t\t\t\t<a href=\"https:\/\/m3caravaning.com\/ca\/m3caravaning\/autocaravana-giottiline-toscan-69gc\/\"><span class=\"label car-condition noves\">Noves<\/span><img loading=\"lazy\" decoding=\"async\" class=\"img-responsive\" src=\"https:\/\/m3caravaning.com\/wp-content\/uploads\/2026\/05\/autocaravana_nueva_giottiline_toscan_69_gc-1-800x600-1-265x190.jpg\" alt=\"\" width=\"265\" height=\"190\"\/><\/a><div class=\"car-list\"><ul class=\"list-inline\"><li class=\"car-transmission-dots\" title=\"Manual\"><i class=\"fas fa-cog\"><\/i> Manual<\/li><\/ul><\/div>\r\n\t\t\t\t\t\t<\/div>\r\r\n\t\t\t\t\t\t\r\n\t\t\t\t\t\t<div class='car-content'>\r\r\n\t\t\t\t\t\t\t<a href=\"https:\/\/m3caravaning.com\/ca\/m3caravaning\/autocaravana-giottiline-toscan-69gc\/\">AUTOCARAVANA GIOTTILINE TOSCAN 69GC<\/a><div class=\"separator\"><\/div><div class=\"price car-price \"><span class=\"old-price\"> 79.019&euro;<\/span><span class=\"new-price\"> 77.519&euro;<\/span><\/div>\r\n\t\t\t\t\t\t<\/div>\r\r\n\t\t\t\t\t<\/div>\r\r\n\t\t\t\t<\/div>\r\r\n\t\t\t\t\r\n\t\t\t\t<div class='item col-sm-3'>\r\r\n\t\t\t\t\t<div class='car-item text-center white-bg'>\r\r\n\t\t\t\t\t\t<div class='car-image'>\r\r\n\t\t\t\t\t\t\t<a href=\"https:\/\/m3caravaning.com\/ca\/m3caravaning\/autocaravana-weinsberg-caracompact-suite-640-meg\/\"><span class=\"label car-condition noves\">Noves<\/span><img loading=\"lazy\" decoding=\"async\" class=\"img-responsive\" src=\"https:\/\/m3caravaning.com\/wp-content\/uploads\/2026\/05\/autocaravana_weinsberg_caracompact_suite_640meg-2-800x600-1-265x190.jpg\" alt=\"\" width=\"265\" height=\"190\"\/><\/a><div class=\"car-list\"><ul class=\"list-inline\"><li class=\"car-transmission-dots\" title=\"Autom\u00e1tica\"><i class=\"fas fa-cog\"><\/i> Autom\u00e1tica<\/li><\/ul><\/div>\r\n\t\t\t\t\t\t<\/div>\r\r\n\t\t\t\t\t\t\r\n\t\t\t\t\t\t<div class='car-content'>\r\r\n\t\t\t\t\t\t\t<a href=\"https:\/\/m3caravaning.com\/ca\/m3caravaning\/autocaravana-weinsberg-caracompact-suite-640-meg\/\">AUTOCARAVANA WEINSBERG CARACOMPACT SUITE 640 MEG<\/a><div class=\"separator\"><\/div><div class=\"price car-price \"><span class=\"old-price\"> 94.890&euro;<\/span><span class=\"new-price\"> 91.890&euro;<\/span><\/div>\r\n\t\t\t\t\t\t<\/div>\r\r\n\t\t\t\t\t<\/div>\r\r\n\t\t\t\t<\/div>\r\r\n\t\t\t\t\r\n\t\t\t\t<div class='item col-sm-3'>\r\r\n\t\t\t\t\t<div class='car-item text-center white-bg'>\r\r\n\t\t\t\t\t\t<div class='car-image'>\r\r\n\t\t\t\t\t\t\t<a href=\"https:\/\/m3caravaning.com\/ca\/m3caravaning\/autocaravana-giottiline-giotticompact-cx60-2\/\"><span class=\"label car-condition noves\">Noves<\/span><img loading=\"lazy\" decoding=\"async\" class=\"img-responsive\" src=\"https:\/\/m3caravaning.com\/wp-content\/uploads\/2026\/04\/autocaravana_giottiline_giotticompact_cx60_version_standard-1-800x600-1-265x190.jpg\" alt=\"\" width=\"265\" height=\"190\"\/><\/a><div class=\"car-list\"><ul class=\"list-inline\"><li class=\"car-transmission-dots\" title=\"Manual\"><i class=\"fas fa-cog\"><\/i> Manual<\/li><\/ul><\/div>\r\n\t\t\t\t\t\t<\/div>\r\r\n\t\t\t\t\t\t\r\n\t\t\t\t\t\t<div class='car-content'>\r\r\n\t\t\t\t\t\t\t<a href=\"https:\/\/m3caravaning.com\/ca\/m3caravaning\/autocaravana-giottiline-giotticompact-cx60-2\/\">AUTOCARAVANA GIOTTILINE GIOTTICOMPACT CX60<\/a><div class=\"separator\"><\/div><div class=\"price car-price \"><span class=\"old-price\"> 64.280&euro;<\/span><span class=\"new-price\"> 61.780&euro;<\/span><\/div>\r\n\t\t\t\t\t\t<\/div>\r\r\n\t\t\t\t\t<\/div>\r\r\n\t\t\t\t<\/div>\r\r\n\t\t\t\t\r\n\t\t\t\t<div class='item col-sm-3'>\r\r\n\t\t\t\t\t<div class='car-item text-center white-bg'>\r\r\n\t\t\t\t\t\t<div class='car-image'>\r\r\n\t\t\t\t\t\t\t<a href=\"https:\/\/m3caravaning.com\/ca\/m3caravaning\/autocaravana-knaus-live-wave-650-meg-platinum-selection\/\"><span class=\"label car-condition noves\">Noves<\/span><img loading=\"lazy\" decoding=\"async\" class=\"img-responsive\" src=\"https:\/\/m3caravaning.com\/wp-content\/uploads\/2026\/03\/autocaravana_nueva_live_wave_650_meg_platinum_selection-1-800x600-1-265x190.jpg\" alt=\"\" width=\"265\" height=\"190\"\/><\/a><div class=\"car-list\"><ul class=\"list-inline\"><li class=\"car-transmission-dots\" title=\"Manual\"><i class=\"fas fa-cog\"><\/i> Manual<\/li><\/ul><\/div>\r\n\t\t\t\t\t\t<\/div>\r\r\n\t\t\t\t\t\t\r\n\t\t\t\t\t\t<div class='car-content'>\r\r\n\t\t\t\t\t\t\t<a href=\"https:\/\/m3caravaning.com\/ca\/m3caravaning\/autocaravana-knaus-live-wave-650-meg-platinum-selection\/\">AUTOCARAVANA KNAUS LIVE WAVE 650 MEG PLATINUM SELECTION<\/a><div class=\"separator\"><\/div><div class=\"price car-price \"><span class=\"old-price\"> 84.670&euro;<\/span><span class=\"new-price\"> 80.670&euro;<\/span><\/div>\r\n\t\t\t\t\t\t<\/div>\r\r\n\t\t\t\t\t<\/div>\r\r\n\t\t\t\t<\/div>\r\r\n\t\t\t\t\r\n\t\t\t\t<div class='item col-sm-3'>\r\r\n\t\t\t\t\t<div class='car-item text-center white-bg'>\r\r\n\t\t\t\t\t\t<div class='car-image'>\r\r\n\t\t\t\t\t\t\t<a href=\"https:\/\/m3caravaning.com\/ca\/m3caravaning\/autocaravana-pilote-p720fgj-evidence\/\"><span class=\"label car-condition noves\">Noves<\/span><img loading=\"lazy\" decoding=\"async\" class=\"img-responsive\" src=\"https:\/\/m3caravaning.com\/wp-content\/uploads\/2026\/03\/autocaravana_nueva_pilote_p720_fgj_evidence-1-800x600-1-265x190.jpg\" alt=\"\" width=\"265\" height=\"190\"\/><\/a><div class=\"car-list\"><ul class=\"list-inline\"><li class=\"car-transmission-dots\" title=\"Autom\u00e1tica\"><i class=\"fas fa-cog\"><\/i> Autom\u00e1tica<\/li><\/ul><\/div>\r\n\t\t\t\t\t\t<\/div>\r\r\n\t\t\t\t\t\t\r\n\t\t\t\t\t\t<div class='car-content'>\r\r\n\t\t\t\t\t\t\t<a href=\"https:\/\/m3caravaning.com\/ca\/m3caravaning\/autocaravana-pilote-p720fgj-evidence\/\">AUTOCARAVANA PILOTE P720FGJ \u00c9VIDENCE<\/a><div class=\"separator\"><\/div><div class=\"price car-price \"><span class=\"old-price\"> 84.950&euro;<\/span><span class=\"new-price\"> 79.860&euro;<\/span><\/div>\r\n\t\t\t\t\t\t<\/div>\r\r\n\t\t\t\t\t<\/div>\r\r\n\t\t\t\t<\/div>\r\r\n\t\t\t\t\r\n\t\t\t\t<div class='item col-sm-3'>\r\r\n\t\t\t\t\t<div class='car-item text-center white-bg'>\r\r\n\t\t\t\t\t\t<div class='car-image'>\r\r\n\t\t\t\t\t\t\t<a href=\"https:\/\/m3caravaning.com\/ca\/m3caravaning\/autocaravana-pilote-p740fc-evidence-2\/\"><span class=\"label car-condition noves\">Noves<\/span><img loading=\"lazy\" decoding=\"async\" class=\"img-responsive\" src=\"https:\/\/m3caravaning.com\/wp-content\/uploads\/2026\/03\/autocaravana_pilote_p740_fc_evidence-1-800x600-1-265x190.jpg\" alt=\"\" width=\"265\" height=\"190\"\/><\/a><div class=\"car-list\"><ul class=\"list-inline\"><li class=\"car-transmission-dots\" title=\"Autom\u00e1tica\"><i class=\"fas fa-cog\"><\/i> Autom\u00e1tica<\/li><\/ul><\/div>\r\n\t\t\t\t\t\t<\/div>\r\r\n\t\t\t\t\t\t\r\n\t\t\t\t\t\t<div class='car-content'>\r\r\n\t\t\t\t\t\t\t<a href=\"https:\/\/m3caravaning.com\/ca\/m3caravaning\/autocaravana-pilote-p740fc-evidence-2\/\">AUTOCARAVANA PILOTE P740FC \u00c9VIDENCE<\/a><div class=\"separator\"><\/div><div class=\"price car-price \"><span class=\"old-price\"> 86.060&euro;<\/span><span class=\"new-price\"> 80.880&euro;<\/span><\/div>\r\n\t\t\t\t\t\t<\/div>\r\r\n\t\t\t\t\t<\/div>\r\r\n\t\t\t\t<\/div>\r\r\n\t\t\t\t\r\n\t\t\t\t<\/div>\r\r\n\t\t\t\t\r\n\t\t<\/div>\r\r\n\t<\/div><!-- .pgs_cars_carousel-wrapper -->\r\r\n\t[\/vc_column][\/vc_row][vc_row][vc_column alignment=&#8221;center&#8221;]<a href=\"\/vehicle-category\/autocaravanes\/\" title=\"Veure m\u00e9s autocaravanes\"  data-id=\"mpc_button-876a965893889f9\" class=\"mpc-button mpc-init mpc-transition mpc-typography--default \" ><div class=\"mpc-button__content mpc-effect-type--none mpc-effect-side--none\"><span class=\"mpc-button__title mpc-transition\">Veure m\u00e9s autocaravanes<\/span><\/div><div class=\"mpc-button__background mpc-transition mpc-effect-type--slide mpc-effect-side--top\"><\/div><\/a>\r\n\t<div id=\"cd_space_6a96589388b72\" class=\"cd-space cd-space-6a96589388b85\" data-id=\"6a96589388b71\" data-tablet=\"70\" data-tablet-portrait=\"60\" data-mobile=\"20\" data-mobile-portrait=\"10\" data-desktop=\"60\" style=\"clear:both; display:block;\"><\/div>\r\r\n\t[\/vc_column][\/vc_row][vc_row full_width=&#8221;stretch_row_content_no_spaces&#8221; equal_height=&#8221;yes&#8221;][vc_column width=&#8221;1\/2&#8243; css=&#8221;.vc_custom_1616761301885{background-color: #333333 !important;}&#8221;][vc_row_inner content_placement=&#8221;middle&#8221;][vc_column_inner width=&#8221;1\/2&#8243;][vc_single_image image=&#8221;17717&#8243; img_size=&#8221;full&#8221; alignment=&#8221;center&#8221;][\/vc_column_inner][vc_column_inner width=&#8221;1\/2&#8243; css=&#8221;.vc_custom_1616759826315{padding-right: 40px !important;padding-left: 40px !important;}&#8221;][vc_empty_space][vc_raw_html]JTNDZGl2JTIwY2xhc3MlM0QlMjJpbmZvJTIyJTNFJTBBJTNDaDQlMjBjbGFzcyUzRCUyMnRleHQtd2hpdGUlMjIlM0VMbG9ndWVyJTIwZCUyN0F1dG9jYXJhdmFuZXMlM0MlMkZoNCUzRSUwQSUzQ3AlMjBjbGFzcyUzRCUyMnRleHQtd2hpdGUlMjIlM0VPZmVyaW0lMjBsbG9ndWVyJTIwZCUyN2F1dG9jYXJhdmFuZXMlMjBpbnRlZ3JhbGVzJTJDJTIwY2FwdXR4aW5lcyUyQyUyMHBlcmZpbGFkZXMlMjBpJTIwY2FtcGVycyUyMG5vdmVzJTIwaSUyMHNlbWklMjBub3Zlcy4lMjBBJTIwTTMlMjBDYXJhdmFuaW5nJTJDJTIwdCUyN2Fzc2Vzc29yZW0lMjBpJTIwdCUyN2FqdWRlbSUyMGElMjB0cmlhciUyMGwlMjdhdXRvY2FyYXZhbmElMjBpZGVhbCUyMHBlciUyMGxhJTIwdGV2YSUyMGZhbWlsaWElMjBpJTIwbGVzJTIwdGV2ZXMlMjBuZWNlc3NpdGF0cy4lM0MlMkZwJTNFJTBBJTNDYSUyMGNsYXNzJTNEJTIyYnV0dG9uJTIyJTIwaHJlZiUzRCUyMmh0dHBzJTNBJTJGJTJGbTNjYXJhdmFuaW5nLmNvbSUyRmNhJTJGbGxvZ3Vlci1kYXV0b2NhcmF2YW5lcy1pLWZ1cmdvbmV0ZXMtY2FtcGVyJTJGJTIyJTNFSW5mb3JtYSUyN3QlM0MlMkZhJTNFJTBBJTNDJTJGZGl2JTNF[\/vc_raw_html][vc_empty_space][\/vc_column_inner][\/vc_row_inner][\/vc_column][vc_column width=&#8221;1\/2&#8243; css=&#8221;.vc_custom_1616758419233{background-color: #df5461 !important;}&#8221;][vc_row_inner content_placement=&#8221;middle&#8221;][vc_column_inner width=&#8221;1\/2&#8243; css=&#8221;.vc_custom_1616759556723{padding-right: 40px !important;padding-left: 40px !important;}&#8221;][vc_empty_space][vc_raw_html]JTNDZGl2JTIwY2xhc3MlM0QlMjJpbmZvJTIyJTNFJTBBJTNDaDQlMjBjbGFzcyUzRCUyMnRleHQtd2hpdGUlMjIlM0VBdXRvY2FyYXZhbmFzJTIwZGUlMjBsdXhlJTNDJTJGaDQlM0UlMEElM0NwJTIwY2xhc3MlM0QlMjJ0ZXh0LXdoaXRlJTIyJTNFVmlhdGphJTIwYW1iJTIwbGVzJTIwbWlsbG9ycyUyMGNvbW9kaXRhdHMlMjBhbWIlMjBsZXMlMjBub3N0cmVzJTIwYXV0b2NhcmF2YW5lcyUyMGRlJTIwbHV4ZS4lMjBEZXN0YXF1ZW4lMjBwZXIlMjBsYSUyMHNldmElMjBncmFuZGlvc2l0YXQlMkMlMjBwZXJzb25hbGl0YXQlMkMlMjBhbWIlMjBkaXNzZW55cyUyMGQlMjdpbnRlcmlvciUyMG1vbHQlMjBjdWlkYXRzJTIwcGVyJTIwY3JlYXIlMjB1bmElMjBzZW5zYWNpJUMzJUIzJTIwJUMzJUJBbmljYSUyMGRlJTIwY29uZm9ydCUyMGklMjBleGNsdXNpdml0YXQuJTIwSWRlYWxzJTIwcGVyJTIwcGFzc2FyJTIwdW5lcyUyMHZhY2FuY2VzJTIwZW4lMjBwYXJlbGxhJTJDJTIwZmFtaWxpYSUyMG8lMjBhbWljcyUyMGFtYiUyMGxlcyUyMGNvbW9kaXRhdHMlMjBkZWxzJTIwbWlsbG9ycyUyMGhvdGVscy4lM0MlMkZwJTNFJTBBJTNDYSUyMGNsYXNzJTNEJTIyYnV0dG9uJTIwd2hpdGUlMjIlMjBocmVmJTNEJTIyaHR0cHMlM0ElMkYlMkZtM2NhcmF2YW5pbmcuY29tJTJGY2ElMkZhdXRvY2FyYXZhbmVzJTJGYXV0b2NhcmF2YW5lcy1kZS1sdXhlJTJGJTIyJTNFVmV1cmUlMjBtJUMzJUE5cyUzQyUyRmElM0UlMEElM0MlMkZkaXYlM0U=[\/vc_raw_html][vc_empty_space][\/vc_column_inner][vc_column_inner width=&#8221;1\/2&#8243;][vc_single_image image=&#8221;17759&#8243; img_size=&#8221;full&#8221; alignment=&#8221;center&#8221;][\/vc_column_inner][\/vc_row_inner][\/vc_column][\/vc_row][vc_row full_width=&#8221;stretch_row_content_no_spaces&#8221; content_placement=&#8221;middle&#8221; css=&#8221;.vc_custom_1619615631545{background-color: #f2f2f2 !important;}&#8221;][vc_column width=&#8221;1\/2&#8243;][vc_single_image image=&#8221;17516&#8243; img_size=&#8221;full&#8221;][\/vc_column][vc_column width=&#8221;1\/2&#8243; css=&#8221;.vc_custom_1619615121977{padding-right: 10% !important;padding-left: 10% !important;}&#8221; el_class=&#8221;seo-text&#8221;][vc_column_text]<\/p>\n<h2>Quina autocaravana nova comprar, una de 4 o 6 places?<\/h2>\n<p>Si est\u00e0s interessat en comprar una autocaravana nova, pots triar entre un model d&#8217;autocaravana de 2 places, de 4 places o fins i tot de 5 o 6 places. Si sou una parella que viatja sempre sola, \u00e9s recomanable triar un model de sol 2 places, per guanyar espai interior.<\/p>\n<p>Si en canvi, sou una fam\u00edlia de 4 o una parella que sol tenir convidats, el millor \u00e9s triar una autocaravana de 4 places amb llit del darrere fixa i un llit basculant o un menjador transformable.<\/p>\n<p>Si en el teu cas, sou fam\u00edlia nombrosa i voleu comprar una autocaravana nova, et recomanem un model de 5 o 6 places amb lliteres, llit fixa i llit transformable, en format d&#8217;autocaravana caputxina o perfilada.<\/p>\n<p>A M3 Caravaning disposem d&#8217;autocaravanes noves per a tots![\/vc_column_text][\/vc_column][\/vc_row][vc_row full_width=&#8221;stretch_row_content_no_spaces&#8221; equal_height=&#8221;yes&#8221; content_placement=&#8221;middle&#8221; css=&#8221;.vc_custom_1619616746965{background-color: #f2f2f2 !important;}&#8221;][vc_column width=&#8221;1\/2&#8243; css=&#8221;.vc_custom_1620040378730{padding-right: 10% !important;padding-left: 10% !important;}&#8221; el_class=&#8221;seo-text&#8221;][vc_column_text]<\/p>\n<h2>Quin manteniment he de realitzar a la meva autocaravana?<\/h2>\n<p>Sol dir-se, i \u00e9s cert, que la millor manera de mantenir una autocaravana en bon estat d&#8217;\u00fas es resumeix amb aquesta recomanaci\u00f3: utilitzar-la. D&#8217;aquesta manera mantindr\u00e0s, a m\u00e9s, la seva mec\u00e0nica a punt. L&#8217;autocaravana \u00e9s com una casa: si roman tancada, es deteriora; necessita d&#8217;aquest ambient habitable que confereix el &#8220;calor hum\u00e0&#8221;. Usar-la amb freq\u00fc\u00e8ncia \u00e9s, sens dubte, la millor &#8220;ter\u00e0pia&#8221; per mantenir la seva &#8220;salut&#8221; en perfecte estat.<\/p>\n<p>Es pot afegir que del mobiliari de l&#8217;autocaravana no s&#8217;ha de tenir majors precaucions que les conegudes de neteja, i procurar que no estigui exposada -un cop aparcada la autocaravana- a humitat o sequedat excessives que puguin afectar-la. Encara que avui dia no sol fer-se, eviti la temptaci\u00f3: substituir elements de mobiliari no \u00e9s convenient, ja que els originals van perfectament encaixats, i tant dimensions, pes i ubicaci\u00f3 estan calculats per oferir les m\u00e0ximes prestacions. S\u00ed s&#8217;han de fer les reparacions oportunes derivades d&#8217;algun possible desperfecte ocasionat en l&#8217;\u00faltim viatge: Si \u00e9s de tipus mec\u00e0nic, en el concessionari corresponent (Fiat, Ford, Mercedes &#8230;). Si \u00e9s en la c\u00e8l\u00b7lula i no pots solucionar-ho, el millor \u00e9s contactar amb el nostre taller perqu\u00e8 et gestionem la reparaci\u00f3 o manteniment que necessitis.[\/vc_column_text][\/vc_column][vc_column width=&#8221;1\/2&#8243;][vc_single_image image=&#8221;17763&#8243; img_size=&#8221;full&#8221;][\/vc_column][\/vc_row][vc_row full_width=&#8221;stretch_row_content_no_spaces&#8221; equal_height=&#8221;yes&#8221; content_placement=&#8221;middle&#8221; css=&#8221;.vc_custom_1619616759494{background-color: #f2f2f2 !important;}&#8221;][vc_column width=&#8221;1\/2&#8243; css=&#8221;.vc_custom_1620040389539{padding-right: 10% !important;padding-left: 10% !important;}&#8221; el_class=&#8221;seo-text&#8221;][vc_column_text]<\/p>\n<h2>Cures Interiors de l&#8217;autocaravana:<\/h2>\n<p>Encara que no siguin peribles (sal, sucre, caf\u00e8 &#8230;), s&#8217;han de treure tots els aliments dels armaris un cop finalitzat el viatge en autocaravana. No utilitzar dissolvents ni detergents abrasius per a la neteja de l&#8217;interior i exterior de l&#8217;autocaravana: nom\u00e9s cal utilitzar aigua i detergent suau. Netejar b\u00e9 la nevera i deixar-lo obert fins que es torni a utilitzar. Per netejar les finestres utilitzar nom\u00e9s aigua, i si hi ha taques aplicar una mica de sab\u00f3 (ev\u00edtense els productes que continguin alcohol, perqu\u00e8 deteriora el metacrilat). Buidar els dip\u00f2sits d&#8217;aigua i l&#8217;interior de la bomba (s&#8217;evita que apareguin algues i que les canonades rebentin per congelaci\u00f3 hivernal). Si l&#8217;autocaravana va estar uns mesos parada, s&#8217;haurien carregar les bateries de motor i d&#8217;habitatge. Aix\u00f2 es pot fer endollant a 220 V l&#8217;autocaravana i el mateix carregador de l&#8217;autocaravana carrega les 2 bateries o b\u00e9 posant en marxa el motor i sortir a fer un volt. Tancar la clau de pas de gas.[\/vc_column_text][\/vc_column][vc_column width=&#8221;1\/2&#8243;][vc_single_image image=&#8221;17518&#8243; img_size=&#8221;full&#8221;][\/vc_column][\/vc_row][vc_row full_width=&#8221;stretch_row&#8221; css=&#8221;.vc_custom_1617966331193{padding-top: 40px !important;padding-bottom: 40px !important;}&#8221;][vc_column]\r\n\t<div id=\"cd_space_6a96589388bf6\" class=\"cd-space cd-space-6a96589388bf9\" data-id=\"6a96589388bf5\" data-tablet=\"70\" data-tablet-portrait=\"60\" data-mobile=\"30\" data-mobile-portrait=\"30\" data-desktop=\"50\" style=\"clear:both; display:block;\"><\/div>\r\r\n\t[vc_column_text]<\/p>\n<h2 style=\"text-align: center;\">Preguntes freq\u00fcents sobre Autocaravanes Noves<\/h2>\n<p>[\/vc_column_text]\r\n\t<div id=\"cd_space_6a96589388c48\" class=\"cd-space cd-space-6a96589388c4b\" data-id=\"6a96589388c47\" data-tablet=\"70\" data-tablet-portrait=\"60\" data-mobile=\"30\" data-mobile-portrait=\"30\" data-desktop=\"50\" style=\"clear:both; display:block;\"><\/div>\r\r\n\t<div id=\"mpc_accordion-156a96589388de8\" class=\"mpc-accordion mpc-init mpc-transition \" ><ul class=\"mpc-accordion__content\"><li class=\"mpc-accordion__item \"><div class=\"mpc-accordion-item__heading mpc-transition mpc-active mpc-typography--preset_0\"><div data-id=\"mpc_icon-996a96589388d91\" class=\"mpc-icon mpc-init mpc-transition mpc-effect-fade mpc-icon-hover \"><div class=\"mpc-icon-wrap\"><i class=\"mpc-icon-part mpc-regular mpc-transition  eti eti_arrow_carrot-right_alt2\"><\/i><i class=\"mpc-icon-part mpc-hover mpc-transition  eti eti_arrow_carrot-down_alt2\"><\/i><\/div><\/div><h3>Quin tipus d'autocaravana nova em compro?<\/h3><\/div><div class=\"mpc-accordion-item__content mpc-container\"  data-active=\"true\"><div class=\"mpc-accordion-item__wrapper mpc-typography--preset_0\">[vc_column_text]Existeixen una gran varietat de models i dissenys, en funci\u00f3 teves necessitats i sobre el tipus de viatges que far\u00e0s, quantes persones viatjareu, la distribuci\u00f3 de l&#8217;interior i dels llits a M3 Caravaning t&#8217;assessorem sobre la compra del teu autocaravana segons les teves necessitats i gustos .[\/vc_column_text]<\/div><\/div><\/li><li class=\"mpc-accordion__item \"><div class=\"mpc-accordion-item__heading mpc-transition mpc-typography--preset_0\"><div data-id=\"mpc_icon-996a96589388d91\" class=\"mpc-icon mpc-init mpc-transition mpc-effect-fade mpc-icon-hover \"><div class=\"mpc-icon-wrap\"><i class=\"mpc-icon-part mpc-regular mpc-transition  eti eti_arrow_carrot-right_alt2\"><\/i><i class=\"mpc-icon-part mpc-hover mpc-transition  eti eti_arrow_carrot-down_alt2\"><\/i><\/div><\/div><h3>Hi ha diferents tipus d'autocaravanes?<\/h3><\/div><div class=\"mpc-accordion-item__content mpc-container\" ><div class=\"mpc-accordion-item__wrapper mpc-typography--preset_0\">[vc_column_text]<strong>Autocaravana caputxina:<\/strong> Ideal per a fam\u00edlies amb gran espai interior i capacitats de fins a 7 places, es caracteritzen per tenir un dormitori a sobre la cabina de l&#8217;conductor.<\/p>\n<p><strong>Autocaravana perfilada<\/strong>: Es caracteritzen per ser m\u00e9s elegants causa de la seva disposici\u00f3 interior. Ideal per ruters amb gran espai interior i capacitats de fins a 5 places.<\/p>\n<p><strong>Autocaravana integral:<\/strong> Ideal per a parelles o fam\u00edlies, el seu equipament sol ser d&#8217;alta gamma, es caracteritzen per ser m\u00e9s aerodin\u00e0miques i solen tenir un llit doble sobre la cabina.[\/vc_column_text]<\/div><\/div><\/li><li class=\"mpc-accordion__item \"><div class=\"mpc-accordion-item__heading mpc-transition mpc-typography--preset_0\"><div data-id=\"mpc_icon-996a96589388d91\" class=\"mpc-icon mpc-init mpc-transition mpc-effect-fade mpc-icon-hover \"><div class=\"mpc-icon-wrap\"><i class=\"mpc-icon-part mpc-regular mpc-transition  eti eti_arrow_carrot-right_alt2\"><\/i><i class=\"mpc-icon-part mpc-hover mpc-transition  eti eti_arrow_carrot-down_alt2\"><\/i><\/div><\/div><h3>Com es porta a terme el manteniment d'una autocaravana nova?<\/h3><\/div><div class=\"mpc-accordion-item__content mpc-container\" ><div class=\"mpc-accordion-item__wrapper mpc-typography--preset_0\">[vc_column_text]Totes i cadascuna de les autocaravanes han de cuidar com qualsevol vehicle. Per aix\u00f2, cal fer les revisions peri\u00f2diques que estableix cada marca en un concessionari oficial o de confian\u00e7a. Un altre aspecte a tenir en compte \u00e9s revisar el teu autocaravana abans d&#8217;iniciar cada viatge. Comprovar portes i finestres, la pressi\u00f3 dels pneum\u00e0tics, revisar les connexions el\u00e8ctriques, la bateria i molt important portar sempre una reserva de gas per no tenir sorpreses.[\/vc_column_text]<\/div><\/div><\/li><li class=\"mpc-accordion__item \"><div class=\"mpc-accordion-item__heading mpc-transition mpc-typography--preset_0\"><div data-id=\"mpc_icon-996a96589388d91\" class=\"mpc-icon mpc-init mpc-transition mpc-effect-fade mpc-icon-hover \"><div class=\"mpc-icon-wrap\"><i class=\"mpc-icon-part mpc-regular mpc-transition  eti eti_arrow_carrot-right_alt2\"><\/i><i class=\"mpc-icon-part mpc-hover mpc-transition  eti eti_arrow_carrot-down_alt2\"><\/i><\/div><\/div><h3>Quina garantia t\u00e9 una autocaravana nova?<\/h3><\/div><div class=\"mpc-accordion-item__content mpc-container\" ><div class=\"mpc-accordion-item__wrapper mpc-typography--preset_0\">[vc_column_text]Tots els nostres vehicles nous tenen una garantia de 2 anys sota les condicions de fabricant.[\/vc_column_text]<\/div><\/div><\/li><li class=\"mpc-accordion__item \"><div class=\"mpc-accordion-item__heading mpc-transition mpc-typography--preset_0\"><div data-id=\"mpc_icon-996a96589388d91\" class=\"mpc-icon mpc-init mpc-transition mpc-effect-fade mpc-icon-hover \"><div class=\"mpc-icon-wrap\"><i class=\"mpc-icon-part mpc-regular mpc-transition  eti eti_arrow_carrot-right_alt2\"><\/i><i class=\"mpc-icon-part mpc-hover mpc-transition  eti eti_arrow_carrot-down_alt2\"><\/i><\/div><\/div><h3>Puc finan\u00e7ar la meva autocaravana nova?<\/h3><\/div><div class=\"mpc-accordion-item__content mpc-container\" ><div class=\"mpc-accordion-item__wrapper mpc-typography--preset_0\">[vc_column_text]S\u00ed. M3 Caravaning posa al teu abast un sistema de finan\u00e7ament amb unes condicions totalment avantatjoses per a tu. El finan\u00e7ament est\u00e0ndard sol anar dels 10 als 12 anys, i fins i tot en alguns casos no caldr\u00e0 entrada inicial.[\/vc_column_text]<\/div><\/div><\/li><\/ul><\/div>[vc_raw_html]JTNDc2NyaXB0JTIwdHlwZSUzRCUyMmFwcGxpY2F0aW9uJTJGbGQlMkJqc29uJTIyJTNFJTdCJTIyJTQwY29udGV4dCUyMiUzQSUyMmh0dHBzJTNBJTJGJTJGc2NoZW1hLm9yZyUyMiUyQyUyMiU0MHR5cGUlMjIlM0ElMjJGQVFQYWdlJTIyJTJDJTIybWFpbkVudGl0eSUyMiUzQSU1QiU3QiUyMiU0MHR5cGUlMjIlM0ElMjJRdWVzdGlvbiUyMiUyQyUyMm5hbWUlMjIlM0ElMjJRdWluJTIwdGlwdXMlMjBkJTI3YXV0b2NhcmF2YW5hJTIwbm92YSUyMGVtJTIwY29tcHJvJTNGJTIyJTJDJTIyYWNjZXB0ZWRBbnN3ZXIlMjIlM0ElN0IlMjIlNDB0eXBlJTIyJTNBJTIyQW5zd2VyJTIyJTJDJTIydGV4dCUyMiUzQSUyMkV4aXN0ZWl4ZW4lMjB1bmElMjBncmFuJTIwdmFyaWV0YXQlMjBkZSUyMG1vZGVscyUyMGklMjBkaXNzZW55cyUyQyUyMGVuJTIwZnVuY2klQzMlQjMlMjB0ZXZlcyUyMG5lY2Vzc2l0YXRzJTIwaSUyMHNvYnJlJTIwZWwlMjB0aXB1cyUyMGRlJTIwdmlhdGdlcyUyMHF1ZSUyMGZhciVDMyVBMHMlMkMlMjBxdWFudGVzJTIwcGVyc29uZXMlMjB2aWF0amFyZXUlMkMlMjBsYSUyMGRpc3RyaWJ1Y2klQzMlQjMlMjBkZSUyMGwlMjdpbnRlcmlvciUyMGklMjBkZWxzJTIwbGxpdHMlMjBhJTIwTTMlMjBDYXJhdmFuaW5nJTIwdCUyN2Fzc2Vzc29yZW0lMjBzb2JyZSUyMGxhJTIwY29tcHJhJTIwZGVsJTIwdGV1JTIwYXV0b2NhcmF2YW5hJTIwc2Vnb25zJTIwbGVzJTIwdGV2ZXMlMjBuZWNlc3NpdGF0cyUyMGklMjBndXN0b3MlMjAuJTIyJTdEJTdEJTJDJTdCJTIyJTQwdHlwZSUyMiUzQSUyMlF1ZXN0aW9uJTIyJTJDJTIybmFtZSUyMiUzQSUyMkhpJTIwaGElMjBkaWZlcmVudHMlMjB0aXB1cyUyMGQlMjdhdXRvY2FyYXZhbmVzJTNGJTIyJTJDJTIyYWNjZXB0ZWRBbnN3ZXIlMjIlM0ElN0IlMjIlNDB0eXBlJTIyJTNBJTIyQW5zd2VyJTIyJTJDJTIydGV4dCUyMiUzQSUyMkF1dG9jYXJhdmFuYSUyMGNhcHV0eGluYSUzQSUyMElkZWFsJTIwcGVyJTIwYSUyMGZhbSVDMyVBRGxpZXMlMjBhbWIlMjBncmFuJTIwZXNwYWklMjBpbnRlcmlvciUyMGklMjBjYXBhY2l0YXRzJTIwZGUlMjBmaW5zJTIwYSUyMDclMjBwbGFjZXMlMkMlMjBlcyUyMGNhcmFjdGVyaXR6ZW4lMjBwZXIlMjB0ZW5pciUyMHVuJTIwZG9ybWl0b3JpJTIwYSUyMHNvYnJlJTIwbGElMjBjYWJpbmElMjBkZSUyMGwlMjdjb25kdWN0b3IuJTVDbiU1Q25BdXRvY2FyYXZhbmElMjBwZXJmaWxhZGElM0ElMjBFcyUyMGNhcmFjdGVyaXR6ZW4lMjBwZXIlMjBzZXIlMjBtJUMzJUE5cyUyMGVsZWdhbnRzJTIwY2F1c2ElMjBkZSUyMGxhJTIwc2V2YSUyMGRpc3Bvc2ljaSVDMyVCMyUyMGludGVyaW9yLiUyMElkZWFsJTIwcGVyJTIwcnV0ZXJzJTIwYW1iJTIwZ3JhbiUyMGVzcGFpJTIwaW50ZXJpb3IlMjBpJTIwY2FwYWNpdGF0cyUyMGRlJTIwZmlucyUyMGElMjA1JTIwcGxhY2VzLiU1Q24lNUNuQXV0b2NhcmF2YW5hJTIwaW50ZWdyYWwlM0ElMjBJZGVhbCUyMHBlciUyMGElMjBwYXJlbGxlcyUyMG8lMjBmYW0lQzMlQURsaWVzJTJDJTIwZWwlMjBzZXUlMjBlcXVpcGFtZW50JTIwc29sJTIwc2VyJTIwZCUyN2FsdGElMjBnYW1tYSUyQyUyMGVzJTIwY2FyYWN0ZXJpdHplbiUyMHBlciUyMHNlciUyMG0lQzMlQTlzJTIwYWVyb2RpbiVDMyVBMG1pcXVlcyUyMGklMjBzb2xlbiUyMHRlbmlyJTIwdW4lMjBsbGl0JTIwZG9ibGUlMjBzb2JyZSUyMGxhJTIwY2FiaW5hLiUyMiU3RCU3RCUyQyU3QiUyMiU0MHR5cGUlMjIlM0ElMjJRdWVzdGlvbiUyMiUyQyUyMm5hbWUlMjIlM0ElMjJDb20lMjBlcyUyMHBvcnRhJTIwYSUyMHRlcm1lJTIwZWwlMjBtYW50ZW5pbWVudCUyMGQlMjd1bmElMjBhdXRvY2FyYXZhbmElMjBub3ZhJTNGJTIyJTJDJTIyYWNjZXB0ZWRBbnN3ZXIlMjIlM0ElN0IlMjIlNDB0eXBlJTIyJTNBJTIyQW5zd2VyJTIyJTJDJTIydGV4dCUyMiUzQSUyMlRvdGVzJTIwaSUyMGNhZGFzY3VuYSUyMGRlJTIwbGVzJTIwYXV0b2NhcmF2YW5lcyUyMGhhbiUyMGRlJTIwY3VpZGFyJTIwY29tJTIwcXVhbHNldm9sJTIwdmVoaWNsZS4lMjBQZXIlMjBhaXglQzMlQjIlMkMlMjBjYWwlMjBmZXIlMjBsZXMlMjByZXZpc2lvbnMlMjBwZXJpJUMzJUIyZGlxdWVzJTIwcXVlJTIwZXN0YWJsZWl4JTIwY2FkYSUyMG1hcmNhJTIwZW4lMjB1biUyMGNvbmNlc3Npb25hcmklMjBvZmljaWFsJTIwbyUyMGRlJTIwY29uZmlhbiVDMyVBN2EuJTIwVW4lMjBhbHRyZSUyMGFzcGVjdGUlMjBhJTIwdGVuaXIlMjBlbiUyMGNvbXB0ZSUyMCVDMyVBOXMlMjByZXZpc2FyJTIwZWwlMjB0ZXUlMjBhdXRvY2FyYXZhbmElMjBhYmFucyUyMGQlMjdpbmljaWFyJTIwY2FkYSUyMHZpYXRnZS4lMjBDb21wcm92YXIlMjBwb3J0ZXMlMjBpJTIwZmluZXN0cmVzJTJDJTIwbGElMjBwcmVzc2klQzMlQjMlMjBkZWxzJTIwcG5ldW0lQzMlQTB0aWNzJTJDJTIwcmV2aXNhciUyMGxlcyUyMGNvbm5leGlvbnMlMjBlbCVDMyVBOGN0cmlxdWVzJTJDJTIwbGElMjBiYXRlcmlhJTIwaSUyMG1vbHQlMjBpbXBvcnRhbnQlMjBwb3J0YXIlMjBzZW1wcmUlMjB1bmElMjByZXNlcnZhJTIwZGUlMjBnYXMlMjBwZXIlMjBubyUyMHRlbmlyJTIwc29ycHJlc2VzLiUyMiU3RCU3RCUyQyU3QiUyMiU0MHR5cGUlMjIlM0ElMjJRdWVzdGlvbiUyMiUyQyUyMm5hbWUlMjIlM0ElMjJRdWluYSUyMGdhcmFudGlhJTIwdCVDMyVBOSUyMHVuYSUyMGF1dG9jYXJhdmFuYSUyMG5vdmElM0YlMjIlMkMlMjJhY2NlcHRlZEFuc3dlciUyMiUzQSU3QiUyMiU0MHR5cGUlMjIlM0ElMjJBbnN3ZXIlMjIlMkMlMjJ0ZXh0JTIyJTNBJTIyVG90cyUyMGVscyUyMG5vc3RyZXMlMjB2ZWhpY2xlcyUyMG5vdXMlMjB0ZW5lbiUyMHVuYSUyMGdhcmFudGlhJTIwZGUlMjAyJTIwYW55cyUyMHNvdGElMjBsZXMlMjBjb25kaWNpb25zJTIwZGUlMjBmYWJyaWNhbnQuJTIyJTdEJTdEJTJDJTdCJTIyJTQwdHlwZSUyMiUzQSUyMlF1ZXN0aW9uJTIyJTJDJTIybmFtZSUyMiUzQSUyMlB1YyUyMGZpbmFuJUMzJUE3YXIlMjBsYSUyMG1ldmElMjBhdXRvY2FyYXZhbmElMjBub3ZhJTNGJTIyJTJDJTIyYWNjZXB0ZWRBbnN3ZXIlMjIlM0ElN0IlMjIlNDB0eXBlJTIyJTNBJTIyQW5zd2VyJTIyJTJDJTIydGV4dCUyMiUzQSUyMlMlQzMlQUQuJTIwTTMlMjBDYXJhdmFuaW5nJTIwcG9zYSUyMGFsJTIwdGV1JTIwYWJhc3QlMjB1biUyMHNpc3RlbWElMjBkZSUyMGZpbmFuJUMzJUE3YW1lbnQlMjBhbWIlMjB1bmVzJTIwY29uZGljaW9ucyUyMHRvdGFsbWVudCUyMGF2YW50YXRqb3NlcyUyMHBlciUyMGElMjB0dS4lMjBFbCUyMGZpbmFuJUMzJUE3YW1lbnQlMjBlc3QlQzMlQTBuZGFyZCUyMHNvbCUyMGFuYXIlMjBkZWxzJTIwMTAlMjBhbHMlMjAxMiUyMGFueXMlMkMlMjBpJTIwZmlucyUyMGklMjB0b3QlMjBlbiUyMGFsZ3VucyUyMGNhc29zJTIwbm8lMjBjYWxkciVDMyVBMCUyMGVudHJhZGElMjBpbmljaWFsLiUyMiU3RCU3RCU1RCU3RCUzQyUyRnNjcmlwdCUzRQ==[\/vc_raw_html][\/vc_column][\/vc_row][vc_row css=&#8221;.vc_custom_1616662969884{padding-right: 15px !important;padding-left: 15px !important;}&#8221;][vc_column]\r\n\t<div id=\"cd_space_6a965893890f0\" class=\"cd-space cd-space-6a965893890f5\" data-id=\"6a965893890ef\" data-tablet=\"70\" data-tablet-portrait=\"60\" data-mobile=\"50\" data-mobile-portrait=\"40\" data-desktop=\"80\" style=\"clear:both; display:block;\"><\/div>\r\r\n\t\r\n\t<div class=\"section-title text-center style_1\">\r\r\n\t\t\r\n\t\t\t\t<span><\/span>\r\r\n\t\t\t\t\r\n\t\t\t<h2>\u00daltimes noticies del mon del Caravaning<\/h2>\r\r\n\t\t\t\r\n\t\t\t\t<div class=\"separator\"><\/div>\r\r\n\t\t\t\t\r\n\t<\/div>\r\r\n\t<div class=\"mpc-carousel__wrapper mpc-waypoint\"><div id=\"mpc_carousel_posts-26a9658938d0b0\" class=\"mpc-carousel-posts mpc-init mpc-init mpc-transition mpc-overlay--slide-right mpc-item--fade mpc-layout--style_5  \"   data-mpcslick='{\"infinite\":true,\"autoplay\":false,\"slidesToShow\":4,\"slidesToScroll\":1,\"centerMode\":false,\"initialSlide\":0}' data-slick-cols=\"4\"><div onclick=\"\" class=\"mpc-post\"><div class=\"mpc-post__wrapper\"><div class=\"mpc-post__thumbnail\" data-mpc_src=\"https:\/\/m3caravaning.com\/wp-content\/uploads\/2021\/01\/sistemas-de-monitorizacion-para-tu-autocaravana-o-furgoneta-camper-id-257.jpg\" data-mpc_link=\"https:\/\/m3caravaning.com\/ca\/autocaravanes\/sistemes-de-monitoritzacio-per-la-teva-autocaravana-o-furgoneta-camper\/\"><div class=\"mpc-post__overlay mpc-transition\"><div class=\"mpc-post--vertical-wrap\"><div class=\"mpc-post--vertical\" data-mpc_link=\"https:\/\/m3caravaning.com\/ca\/autocaravanes\/sistemes-de-monitoritzacio-per-la-teva-autocaravana-o-furgoneta-camper\/\"><a href=\"https:\/\/m3caravaning.com\/ca\/autocaravanes\/sistemes-de-monitoritzacio-per-la-teva-autocaravana-o-furgoneta-camper\/\" title=\"Read more about Sistemes de monitoritzaci\u00f3 per la teva autocaravana o furgoneta camper\" class=\"mpc-icon-anchor\"><i class=\"mpc-post-overlay__icon mpc-type--readmore fa fa-eye\"><\/i><\/a><\/div><\/div><\/div><span class=\"mpc-post__date mpc-date__wrapper mpc-typography--mpc_preset_1\"><a href=\"https:\/\/m3caravaning.com\/ca\/2018\/11\/05\/\"><div class=\"mpc-date__days\">05<\/div><div class=\"mpc-date-wrap\"><div class=\"mpc-date__month\">Nov<\/div><div class=\"mpc-date__year\">2018<\/div><\/div><\/a><\/span><\/div><div class=\"mpc-post__content mpc-transition\"><h3 class=\"mpc-post__heading mpc-transition mpc-typography--mpc_preset_17 mpc-text-overflow\"><a href=\"https:\/\/m3caravaning.com\/ca\/autocaravanes\/sistemes-de-monitoritzacio-per-la-teva-autocaravana-o-furgoneta-camper\/\" title=\"Sistemes de monitoritzaci\u00f3 per la teva autocaravana o furgoneta camper\">Sistemes de monitoritzaci\u00f3 per la teva autocaravana o furgoneta camper<\/a><\/h3><a href=\"https:\/\/m3caravaning.com\/ca\/autocaravanes\/sistemes-de-monitoritzacio-per-la-teva-autocaravana-o-furgoneta-camper\/\" title=\"Sistemes de monitoritzaci\u00f3 per la teva autocaravana o furgoneta camper\"  class=\"mpc-button mpc-init mpc-transition mpc-typography--mpc_preset_1 mpc-display--block \" ><div class=\"mpc-button__content mpc-effect-type--none mpc-effect-side--none\"><span class=\"mpc-button__title mpc-transition\">Leer m\u00e1s<\/span><\/div><div class=\"mpc-button__background mpc-transition mpc-effect-type--slide mpc-effect-side--top\"><\/div><\/a><\/div><\/div><\/div><div onclick=\"\" class=\"mpc-post\"><div class=\"mpc-post__wrapper\"><div class=\"mpc-post__thumbnail\" data-mpc_src=\"https:\/\/m3caravaning.com\/wp-content\/uploads\/2021\/01\/caracito-descubre-la-primera-caravana-totalmente-electrica-libre-de-gas-id-441.jpg\" data-mpc_link=\"https:\/\/m3caravaning.com\/ca\/caravanes\/caracito-descobreix-la-primera-caravana-totalment-electrica-lliure-de-gas\/\"><div class=\"mpc-post__overlay mpc-transition\"><div class=\"mpc-post--vertical-wrap\"><div class=\"mpc-post--vertical\" data-mpc_link=\"https:\/\/m3caravaning.com\/ca\/caravanes\/caracito-descobreix-la-primera-caravana-totalment-electrica-lliure-de-gas\/\"><a href=\"https:\/\/m3caravaning.com\/ca\/caravanes\/caracito-descobreix-la-primera-caravana-totalment-electrica-lliure-de-gas\/\" title=\"Read more about Caracito. Descobreix la primera caravana totalment el\u00e8ctrica. Lliure de gas!\" class=\"mpc-icon-anchor\"><i class=\"mpc-post-overlay__icon mpc-type--readmore fa fa-eye\"><\/i><\/a><\/div><\/div><\/div><span class=\"mpc-post__date mpc-date__wrapper mpc-typography--mpc_preset_1\"><a href=\"https:\/\/m3caravaning.com\/ca\/2020\/12\/03\/\"><div class=\"mpc-date__days\">03<\/div><div class=\"mpc-date-wrap\"><div class=\"mpc-date__month\">Dec<\/div><div class=\"mpc-date__year\">2020<\/div><\/div><\/a><\/span><\/div><div class=\"mpc-post__content mpc-transition\"><h3 class=\"mpc-post__heading mpc-transition mpc-typography--mpc_preset_17 mpc-text-overflow\"><a href=\"https:\/\/m3caravaning.com\/ca\/caravanes\/caracito-descobreix-la-primera-caravana-totalment-electrica-lliure-de-gas\/\" title=\"Caracito. Descobreix la primera caravana totalment el\u00e8ctrica. Lliure de gas!\">Caracito. Descobreix la primera caravana totalment el\u00e8ctrica. Lliure de gas!<\/a><\/h3><a href=\"https:\/\/m3caravaning.com\/ca\/caravanes\/caracito-descobreix-la-primera-caravana-totalment-electrica-lliure-de-gas\/\" title=\"Caracito. Descobreix la primera caravana totalment el\u00e8ctrica. Lliure de gas!\"  class=\"mpc-button mpc-init mpc-transition mpc-typography--mpc_preset_1 mpc-display--block \" ><div class=\"mpc-button__content mpc-effect-type--none mpc-effect-side--none\"><span class=\"mpc-button__title mpc-transition\">Leer m\u00e1s<\/span><\/div><div class=\"mpc-button__background mpc-transition mpc-effect-type--slide mpc-effect-side--top\"><\/div><\/a><\/div><\/div><\/div><div onclick=\"\" class=\"mpc-post\"><div class=\"mpc-post__wrapper\"><div class=\"mpc-post__thumbnail\" data-mpc_src=\"https:\/\/m3caravaning.com\/wp-content\/uploads\/2021\/01\/aspectos-importantes-en-la-cocina-al-viajar-en-caravana-id-122.jpg\" data-mpc_link=\"https:\/\/m3caravaning.com\/ca\/caravana-ca\/aspectes-importants-al-cuinar-quan-viatges-amb-la-teva-caravana\/\"><div class=\"mpc-post__overlay mpc-transition\"><div class=\"mpc-post--vertical-wrap\"><div class=\"mpc-post--vertical\" data-mpc_link=\"https:\/\/m3caravaning.com\/ca\/caravana-ca\/aspectes-importants-al-cuinar-quan-viatges-amb-la-teva-caravana\/\"><a href=\"https:\/\/m3caravaning.com\/ca\/caravana-ca\/aspectes-importants-al-cuinar-quan-viatges-amb-la-teva-caravana\/\" title=\"Read more about Aspectes importants al cuinar quan viatges amb la teva caravana\" class=\"mpc-icon-anchor\"><i class=\"mpc-post-overlay__icon mpc-type--readmore fa fa-eye\"><\/i><\/a><\/div><\/div><\/div><span class=\"mpc-post__date mpc-date__wrapper mpc-typography--mpc_preset_1\"><a href=\"https:\/\/m3caravaning.com\/ca\/2019\/11\/22\/\"><div class=\"mpc-date__days\">22<\/div><div class=\"mpc-date-wrap\"><div class=\"mpc-date__month\">Nov<\/div><div class=\"mpc-date__year\">2019<\/div><\/div><\/a><\/span><\/div><div class=\"mpc-post__content mpc-transition\"><h3 class=\"mpc-post__heading mpc-transition mpc-typography--mpc_preset_17 mpc-text-overflow\"><a href=\"https:\/\/m3caravaning.com\/ca\/caravana-ca\/aspectes-importants-al-cuinar-quan-viatges-amb-la-teva-caravana\/\" title=\"Aspectes importants al cuinar quan viatges amb la teva caravana\">Aspectes importants al cuinar quan viatges amb la teva caravana<\/a><\/h3><a href=\"https:\/\/m3caravaning.com\/ca\/caravana-ca\/aspectes-importants-al-cuinar-quan-viatges-amb-la-teva-caravana\/\" title=\"Aspectes importants al cuinar quan viatges amb la teva caravana\"  class=\"mpc-button mpc-init mpc-transition mpc-typography--mpc_preset_1 mpc-display--block \" ><div class=\"mpc-button__content mpc-effect-type--none mpc-effect-side--none\"><span class=\"mpc-button__title mpc-transition\">Leer m\u00e1s<\/span><\/div><div class=\"mpc-button__background mpc-transition mpc-effect-type--slide mpc-effect-side--top\"><\/div><\/a><\/div><\/div><\/div><div onclick=\"\" class=\"mpc-post\"><div class=\"mpc-post__wrapper\"><div class=\"mpc-post__thumbnail\" data-mpc_src=\"https:\/\/m3caravaning.com\/wp-content\/uploads\/2021\/01\/se-buscan-viajeros-disfrutar-un-verano-en-autocaravana-perfilada-id-375.jpg\" data-mpc_link=\"https:\/\/m3caravaning.com\/ca\/autocaravanes\/es-busquen-viatgers-gaudir-un-estiu-en-autocaravana-perfilada\/\"><div class=\"mpc-post__overlay mpc-transition\"><div class=\"mpc-post--vertical-wrap\"><div class=\"mpc-post--vertical\" data-mpc_link=\"https:\/\/m3caravaning.com\/ca\/autocaravanes\/es-busquen-viatgers-gaudir-un-estiu-en-autocaravana-perfilada\/\"><a href=\"https:\/\/m3caravaning.com\/ca\/autocaravanes\/es-busquen-viatgers-gaudir-un-estiu-en-autocaravana-perfilada\/\" title=\"Read more about Es busquen viatgers gaudir un estiu en autocaravana perfilada\" class=\"mpc-icon-anchor\"><i class=\"mpc-post-overlay__icon mpc-type--readmore fa fa-eye\"><\/i><\/a><\/div><\/div><\/div><span class=\"mpc-post__date mpc-date__wrapper mpc-typography--mpc_preset_1\"><a href=\"https:\/\/m3caravaning.com\/ca\/2019\/08\/22\/\"><div class=\"mpc-date__days\">22<\/div><div class=\"mpc-date-wrap\"><div class=\"mpc-date__month\">Aug<\/div><div class=\"mpc-date__year\">2019<\/div><\/div><\/a><\/span><\/div><div class=\"mpc-post__content mpc-transition\"><h3 class=\"mpc-post__heading mpc-transition mpc-typography--mpc_preset_17 mpc-text-overflow\"><a href=\"https:\/\/m3caravaning.com\/ca\/autocaravanes\/es-busquen-viatgers-gaudir-un-estiu-en-autocaravana-perfilada\/\" title=\"Es busquen viatgers gaudir un estiu en autocaravana perfilada\">Es busquen viatgers gaudir un estiu en autocaravana perfilada<\/a><\/h3><a href=\"https:\/\/m3caravaning.com\/ca\/autocaravanes\/es-busquen-viatgers-gaudir-un-estiu-en-autocaravana-perfilada\/\" title=\"Es busquen viatgers gaudir un estiu en autocaravana perfilada\"  class=\"mpc-button mpc-init mpc-transition mpc-typography--mpc_preset_1 mpc-display--block \" ><div class=\"mpc-button__content mpc-effect-type--none mpc-effect-side--none\"><span class=\"mpc-button__title mpc-transition\">Leer m\u00e1s<\/span><\/div><div class=\"mpc-button__background mpc-transition mpc-effect-type--slide mpc-effect-side--top\"><\/div><\/a><\/div><\/div><\/div><div onclick=\"\" class=\"mpc-post\"><div class=\"mpc-post__wrapper\"><div class=\"mpc-post__thumbnail\" data-mpc_src=\"https:\/\/m3caravaning.com\/wp-content\/uploads\/2021\/01\/rebajas-en-productos-para-su-caravana-y-autocaravana-id-52-scaled.jpg\" data-mpc_link=\"https:\/\/m3caravaning.com\/ca\/autocaravanes\/rebaixes-en-productes-per-a-la-seva-caravana-i-autocaravana\/\"><div class=\"mpc-post__overlay mpc-transition\"><div class=\"mpc-post--vertical-wrap\"><div class=\"mpc-post--vertical\" data-mpc_link=\"https:\/\/m3caravaning.com\/ca\/autocaravanes\/rebaixes-en-productes-per-a-la-seva-caravana-i-autocaravana\/\"><a href=\"https:\/\/m3caravaning.com\/ca\/autocaravanes\/rebaixes-en-productes-per-a-la-seva-caravana-i-autocaravana\/\" title=\"Read more about Rebaixes en productes per a la seva caravana i autocaravana\" class=\"mpc-icon-anchor\"><i class=\"mpc-post-overlay__icon mpc-type--readmore fa fa-eye\"><\/i><\/a><\/div><\/div><\/div><span class=\"mpc-post__date mpc-date__wrapper mpc-typography--mpc_preset_1\"><a href=\"https:\/\/m3caravaning.com\/ca\/2019\/01\/03\/\"><div class=\"mpc-date__days\">03<\/div><div class=\"mpc-date-wrap\"><div class=\"mpc-date__month\">Jan<\/div><div class=\"mpc-date__year\">2019<\/div><\/div><\/a><\/span><\/div><div class=\"mpc-post__content mpc-transition\"><h3 class=\"mpc-post__heading mpc-transition mpc-typography--mpc_preset_17 mpc-text-overflow\"><a href=\"https:\/\/m3caravaning.com\/ca\/autocaravanes\/rebaixes-en-productes-per-a-la-seva-caravana-i-autocaravana\/\" title=\"Rebaixes en productes per a la seva caravana i autocaravana\">Rebaixes en productes per a la seva caravana i autocaravana<\/a><\/h3><a href=\"https:\/\/m3caravaning.com\/ca\/autocaravanes\/rebaixes-en-productes-per-a-la-seva-caravana-i-autocaravana\/\" title=\"Rebaixes en productes per a la seva caravana i autocaravana\"  class=\"mpc-button mpc-init mpc-transition mpc-typography--mpc_preset_1 mpc-display--block \" ><div class=\"mpc-button__content mpc-effect-type--none mpc-effect-side--none\"><span class=\"mpc-button__title mpc-transition\">Leer m\u00e1s<\/span><\/div><div class=\"mpc-button__background mpc-transition mpc-effect-type--slide mpc-effect-side--top\"><\/div><\/a><\/div><\/div><\/div><div onclick=\"\" class=\"mpc-post\"><div class=\"mpc-post__wrapper\"><div class=\"mpc-post__thumbnail\" data-mpc_src=\"https:\/\/m3caravaning.com\/wp-content\/uploads\/2021\/01\/avance-2017-en-caravanas-tab-la-divertidisima-400l-mexican-sunset-id-23.jpg\" data-mpc_link=\"https:\/\/m3caravaning.com\/ca\/caravana-ca\/avanc-2017-en-caravanes-tab-la-divertidissima-400l-mexican-sunset\/\"><div class=\"mpc-post__overlay mpc-transition\"><div class=\"mpc-post--vertical-wrap\"><div class=\"mpc-post--vertical\" data-mpc_link=\"https:\/\/m3caravaning.com\/ca\/caravana-ca\/avanc-2017-en-caravanes-tab-la-divertidissima-400l-mexican-sunset\/\"><a href=\"https:\/\/m3caravaning.com\/ca\/caravana-ca\/avanc-2017-en-caravanes-tab-la-divertidissima-400l-mexican-sunset\/\" title=\"Read more about Avan\u00e7 2017 en caravanes TAB, la divertid\u00edssima 400L Mexican Sunset\" class=\"mpc-icon-anchor\"><i class=\"mpc-post-overlay__icon mpc-type--readmore fa fa-eye\"><\/i><\/a><\/div><\/div><\/div><span class=\"mpc-post__date mpc-date__wrapper mpc-typography--mpc_preset_1\"><a href=\"https:\/\/m3caravaning.com\/ca\/2016\/07\/18\/\"><div class=\"mpc-date__days\">18<\/div><div class=\"mpc-date-wrap\"><div class=\"mpc-date__month\">Jul<\/div><div class=\"mpc-date__year\">2016<\/div><\/div><\/a><\/span><\/div><div class=\"mpc-post__content mpc-transition\"><h3 class=\"mpc-post__heading mpc-transition mpc-typography--mpc_preset_17 mpc-text-overflow\"><a href=\"https:\/\/m3caravaning.com\/ca\/caravana-ca\/avanc-2017-en-caravanes-tab-la-divertidissima-400l-mexican-sunset\/\" title=\"Avan\u00e7 2017 en caravanes TAB, la divertid\u00edssima 400L Mexican Sunset\">Avan\u00e7 2017 en caravanes TAB, la divertid\u00edssima 400L Mexican Sunset<\/a><\/h3><a href=\"https:\/\/m3caravaning.com\/ca\/caravana-ca\/avanc-2017-en-caravanes-tab-la-divertidissima-400l-mexican-sunset\/\" title=\"Avan\u00e7 2017 en caravanes TAB, la divertid\u00edssima 400L Mexican Sunset\"  class=\"mpc-button mpc-init mpc-transition mpc-typography--mpc_preset_1 mpc-display--block \" ><div class=\"mpc-button__content mpc-effect-type--none mpc-effect-side--none\"><span class=\"mpc-button__title mpc-transition\">Leer m\u00e1s<\/span><\/div><div class=\"mpc-button__background mpc-transition mpc-effect-type--slide mpc-effect-side--top\"><\/div><\/a><\/div><\/div><\/div><\/div><div class=\"mpc-navigation mpc-init mpc-align--right mpc-navigation--style_4  mpc-nav-preset--mpc_preset_43\" data-mpcslider=\"mpc_carousel_posts-26a9658938d0b0\"><div class=\"mpc-nav__arrow mpcslick-prev\"><div class=\"mpc-nav__icon mpc-transition\"><i class=\" eti eti_arrow_triangle-left\"><div class=\"mpc-nav__background mpc-transition mpc-effect-type--slide mpc-effect-side--right\"><\/div><\/i><\/div><\/div><\/div><div class=\"mpc-navigation mpc-init mpc-align--right mpc-navigation--style_4  mpc-nav-preset--mpc_preset_43\" data-mpcslider=\"mpc_carousel_posts-26a9658938d0b0\"><div class=\"mpc-nav__arrow mpcslick-next\"><div class=\"mpc-nav__icon mpc-transition\"><i class=\" eti eti_arrow_triangle-right\"><div class=\"mpc-nav__background mpc-transition mpc-effect-type--slide mpc-effect-side--right\"><\/div><\/i><\/div><\/div><\/div><\/div>\r\n\t<div id=\"cd_space_6a9658939593c\" class=\"cd-space cd-space-6a96589395943\" data-id=\"6a9658939593b\" data-tablet=\"70\" data-tablet-portrait=\"60\" data-mobile=\"50\" data-mobile-portrait=\"40\" data-desktop=\"80\" style=\"clear:both; display:block;\"><\/div>\r\r\n\t[\/vc_column][\/vc_row]<\/p>\n","protected":false},"excerpt":{"rendered":"<p>[vc_row full_width=&#8221;stretch_row&#8221; el_class=&#8221;titulo-nivel0&#8243; css=&#8221;.vc_custom_1631090511632{background-color: #000000 !important;background-position: center !important;background-repeat: no-repeat !important;background-size: cover !important;}&#8221;][vc_column][vc_column_text] Autocaravanes Noves Autocaravanes Noves Barcelona i Madrid. Autocaravanes de totes les marques. Autocaravanes noves i d&#8217;oferta. Finan\u00e7ament. Les millors marques Knaus, Pilote, Benimar, Weinsberg&#8230; Gran Exposici\u00f3. Informa&#8217;t de les nostres promos. [\/vc_column_text][\/vc_column][\/vc_row][vc_row][vc_column][vc_column_text css=&#8221;.vc_custom_1631091318974{padding-bottom: 20px !important;}&#8221;] Tipus d&#8217;Autocaravanes noves [\/vc_column_text][vc_row_inner][vc_column_inner width=&#8221;1\/3&#8243;][\/vc_column_inner][vc_column_inner width=&#8221;1\/3&#8243;][\/vc_column_inner][vc_column_inner width=&#8221;1\/3&#8243;][\/vc_column_inner][\/vc_row_inner][\/vc_column][\/vc_row][vc_row css=&#8221;.vc_custom_1616708733080{padding-top:<\/p>\n","protected":false},"author":1,"featured_media":0,"parent":17912,"menu_order":0,"comment_status":"closed","ping_status":"closed","template":"","meta":{"footnotes":""},"class_list":["post-17920","page","type-page","status-publish","hentry"],"yoast_head":"<!-- This site is optimized with the Yoast SEO plugin v22.4 - https:\/\/yoast.com\/wordpress\/plugins\/seo\/ -->\n<title>Autocaravanes Noves Barcelona i Madrid<\/title>\n<meta name=\"description\" content=\"Autocaravanes noves i d&#039;oferta. Financiaci\u00f3. Les millors marques Knaus, Pilote, Benimar, Weinsberg. Gran Exposici\u00f3.\" \/>\n<meta name=\"robots\" content=\"index, follow, max-snippet:-1, max-image-preview:large, max-video-preview:-1\" \/>\n<link rel=\"canonical\" href=\"https:\/\/m3caravaning.com\/ca\/autocaravanes\/autocaravanes-noves\/\" \/>\n<meta property=\"og:locale\" content=\"ca_ES\" \/>\n<meta property=\"og:type\" content=\"article\" \/>\n<meta property=\"og:title\" content=\"Autocaravanes Noves Barcelona i Madrid\" \/>\n<meta property=\"og:description\" content=\"Autocaravanes noves i d&#039;oferta. Financiaci\u00f3. Les millors marques Knaus, Pilote, Benimar, Weinsberg. Gran Exposici\u00f3.\" \/>\n<meta property=\"og:url\" content=\"https:\/\/m3caravaning.com\/ca\/autocaravanes\/autocaravanes-noves\/\" \/>\n<meta property=\"og:site_name\" content=\"Autocaravanas, caravanas y furgonetas campers nuevas, ocasi\u00f3n y segunda mano\" \/>\n<meta property=\"article:publisher\" content=\"https:\/\/www.facebook.com\/m3caravaning\" \/>\n<meta property=\"article:modified_time\" content=\"2024-05-28T11:19:28+00:00\" \/>\n<meta property=\"og:image\" content=\"https:\/\/m3caravaning.com\/wp-content\/uploads\/2021\/03\/cover_pagina_m3caravaning_default-1.jpg\" \/>\n\t<meta property=\"og:image:width\" content=\"1200\" \/>\n\t<meta property=\"og:image:height\" content=\"628\" \/>\n\t<meta property=\"og:image:type\" content=\"image\/jpeg\" \/>\n<meta name=\"twitter:card\" content=\"summary_large_image\" \/>\n<meta name=\"twitter:site\" content=\"@M3Caravaning\" \/>\n<meta name=\"twitter:label1\" content=\"Est. reading time\" \/>\n\t<meta name=\"twitter:data1\" content=\"8 minutes\" \/>\n<script type=\"application\/ld+json\" class=\"yoast-schema-graph\">{\"@context\":\"https:\/\/schema.org\",\"@graph\":[{\"@type\":\"WebPage\",\"@id\":\"https:\/\/m3caravaning.com\/ca\/autocaravanes\/autocaravanes-noves\/\",\"url\":\"https:\/\/m3caravaning.com\/ca\/autocaravanes\/autocaravanes-noves\/\",\"name\":\"Autocaravanes Noves Barcelona i Madrid\",\"isPartOf\":{\"@id\":\"https:\/\/m3caravaning.com\/ca\/#website\"},\"datePublished\":\"2021-05-04T14:51:07+00:00\",\"dateModified\":\"2024-05-28T11:19:28+00:00\",\"description\":\"Autocaravanes noves i d'oferta. Financiaci\u00f3. Les millors marques Knaus, Pilote, Benimar, Weinsberg. Gran Exposici\u00f3.\",\"breadcrumb\":{\"@id\":\"https:\/\/m3caravaning.com\/ca\/autocaravanes\/autocaravanes-noves\/#breadcrumb\"},\"inLanguage\":\"ca\",\"potentialAction\":[{\"@type\":\"ReadAction\",\"target\":[\"https:\/\/m3caravaning.com\/ca\/autocaravanes\/autocaravanes-noves\/\"]}]},{\"@type\":\"BreadcrumbList\",\"@id\":\"https:\/\/m3caravaning.com\/ca\/autocaravanes\/autocaravanes-noves\/#breadcrumb\",\"itemListElement\":[{\"@type\":\"ListItem\",\"position\":1,\"name\":\"Portada\",\"item\":\"https:\/\/m3caravaning.com\/ca\/\"},{\"@type\":\"ListItem\",\"position\":2,\"name\":\"Autocaravanes\",\"item\":\"https:\/\/m3caravaning.com\/ca\/autocaravanes\/\"},{\"@type\":\"ListItem\",\"position\":3,\"name\":\"Autocaravanes noves\"}]},{\"@type\":\"WebSite\",\"@id\":\"https:\/\/m3caravaning.com\/ca\/#website\",\"url\":\"https:\/\/m3caravaning.com\/ca\/\",\"name\":\"Autocaravanas, caravanas y furgonetas campers nuevas, ocasi\u00f3n y segunda mano\",\"description\":\"Tu tienda de autocaravanas, campers y caravanas nuevas y de segunda mano. Alquiler, tienda de recambios, taller, seguros, etc.\",\"potentialAction\":[{\"@type\":\"SearchAction\",\"target\":{\"@type\":\"EntryPoint\",\"urlTemplate\":\"https:\/\/m3caravaning.com\/ca\/?s={search_term_string}\"},\"query-input\":\"required name=search_term_string\"}],\"inLanguage\":\"ca\"}]}<\/script>\n<!-- \/ Yoast SEO plugin. -->","yoast_head_json":{"title":"Autocaravanes Noves Barcelona i Madrid","description":"Autocaravanes noves i d'oferta. Financiaci\u00f3. Les millors marques Knaus, Pilote, Benimar, Weinsberg. Gran Exposici\u00f3.","robots":{"index":"index","follow":"follow","max-snippet":"max-snippet:-1","max-image-preview":"max-image-preview:large","max-video-preview":"max-video-preview:-1"},"canonical":"https:\/\/m3caravaning.com\/ca\/autocaravanes\/autocaravanes-noves\/","og_locale":"ca_ES","og_type":"article","og_title":"Autocaravanes Noves Barcelona i Madrid","og_description":"Autocaravanes noves i d'oferta. Financiaci\u00f3. Les millors marques Knaus, Pilote, Benimar, Weinsberg. Gran Exposici\u00f3.","og_url":"https:\/\/m3caravaning.com\/ca\/autocaravanes\/autocaravanes-noves\/","og_site_name":"Autocaravanas, caravanas y furgonetas campers nuevas, ocasi\u00f3n y segunda mano","article_publisher":"https:\/\/www.facebook.com\/m3caravaning","article_modified_time":"2024-05-28T11:19:28+00:00","og_image":[{"width":1200,"height":628,"url":"https:\/\/m3caravaning.com\/wp-content\/uploads\/2021\/03\/cover_pagina_m3caravaning_default-1.jpg","type":"image\/jpeg"}],"twitter_card":"summary_large_image","twitter_site":"@M3Caravaning","twitter_misc":{"Est. reading time":"8 minutes"},"schema":{"@context":"https:\/\/schema.org","@graph":[{"@type":"WebPage","@id":"https:\/\/m3caravaning.com\/ca\/autocaravanes\/autocaravanes-noves\/","url":"https:\/\/m3caravaning.com\/ca\/autocaravanes\/autocaravanes-noves\/","name":"Autocaravanes Noves Barcelona i Madrid","isPartOf":{"@id":"https:\/\/m3caravaning.com\/ca\/#website"},"datePublished":"2021-05-04T14:51:07+00:00","dateModified":"2024-05-28T11:19:28+00:00","description":"Autocaravanes noves i d'oferta. Financiaci\u00f3. Les millors marques Knaus, Pilote, Benimar, Weinsberg. Gran Exposici\u00f3.","breadcrumb":{"@id":"https:\/\/m3caravaning.com\/ca\/autocaravanes\/autocaravanes-noves\/#breadcrumb"},"inLanguage":"ca","potentialAction":[{"@type":"ReadAction","target":["https:\/\/m3caravaning.com\/ca\/autocaravanes\/autocaravanes-noves\/"]}]},{"@type":"BreadcrumbList","@id":"https:\/\/m3caravaning.com\/ca\/autocaravanes\/autocaravanes-noves\/#breadcrumb","itemListElement":[{"@type":"ListItem","position":1,"name":"Portada","item":"https:\/\/m3caravaning.com\/ca\/"},{"@type":"ListItem","position":2,"name":"Autocaravanes","item":"https:\/\/m3caravaning.com\/ca\/autocaravanes\/"},{"@type":"ListItem","position":3,"name":"Autocaravanes noves"}]},{"@type":"WebSite","@id":"https:\/\/m3caravaning.com\/ca\/#website","url":"https:\/\/m3caravaning.com\/ca\/","name":"Autocaravanas, caravanas y furgonetas campers nuevas, ocasi\u00f3n y segunda mano","description":"Tu tienda de autocaravanas, campers y caravanas nuevas y de segunda mano. Alquiler, tienda de recambios, taller, seguros, etc.","potentialAction":[{"@type":"SearchAction","target":{"@type":"EntryPoint","urlTemplate":"https:\/\/m3caravaning.com\/ca\/?s={search_term_string}"},"query-input":"required name=search_term_string"}],"inLanguage":"ca"}]}},"_links":{"self":[{"href":"https:\/\/m3caravaning.com\/ca\/wp-json\/wp\/v2\/pages\/17920","targetHints":{"allow":["GET"]}}],"collection":[{"href":"https:\/\/m3caravaning.com\/ca\/wp-json\/wp\/v2\/pages"}],"about":[{"href":"https:\/\/m3caravaning.com\/ca\/wp-json\/wp\/v2\/types\/page"}],"author":[{"embeddable":true,"href":"https:\/\/m3caravaning.com\/ca\/wp-json\/wp\/v2\/users\/1"}],"replies":[{"embeddable":true,"href":"https:\/\/m3caravaning.com\/ca\/wp-json\/wp\/v2\/comments?post=17920"}],"version-history":[{"count":3,"href":"https:\/\/m3caravaning.com\/ca\/wp-json\/wp\/v2\/pages\/17920\/revisions"}],"predecessor-version":[{"id":619705,"href":"https:\/\/m3caravaning.com\/ca\/wp-json\/wp\/v2\/pages\/17920\/revisions\/619705"}],"up":[{"embeddable":true,"href":"https:\/\/m3caravaning.com\/ca\/wp-json\/wp\/v2\/pages\/17912"}],"wp:attachment":[{"href":"https:\/\/m3caravaning.com\/ca\/wp-json\/wp\/v2\/media?parent=17920"}],"curies":[{"name":"wp","href":"https:\/\/api.w.org\/{rel}","templated":true}]}}