





{"id":17912,"date":"2021-05-04T15:55:40","date_gmt":"2021-05-04T13:55:40","guid":{"rendered":"https:\/\/m3caravaning.com\/?page_id=17912"},"modified":"2024-05-20T12:38:03","modified_gmt":"2024-05-20T10:38:03","slug":"autocaravanes","status":"publish","type":"page","link":"https:\/\/m3caravaning.com\/ca\/autocaravanes\/","title":{"rendered":"Autocaravanes"},"content":{"rendered":"<p>[vc_row full_width=&#8221;stretch_row&#8221; el_class=&#8221;titulo-nivel0&#8243; css=&#8221;.vc_custom_1619532463302{background-image: url(https:\/\/m3caravaning.com\/wp-content\/uploads\/2021\/04\/header_autocaravanas.jpg?id=17708) !important;background-position: center !important;background-repeat: no-repeat !important;background-size: cover !important;}&#8221;][vc_column][vc_column_text css=&#8221;.vc_custom_1631089232259{padding-right: 20% !important;padding-left: 20% !important;}&#8221;]<\/p>\n<h1 style=\"text-align: center;\">Autocaravanes<\/h1>\n<p style=\"text-align: center;\">Autocaravanes noves, segona ma i ocasi\u00f3 a Barcelona i Madrid.<br \/>\nFinanciaci\u00f3 i pack oferta. Gran exposici\u00f3 en autocaravanes noves Knaus, Pilote, Weinsberg, Frankia, Levoyageur, Morelo. Vine!<\/p>\n<p>[\/vc_column_text][\/vc_column][\/vc_row][vc_row][vc_column]\r\n\t<div id=\"cd_space_6a9658922316f\" class=\"cd-space cd-space-6a96589223189\" data-id=\"6a9658922316e\" data-tablet=\"70\" data-tablet-portrait=\"60\" data-mobile=\"20\" data-mobile-portrait=\"10\" data-desktop=\"30\" style=\"clear:both; display:block;\"><\/div>\r\r\n\t[vc_row_inner][vc_column_inner width=&#8221;1\/6&#8243;][\/vc_column_inner][vc_column_inner width=&#8221;2\/6&#8243;]<a href=\"https:\/\/m3caravaning.com\/ca\/autocaravanes\/autocaravanes-noves\/\" title=\"Autocaravanes noves\"  data-id=\"mpc_icon_column-876a96589223271\" class=\"mpc-icon-column mpc-init mpc-parent-hover mpc-transition mpc-icon-column--style_1 mpc-align--center \" ><div data-id=\"mpc_icon-586a96589223825\" class=\"mpc-icon mpc-init mpc-transition mpc-effect-none mpc-icon--image \"><div class=\"mpc-icon-wrap\"><i class=\"mpc-icon-part mpc-regular mpc-transition \"><img fetchpriority=\"high\" decoding=\"async\" width=\"1000\" height=\"743\" src=\"https:\/\/m3caravaning.com\/wp-content\/uploads\/2021\/04\/icono-autocaravanas-perfiladas.png\" class=\"attachment-full\" alt=\"\" srcset=\"https:\/\/m3caravaning.com\/wp-content\/uploads\/2021\/04\/icono-autocaravanas-perfiladas.png 1000w, https:\/\/m3caravaning.com\/wp-content\/uploads\/2021\/04\/icono-autocaravanas-perfiladas-600x446.png 600w\" sizes=\"(max-width: 1000px) 100vw, 1000px\" \/><\/i><\/div><\/div><div class=\"mpc-icon-column__content-wrap\"><div class=\"mpc-icon-column__content\"><h3 class=\"mpc-icon-column__heading mpc-transition\">Autocaravanes Noves<\/h3><div data-id=\"mpc_divider-106a96589223861\" class=\"mpc-divider-wrap\"><div class=\"mpc-divider mpc-init mpc-align--center mpc-disable--left \" ><div class=\"mpc-divider__line mpc-side--left\"><span><\/span><\/div><div class=\"mpc-divider__line mpc-side--right\"><span><\/span><\/div><\/div><\/div><\/div><\/div><\/a>[\/vc_column_inner][vc_column_inner width=&#8221;2\/6&#8243;]<a href=\"https:\/\/m3caravaning.com\/ca\/autocaravanes\/autocaravanes-segona-ma\/\" title=\"Autocaravanes Segona Ma\"  data-id=\"mpc_icon_column-976a96589223918\" class=\"mpc-icon-column mpc-init mpc-parent-hover mpc-transition mpc-icon-column--style_1 mpc-align--center \" ><div data-id=\"mpc_icon-436a96589223dab\" class=\"mpc-icon mpc-init mpc-transition mpc-effect-none mpc-icon--image \"><div class=\"mpc-icon-wrap\"><i class=\"mpc-icon-part mpc-regular mpc-transition \"><img decoding=\"async\" width=\"1000\" height=\"743\" src=\"https:\/\/m3caravaning.com\/wp-content\/uploads\/2021\/04\/icono-autocaravanas-segunda-mano.png\" class=\"attachment-full\" alt=\"\" srcset=\"https:\/\/m3caravaning.com\/wp-content\/uploads\/2021\/04\/icono-autocaravanas-segunda-mano.png 1000w, https:\/\/m3caravaning.com\/wp-content\/uploads\/2021\/04\/icono-autocaravanas-segunda-mano-600x446.png 600w\" sizes=\"(max-width: 1000px) 100vw, 1000px\" \/><\/i><\/div><\/div><div class=\"mpc-icon-column__content-wrap\"><div class=\"mpc-icon-column__content\"><h3 class=\"mpc-icon-column__heading mpc-transition\">Autocaravanes Segona Ma<\/h3><div data-id=\"mpc_divider-156a96589223dd7\" class=\"mpc-divider-wrap\"><div class=\"mpc-divider mpc-init mpc-align--center mpc-disable--left \" ><div class=\"mpc-divider__line mpc-side--left\"><span><\/span><\/div><div class=\"mpc-divider__line mpc-side--right\"><span><\/span><\/div><\/div><\/div><\/div><\/div><\/a>[\/vc_column_inner][vc_column_inner width=&#8221;1\/6&#8243;][\/vc_column_inner][\/vc_row_inner][\/vc_column][\/vc_row][vc_row css=&#8221;.vc_custom_1616708733080{padding-top: 30px !important;padding-bottom: 30px !important;}&#8221;][vc_column]<div class=\"mpc-carousel__wrapper mpc-waypoint\"><div id=\"mpc_carousel_image-686a96589223ea5\" class=\"mpc-carousel-image mpc-init mpc-layout--classic mpc-effect--none \"  data-mpcslick='{\"infinite\":true,\"autoplay\":false,\"slidesToShow\":6,\"slidesToScroll\":6,\"centerMode\":false,\"initialSlide\":0,\"speed\":500}' data-slick-cols=\"6\"><a href=\"\/listado-vehiculos-m3-caravaning\/?car_make=knaus\" target=\"\"class=\"mpc-carousel__item-wrapper\" data-height=\"255\"><div onclick=\"\" class=\"mpc-item mpc-transition\"><div class=\"mpc-border\"><\/div><img decoding=\"async\" width=\"663\" height=\"255\" src=\"https:\/\/m3caravaning.com\/wp-content\/uploads\/2021\/03\/logo-knaus.png\" class=\"mpc-transition attachment-full\" alt=\"\" srcset=\"https:\/\/m3caravaning.com\/wp-content\/uploads\/2021\/03\/logo-knaus.png 663w, https:\/\/m3caravaning.com\/wp-content\/uploads\/2021\/03\/logo-knaus-600x231.png 600w\" sizes=\"(max-width: 663px) 100vw, 663px\" \/><\/div><\/a><a href=\"\/listado-vehiculos-m3-caravaning\/?car_make=fendt\" target=\"\"class=\"mpc-carousel__item-wrapper\" data-height=\"255\"><div onclick=\"\" class=\"mpc-item mpc-transition\"><div class=\"mpc-border\"><\/div><img loading=\"lazy\" decoding=\"async\" width=\"663\" height=\"255\" src=\"https:\/\/m3caravaning.com\/wp-content\/uploads\/2021\/03\/logo-fednt.png\" class=\"mpc-transition attachment-full\" alt=\"\" srcset=\"https:\/\/m3caravaning.com\/wp-content\/uploads\/2021\/03\/logo-fednt.png 663w, https:\/\/m3caravaning.com\/wp-content\/uploads\/2021\/03\/logo-fednt-600x231.png 600w\" sizes=\"(max-width: 663px) 100vw, 663px\" \/><\/div><\/a><a href=\"\/listado-vehiculos-m3-caravaning\/?car_make=le-voyager\" target=\"\"class=\"mpc-carousel__item-wrapper\" data-height=\"255\"><div onclick=\"\" class=\"mpc-item mpc-transition\"><div class=\"mpc-border\"><\/div><img loading=\"lazy\" decoding=\"async\" width=\"663\" height=\"255\" src=\"https:\/\/m3caravaning.com\/wp-content\/uploads\/2021\/03\/logo-le-voyageur.png\" class=\"mpc-transition attachment-full\" alt=\"\" srcset=\"https:\/\/m3caravaning.com\/wp-content\/uploads\/2021\/03\/logo-le-voyageur.png 663w, https:\/\/m3caravaning.com\/wp-content\/uploads\/2021\/03\/logo-le-voyageur-600x231.png 600w\" sizes=\"(max-width: 663px) 100vw, 663px\" \/><\/div><\/a><a href=\"\/listado-vehiculos-m3-caravaning\/?car_make=frankia\" target=\"\"class=\"mpc-carousel__item-wrapper\" data-height=\"255\"><div onclick=\"\" class=\"mpc-item mpc-transition\"><div class=\"mpc-border\"><\/div><img loading=\"lazy\" decoding=\"async\" width=\"663\" height=\"255\" src=\"https:\/\/m3caravaning.com\/wp-content\/uploads\/2021\/03\/logo-frankia.png\" class=\"mpc-transition attachment-full\" alt=\"\" srcset=\"https:\/\/m3caravaning.com\/wp-content\/uploads\/2021\/03\/logo-frankia.png 663w, https:\/\/m3caravaning.com\/wp-content\/uploads\/2021\/03\/logo-frankia-600x231.png 600w\" sizes=\"(max-width: 663px) 100vw, 663px\" \/><\/div><\/a><a href=\"\/listado-vehiculos-m3-caravaning\/?car_make=tabbert\" target=\"\"class=\"mpc-carousel__item-wrapper\" data-height=\"255\"><div onclick=\"\" class=\"mpc-item mpc-transition\"><div class=\"mpc-border\"><\/div><img loading=\"lazy\" decoding=\"async\" width=\"663\" height=\"255\" src=\"https:\/\/m3caravaning.com\/wp-content\/uploads\/2021\/03\/logo-tabbert.png\" class=\"mpc-transition attachment-full\" alt=\"\" srcset=\"https:\/\/m3caravaning.com\/wp-content\/uploads\/2021\/03\/logo-tabbert.png 663w, https:\/\/m3caravaning.com\/wp-content\/uploads\/2021\/03\/logo-tabbert-600x231.png 600w\" sizes=\"(max-width: 663px) 100vw, 663px\" \/><\/div><\/a><a href=\"\/listado-vehiculos-m3-caravaning\/?car_make=weinsberg\" target=\"\"class=\"mpc-carousel__item-wrapper\" data-height=\"255\"><div onclick=\"\" class=\"mpc-item mpc-transition\"><div class=\"mpc-border\"><\/div><img loading=\"lazy\" decoding=\"async\" width=\"663\" height=\"255\" src=\"https:\/\/m3caravaning.com\/wp-content\/uploads\/2021\/03\/logo-weinsberg.png\" class=\"mpc-transition attachment-full\" alt=\"\" srcset=\"https:\/\/m3caravaning.com\/wp-content\/uploads\/2021\/03\/logo-weinsberg.png 663w, https:\/\/m3caravaning.com\/wp-content\/uploads\/2021\/03\/logo-weinsberg-600x231.png 600w\" sizes=\"(max-width: 663px) 100vw, 663px\" \/><\/div><\/a><a href=\"\/listado-vehiculos-m3-caravaning\/?car_make=pilote\" target=\"\"class=\"mpc-carousel__item-wrapper\" data-height=\"255\"><div onclick=\"\" class=\"mpc-item mpc-transition\"><div class=\"mpc-border\"><\/div><img loading=\"lazy\" decoding=\"async\" width=\"663\" height=\"255\" src=\"https:\/\/m3caravaning.com\/wp-content\/uploads\/2021\/03\/logo-pilote.png\" class=\"mpc-transition attachment-full\" alt=\"\" srcset=\"https:\/\/m3caravaning.com\/wp-content\/uploads\/2021\/03\/logo-pilote.png 663w, https:\/\/m3caravaning.com\/wp-content\/uploads\/2021\/03\/logo-pilote-600x231.png 600w\" sizes=\"(max-width: 663px) 100vw, 663px\" \/><\/div><\/a><a href=\"\/listado-vehiculos-m3-caravaning\/?car_make=morelo\" target=\"\"class=\"mpc-carousel__item-wrapper\" data-height=\"255\"><div onclick=\"\" class=\"mpc-item mpc-transition\"><div class=\"mpc-border\"><\/div><img loading=\"lazy\" decoding=\"async\" width=\"663\" height=\"255\" src=\"https:\/\/m3caravaning.com\/wp-content\/uploads\/2021\/03\/logo-morello.png\" class=\"mpc-transition attachment-full\" alt=\"\" srcset=\"https:\/\/m3caravaning.com\/wp-content\/uploads\/2021\/03\/logo-morello.png 663w, https:\/\/m3caravaning.com\/wp-content\/uploads\/2021\/03\/logo-morello-600x231.png 600w\" sizes=\"(max-width: 663px) 100vw, 663px\" \/><\/div><\/a><a href=\"\/listado-vehiculos-m3-caravaning\/?car_make=mooveo\" target=\"\"class=\"mpc-carousel__item-wrapper\" data-height=\"255\"><div onclick=\"\" class=\"mpc-item mpc-transition\"><div class=\"mpc-border\"><\/div><img loading=\"lazy\" decoding=\"async\" width=\"663\" height=\"255\" src=\"https:\/\/m3caravaning.com\/wp-content\/uploads\/2021\/03\/logo-mooveo.png\" class=\"mpc-transition attachment-full\" alt=\"\" srcset=\"https:\/\/m3caravaning.com\/wp-content\/uploads\/2021\/03\/logo-mooveo.png 663w, https:\/\/m3caravaning.com\/wp-content\/uploads\/2021\/03\/logo-mooveo-600x231.png 600w\" sizes=\"(max-width: 663px) 100vw, 663px\" \/><\/div><\/a><\/div><div class=\"mpc-navigation mpc-init mpc-align--right mpc-navigation--style_5  mpc-nav-preset--mpc_preset_10\" data-mpcslider=\"mpc_carousel_image-686a96589223ea5\"><div class=\"mpc-nav__arrow mpcslick-prev\"><div class=\"mpc-nav__icon mpc-transition\"><i class=\" eti eti_arrow_triangle-left\"><div class=\"mpc-nav__background mpc-transition mpc-effect-type--slide mpc-effect-side--right\"><\/div><\/i><\/div><\/div><\/div><div class=\"mpc-navigation mpc-init mpc-align--right mpc-navigation--style_5  mpc-nav-preset--mpc_preset_10\" data-mpcslider=\"mpc_carousel_image-686a96589223ea5\"><div class=\"mpc-nav__arrow mpcslick-next\"><div class=\"mpc-nav__icon mpc-transition\"><i class=\" eti eti_arrow_triangle-right\"><div class=\"mpc-nav__background mpc-transition mpc-effect-type--slide mpc-effect-side--right\"><\/div><\/i><\/div><\/div><\/div><\/div>[\/vc_column][\/vc_row][vc_row el_class=&#8221;search-page&#8221;][vc_column]\r\n\t<div class=\"search-block clearfix box top white-bg\" data-empty-lbl=\"--Select--\">\r\r\n\t\t\r\n\r\r\n\t\t<div class=\"col-lg-10 col-md-10 col-sm-12\">\r\r\n\t\t\t<div class=\"row sort-filters-box\">\r\r\n\t\t\t\t\r\n\t\t\t\t\t<div class=\"col-lg-4 col-md-4 col-sm-12\">\r\r\n\t\t\t\t\t\t<!-- <span>Select Vehicle Categories<\/span> -->\r\r\n\t\t\t\t\t\t<div class=\"selected-box\">\r\r\n\t\t\t\t\t\t\t<select data-uid=\"6a965892268db\" id=\"sort_vehicle_cat_6a965892268db\" data-id=\"vehicle_cat\" class=\"selectpicker custom-filters-box col-4 cd-select-box\">\r\r\n\t\t\t\t\t\t\t\t<option value=\"\">Categoria de vehicles<\/option>\r\r\n\t\t\t\t\t\t\t\t\r\n\t\t\t\t\t\t\t\t\t\t<option value=\"autocaravanes\">Autocaravanes<\/option>\r\r\n\t\t\t\t\t\t\t\t\t\t\r\n\t\t\t\t\t\t\t\t\t\t<option value=\"campers-ca\">Campers<\/option>\r\r\n\t\t\t\t\t\t\t\t\t\t\r\n\t\t\t\t\t\t\t\t\t\t<option value=\"mini-caravanas-ca\">Caravanas mini<\/option>\r\r\n\t\t\t\t\t\t\t\t\t\t\r\n\t\t\t\t\t\t\t\t\t\t<option value=\"cara-pequenas-ca\">Caravanas peque\u00f1as<\/option>\r\r\n\t\t\t\t\t\t\t\t\t\t\r\n\t\t\t\t\t\t\t\t\t\t<option value=\"cara-pequenas-segunda-mano-ca\">Caravanas peque\u00f1as segunda mano<\/option>\r\r\n\t\t\t\t\t\t\t\t\t\t\r\n\t\t\t\t\t\t\t\t\t\t<option value=\"caravanes\">Caravanes<\/option>\r\r\n\t\t\t\t\t\t\t\t\t\t\r\n\t\t\t\t\t\t\t<\/select>\r\r\n\t\t\t\t\t\t<\/div>\r\r\n\t\t\t\t\t<\/div>\r\r\n\t\t\t\t\t\r\n\t\t\t\t\t<div class=\"col-lg-4 col-md-4 col-sm-12\">\r\r\n\t\t\t\t\t\t<!-- <span>Select Make<\/span> -->\r\r\n\t\t\t\t\t\t<div class=\"selected-box\">\r\r\n\t\t\t\t\t\t\t<select data-uid=\"6a965892268db\" id=\"sort_car_make_6a965892268db\" data-id=\"car_make\" class=\"selectpicker custom-filters-box col-4 cd-select-box\">\r\r\n\t\t\t\t\t\t\t\t<option value=\"\">Marca<\/option>\r\r\n\t\t\t\t\t\t\t\t\r\n\t\t\t\t\t\t\t\t\t\t<option value=\"ace\">Ace<\/option>\r\r\n\t\t\t\t\t\t\t\t\t\t\r\n\t\t\t\t\t\t\t\t\t\t<option value=\"adria\">Adria<\/option>\r\r\n\t\t\t\t\t\t\t\t\t\t\r\n\t\t\t\t\t\t\t\t\t\t<option value=\"advantec\">Advantec<\/option>\r\r\n\t\t\t\t\t\t\t\t\t\t\r\n\t\t\t\t\t\t\t\t\t\t<option value=\"autostar\">AUTOSTAR<\/option>\r\r\n\t\t\t\t\t\t\t\t\t\t\r\n\t\t\t\t\t\t\t\t\t\t<option value=\"benimar\">Benimar<\/option>\r\r\n\t\t\t\t\t\t\t\t\t\t\r\n\t\t\t\t\t\t\t\t\t\t<option value=\"burstner\">Burstner<\/option>\r\r\n\t\t\t\t\t\t\t\t\t\t\r\n\t\t\t\t\t\t\t\t\t\t<option value=\"carado\">Carado<\/option>\r\r\n\t\t\t\t\t\t\t\t\t\t\r\n\t\t\t\t\t\t\t\t\t\t<option value=\"caravelair\">Caravelair<\/option>\r\r\n\t\t\t\t\t\t\t\t\t\t\r\n\t\t\t\t\t\t\t\t\t\t<option value=\"caretta\">Caretta<\/option>\r\r\n\t\t\t\t\t\t\t\t\t\t\r\n\t\t\t\t\t\t\t\t\t\t<option value=\"carpento\">Carpento<\/option>\r\r\n\t\t\t\t\t\t\t\t\t\t\r\n\t\t\t\t\t\t\t\t\t\t<option value=\"challenger\">Challenger<\/option>\r\r\n\t\t\t\t\t\t\t\t\t\t\r\n\t\t\t\t\t\t\t\t\t\t<option value=\"dethleffs\">Dethleffs<\/option>\r\r\n\t\t\t\t\t\t\t\t\t\t\r\n\t\t\t\t\t\t\t\t\t\t<option value=\"dreamer\">DREAMER<\/option>\r\r\n\t\t\t\t\t\t\t\t\t\t\r\n\t\t\t\t\t\t\t\t\t\t<option value=\"fendt\">Fendt<\/option>\r\r\n\t\t\t\t\t\t\t\t\t\t\r\n\t\t\t\t\t\t\t\t\t\t<option value=\"giottiline\">Giottiline<\/option>\r\r\n\t\t\t\t\t\t\t\t\t\t\r\n\t\t\t\t\t\t\t\t\t\t<option value=\"hobby\">Hobby<\/option>\r\r\n\t\t\t\t\t\t\t\t\t\t\r\n\t\t\t\t\t\t\t\t\t\t<option value=\"hymer\">Hymer<\/option>\r\r\n\t\t\t\t\t\t\t\t\t\t\r\n\t\t\t\t\t\t\t\t\t\t<option value=\"joa\">JOA<\/option>\r\r\n\t\t\t\t\t\t\t\t\t\t\r\n\t\t\t\t\t\t\t\t\t\t<option value=\"joint\">Joint<\/option>\r\r\n\t\t\t\t\t\t\t\t\t\t\r\n\t\t\t\t\t\t\t\t\t\t<option value=\"knaus\">Knaus<\/option>\r\r\n\t\t\t\t\t\t\t\t\t\t\r\n\t\t\t\t\t\t\t\t\t\t<option value=\"laika\">Laika<\/option>\r\r\n\t\t\t\t\t\t\t\t\t\t\r\n\t\t\t\t\t\t\t\t\t\t<option value=\"lmc\">LMC<\/option>\r\r\n\t\t\t\t\t\t\t\t\t\t\r\n\t\t\t\t\t\t\t\t\t\t<option value=\"mclouis\">McLouis<\/option>\r\r\n\t\t\t\t\t\t\t\t\t\t\r\n\t\t\t\t\t\t\t\t\t\t<option value=\"mobilvetta\">Mobilvetta<\/option>\r\r\n\t\t\t\t\t\t\t\t\t\t\r\n\t\t\t\t\t\t\t\t\t\t<option value=\"morelo\">Morelo<\/option>\r\r\n\t\t\t\t\t\t\t\t\t\t\r\n\t\t\t\t\t\t\t\t\t\t<option value=\"peugeot\">Peugeot<\/option>\r\r\n\t\t\t\t\t\t\t\t\t\t\r\n\t\t\t\t\t\t\t\t\t\t<option value=\"pilote\">Pilote<\/option>\r\r\n\t\t\t\t\t\t\t\t\t\t\r\n\t\t\t\t\t\t\t\t\t\t<option value=\"rimor\">Rimor<\/option>\r\r\n\t\t\t\t\t\t\t\t\t\t\r\n\t\t\t\t\t\t\t\t\t\t<option value=\"roller\">Roller<\/option>\r\r\n\t\t\t\t\t\t\t\t\t\t\r\n\t\t\t\t\t\t\t\t\t\t<option value=\"sterckeman\">Sterckeman<\/option>\r\r\n\t\t\t\t\t\t\t\t\t\t\r\n\t\t\t\t\t\t\t\t\t\t<option value=\"tb\">T@B<\/option>\r\r\n\t\t\t\t\t\t\t\t\t\t\r\n\t\t\t\t\t\t\t\t\t\t<option value=\"tab\">TAB<\/option>\r\r\n\t\t\t\t\t\t\t\t\t\t\r\n\t\t\t\t\t\t\t\t\t\t<option value=\"tabbert\">Tabbert<\/option>\r\r\n\t\t\t\t\t\t\t\t\t\t\r\n\t\t\t\t\t\t\t\t\t\t<option value=\"tec\">TEC<\/option>\r\r\n\t\t\t\t\t\t\t\t\t\t\r\n\t\t\t\t\t\t\t\t\t\t<option value=\"trigano\">Trigano<\/option>\r\r\n\t\t\t\t\t\t\t\t\t\t\r\n\t\t\t\t\t\t\t\t\t\t<option value=\"v633m\">V633M<\/option>\r\r\n\t\t\t\t\t\t\t\t\t\t\r\n\t\t\t\t\t\t\t\t\t\t<option value=\"weinsberg\">Weinsberg<\/option>\r\r\n\t\t\t\t\t\t\t\t\t\t\r\n\t\t\t\t\t\t\t\t\t\t<option value=\"wilk\">Wilk<\/option>\r\r\n\t\t\t\t\t\t\t\t\t\t\r\n\t\t\t\t\t\t\t<\/select>\r\r\n\t\t\t\t\t\t<\/div>\r\r\n\t\t\t\t\t<\/div>\r\r\n\t\t\t\t\t\r\n\t\t\t\t\t<div class=\"col-lg-4 col-md-4 col-sm-12\">\r\r\n\t\t\t\t\t\t<!-- <span>Select Condition<\/span> -->\r\r\n\t\t\t\t\t\t<div class=\"selected-box\">\r\r\n\t\t\t\t\t\t\t<select data-uid=\"6a965892268db\" id=\"sort_car_condition_6a965892268db\" data-id=\"car_condition\" class=\"selectpicker custom-filters-box col-4 cd-select-box\">\r\r\n\t\t\t\t\t\t\t\t<option value=\"\">Antiguetat<\/option>\r\r\n\t\t\t\t\t\t\t\t\r\n\t\t\t\t\t\t\t\t\t\t<option value=\"fiat-2-3-150-cv-ca\">Fiat 2.3 150 CV<\/option>\r\r\n\t\t\t\t\t\t\t\t\t\t\r\n\t\t\t\t\t\t\t\t\t\t<option value=\"kilometro-0\">Kilometro.0<\/option>\r\r\n\t\t\t\t\t\t\t\t\t\t\r\n\t\t\t\t\t\t\t\t\t\t<option value=\"noves-2-ca\">Noves<\/option>\r\r\n\t\t\t\t\t\t\t\t\t\t\r\n\t\t\t\t\t\t\t\t\t\t<option value=\"nueva\">Nueva<\/option>\r\r\n\t\t\t\t\t\t\t\t\t\t\r\n\t\t\t\t\t\t\t\t\t\t<option value=\"ocasio_ca\">Ocasi\u00f3<\/option>\r\r\n\t\t\t\t\t\t\t\t\t\t\r\n\t\t\t\t\t\t\t\t\t\t<option value=\"ofertes\">Ofertes<\/option>\r\r\n\t\t\t\t\t\t\t\t\t\t\r\n\t\t\t\t\t\t\t\t\t\t<option value=\"segona-ma\">Segona Ma<\/option>\r\r\n\t\t\t\t\t\t\t\t\t\t\r\n\t\t\t\t\t\t\t\t\t\t<option value=\"segunda-mano-ca\">Segunda Mano<\/option>\r\r\n\t\t\t\t\t\t\t\t\t\t\r\n\t\t\t\t\t\t\t<\/select>\r\r\n\t\t\t\t\t\t<\/div>\r\r\n\t\t\t\t\t<\/div>\r\r\n\t\t\t\t\t\r\n\t\t\t<\/div>\r\r\n\t\t<\/div>\r\r\n\t\t<div class=\"col-lg-2 col-md-2 col-sm-12\">\r\r\n\t\t\t\r\n\t\t\t<div class=\"price_slider_wrapper\">\r\r\n\t\t\t\t<div class=\"price-slide\">\r\r\n\t\t\t\t\t<div class=\"price\">\r\r\n\t\t\t\t\t\t\r\n\t\t\t\t\t\t<input type=\"hidden\" id=\"pgs_min_price\" name=\"min_price\" value=\"\" data-min=\"0\"\/>\r\r\n\t\t\t\t\t\t<input type=\"hidden\" id=\"pgs_max_price\" name=\"max_price\" value=\"\" data-max=\"315100\" data-step=\"100\"\/>\r\r\n\r\r\n\t\t\t\t\t\t<label for=\"dealer-slider-amount\">Rang de preus<\/label>\r\r\n\t\t\t\t\t\t<input type=\"text\" id=\"dealer-slider-amount\" readonly class=\"amount\" value=\"\" \/>\r\r\n\t\t\t\t\t\t<div id=\"slider-range\"><\/div>\r\r\n\t\t\t\t\t\t\r\n\r\r\n\t\t\t\t\t<\/div>\r\r\n\t\t\t\t<\/div>\r\r\n\t\t\t<\/div>\r\r\n\t\t\t<a class=\"button cfb-submit-btn\" href=\"javascript:void(0);\">Buscar<\/a>\r\r\n\t\t<\/div>\r\r\n\t\t\r\n\t\t<div class=\"clearfix\"><\/div>\r\r\n\t\t<div class=\"filter-loader\"><\/div>\r\r\n\t<\/div>\r\r\n\t[\/vc_column][\/vc_row][vc_row][vc_column]\r\n\t<div class=\"pgs_cars_carousel-wrapper\">\r\r\n\t\t\r\n\t\t<div class=\"pgs_cars_carousel-items\" >\r\r\n\t\t\t\r\n\t\t\t\t<div class=\"row\">\r\r\n\t\t\t\t\r\n\t\t\t\t<div class='item col-sm-3'>\r\r\n\t\t\t\t\t<div class='car-item text-center white-bg'>\r\r\n\t\t\t\t\t\t<div class='car-image'>\r\r\n\t\t\t\t\t\t\t<a href=\"https:\/\/m3caravaning.com\/ca\/m3caravaning\/autocaravana-pilote-atlas-a650-d\/\"><span class=\"label car-condition noves\">Noves<\/span><img loading=\"lazy\" decoding=\"async\" class=\"img-responsive\" src=\"https:\/\/m3caravaning.com\/wp-content\/uploads\/2026\/08\/autocaravana_nueva_pilote_atlas_a_650_d-1-800x600-1-265x190.jpg\" alt=\"\" width=\"265\" height=\"190\"\/><\/a><div class=\"car-list\"><ul class=\"list-inline\"><li class=\"car-transmission-dots\" title=\"Autom\u00e1tica\"><i class=\"fas fa-cog\"><\/i> Autom\u00e1tica<\/li><\/ul><\/div>\r\n\t\t\t\t\t\t<\/div>\r\r\n\t\t\t\t\t\t\r\n\t\t\t\t\t\t<div class='car-content'>\r\r\n\t\t\t\t\t\t\t<a href=\"https:\/\/m3caravaning.com\/ca\/m3caravaning\/autocaravana-pilote-atlas-a650-d\/\">AUTOCARAVANA PILOTE ATLAS A650 D<\/a><div class=\"separator\"><\/div><div class=\"price car-price \"><span class=\"old-price\"> 77.490&euro;<\/span><span class=\"new-price\"> 75.290&euro;<\/span><\/div>\r\n\t\t\t\t\t\t<\/div>\r\r\n\t\t\t\t\t<\/div>\r\r\n\t\t\t\t<\/div>\r\r\n\t\t\t\t\r\n\t\t\t\t<div class='item col-sm-3'>\r\r\n\t\t\t\t\t<div class='car-item text-center white-bg'>\r\r\n\t\t\t\t\t\t<div class='car-image'>\r\r\n\t\t\t\t\t\t\t<a href=\"https:\/\/m3caravaning.com\/ca\/m3caravaning\/autocaravana-pilote-g741-fgj\/\"><span class=\"label car-condition noves\">Noves<\/span><img loading=\"lazy\" decoding=\"async\" class=\"img-responsive\" src=\"https:\/\/m3caravaning.com\/wp-content\/uploads\/2026\/08\/autocaravana_nueva_pilote_g741_fgj_expression-1-800x600-1-265x190.jpg\" alt=\"\" width=\"265\" height=\"190\"\/><\/a><div class=\"car-list\"><ul class=\"list-inline\"><li class=\"car-transmission-dots\" title=\"Autom\u00e1tica\"><i class=\"fas fa-cog\"><\/i> Autom\u00e1tica<\/li><\/ul><\/div>\r\n\t\t\t\t\t\t<\/div>\r\r\n\t\t\t\t\t\t\r\n\t\t\t\t\t\t<div class='car-content'>\r\r\n\t\t\t\t\t\t\t<a href=\"https:\/\/m3caravaning.com\/ca\/m3caravaning\/autocaravana-pilote-g741-fgj\/\">AUTOCARAVANA PILOTE G741 FGJ EXPRESSION<\/a><div class=\"separator\"><\/div><div class=\"price car-price \"><span class=\"new-price\"> 99.990&euro;<\/span><\/div>\r\n\t\t\t\t\t\t<\/div>\r\r\n\t\t\t\t\t<\/div>\r\r\n\t\t\t\t<\/div>\r\r\n\t\t\t\t\r\n\t\t\t\t<div class='item col-sm-3'>\r\r\n\t\t\t\t\t<div class='car-item text-center white-bg'>\r\r\n\t\t\t\t\t\t<div class='car-image'>\r\r\n\t\t\t\t\t\t\t<a href=\"https:\/\/m3caravaning.com\/ca\/m3caravaning\/autocaravana-giottiline-siena-396\/\"><span class=\"label car-condition noves\">Noves<\/span><img loading=\"lazy\" decoding=\"async\" class=\"img-responsive\" src=\"https:\/\/m3caravaning.com\/wp-content\/uploads\/2026\/08\/autocaravana_nueva_giottiline_siena_396_version_standard-1-800x600-1-265x190.jpg\" alt=\"\" width=\"265\" height=\"190\"\/><\/a><div class=\"car-list\"><ul class=\"list-inline\"><li class=\"car-transmission-dots\" title=\"Manual\"><i class=\"fas fa-cog\"><\/i> Manual<\/li><\/ul><\/div>\r\n\t\t\t\t\t\t<\/div>\r\r\n\t\t\t\t\t\t\r\n\t\t\t\t\t\t<div class='car-content'>\r\r\n\t\t\t\t\t\t\t<a href=\"https:\/\/m3caravaning.com\/ca\/m3caravaning\/autocaravana-giottiline-siena-396\/\">AUTOCARAVANA GIOTTILINE SIENA 396<\/a><div class=\"separator\"><\/div><div class=\"price car-price \"><span class=\"old-price\"> 67.690&euro;<\/span><span class=\"new-price\"> 65.190&euro;<\/span><\/div>\r\n\t\t\t\t\t\t<\/div>\r\r\n\t\t\t\t\t<\/div>\r\r\n\t\t\t\t<\/div>\r\r\n\t\t\t\t\r\n\t\t\t\t<div class='item col-sm-3'>\r\r\n\t\t\t\t\t<div class='car-item text-center white-bg'>\r\r\n\t\t\t\t\t\t<div class='car-image'>\r\r\n\t\t\t\t\t\t\t<a href=\"https:\/\/m3caravaning.com\/ca\/m3caravaning\/autocaravana-segona-ma-mobilvetta-k-yatch-tekno-line-80\/\"><span class=\"label car-condition segunda-mano-ca\">Segunda Mano<\/span><img loading=\"lazy\" decoding=\"async\" class=\"img-responsive\" src=\"https:\/\/m3caravaning.com\/wp-content\/uploads\/2026\/08\/autocaravana_segunda_mano_mobilvetta_k_yatch_tekno_line_80-1-800x600-1-265x190.jpg\" alt=\"\" width=\"265\" height=\"190\"\/><\/a><div class=\"car-list\"><ul class=\"list-inline\"><li><i class=\"fas fa-calendar-alt\"><\/i> 2019<\/li><li class=\"car-transmission-dots\" title=\"Manual\"><i class=\"fas fa-cog\"><\/i> Manual<\/li><li><i class=\"glyph-icon flaticon-gas-station\"><\/i> 72750<\/li><\/ul><\/div>\r\n\t\t\t\t\t\t<\/div>\r\r\n\t\t\t\t\t\t\r\n\t\t\t\t\t\t<div class='car-content'>\r\r\n\t\t\t\t\t\t\t<a href=\"https:\/\/m3caravaning.com\/ca\/m3caravaning\/autocaravana-segona-ma-mobilvetta-k-yatch-tekno-line-80\/\">AUTOCARAVANA SEGONA M\u00c0 MOBILVETTA K YATCH TEKNO LINE 80<\/a><div class=\"separator\"><\/div><div class=\"price car-price \"><span class=\"new-price\"> 67.990&euro;<\/span><\/div>\r\n\t\t\t\t\t\t<\/div>\r\r\n\t\t\t\t\t<\/div>\r\r\n\t\t\t\t<\/div>\r\r\n\t\t\t\t\r\n\t\t\t\t<div class='item col-sm-3'>\r\r\n\t\t\t\t\t<div class='car-item text-center white-bg'>\r\r\n\t\t\t\t\t\t<div class='car-image'>\r\r\n\t\t\t\t\t\t\t<a href=\"https:\/\/m3caravaning.com\/ca\/m3caravaning\/autocaravana-weinsberg-caracompact-640-meg-edition-pepper\/\"><span class=\"label car-condition noves\">Noves<\/span><img loading=\"lazy\" decoding=\"async\" class=\"img-responsive\" src=\"https:\/\/m3caravaning.com\/wp-content\/uploads\/2026\/07\/autocaravana_nueva_weinsberg_caracompact_640_meg-1-800x600-1-265x190.jpg\" alt=\"\" width=\"265\" height=\"190\"\/><\/a><div class=\"car-list\"><ul class=\"list-inline\"><li class=\"car-transmission-dots\" title=\"Autom\u00e1tica\"><i class=\"fas fa-cog\"><\/i> Autom\u00e1tica<\/li><\/ul><\/div>\r\n\t\t\t\t\t\t<\/div>\r\r\n\t\t\t\t\t\t\r\n\t\t\t\t\t\t<div class='car-content'>\r\r\n\t\t\t\t\t\t\t<a href=\"https:\/\/m3caravaning.com\/ca\/m3caravaning\/autocaravana-weinsberg-caracompact-640-meg-edition-pepper\/\">AUTOCARAVANA WEINSBERG CARACOMPACT 640 MEG [EDITION PEPPER]<\/a><div class=\"separator\"><\/div><div class=\"price car-price \"><span class=\"new-price\"> 91.690&euro;<\/span><\/div>\r\n\t\t\t\t\t\t<\/div>\r\r\n\t\t\t\t\t<\/div>\r\r\n\t\t\t\t<\/div>\r\r\n\t\t\t\t\r\n\t\t\t\t<div class='item col-sm-3'>\r\r\n\t\t\t\t\t<div class='car-item text-center white-bg'>\r\r\n\t\t\t\t\t\t<div class='car-image'>\r\r\n\t\t\t\t\t\t\t<a href=\"https:\/\/m3caravaning.com\/ca\/m3caravaning\/autocaravana-giottiline-siena-397\/\"><span class=\"label car-condition noves\">Noves<\/span><img loading=\"lazy\" decoding=\"async\" class=\"img-responsive\" src=\"https:\/\/m3caravaning.com\/wp-content\/uploads\/2026\/07\/autocaravana_nueva_giottiline_siena_397-1-800x600-1-265x190.jpg\" alt=\"\" width=\"265\" height=\"190\"\/><\/a><div class=\"car-list\"><ul class=\"list-inline\"><li class=\"car-transmission-dots\" title=\"Manual\"><i class=\"fas fa-cog\"><\/i> Manual<\/li><\/ul><\/div>\r\n\t\t\t\t\t\t<\/div>\r\r\n\t\t\t\t\t\t\r\n\t\t\t\t\t\t<div class='car-content'>\r\r\n\t\t\t\t\t\t\t<a href=\"https:\/\/m3caravaning.com\/ca\/m3caravaning\/autocaravana-giottiline-siena-397\/\">AUTOCARAVANA GIOTTILINE SIENA 397<\/a><div class=\"separator\"><\/div><div class=\"price car-price \"><span class=\"old-price\"> 69.392&euro;<\/span><span class=\"new-price\"> 66.892&euro;<\/span><\/div>\r\n\t\t\t\t\t\t<\/div>\r\r\n\t\t\t\t\t<\/div>\r\r\n\t\t\t\t<\/div>\r\r\n\t\t\t\t\r\n\t\t\t\t<div class='item col-sm-3'>\r\r\n\t\t\t\t\t<div class='car-item text-center white-bg'>\r\r\n\t\t\t\t\t\t<div class='car-image'>\r\r\n\t\t\t\t\t\t\t<a href=\"https:\/\/m3caravaning.com\/ca\/m3caravaning\/autocaravana-segona-ma-mclouis-nevis-379-g\/\"><span class=\"label car-condition segunda-mano-ca\">Segunda Mano<\/span><span class=\"label car-status sold\">SOLD<\/span><img loading=\"lazy\" decoding=\"async\" class=\"img-responsive\" src=\"https:\/\/m3caravaning.com\/wp-content\/uploads\/2026\/07\/autocaravana_segunda_mano_mclouis_nevis_379_g-1-800x600-1-265x190.jpg\" alt=\"\" width=\"265\" height=\"190\"\/><\/a><div class=\"car-list\"><ul class=\"list-inline\"><li><i class=\"fas fa-calendar-alt\"><\/i> 2020<\/li><li class=\"car-transmission-dots\" title=\"Manual\"><i class=\"fas fa-cog\"><\/i> Manual<\/li><li><i class=\"glyph-icon flaticon-gas-station\"><\/i> 68150<\/li><\/ul><\/div>\r\n\t\t\t\t\t\t<\/div>\r\r\n\t\t\t\t\t\t\r\n\t\t\t\t\t\t<div class='car-content'>\r\r\n\t\t\t\t\t\t\t<a href=\"https:\/\/m3caravaning.com\/ca\/m3caravaning\/autocaravana-segona-ma-mclouis-nevis-379-g\/\">AUTOCARAVANA SEGUNDA MANO MCLOUIS NEVIS 379 G<\/a><div class=\"separator\"><\/div><div class=\"price car-price \"><span class=\"new-price\"> 64.990&euro;<\/span><\/div>\r\n\t\t\t\t\t\t<\/div>\r\r\n\t\t\t\t\t<\/div>\r\r\n\t\t\t\t<\/div>\r\r\n\t\t\t\t\r\n\t\t\t\t<div class='item col-sm-3'>\r\r\n\t\t\t\t\t<div class='car-item text-center white-bg'>\r\r\n\t\t\t\t\t\t<div class='car-image'>\r\r\n\t\t\t\t\t\t\t<a href=\"https:\/\/m3caravaning.com\/ca\/m3caravaning\/autocaravana-segona-ma-weinsberg-caracompact-600-mf\/\"><span class=\"label car-condition segunda-mano-ca\">Segunda Mano<\/span><img loading=\"lazy\" decoding=\"async\" class=\"img-responsive\" src=\"https:\/\/m3caravaning.com\/wp-content\/uploads\/2026\/07\/autocaravana_segunda_mano_weinsberg_caracompct_600_mf_pepper_edition-1-800x600-1-265x190.jpg\" alt=\"\" width=\"265\" height=\"190\"\/><\/a><div class=\"car-list\"><ul class=\"list-inline\"><li><i class=\"fas fa-calendar-alt\"><\/i> 2021<\/li><li class=\"car-transmission-dots\" title=\"Manual\"><i class=\"fas fa-cog\"><\/i> Manual<\/li><li><i class=\"glyph-icon flaticon-gas-station\"><\/i> 21900<\/li><\/ul><\/div>\r\n\t\t\t\t\t\t<\/div>\r\r\n\t\t\t\t\t\t\r\n\t\t\t\t\t\t<div class='car-content'>\r\r\n\t\t\t\t\t\t\t<a href=\"https:\/\/m3caravaning.com\/ca\/m3caravaning\/autocaravana-segona-ma-weinsberg-caracompact-600-mf\/\">AUTOCARAVANA SEGONA M\u00c0 WEINSBERG CARACOMPACT 600 MF<\/a><div class=\"separator\"><\/div>\r\n\t\t\t\t\t\t<\/div>\r\r\n\t\t\t\t\t<\/div>\r\r\n\t\t\t\t<\/div>\r\r\n\t\t\t\t\r\n\t\t\t\t<div class='item col-sm-3'>\r\r\n\t\t\t\t\t<div class='car-item text-center white-bg'>\r\r\n\t\t\t\t\t\t<div class='car-image'>\r\r\n\t\t\t\t\t\t\t<a href=\"https:\/\/m3caravaning.com\/ca\/m3caravaning\/autocaravana-segona-ma-pilote-p726-p\/\"><span class=\"label car-condition segunda-mano-ca\">Segunda Mano<\/span><img loading=\"lazy\" decoding=\"async\" class=\"img-responsive\" src=\"https:\/\/m3caravaning.com\/wp-content\/uploads\/2026\/07\/autocaravana_segunda_mano_pilote_p726_p-1-800x600-1-265x190.jpg\" alt=\"\" width=\"265\" height=\"190\"\/><\/a><div class=\"car-list\"><ul class=\"list-inline\"><li><i class=\"fas fa-calendar-alt\"><\/i> 2022<\/li><li><i class=\"glyph-icon flaticon-gas-station\"><\/i> 39400<\/li><\/ul><\/div>\r\n\t\t\t\t\t\t<\/div>\r\r\n\t\t\t\t\t\t\r\n\t\t\t\t\t\t<div class='car-content'>\r\r\n\t\t\t\t\t\t\t<a href=\"https:\/\/m3caravaning.com\/ca\/m3caravaning\/autocaravana-segona-ma-pilote-p726-p\/\">AUTOCARAVANA SEGONA M\u00c0 PILOTE P726 P<\/a><div class=\"separator\"><\/div>\r\n\t\t\t\t\t\t<\/div>\r\r\n\t\t\t\t\t<\/div>\r\r\n\t\t\t\t<\/div>\r\r\n\t\t\t\t\r\n\t\t\t\t<div class='item col-sm-3'>\r\r\n\t\t\t\t\t<div class='car-item text-center white-bg'>\r\r\n\t\t\t\t\t\t<div class='car-image'>\r\r\n\t\t\t\t\t\t\t<a href=\"https:\/\/m3caravaning.com\/ca\/m3caravaning\/autocaravana-segona-ma-benimar-mileo-263\/\"><span class=\"label car-condition fiat-2-3-150-cv-ca\">Fiat 2.3 150 CV<\/span><img loading=\"lazy\" decoding=\"async\" class=\"img-responsive\" src=\"https:\/\/m3caravaning.com\/wp-content\/uploads\/2026\/06\/autocaravana_segunda_mano_benimar_mileo_263-1-800x600-2-265x190.jpg\" alt=\"\" width=\"265\" height=\"190\"\/><\/a><div class=\"car-list\"><ul class=\"list-inline\"><li><i class=\"fas fa-calendar-alt\"><\/i> 2018<\/li><li class=\"car-transmission-dots\" title=\"Manual\"><i class=\"fas fa-cog\"><\/i> Manual<\/li><li><i class=\"glyph-icon flaticon-gas-station\"><\/i> 56300<\/li><\/ul><\/div>\r\n\t\t\t\t\t\t<\/div>\r\r\n\t\t\t\t\t\t\r\n\t\t\t\t\t\t<div class='car-content'>\r\r\n\t\t\t\t\t\t\t<a href=\"https:\/\/m3caravaning.com\/ca\/m3caravaning\/autocaravana-segona-ma-benimar-mileo-263\/\">AUTOCARAVANA SEGONA M\u00c0 BENIMAR MILEO 263<\/a><div class=\"separator\"><\/div><div class=\"price car-price \"><span class=\"new-price\"> 58.990&euro;<\/span><\/div>\r\n\t\t\t\t\t\t<\/div>\r\r\n\t\t\t\t\t<\/div>\r\r\n\t\t\t\t<\/div>\r\r\n\t\t\t\t\r\n\t\t\t\t<div class='item col-sm-3'>\r\r\n\t\t\t\t\t<div class='car-item text-center white-bg'>\r\r\n\t\t\t\t\t\t<div class='car-image'>\r\r\n\t\t\t\t\t\t\t<a href=\"https:\/\/m3caravaning.com\/ca\/m3caravaning\/autocaravana-pilote-atlas-a690-g\/\"><span class=\"label car-condition noves\">Noves<\/span><img loading=\"lazy\" decoding=\"async\" class=\"img-responsive\" src=\"https:\/\/m3caravaning.com\/wp-content\/uploads\/2026\/06\/autocaravana_nueva_pilote_atlas_a_690_g-1-800x600-1-265x190.jpg\" alt=\"\" width=\"265\" height=\"190\"\/><\/a><div class=\"car-list\"><ul class=\"list-inline\"><li class=\"car-transmission-dots\" title=\"Autom\u00e1tica\"><i class=\"fas fa-cog\"><\/i> Autom\u00e1tica<\/li><\/ul><\/div>\r\n\t\t\t\t\t\t<\/div>\r\r\n\t\t\t\t\t\t\r\n\t\t\t\t\t\t<div class='car-content'>\r\r\n\t\t\t\t\t\t\t<a href=\"https:\/\/m3caravaning.com\/ca\/m3caravaning\/autocaravana-pilote-atlas-a690-g\/\">AUTOCARAVANA PILOTE ATLAS A690 G<\/a><div class=\"separator\"><\/div><div class=\"price car-price \"><span class=\"old-price\"> 78.490&euro;<\/span><span class=\"new-price\"> 75.490&euro;<\/span><\/div>\r\n\t\t\t\t\t\t<\/div>\r\r\n\t\t\t\t\t<\/div>\r\r\n\t\t\t\t<\/div>\r\r\n\t\t\t\t\r\n\t\t\t\t<div class='item col-sm-3'>\r\r\n\t\t\t\t\t<div class='car-item text-center white-bg'>\r\r\n\t\t\t\t\t\t<div class='car-image'>\r\r\n\t\t\t\t\t\t\t<a href=\"https:\/\/m3caravaning.com\/ca\/m3caravaning\/autocaravana-segona-ma-burstner-ixeo-time-it-710-g\/\"><span class=\"label car-condition segunda-mano-ca\">Segunda Mano<\/span><span class=\"label car-status sold\">SOLD<\/span><img loading=\"lazy\" decoding=\"async\" class=\"img-responsive\" src=\"https:\/\/m3caravaning.com\/wp-content\/uploads\/2026\/06\/autocaravana_segundamano_burstenr_ixeo_time_it_710_g-1-800x600-2-265x190.jpg\" alt=\"\" width=\"265\" height=\"190\"\/><\/a><div class=\"car-list\"><ul class=\"list-inline\"><li><i class=\"fas fa-calendar-alt\"><\/i> 2016<\/li><li class=\"car-transmission-dots\" title=\"Manual\"><i class=\"fas fa-cog\"><\/i> Manual<\/li><\/ul><\/div>\r\n\t\t\t\t\t\t<\/div>\r\r\n\t\t\t\t\t\t\r\n\t\t\t\t\t\t<div class='car-content'>\r\r\n\t\t\t\t\t\t\t<a href=\"https:\/\/m3caravaning.com\/ca\/m3caravaning\/autocaravana-segona-ma-burstner-ixeo-time-it-710-g\/\">AUTOCARAVANA SEGONA M\u00c0 B\u00dcRSTNER IXEO TIME IT 710 G<\/a><div class=\"separator\"><\/div><div class=\"price car-price \"><span class=\"new-price\"> 49.890&euro;<\/span><\/div>\r\n\t\t\t\t\t\t<\/div>\r\r\n\t\t\t\t\t<\/div>\r\r\n\t\t\t\t<\/div>\r\r\n\t\t\t\t\r\n\t\t\t\t<\/div>\r\r\n\t\t\t\t\r\n\t\t<\/div>\r\r\n\t<\/div><!-- .pgs_cars_carousel-wrapper -->\r\r\n\t\r\n\t<div id=\"cd_space_6a965893bb393\" class=\"cd-space cd-space-6a965893bb3b7\" data-id=\"6a965893bb392\" data-tablet=\"70\" data-tablet-portrait=\"60\" data-mobile=\"20\" data-mobile-portrait=\"10\" data-desktop=\"30\" style=\"clear:both; display:block;\"><\/div>\r\r\n\t[\/vc_column][\/vc_row][vc_row css=&#8221;.vc_custom_1616149570772{margin-top: 20px !important;margin-bottom: 20px !important;}&#8221;][vc_column width=&#8221;1\/4&#8243;]<a href=\"https:\/\/m3caravaning.com\/ca\/autocaravanes\/autocaravanes-noves-integrals\/\" title=\"Autocaravanes noves integrals\"  data-id=\"mpc_icon_column-36a965893bb5cb\" class=\"mpc-icon-column mpc-init mpc-parent-hover mpc-transition mpc-icon-column--style_1 mpc-align--center \" ><div data-id=\"mpc_icon-646a965893bc113\" class=\"mpc-icon mpc-init mpc-transition mpc-effect-none mpc-icon--image \"><div class=\"mpc-icon-wrap\"><i class=\"mpc-icon-part mpc-regular mpc-transition \"><img loading=\"lazy\" decoding=\"async\" width=\"1000\" height=\"743\" src=\"https:\/\/m3caravaning.com\/wp-content\/uploads\/2021\/03\/icono-autocaravanas-integral-1.png\" class=\"attachment-full\" alt=\"\" srcset=\"https:\/\/m3caravaning.com\/wp-content\/uploads\/2021\/03\/icono-autocaravanas-integral-1.png 1000w, https:\/\/m3caravaning.com\/wp-content\/uploads\/2021\/03\/icono-autocaravanas-integral-1-600x446.png 600w\" sizes=\"(max-width: 1000px) 100vw, 1000px\" \/><\/i><\/div><\/div><div class=\"mpc-icon-column__content-wrap\"><div class=\"mpc-icon-column__content\"><h3 class=\"mpc-icon-column__heading mpc-transition\">Autocaravanes Integrals<\/h3><div data-id=\"mpc_divider-506a965893bc1c7\" class=\"mpc-divider-wrap\"><div class=\"mpc-divider mpc-init mpc-align--center mpc-disable--left \" ><div class=\"mpc-divider__line mpc-side--left\"><span><\/span><\/div><div class=\"mpc-divider__line mpc-side--right\"><span><\/span><\/div><\/div><\/div><\/div><\/div><\/a>[\/vc_column][vc_column width=&#8221;1\/4&#8243;]<a href=\"\/ca\/autocaravanes\/autocaravanes-noves-caputxines\/\" title=\"Autocaravanes noves caputxines\"  data-id=\"mpc_icon_column-156a965893bc2ab\" class=\"mpc-icon-column mpc-init mpc-parent-hover mpc-transition mpc-icon-column--style_1 mpc-align--center \" ><div data-id=\"mpc_icon-646a965893bc78b\" class=\"mpc-icon mpc-init mpc-transition mpc-effect-none mpc-icon--image \"><div class=\"mpc-icon-wrap\"><i class=\"mpc-icon-part mpc-regular mpc-transition \"><img loading=\"lazy\" decoding=\"async\" width=\"1000\" height=\"743\" src=\"https:\/\/m3caravaning.com\/wp-content\/uploads\/2021\/03\/icono-autocaravanas-capuchinas-1.png\" class=\"attachment-full\" alt=\"\" srcset=\"https:\/\/m3caravaning.com\/wp-content\/uploads\/2021\/03\/icono-autocaravanas-capuchinas-1.png 1000w, https:\/\/m3caravaning.com\/wp-content\/uploads\/2021\/03\/icono-autocaravanas-capuchinas-1-600x446.png 600w\" sizes=\"(max-width: 1000px) 100vw, 1000px\" \/><\/i><\/div><\/div><div class=\"mpc-icon-column__content-wrap\"><div class=\"mpc-icon-column__content\"><h3 class=\"mpc-icon-column__heading mpc-transition\">Autocaravanes Caputxines<\/h3><div data-id=\"mpc_divider-156a965893bc7b8\" class=\"mpc-divider-wrap\"><div class=\"mpc-divider mpc-init mpc-align--center mpc-disable--left \" ><div class=\"mpc-divider__line mpc-side--left\"><span><\/span><\/div><div class=\"mpc-divider__line mpc-side--right\"><span><\/span><\/div><\/div><\/div><\/div><\/div><\/a>[\/vc_column][vc_column width=&#8221;1\/4&#8243;]<a href=\"\/ca\/autocaravanes\/autocaravanes-noves-perfilades\/\" title=\"Autocaravanes noves perfilades\"  data-id=\"mpc_icon_column-446a965893bc862\" class=\"mpc-icon-column mpc-init mpc-parent-hover mpc-transition mpc-icon-column--style_1 mpc-align--center \" ><div data-id=\"mpc_icon-346a965893bca20\" class=\"mpc-icon mpc-init mpc-transition mpc-effect-none mpc-icon--image \"><div class=\"mpc-icon-wrap\"><i class=\"mpc-icon-part mpc-regular mpc-transition \"><img fetchpriority=\"high\" decoding=\"async\" width=\"1000\" height=\"743\" src=\"https:\/\/m3caravaning.com\/wp-content\/uploads\/2021\/04\/icono-autocaravanas-perfiladas.png\" class=\"attachment-full\" alt=\"\" srcset=\"https:\/\/m3caravaning.com\/wp-content\/uploads\/2021\/04\/icono-autocaravanas-perfiladas.png 1000w, https:\/\/m3caravaning.com\/wp-content\/uploads\/2021\/04\/icono-autocaravanas-perfiladas-600x446.png 600w\" sizes=\"(max-width: 1000px) 100vw, 1000px\" \/><\/i><\/div><\/div><div class=\"mpc-icon-column__content-wrap\"><div class=\"mpc-icon-column__content\"><h3 class=\"mpc-icon-column__heading mpc-transition\">Autocaravanes Perfilades<\/h3><div data-id=\"mpc_divider-446a965893bca4c\" class=\"mpc-divider-wrap\"><div class=\"mpc-divider mpc-init mpc-align--center mpc-disable--left \" ><div class=\"mpc-divider__line mpc-side--left\"><span><\/span><\/div><div class=\"mpc-divider__line mpc-side--right\"><span><\/span><\/div><\/div><\/div><\/div><\/div><\/a>[\/vc_column][vc_column width=&#8221;1\/4&#8243;]<a href=\"\/ca\/autocaravanes\/autocaravanes-de-luxe\/\" title=\"Autocaravanes noves de luxe\"  data-id=\"mpc_icon_column-106a965893bcaf9\" class=\"mpc-icon-column mpc-init mpc-parent-hover mpc-transition mpc-icon-column--style_1 mpc-align--center \" ><div data-id=\"mpc_icon-916a965893bd174\" class=\"mpc-icon mpc-init mpc-transition mpc-effect-none mpc-icon--image \"><div class=\"mpc-icon-wrap\"><i class=\"mpc-icon-part mpc-regular mpc-transition \"><img loading=\"lazy\" decoding=\"async\" width=\"1000\" height=\"743\" src=\"https:\/\/m3caravaning.com\/wp-content\/uploads\/2021\/03\/icono-autocaravanas-lujo-1.png\" class=\"attachment-full\" alt=\"\" srcset=\"https:\/\/m3caravaning.com\/wp-content\/uploads\/2021\/03\/icono-autocaravanas-lujo-1.png 1000w, https:\/\/m3caravaning.com\/wp-content\/uploads\/2021\/03\/icono-autocaravanas-lujo-1-600x446.png 600w\" sizes=\"(max-width: 1000px) 100vw, 1000px\" \/><\/i><\/div><\/div><div class=\"mpc-icon-column__content-wrap\"><div class=\"mpc-icon-column__content\"><h3 class=\"mpc-icon-column__heading mpc-transition\">Autocaravanes de Luxe<\/h3><div data-id=\"mpc_divider-646a965893bd1c1\" class=\"mpc-divider-wrap\"><div class=\"mpc-divider mpc-init mpc-align--center mpc-disable--left \" ><div class=\"mpc-divider__line mpc-side--left\"><span><\/span><\/div><div class=\"mpc-divider__line mpc-side--right\"><span><\/span><\/div><\/div><\/div><\/div><\/div><\/a>[\/vc_column][\/vc_row][vc_row full_width=&#8221;stretch_row_content_no_spaces&#8221; equal_height=&#8221;yes&#8221;][vc_column width=&#8221;1\/2&#8243; css=&#8221;.vc_custom_1616761301885{background-color: #333333 !important;}&#8221;][vc_row_inner content_placement=&#8221;middle&#8221;][vc_column_inner width=&#8221;1\/2&#8243;][vc_single_image image=&#8221;17717&#8243; img_size=&#8221;full&#8221; alignment=&#8221;center&#8221;][\/vc_column_inner][vc_column_inner width=&#8221;1\/2&#8243; css=&#8221;.vc_custom_1616759826315{padding-right: 40px !important;padding-left: 40px !important;}&#8221;][vc_empty_space][vc_raw_html]JTNDZGl2JTIwY2xhc3MlM0QlMjJpbmZvJTIyJTNFJTBBJTNDaDQlMjBjbGFzcyUzRCUyMnRleHQtd2hpdGUlMjIlM0VMbG9ndWVyJTIwZCUyN0F1dG9jYXJhdmFuZXMlM0MlMkZoNCUzRSUwQSUzQ3AlMjBjbGFzcyUzRCUyMnRleHQtd2hpdGUlMjIlM0VPZmVyaW0lMjBsbG9ndWVyJTIwZCUyN2F1dG9jYXJhdmFuZXMlMjBpbnRlZ3JhbGVzJTJDJTIwY2FwdXR4aW5lcyUyQyUyMHBlcmZpbGFkZXMlMjBpJTIwY2FtcGVycyUyMG5vdmVzJTIwaSUyMHNlbWklMjBub3Zlcy4lMjBBJTIwTTMlMjBDYXJhdmFuaW5nJTJDJTIwdCUyN2Fzc2Vzc29yZW0lMjBpJTIwdCUyN2FqdWRlbSUyMGElMjB0cmlhciUyMGwlMjdhdXRvY2FyYXZhbmElMjBpZGVhbCUyMHBlciUyMGxhJTIwdGV2YSUyMGZhbWlsaWElMjBpJTIwbGVzJTIwdGV2ZXMlMjBuZWNlc3NpdGF0cy4lM0MlMkZwJTNFJTBBJTNDYSUyMGNsYXNzJTNEJTIyYnV0dG9uJTIyJTIwaHJlZiUzRCUyMmh0dHBzJTNBJTJGJTJGbTNjYXJhdmFuaW5nLmNvbSUyRmNhJTJGbGxvZ3Vlci1kYXV0b2NhcmF2YW5lcy1pLWZ1cmdvbmV0ZXMtY2FtcGVyJTJGJTIyJTNFSW5mb3JtYSUyN3QlM0MlMkZhJTNFJTBBJTNDJTJGZGl2JTNF[\/vc_raw_html][vc_empty_space][\/vc_column_inner][\/vc_row_inner][\/vc_column][vc_column width=&#8221;1\/2&#8243; css=&#8221;.vc_custom_1616758419233{background-color: #df5461 !important;}&#8221;][vc_row_inner content_placement=&#8221;middle&#8221;][vc_column_inner width=&#8221;1\/2&#8243; css=&#8221;.vc_custom_1616759556723{padding-right: 40px !important;padding-left: 40px !important;}&#8221;][vc_empty_space][vc_raw_html]JTNDZGl2JTIwY2xhc3MlM0QlMjJpbmZvJTIyJTNFJTBBJTNDaDQlMjBjbGFzcyUzRCUyMnRleHQtd2hpdGUlMjIlM0VGaW5hY2lhY2klQzMlQjMlMjBhbWIlMjBNMyUyMENhcmF2YW5pbmclM0MlMkZoNCUzRSUwQSUzQ3AlMjBjbGFzcyUzRCUyMnRleHQtd2hpdGUlMjIlM0VGaW5hbmNpZW0lMjBsYSUyMHRldmElMjBhdXRvY2FyYXZhbmElMjBub3ZhJTJDJTIwc2VtcHJlJTIwYW1iJTIwbGVzJTIwbWlsbG9ycyUyMGNvbmRpY2lvbnMuJTIwT2ZlcmltJTIwdW5hJTIwZmluYW5jaWFjaSVDMyVCMyUyMGZpbnMlMjAxMCUyMG8lMjAxMiUyMGFueXMlMjBzZW5zZSUyMGVudHJhZGElMjAlMjhkZXBlbmVudCUyMGRlbCUyMHZlaCVDMyVBRGNsZSUyOSUyQyUyMGFtYiUyMHVuJTIwdGlwdXMlMjBkJTI3aW50ZXIlQzMlQTlzJTIwZXNwZWNpYWwlMjBwZWxzJTIwbm9zdHJlcyUyMGNsaWVudHMlMjBtb2x0JTIwaW50ZXJlc3NhbnQuJTNDJTJGcCUzRSUwQSUzQ2ElMjBjbGFzcyUzRCUyMmJ1dHRvbiUyMHdoaXRlJTIyJTIwaHJlZiUzRCUyMmh0dHBzJTNBJTJGJTJGbTNjYXJhdmFuaW5nLmNvbSUyRmNhJTJGZmluYW5jYW1lbnQtcGFycXVpbmctaS12ZW5kYS1hLWVtcHJlc2VzJTJGJTIyJTNFQ29uc3VsdGElMjBhbWIlMjBub3NhbHRyZXMlM0MlMkZhJTNFJTBBJTNDJTJGZGl2JTNF[\/vc_raw_html][vc_empty_space][\/vc_column_inner][vc_column_inner width=&#8221;1\/2&#8243;][vc_single_image image=&#8221;17715&#8243; img_size=&#8221;full&#8221; alignment=&#8221;center&#8221;][\/vc_column_inner][\/vc_row_inner][\/vc_column][\/vc_row][vc_row full_width=&#8221;stretch_row_content_no_spaces&#8221; equal_height=&#8221;yes&#8221; content_placement=&#8221;middle&#8221; css=&#8221;.vc_custom_1619171323504{background-color: #f2f2f2 !important;}&#8221;][vc_column width=&#8221;1\/2&#8243; css=&#8221;.vc_custom_1617016034195{background-position: center !important;background-repeat: no-repeat !important;background-size: cover !important;}&#8221;][vc_single_image image=&#8221;17506&#8243; img_size=&#8221;full&#8221;][\/vc_column][vc_column width=&#8221;1\/2&#8243; css=&#8221;.vc_custom_1619618511359{padding-right: 20% !important;padding-left: 10% !important;}&#8221; el_class=&#8221;seo-text&#8221;][vc_column_text]<\/p>\n<h2>Diferencias entre una autocaravana nueva y una autocaravana de ocasi\u00f3n<\/h2>\n<p>Una autocaravana nueva cuenta con una amplia garant\u00eda del fabricante y te ofrece la posibilidad de ser el primero en usar tu autocaravana. Las camas del autocaravana nunca han sido usadas ni tampoco la cocina ni el ba\u00f1o, tu ser\u00e1s el primero en estrenar el veh\u00edculo del camping.<\/p>\n<p>Las autocaravanas de segunda mano destacan por su bajo precio y su alto equipamiento respecto a las autocaravanas nuevas. \u00c9stas tienen un precio mucho m\u00e1s competitivo y son ideales para un usuario principiante que no quiere desembolsar una gran cantidad de dinero. Adem\u00e1s, las autocaravanas de segunda mano o ocasi\u00f3n suelen venir muy equipadas, ya que con el uso se va equipando la autocaravana seg\u00fan la necesidad del cliente.[\/vc_column_text][\/vc_column][\/vc_row][vc_row full_width=&#8221;stretch_row_content&#8221; equal_height=&#8221;yes&#8221; content_placement=&#8221;middle&#8221; css=&#8221;.vc_custom_1619532655355{background-color: #f2f2f2 !important;}&#8221;][vc_column width=&#8221;1\/2&#8243; css=&#8221;.vc_custom_1620040297547{padding-right: 10% !important;padding-left: 20% !important;}&#8221; el_class=&#8221;seo-text&#8221;][vc_column_text]<\/p>\n<h2>Distribuci\u00f3n del interior de una autocaravana<\/h2>\n<p>Ofrecemos distintas distribuciones interiores en autocaravanas, las m\u00e1s habituales son: autocaravana con cama isla central, con doble cama gemela, con cama transversal y cama francesa y ba\u00f1o suite al lado. Adem\u00e1s muchas autocaravanas disponen de cama de techo basculante para dos personas. Y tambi\u00e9n hay modelos indicados para los m\u00e1s peque\u00f1os, con literas. \u00bfNo encuentras tu distribuci\u00f3n de autocaravana ideal? Contacta con m3 caravaning y te ayudaremos.[\/vc_column_text][\/vc_column][vc_column width=&#8221;1\/2&#8243; css=&#8221;.vc_custom_1617016034195{background-position: center !important;background-repeat: no-repeat !important;background-size: cover !important;}&#8221;][vc_images_carousel images=&#8221;17680,17682,17684,17686&#8243; img_size=&#8221;full&#8221; autoplay=&#8221;yes&#8221; hide_pagination_control=&#8221;yes&#8221; wrap=&#8221;yes&#8221;][\/vc_column][\/vc_row][vc_row full_width=&#8221;stretch_row&#8221; css=&#8221;.vc_custom_1617966331193{padding-top: 40px !important;padding-bottom: 40px !important;}&#8221;][vc_column]\r\n\t<div id=\"cd_space_6a965893bd255\" class=\"cd-space cd-space-6a965893bd25c\" data-id=\"6a965893bd254\" data-tablet=\"70\" data-tablet-portrait=\"60\" data-mobile=\"30\" data-mobile-portrait=\"30\" data-desktop=\"50\" style=\"clear:both; display:block;\"><\/div>\r\r\n\t[vc_column_text]<\/p>\n<h2 style=\"text-align: center;\">Preguntes freq\u00fcents sobre autocaravanes<\/h2>\n<p>[\/vc_column_text]\r\n\t<div id=\"cd_space_6a965893bd2c4\" class=\"cd-space cd-space-6a965893bd2c8\" data-id=\"6a965893bd2c3\" data-tablet=\"70\" data-tablet-portrait=\"60\" data-mobile=\"30\" data-mobile-portrait=\"30\" data-desktop=\"50\" style=\"clear:both; display:block;\"><\/div>\r\r\n\t<div id=\"mpc_accordion-576a965893bd3ca\" class=\"mpc-accordion mpc-init mpc-transition \" ><ul class=\"mpc-accordion__content\"><li class=\"mpc-accordion__item \"><div class=\"mpc-accordion-item__heading mpc-transition mpc-active mpc-typography--preset_0\"><div data-id=\"mpc_icon-336a965893bd39a\" class=\"mpc-icon mpc-init mpc-transition mpc-effect-fade mpc-icon-hover \"><div class=\"mpc-icon-wrap\"><i class=\"mpc-icon-part mpc-regular mpc-transition  eti eti_arrow_carrot-right_alt2\"><\/i><i class=\"mpc-icon-part mpc-hover mpc-transition  eti eti_arrow_carrot-down_alt2\"><\/i><\/div><\/div><h3>Quin tipus de carnet necessito per conduir una autocaravana?<\/h3><\/div><div class=\"mpc-accordion-item__content mpc-container\"  data-active=\"true\"><div class=\"mpc-accordion-item__wrapper mpc-typography--preset_0\">[vc_column_text]La gran majoria d&#8217;autocaravanes es poden conduir amb el carnet B, (carnet de cotxe) sempre que no superi els 3.500kg de massa m\u00e0xima autoritzada.[\/vc_column_text]<\/div><\/div><\/li><li class=\"mpc-accordion__item \"><div class=\"mpc-accordion-item__heading mpc-transition mpc-typography--preset_0\"><div data-id=\"mpc_icon-336a965893bd39a\" class=\"mpc-icon mpc-init mpc-transition mpc-effect-fade mpc-icon-hover \"><div class=\"mpc-icon-wrap\"><i class=\"mpc-icon-part mpc-regular mpc-transition  eti eti_arrow_carrot-right_alt2\"><\/i><i class=\"mpc-icon-part mpc-hover mpc-transition  eti eti_arrow_carrot-down_alt2\"><\/i><\/div><\/div><h3>Quines mesures i pes t\u00e9 una autocaravana?<\/h3><\/div><div class=\"mpc-accordion-item__content mpc-container\" ><div class=\"mpc-accordion-item__wrapper mpc-typography--preset_0\">[vc_column_text]La majoria d&#8217;autocaravanes tenen una longitud entre 5 i 7 metres, les seves dimensions solen oscil\u00b7lar entre els 2,15 i 2,30mt d&#8217;amplada i l&#8217;al\u00e7ada de 2,70 fins als 3,20mt. El pes en buit d&#8217;una autocaravana oscil\u00b7la entre 2.300 a 2.900kg.[\/vc_column_text]<\/div><\/div><\/li><li class=\"mpc-accordion__item \"><div class=\"mpc-accordion-item__heading mpc-transition mpc-typography--preset_0\"><div data-id=\"mpc_icon-336a965893bd39a\" class=\"mpc-icon mpc-init mpc-transition mpc-effect-fade mpc-icon-hover \"><div class=\"mpc-icon-wrap\"><i class=\"mpc-icon-part mpc-regular mpc-transition  eti eti_arrow_carrot-right_alt2\"><\/i><i class=\"mpc-icon-part mpc-hover mpc-transition  eti eti_arrow_carrot-down_alt2\"><\/i><\/div><\/div><h3>Quantes persones poden viatjar en una autocaravana?<\/h3><\/div><div class=\"mpc-accordion-item__content mpc-container\" ><div class=\"mpc-accordion-item__wrapper mpc-typography--preset_0\">[vc_column_text]La capacitat de les autocaravanes dep\u00e8n de el model i el disseny interior de cadascuna d&#8217;elles. Disposem d&#8217;autocaravanes De 3 fins a 7 places. Consulta tots els nostres models i troba la que millor s&#8217;adapti a les teves necessitats.[\/vc_column_text]<\/div><\/div><\/li><li class=\"mpc-accordion__item \"><div class=\"mpc-accordion-item__heading mpc-transition mpc-typography--preset_0\"><div data-id=\"mpc_icon-336a965893bd39a\" class=\"mpc-icon mpc-init mpc-transition mpc-effect-fade mpc-icon-hover \"><div class=\"mpc-icon-wrap\"><i class=\"mpc-icon-part mpc-regular mpc-transition  eti eti_arrow_carrot-right_alt2\"><\/i><i class=\"mpc-icon-part mpc-hover mpc-transition  eti eti_arrow_carrot-down_alt2\"><\/i><\/div><\/div><h3>A quina velocitat m\u00e0xima puc conduir una autocaravana?<\/h3><\/div><div class=\"mpc-accordion-item__content mpc-container\" ><div class=\"mpc-accordion-item__wrapper mpc-typography--preset_0\">[vc_column_text]La velocitat m\u00e0xima que pot circular una autocaravana amb un pes igual o superior a 3.500kg \u00e9s de:<\/p>\n<p>Autopista i autovia: 120 km \/ h<\/p>\n<p>Carretera convencional: 90 km \/ h<\/p>\n<p>Zona urbana: 50km \/ h<\/p>\n<p>Segons el Reial decret 1428\/2003, de 21 de novembre, sobre el reglament general de circulaci\u00f3[\/vc_column_text]<\/div><\/div><\/li><li class=\"mpc-accordion__item \"><div class=\"mpc-accordion-item__heading mpc-transition mpc-typography--preset_0\"><div data-id=\"mpc_icon-336a965893bd39a\" class=\"mpc-icon mpc-init mpc-transition mpc-effect-fade mpc-icon-hover \"><div class=\"mpc-icon-wrap\"><i class=\"mpc-icon-part mpc-regular mpc-transition  eti eti_arrow_carrot-right_alt2\"><\/i><i class=\"mpc-icon-part mpc-hover mpc-transition  eti eti_arrow_carrot-down_alt2\"><\/i><\/div><\/div><h3>On puc acampar o estacionar amb una autocaravana?<\/h3><\/div><div class=\"mpc-accordion-item__content mpc-container\" ><div class=\"mpc-accordion-item__wrapper mpc-typography--preset_0\">[vc_column_text]En primer lloc, cal diferenciar entre estacionar i acampar. Una autocaravana pot estacionar a la via p\u00fablica com qualsevol altre vehicle seguint la mateixa normativa. L&#8217;acampada est\u00e0 regulada per cada comunitat aut\u00f2noma, en M3 Caravaning us recomanem utilitzar \u00e0rees autoritzades i c\u00e0mpings.[\/vc_column_text]<\/div><\/div><\/li><\/ul><\/div>[vc_raw_html]JTNDc2NyaXB0JTIwdHlwZSUzRCUyMmFwcGxpY2F0aW9uJTJGbGQlMkJqc29uJTIyJTNFJTdCJTIyJTQwY29udGV4dCUyMiUzQSUyMmh0dHBzJTNBJTJGJTJGc2NoZW1hLm9yZyUyMiUyQyUyMiU0MHR5cGUlMjIlM0ElMjJGQVFQYWdlJTIyJTJDJTIybWFpbkVudGl0eSUyMiUzQSU1QiU3QiUyMiU0MHR5cGUlMjIlM0ElMjJRdWVzdGlvbiUyMiUyQyUyMm5hbWUlMjIlM0ElMjJRdWluJTIwdGlwdXMlMjBkZSUyMGNhcm5ldCUyMG5lY2Vzc2l0byUyMHBlciUyMGNvbmR1aXIlMjB1bmElMjBhdXRvY2FyYXZhbmElM0YlMjIlMkMlMjJhY2NlcHRlZEFuc3dlciUyMiUzQSU3QiUyMiU0MHR5cGUlMjIlM0ElMjJBbnN3ZXIlMjIlMkMlMjJ0ZXh0JTIyJTNBJTIyTGElMjBncmFuJTIwbWFqb3JpYSUyMGQlMjdhdXRvY2FyYXZhbmVzJTIwZXMlMjBwb2RlbiUyMGNvbmR1aXIlMjBhbWIlMjBlbCUyMGNhcm5ldCUyMEIlMkMlMjAlMjhjYXJuZXQlMjBkZSUyMGNvdHhlJTI5JTIwc2VtcHJlJTIwcXVlJTIwbm8lMjBzdXBlcmklMjBlbHMlMjAzLjUwMGtnJTIwZGUlMjBtYXNzYSUyMG0lQzMlQTB4aW1hJTIwYXV0b3JpdHphZGEuJTIyJTdEJTdEJTJDJTdCJTIyJTQwdHlwZSUyMiUzQSUyMlF1ZXN0aW9uJTIyJTJDJTIybmFtZSUyMiUzQSUyMlF1aW5lcyUyMG1lc3VyZXMlMjBpJTIwcGVzJTIwdCVDMyVBOSUyMHVuYSUyMGF1dG9jYXJhdmFuYSUzRiUyMiUyQyUyMmFjY2VwdGVkQW5zd2VyJTIyJTNBJTdCJTIyJTQwdHlwZSUyMiUzQSUyMkFuc3dlciUyMiUyQyUyMnRleHQlMjIlM0ElMjJMYSUyMG1ham9yaWElMjBkJTI3YXV0b2NhcmF2YW5lcyUyMHRlbmVuJTIwdW5hJTIwbG9uZ2l0dWQlMjBlbnRyZSUyMDUlMjBpJTIwNyUyMG1ldHJlcyUyQyUyMGxlcyUyMHNldmVzJTIwZGltZW5zaW9ucyUyMHNvbGVuJTIwb3NjaWwlQzIlQjdsYXIlMjBlbnRyZSUyMGVscyUyMDIlMkMxNSUyMGklMjAyJTJDMzBtdCUyMGQlMjdhbXBsYWRhJTIwaSUyMGwlMjdhbCVDMyVBN2FkYSUyMGRlJTIwMiUyQzcwJTIwZmlucyUyMGFscyUyMDMlMkMyMG10LiUyMEVsJTIwcGVzJTIwZW4lMjBidWl0JTIwZCUyN3VuYSUyMGF1dG9jYXJhdmFuYSUyMG9zY2lsJUMyJUI3bGElMjBlbnRyZSUyMDIuMzAwJTIwYSUyMDIuOTAwa2cuJTIyJTdEJTdEJTJDJTdCJTIyJTQwdHlwZSUyMiUzQSUyMlF1ZXN0aW9uJTIyJTJDJTIybmFtZSUyMiUzQSUyMlF1YW50ZXMlMjBwZXJzb25lcyUyMHBvZGVuJTIwdmlhdGphciUyMGVuJTIwdW5hJTIwYXV0b2NhcmF2YW5hJTNGJTIyJTJDJTIyYWNjZXB0ZWRBbnN3ZXIlMjIlM0ElN0IlMjIlNDB0eXBlJTIyJTNBJTIyQW5zd2VyJTIyJTJDJTIydGV4dCUyMiUzQSUyMkxhJTIwY2FwYWNpdGF0JTIwZGUlMjBsZXMlMjBhdXRvY2FyYXZhbmVzJTIwZGVwJUMzJUE4biUyMGRlJTIwZWwlMjBtb2RlbCUyMGklMjBlbCUyMGRpc3NlbnklMjBpbnRlcmlvciUyMGRlJTIwY2FkYXNjdW5hJTIwZCUyN2VsbGVzLiUyMERpc3Bvc2VtJTIwZCUyN2F1dG9jYXJhdmFuZXMlMjBEZSUyMDMlMjBmaW5zJTIwYSUyMDclMjBwbGFjZXMuJTIwQ29uc3VsdGElMjB0b3RzJTIwZWxzJTIwbm9zdHJlcyUyMG1vZGVscyUyMGklMjB0cm9iYSUyMGxhJTIwcXVlJTIwbWlsbG9yJTIwcyUyN2FkYXB0aSUyMGElMjBsZXMlMjB0ZXZlcyUyMG5lY2Vzc2l0YXRzLiUyMiU3RCU3RCUyQyU3QiUyMiU0MHR5cGUlMjIlM0ElMjJRdWVzdGlvbiUyMiUyQyUyMm5hbWUlMjIlM0ElMjJBJTIwcXVpbmElMjB2ZWxvY2l0YXQlMjBtJUMzJUEweGltYSUyMHB1YyUyMGNvbmR1aXIlMjB1bmElMjBhdXRvY2FyYXZhbmElM0YlMjIlMkMlMjJhY2NlcHRlZEFuc3dlciUyMiUzQSU3QiUyMiU0MHR5cGUlMjIlM0ElMjJBbnN3ZXIlMjIlMkMlMjJ0ZXh0JTIyJTNBJTIyTGElMjB2ZWxvY2l0YXQlMjBtJUMzJUEweGltYSUyMHF1ZSUyMHBvdCUyMGNpcmN1bGFyJTIwdW5hJTIwYXV0b2NhcmF2YW5hJTIwYW1iJTIwdW4lMjBwZXMlMjBpZ3VhbCUyMG8lMjBzdXBlcmlvciUyMGElMjAzLjUwMGtnJTIwJUMzJUE5cyUyMGRlJTNBJTVDbiU1Q25BdXRvcGlzdGElMjBpJTIwYXV0b3ZpYSUzQSUyMDEyMCUyMGttJTIwJTJGJTIwaCU1Q24lNUNuQ2FycmV0ZXJhJTIwY29udmVuY2lvbmFsJTNBJTIwOTAlMjBrbSUyMCUyRiUyMGglNUNuJTVDblpvbmElMjB1cmJhbmElM0ElMjA1MGttJTIwJTJGJTIwaCU1Q24lNUNuU2Vnb25zJTIwZWwlMjBSZWlhbCUyMGRlY3JldCUyMDE0MjglMkYyMDAzJTJDJTIwZGUlMjAyMSUyMGRlJTIwbm92ZW1icmUlMkMlMjBzb2JyZSUyMGVsJTIwcmVnbGFtZW50JTIwZ2VuZXJhbCUyMGRlJTIwY2lyY3VsYWNpJUMzJUIzJTIyJTdEJTdEJTJDJTdCJTIyJTQwdHlwZSUyMiUzQSUyMlF1ZXN0aW9uJTIyJTJDJTIybmFtZSUyMiUzQSUyMk9uJTIwcHVjJTIwYWNhbXBhciUyMG8lMjBlc3RhY2lvbmFyJTIwYW1iJTIwdW5hJTIwYXV0b2NhcmF2YW5hJTNGJTIyJTJDJTIyYWNjZXB0ZWRBbnN3ZXIlMjIlM0ElN0IlMjIlNDB0eXBlJTIyJTNBJTIyQW5zd2VyJTIyJTJDJTIydGV4dCUyMiUzQSUyMkVuJTIwcHJpbWVyJTIwbGxvYyUyQyUyMGNhbCUyMGRpZmVyZW5jaWFyJTIwZW50cmUlMjBlc3RhY2lvbmFyJTIwaSUyMGFjYW1wYXIuJTIwVW5hJTIwYXV0b2NhcmF2YW5hJTIwcG90JTIwZXN0YWNpb25hciUyMGElMjBsYSUyMHZpYSUyMHAlQzMlQkFibGljYSUyMGNvbSUyMHF1YWxzZXZvbCUyMGFsdHJlJTIwdmVoaWNsZSUyMHNlZ3VpbnQlMjBsYSUyMG1hdGVpeGElMjBub3JtYXRpdmEuJTIwTCUyN2FjYW1wYWRhJTIwZXN0JUMzJUEwJTIwcmVndWxhZGElMjBwZXIlMjBjYWRhJTIwY29tdW5pdGF0JTIwYXV0JUMzJUIybm9tYSUyQyUyMGVuJTIwTTMlMjBDYXJhdmFuaW5nJTIwdXMlMjByZWNvbWFuZW0lMjB1dGlsaXR6YXIlMjAlQzMlQTByZWVzJTIwYXV0b3JpdHphZGVzJTIwaSUyMGMlQzMlQTBtcGluZ3MuJTIyJTdEJTdEJTVEJTdEJTNDJTJGc2NyaXB0JTNF[\/vc_raw_html][\/vc_column][\/vc_row][vc_row css=&#8221;.vc_custom_1616662969884{padding-right: 15px !important;padding-left: 15px !important;}&#8221;][vc_column]\r\n\t<div id=\"cd_space_6a965893bd6c8\" class=\"cd-space cd-space-6a965893bd6cd\" data-id=\"6a965893bd6c7\" data-tablet=\"70\" data-tablet-portrait=\"60\" data-mobile=\"50\" data-mobile-portrait=\"40\" data-desktop=\"80\" style=\"clear:both; display:block;\"><\/div>\r\r\n\t\r\n\t<div class=\"section-title text-center style_1\">\r\r\n\t\t\r\n\t\t\t\t<span><\/span>\r\r\n\t\t\t\t\r\n\t\t\t<h2>\u00daltimes noticies del mon del Caravaning<\/h2>\r\r\n\t\t\t\r\n\t\t\t\t<div class=\"separator\"><\/div>\r\r\n\t\t\t\t\r\n\t<\/div>\r\r\n\t<div class=\"mpc-carousel__wrapper mpc-waypoint\"><div id=\"mpc_carousel_posts-216a965893c3136\" class=\"mpc-carousel-posts mpc-init mpc-init mpc-transition mpc-overlay--slide-right mpc-item--fade mpc-layout--style_5  \"   data-mpcslick='{\"infinite\":true,\"autoplay\":false,\"slidesToShow\":4,\"slidesToScroll\":1,\"centerMode\":false,\"initialSlide\":0}' data-slick-cols=\"4\"><div onclick=\"\" class=\"mpc-post\"><div class=\"mpc-post__wrapper\"><div class=\"mpc-post__thumbnail\" data-mpc_src=\"https:\/\/m3caravaning.com\/wp-content\/uploads\/2021\/01\/como-viajar-en-una-autocaravana-o-furgoneta-camper-id-356.jpg\" data-mpc_link=\"https:\/\/m3caravaning.com\/ca\/autocaravanes\/com-viatjar-en-una-autocaravana-o-furgoneta-camper\/\"><div class=\"mpc-post__overlay mpc-transition\"><div class=\"mpc-post--vertical-wrap\"><div class=\"mpc-post--vertical\" data-mpc_link=\"https:\/\/m3caravaning.com\/ca\/autocaravanes\/com-viatjar-en-una-autocaravana-o-furgoneta-camper\/\"><a href=\"https:\/\/m3caravaning.com\/ca\/autocaravanes\/com-viatjar-en-una-autocaravana-o-furgoneta-camper\/\" title=\"Read more about Com viatjar en una autocaravana o furgoneta camper?\" class=\"mpc-icon-anchor\"><i class=\"mpc-post-overlay__icon mpc-type--readmore fa fa-eye\"><\/i><\/a><\/div><\/div><\/div><span class=\"mpc-post__date mpc-date__wrapper mpc-typography--mpc_preset_1\"><a href=\"https:\/\/m3caravaning.com\/ca\/2019\/07\/03\/\"><div class=\"mpc-date__days\">03<\/div><div class=\"mpc-date-wrap\"><div class=\"mpc-date__month\">Jul<\/div><div class=\"mpc-date__year\">2019<\/div><\/div><\/a><\/span><\/div><div class=\"mpc-post__content mpc-transition\"><h3 class=\"mpc-post__heading mpc-transition mpc-typography--mpc_preset_17 mpc-text-overflow\"><a href=\"https:\/\/m3caravaning.com\/ca\/autocaravanes\/com-viatjar-en-una-autocaravana-o-furgoneta-camper\/\" title=\"Com viatjar en una autocaravana o furgoneta camper?\">Com viatjar en una autocaravana o furgoneta camper?<\/a><\/h3><a href=\"https:\/\/m3caravaning.com\/ca\/autocaravanes\/com-viatjar-en-una-autocaravana-o-furgoneta-camper\/\" title=\"Com viatjar en una autocaravana o furgoneta camper?\"  class=\"mpc-button mpc-init mpc-transition mpc-typography--mpc_preset_1 mpc-display--block \" ><div class=\"mpc-button__content mpc-effect-type--none mpc-effect-side--none\"><span class=\"mpc-button__title mpc-transition\">Leer m\u00e1s<\/span><\/div><div class=\"mpc-button__background mpc-transition mpc-effect-type--slide mpc-effect-side--top\"><\/div><\/a><\/div><\/div><\/div><div onclick=\"\" class=\"mpc-post\"><div class=\"mpc-post__wrapper\"><div class=\"mpc-post__thumbnail\" data-mpc_src=\"https:\/\/m3caravaning.com\/wp-content\/uploads\/2021\/01\/novedades-en-autocaravanas-la-nueva-pilote-id-266.jpg\" data-mpc_link=\"https:\/\/m3caravaning.com\/ca\/autocaravanes\/novetats-en-autocaravanes-la-nova-pilote\/\"><div class=\"mpc-post__overlay mpc-transition\"><div class=\"mpc-post--vertical-wrap\"><div class=\"mpc-post--vertical\" data-mpc_link=\"https:\/\/m3caravaning.com\/ca\/autocaravanes\/novetats-en-autocaravanes-la-nova-pilote\/\"><a href=\"https:\/\/m3caravaning.com\/ca\/autocaravanes\/novetats-en-autocaravanes-la-nova-pilote\/\" title=\"Read more about Novetats en autocaravanes: la nova Pilote\" class=\"mpc-icon-anchor\"><i class=\"mpc-post-overlay__icon mpc-type--readmore fa fa-eye\"><\/i><\/a><\/div><\/div><\/div><span class=\"mpc-post__date mpc-date__wrapper mpc-typography--mpc_preset_1\"><a href=\"https:\/\/m3caravaning.com\/ca\/2019\/03\/25\/\"><div class=\"mpc-date__days\">25<\/div><div class=\"mpc-date-wrap\"><div class=\"mpc-date__month\">Mar<\/div><div class=\"mpc-date__year\">2019<\/div><\/div><\/a><\/span><\/div><div class=\"mpc-post__content mpc-transition\"><h3 class=\"mpc-post__heading mpc-transition mpc-typography--mpc_preset_17 mpc-text-overflow\"><a href=\"https:\/\/m3caravaning.com\/ca\/autocaravanes\/novetats-en-autocaravanes-la-nova-pilote\/\" title=\"Novetats en autocaravanes: la nova Pilote\">Novetats en autocaravanes: la nova Pilote<\/a><\/h3><a href=\"https:\/\/m3caravaning.com\/ca\/autocaravanes\/novetats-en-autocaravanes-la-nova-pilote\/\" title=\"Novetats en autocaravanes: la nova Pilote\"  class=\"mpc-button mpc-init mpc-transition mpc-typography--mpc_preset_1 mpc-display--block \" ><div class=\"mpc-button__content mpc-effect-type--none mpc-effect-side--none\"><span class=\"mpc-button__title mpc-transition\">Leer m\u00e1s<\/span><\/div><div class=\"mpc-button__background mpc-transition mpc-effect-type--slide mpc-effect-side--top\"><\/div><\/a><\/div><\/div><\/div><div onclick=\"\" class=\"mpc-post\"><div class=\"mpc-post__wrapper\"><div class=\"mpc-post__thumbnail\" data-mpc_src=\"https:\/\/m3caravaning.com\/wp-content\/uploads\/2022\/03\/aire-autocaravana.jpg\" data-mpc_link=\"https:\/\/m3caravaning.com\/ca\/autocaravanes\/aire-condicionat-autocaravana\/\"><div class=\"mpc-post__overlay mpc-transition\"><div class=\"mpc-post--vertical-wrap\"><div class=\"mpc-post--vertical\" data-mpc_link=\"https:\/\/m3caravaning.com\/ca\/autocaravanes\/aire-condicionat-autocaravana\/\"><a href=\"https:\/\/m3caravaning.com\/ca\/autocaravanes\/aire-condicionat-autocaravana\/\" title=\"Read more about Aire condicionat per a autocaravana\" class=\"mpc-icon-anchor\"><i class=\"mpc-post-overlay__icon mpc-type--readmore fa fa-eye\"><\/i><\/a><\/div><\/div><\/div><span class=\"mpc-post__date mpc-date__wrapper mpc-typography--mpc_preset_1\"><a href=\"https:\/\/m3caravaning.com\/ca\/2022\/03\/16\/\"><div class=\"mpc-date__days\">16<\/div><div class=\"mpc-date-wrap\"><div class=\"mpc-date__month\">Mar<\/div><div class=\"mpc-date__year\">2022<\/div><\/div><\/a><\/span><\/div><div class=\"mpc-post__content mpc-transition\"><h3 class=\"mpc-post__heading mpc-transition mpc-typography--mpc_preset_17 mpc-text-overflow\"><a href=\"https:\/\/m3caravaning.com\/ca\/autocaravanes\/aire-condicionat-autocaravana\/\" title=\"Aire condicionat per a autocaravana\">Aire condicionat per a autocaravana<\/a><\/h3><a href=\"https:\/\/m3caravaning.com\/ca\/autocaravanes\/aire-condicionat-autocaravana\/\" title=\"Aire condicionat per a autocaravana\"  class=\"mpc-button mpc-init mpc-transition mpc-typography--mpc_preset_1 mpc-display--block \" ><div class=\"mpc-button__content mpc-effect-type--none mpc-effect-side--none\"><span class=\"mpc-button__title mpc-transition\">Leer m\u00e1s<\/span><\/div><div class=\"mpc-button__background mpc-transition mpc-effect-type--slide mpc-effect-side--top\"><\/div><\/a><\/div><\/div><\/div><div onclick=\"\" class=\"mpc-post\"><div class=\"mpc-post__wrapper\"><div class=\"mpc-post__thumbnail\" data-mpc_src=\"https:\/\/m3caravaning.com\/wp-content\/uploads\/2021\/01\/apertura-nuevo-taller-m3-caravaning-en-moja-barcelona-id-415.jpg\" data-mpc_link=\"https:\/\/m3caravaning.com\/ca\/autocaravanes\/apertura-nuevo-taller-m3-caravaning-en-moja-barcelona\/\"><div class=\"mpc-post__overlay mpc-transition\"><div class=\"mpc-post--vertical-wrap\"><div class=\"mpc-post--vertical\" data-mpc_link=\"https:\/\/m3caravaning.com\/ca\/autocaravanes\/apertura-nuevo-taller-m3-caravaning-en-moja-barcelona\/\"><a href=\"https:\/\/m3caravaning.com\/ca\/autocaravanes\/apertura-nuevo-taller-m3-caravaning-en-moja-barcelona\/\" title=\"Read more about Apertura nuevo taller M3 Caravaning en Moja (Barcelona)\" class=\"mpc-icon-anchor\"><i class=\"mpc-post-overlay__icon mpc-type--readmore fa fa-eye\"><\/i><\/a><\/div><\/div><\/div><span class=\"mpc-post__date mpc-date__wrapper mpc-typography--mpc_preset_1\"><a href=\"https:\/\/m3caravaning.com\/ca\/2020\/01\/07\/\"><div class=\"mpc-date__days\">07<\/div><div class=\"mpc-date-wrap\"><div class=\"mpc-date__month\">Jan<\/div><div class=\"mpc-date__year\">2020<\/div><\/div><\/a><\/span><\/div><div class=\"mpc-post__content mpc-transition\"><h3 class=\"mpc-post__heading mpc-transition mpc-typography--mpc_preset_17 mpc-text-overflow\"><a href=\"https:\/\/m3caravaning.com\/ca\/autocaravanes\/apertura-nuevo-taller-m3-caravaning-en-moja-barcelona\/\" title=\"Apertura nuevo taller M3 Caravaning en Moja (Barcelona)\">Apertura nuevo taller M3 Caravaning en Moja (Barcelona)<\/a><\/h3><a href=\"https:\/\/m3caravaning.com\/ca\/autocaravanes\/apertura-nuevo-taller-m3-caravaning-en-moja-barcelona\/\" title=\"Apertura nuevo taller M3 Caravaning en Moja (Barcelona)\"  class=\"mpc-button mpc-init mpc-transition mpc-typography--mpc_preset_1 mpc-display--block \" ><div class=\"mpc-button__content mpc-effect-type--none mpc-effect-side--none\"><span class=\"mpc-button__title mpc-transition\">Leer m\u00e1s<\/span><\/div><div class=\"mpc-button__background mpc-transition mpc-effect-type--slide mpc-effect-side--top\"><\/div><\/a><\/div><\/div><\/div><div onclick=\"\" class=\"mpc-post\"><div class=\"mpc-post__wrapper\"><div class=\"mpc-post__thumbnail\" data-mpc_src=\"https:\/\/m3caravaning.com\/wp-content\/uploads\/2021\/01\/acaba-de-arrancar-la-feria-madrid-caravaning-con-gran-exito-de-visitantes-id-111.jpg\" data-mpc_link=\"https:\/\/m3caravaning.com\/ca\/caravanes\/acaba-de-comencar-la-fira-madrid-caravaning-amb-gran-exit-de-visitants\/\"><div class=\"mpc-post__overlay mpc-transition\"><div class=\"mpc-post--vertical-wrap\"><div class=\"mpc-post--vertical\" data-mpc_link=\"https:\/\/m3caravaning.com\/ca\/caravanes\/acaba-de-comencar-la-fira-madrid-caravaning-amb-gran-exit-de-visitants\/\"><a href=\"https:\/\/m3caravaning.com\/ca\/caravanes\/acaba-de-comencar-la-fira-madrid-caravaning-amb-gran-exit-de-visitants\/\" title=\"Read more about Acaba de comen\u00e7ar la fira Madrid Caravaning amb gran \u00e8xit de visitants!\" class=\"mpc-icon-anchor\"><i class=\"mpc-post-overlay__icon mpc-type--readmore fa fa-eye\"><\/i><\/a><\/div><\/div><\/div><span class=\"mpc-post__date mpc-date__wrapper mpc-typography--mpc_preset_1\"><a href=\"https:\/\/m3caravaning.com\/ca\/2018\/02\/01\/\"><div class=\"mpc-date__days\">01<\/div><div class=\"mpc-date-wrap\"><div class=\"mpc-date__month\">Feb<\/div><div class=\"mpc-date__year\">2018<\/div><\/div><\/a><\/span><\/div><div class=\"mpc-post__content mpc-transition\"><h3 class=\"mpc-post__heading mpc-transition mpc-typography--mpc_preset_17 mpc-text-overflow\"><a href=\"https:\/\/m3caravaning.com\/ca\/caravanes\/acaba-de-comencar-la-fira-madrid-caravaning-amb-gran-exit-de-visitants\/\" title=\"Acaba de comen\u00e7ar la fira Madrid Caravaning amb gran \u00e8xit de visitants!\">Acaba de comen\u00e7ar la fira Madrid Caravaning amb gran \u00e8xit de visitants!<\/a><\/h3><a href=\"https:\/\/m3caravaning.com\/ca\/caravanes\/acaba-de-comencar-la-fira-madrid-caravaning-amb-gran-exit-de-visitants\/\" title=\"Acaba de comen\u00e7ar la fira Madrid Caravaning amb gran \u00e8xit de visitants!\"  class=\"mpc-button mpc-init mpc-transition mpc-typography--mpc_preset_1 mpc-display--block \" ><div class=\"mpc-button__content mpc-effect-type--none mpc-effect-side--none\"><span class=\"mpc-button__title mpc-transition\">Leer m\u00e1s<\/span><\/div><div class=\"mpc-button__background mpc-transition mpc-effect-type--slide mpc-effect-side--top\"><\/div><\/a><\/div><\/div><\/div><div onclick=\"\" class=\"mpc-post\"><div class=\"mpc-post__wrapper\"><div class=\"mpc-post__thumbnail\" data-mpc_src=\"https:\/\/m3caravaning.com\/wp-content\/uploads\/2021\/02\/neumaticos-para-autocaravanas.webp\" data-mpc_link=\"https:\/\/m3caravaning.com\/ca\/autocaravanes\/tipus-de-pneumatics-per-autocaravanes\/\"><div class=\"mpc-post__overlay mpc-transition\"><div class=\"mpc-post--vertical-wrap\"><div class=\"mpc-post--vertical\" data-mpc_link=\"https:\/\/m3caravaning.com\/ca\/autocaravanes\/tipus-de-pneumatics-per-autocaravanes\/\"><a href=\"https:\/\/m3caravaning.com\/ca\/autocaravanes\/tipus-de-pneumatics-per-autocaravanes\/\" title=\"Read more about Tipus de pneum\u00e0tics per autocaravanes\" class=\"mpc-icon-anchor\"><i class=\"mpc-post-overlay__icon mpc-type--readmore fa fa-eye\"><\/i><\/a><\/div><\/div><\/div><span class=\"mpc-post__date mpc-date__wrapper mpc-typography--mpc_preset_1\"><a href=\"https:\/\/m3caravaning.com\/ca\/2021\/06\/03\/\"><div class=\"mpc-date__days\">03<\/div><div class=\"mpc-date-wrap\"><div class=\"mpc-date__month\">Jun<\/div><div class=\"mpc-date__year\">2021<\/div><\/div><\/a><\/span><\/div><div class=\"mpc-post__content mpc-transition\"><h3 class=\"mpc-post__heading mpc-transition mpc-typography--mpc_preset_17 mpc-text-overflow\"><a href=\"https:\/\/m3caravaning.com\/ca\/autocaravanes\/tipus-de-pneumatics-per-autocaravanes\/\" title=\"Tipus de pneum\u00e0tics per autocaravanes\">Tipus de pneum\u00e0tics per autocaravanes<\/a><\/h3><a href=\"https:\/\/m3caravaning.com\/ca\/autocaravanes\/tipus-de-pneumatics-per-autocaravanes\/\" title=\"Tipus de pneum\u00e0tics per autocaravanes\"  class=\"mpc-button mpc-init mpc-transition mpc-typography--mpc_preset_1 mpc-display--block \" ><div class=\"mpc-button__content mpc-effect-type--none mpc-effect-side--none\"><span class=\"mpc-button__title mpc-transition\">Leer m\u00e1s<\/span><\/div><div class=\"mpc-button__background mpc-transition mpc-effect-type--slide mpc-effect-side--top\"><\/div><\/a><\/div><\/div><\/div><\/div><div class=\"mpc-navigation mpc-init mpc-align--right mpc-navigation--style_4  mpc-nav-preset--mpc_preset_43\" data-mpcslider=\"mpc_carousel_posts-216a965893c3136\"><div class=\"mpc-nav__arrow mpcslick-prev\"><div class=\"mpc-nav__icon mpc-transition\"><i class=\" eti eti_arrow_triangle-left\"><div class=\"mpc-nav__background mpc-transition mpc-effect-type--slide mpc-effect-side--right\"><\/div><\/i><\/div><\/div><\/div><div class=\"mpc-navigation mpc-init mpc-align--right mpc-navigation--style_4  mpc-nav-preset--mpc_preset_43\" data-mpcslider=\"mpc_carousel_posts-216a965893c3136\"><div class=\"mpc-nav__arrow mpcslick-next\"><div class=\"mpc-nav__icon mpc-transition\"><i class=\" eti eti_arrow_triangle-right\"><div class=\"mpc-nav__background mpc-transition mpc-effect-type--slide mpc-effect-side--right\"><\/div><\/i><\/div><\/div><\/div><\/div>[\/vc_column][\/vc_row]<\/p>\n","protected":false},"excerpt":{"rendered":"<p>[vc_row full_width=&#8221;stretch_row&#8221; el_class=&#8221;titulo-nivel0&#8243; css=&#8221;.vc_custom_1619532463302{background-image: url(https:\/\/m3caravaning.com\/wp-content\/uploads\/2021\/04\/header_autocaravanas.jpg?id=17708) !important;background-position: center !important;background-repeat: no-repeat !important;background-size: cover !important;}&#8221;][vc_column][vc_column_text css=&#8221;.vc_custom_1631089232259{padding-right: 20% !important;padding-left: 20% !important;}&#8221;] Autocaravanes Autocaravanes noves, segona ma i ocasi\u00f3 a Barcelona i Madrid. Financiaci\u00f3 i pack oferta. Gran exposici\u00f3 en autocaravanes noves Knaus, Pilote, Weinsberg, Frankia, Levoyageur, Morelo. Vine! [\/vc_column_text][\/vc_column][\/vc_row][vc_row][vc_column][vc_row_inner][vc_column_inner width=&#8221;1\/6&#8243;][\/vc_column_inner][vc_column_inner width=&#8221;2\/6&#8243;][\/vc_column_inner][vc_column_inner width=&#8221;2\/6&#8243;][\/vc_column_inner][vc_column_inner width=&#8221;1\/6&#8243;][\/vc_column_inner][\/vc_row_inner][\/vc_column][\/vc_row][vc_row css=&#8221;.vc_custom_1616708733080{padding-top: 30px !important;padding-bottom: 30px !important;}&#8221;][vc_column][\/vc_column][\/vc_row][vc_row el_class=&#8221;search-page&#8221;][vc_column][\/vc_column][\/vc_row][vc_row][vc_column][\/vc_column][\/vc_row][vc_row<\/p>\n","protected":false},"author":1,"featured_media":0,"parent":0,"menu_order":0,"comment_status":"closed","ping_status":"closed","template":"","meta":{"footnotes":""},"class_list":["post-17912","page","type-page","status-publish","hentry"],"yoast_head":"<!-- This site is optimized with the Yoast SEO plugin v22.4 - https:\/\/yoast.com\/wordpress\/plugins\/seo\/ -->\n<title>Autocaravanes noves, segona m\u00e0 i ocasi\u00f3 a Barcelona i Madrid<\/title>\n<meta name=\"description\" content=\"Gran exposici\u00f3 a autocaravanes noves Knaus, pil\u00f3, Weinsberg, Benimar, Frankia, levoyageur, Morelo, etc. Financiaci\u00f3 i ofertes online. Vine!\" \/>\n<meta name=\"robots\" content=\"index, follow, max-snippet:-1, max-image-preview:large, max-video-preview:-1\" \/>\n<link rel=\"canonical\" href=\"https:\/\/m3caravaning.com\/ca\/autocaravanes\/\" \/>\n<meta property=\"og:locale\" content=\"ca_ES\" \/>\n<meta property=\"og:type\" content=\"article\" \/>\n<meta property=\"og:title\" content=\"Autocaravanes noves, segona m\u00e0 i ocasi\u00f3 a Barcelona i Madrid\" \/>\n<meta property=\"og:description\" content=\"Gran exposici\u00f3 a autocaravanes noves Knaus, pil\u00f3, Weinsberg, Benimar, Frankia, levoyageur, Morelo, etc. Financiaci\u00f3 i ofertes online. Vine!\" \/>\n<meta property=\"og:url\" content=\"https:\/\/m3caravaning.com\/ca\/autocaravanes\/\" \/>\n<meta property=\"og:site_name\" content=\"Autocaravanas, caravanas y furgonetas campers nuevas, ocasi\u00f3n y segunda mano\" \/>\n<meta property=\"article:publisher\" content=\"https:\/\/www.facebook.com\/m3caravaning\" \/>\n<meta property=\"article:modified_time\" content=\"2024-05-20T10:38:03+00:00\" \/>\n<meta property=\"og:image\" content=\"https:\/\/m3caravaning.com\/wp-content\/uploads\/2021\/03\/cover_pagina_m3caravaning_default-1.jpg\" \/>\n\t<meta property=\"og:image:width\" content=\"1200\" \/>\n\t<meta property=\"og:image:height\" content=\"628\" \/>\n\t<meta property=\"og:image:type\" content=\"image\/jpeg\" \/>\n<meta name=\"twitter:card\" content=\"summary_large_image\" \/>\n<meta name=\"twitter:site\" content=\"@M3Caravaning\" \/>\n<meta name=\"twitter:label1\" content=\"Est. reading time\" \/>\n\t<meta name=\"twitter:data1\" content=\"6 minutes\" \/>\n<script type=\"application\/ld+json\" class=\"yoast-schema-graph\">{\"@context\":\"https:\/\/schema.org\",\"@graph\":[{\"@type\":\"WebPage\",\"@id\":\"https:\/\/m3caravaning.com\/ca\/autocaravanes\/\",\"url\":\"https:\/\/m3caravaning.com\/ca\/autocaravanes\/\",\"name\":\"Autocaravanes noves, segona m\u00e0 i ocasi\u00f3 a Barcelona i Madrid\",\"isPartOf\":{\"@id\":\"https:\/\/m3caravaning.com\/ca\/#website\"},\"datePublished\":\"2021-05-04T13:55:40+00:00\",\"dateModified\":\"2024-05-20T10:38:03+00:00\",\"description\":\"Gran exposici\u00f3 a autocaravanes noves Knaus, pil\u00f3, Weinsberg, Benimar, Frankia, levoyageur, Morelo, etc. Financiaci\u00f3 i ofertes online. Vine!\",\"breadcrumb\":{\"@id\":\"https:\/\/m3caravaning.com\/ca\/autocaravanes\/#breadcrumb\"},\"inLanguage\":\"ca\",\"potentialAction\":[{\"@type\":\"ReadAction\",\"target\":[\"https:\/\/m3caravaning.com\/ca\/autocaravanes\/\"]}]},{\"@type\":\"BreadcrumbList\",\"@id\":\"https:\/\/m3caravaning.com\/ca\/autocaravanes\/#breadcrumb\",\"itemListElement\":[{\"@type\":\"ListItem\",\"position\":1,\"name\":\"Portada\",\"item\":\"https:\/\/m3caravaning.com\/ca\/\"},{\"@type\":\"ListItem\",\"position\":2,\"name\":\"Autocaravanes\"}]},{\"@type\":\"WebSite\",\"@id\":\"https:\/\/m3caravaning.com\/ca\/#website\",\"url\":\"https:\/\/m3caravaning.com\/ca\/\",\"name\":\"Autocaravanas, caravanas y furgonetas campers nuevas, ocasi\u00f3n y segunda mano\",\"description\":\"Tu tienda de autocaravanas, campers y caravanas nuevas y de segunda mano. Alquiler, tienda de recambios, taller, seguros, etc.\",\"potentialAction\":[{\"@type\":\"SearchAction\",\"target\":{\"@type\":\"EntryPoint\",\"urlTemplate\":\"https:\/\/m3caravaning.com\/ca\/?s={search_term_string}\"},\"query-input\":\"required name=search_term_string\"}],\"inLanguage\":\"ca\"}]}<\/script>\n<!-- \/ Yoast SEO plugin. -->","yoast_head_json":{"title":"Autocaravanes noves, segona m\u00e0 i ocasi\u00f3 a Barcelona i Madrid","description":"Gran exposici\u00f3 a autocaravanes noves Knaus, pil\u00f3, Weinsberg, Benimar, Frankia, levoyageur, Morelo, etc. Financiaci\u00f3 i ofertes online. Vine!","robots":{"index":"index","follow":"follow","max-snippet":"max-snippet:-1","max-image-preview":"max-image-preview:large","max-video-preview":"max-video-preview:-1"},"canonical":"https:\/\/m3caravaning.com\/ca\/autocaravanes\/","og_locale":"ca_ES","og_type":"article","og_title":"Autocaravanes noves, segona m\u00e0 i ocasi\u00f3 a Barcelona i Madrid","og_description":"Gran exposici\u00f3 a autocaravanes noves Knaus, pil\u00f3, Weinsberg, Benimar, Frankia, levoyageur, Morelo, etc. Financiaci\u00f3 i ofertes online. Vine!","og_url":"https:\/\/m3caravaning.com\/ca\/autocaravanes\/","og_site_name":"Autocaravanas, caravanas y furgonetas campers nuevas, ocasi\u00f3n y segunda mano","article_publisher":"https:\/\/www.facebook.com\/m3caravaning","article_modified_time":"2024-05-20T10:38:03+00:00","og_image":[{"width":1200,"height":628,"url":"https:\/\/m3caravaning.com\/wp-content\/uploads\/2021\/03\/cover_pagina_m3caravaning_default-1.jpg","type":"image\/jpeg"}],"twitter_card":"summary_large_image","twitter_site":"@M3Caravaning","twitter_misc":{"Est. reading time":"6 minutes"},"schema":{"@context":"https:\/\/schema.org","@graph":[{"@type":"WebPage","@id":"https:\/\/m3caravaning.com\/ca\/autocaravanes\/","url":"https:\/\/m3caravaning.com\/ca\/autocaravanes\/","name":"Autocaravanes noves, segona m\u00e0 i ocasi\u00f3 a Barcelona i Madrid","isPartOf":{"@id":"https:\/\/m3caravaning.com\/ca\/#website"},"datePublished":"2021-05-04T13:55:40+00:00","dateModified":"2024-05-20T10:38:03+00:00","description":"Gran exposici\u00f3 a autocaravanes noves Knaus, pil\u00f3, Weinsberg, Benimar, Frankia, levoyageur, Morelo, etc. Financiaci\u00f3 i ofertes online. Vine!","breadcrumb":{"@id":"https:\/\/m3caravaning.com\/ca\/autocaravanes\/#breadcrumb"},"inLanguage":"ca","potentialAction":[{"@type":"ReadAction","target":["https:\/\/m3caravaning.com\/ca\/autocaravanes\/"]}]},{"@type":"BreadcrumbList","@id":"https:\/\/m3caravaning.com\/ca\/autocaravanes\/#breadcrumb","itemListElement":[{"@type":"ListItem","position":1,"name":"Portada","item":"https:\/\/m3caravaning.com\/ca\/"},{"@type":"ListItem","position":2,"name":"Autocaravanes"}]},{"@type":"WebSite","@id":"https:\/\/m3caravaning.com\/ca\/#website","url":"https:\/\/m3caravaning.com\/ca\/","name":"Autocaravanas, caravanas y furgonetas campers nuevas, ocasi\u00f3n y segunda mano","description":"Tu tienda de autocaravanas, campers y caravanas nuevas y de segunda mano. Alquiler, tienda de recambios, taller, seguros, etc.","potentialAction":[{"@type":"SearchAction","target":{"@type":"EntryPoint","urlTemplate":"https:\/\/m3caravaning.com\/ca\/?s={search_term_string}"},"query-input":"required name=search_term_string"}],"inLanguage":"ca"}]}},"_links":{"self":[{"href":"https:\/\/m3caravaning.com\/ca\/wp-json\/wp\/v2\/pages\/17912","targetHints":{"allow":["GET"]}}],"collection":[{"href":"https:\/\/m3caravaning.com\/ca\/wp-json\/wp\/v2\/pages"}],"about":[{"href":"https:\/\/m3caravaning.com\/ca\/wp-json\/wp\/v2\/types\/page"}],"author":[{"embeddable":true,"href":"https:\/\/m3caravaning.com\/ca\/wp-json\/wp\/v2\/users\/1"}],"replies":[{"embeddable":true,"href":"https:\/\/m3caravaning.com\/ca\/wp-json\/wp\/v2\/comments?post=17912"}],"version-history":[{"count":2,"href":"https:\/\/m3caravaning.com\/ca\/wp-json\/wp\/v2\/pages\/17912\/revisions"}],"predecessor-version":[{"id":619119,"href":"https:\/\/m3caravaning.com\/ca\/wp-json\/wp\/v2\/pages\/17912\/revisions\/619119"}],"wp:attachment":[{"href":"https:\/\/m3caravaning.com\/ca\/wp-json\/wp\/v2\/media?parent=17912"}],"curies":[{"name":"wp","href":"https:\/\/api.w.org\/{rel}","templated":true}]}}